{"id":3275,"date":"2024-02-20T00:09:47","date_gmt":"2024-02-20T00:09:47","guid":{"rendered":"https:\/\/cercledeconsciencia.com\/?post_type=mec-events&#038;p=3275"},"modified":"2024-03-05T22:29:18","modified_gmt":"2024-03-05T22:29:18","slug":"ciclo-de-talleres-tci","status":"publish","type":"mec-events","link":"https:\/\/cercledeconsciencia.com\/es\/actividades\/ciclo-de-talleres-tci\/","title":{"rendered":"Ciclo de talleres TCI"},"content":{"rendered":"<p><span style=\"font-weight: 400;\"> Con esta propuesta ofrecemos una serie de talleres en los que se abordar\u00e1n temas que enriquecer\u00e1n nuestro proceso personal con herramientas de la TCI.<br \/>\nLa Terapia Corporal Integrativa nos ayuda a potenciar la escucha corporal y facilitar los procesos org\u00e1nicos de autorregulaci\u00f3n que favorecen el equilibrio energ\u00e9tico y nos revitalizan, resolviendo las tensiones profundas arraigadas de la infancia.<\/span><\/p>\n<p>&nbsp;<\/p>\n<h4><b>LA SABIDURIA DE NUESTRO CUERPO<\/b><\/h4>\n<h6><i class=\"mec-sl-calendar\" style=\"color: #088195;\"><\/i> <strong>Fecha: 25-26 Enero<\/strong><\/h6>\n<p>Este taller es una propuesta para habitar nuestro cuerpo, reconocerlo, sentirlo, respirar con conciencia, acompa\u00f1ar nuestras emociones y atender nuestras necesidades reales. Un espacio de autoconocimiento y transformaci\u00f3n personal que nos invita a recuperar la sabidur\u00eda innata que reside en nuestro cuerpo. Una invitaci\u00f3n a volver a casa.<\/p>\n<p><b>Docente:<\/b> Gabriela Fab\u00f3n<\/p>\n<hr \/>\n<h4><b>TRAUMA Y CUERPO<\/b><\/h4>\n<h6><i class=\"mec-sl-calendar\" style=\"color: #088195;\"><\/i> <strong>Fecha: 13-14 Abril<\/strong><\/h6>\n<p>&nbsp;<\/p>\n<p><img decoding=\"async\" src=\"https:\/\/cercledeconsciencia.com\/wp-content\/uploads\/2024\/02\/Trauma-y-cuerpo.jpg\" alt=\"\" width=\"100%\" \/><\/p>\n<p>Este taller es una propuesta para regresar a nosotros mismos y a nuestros cuerpos, al lugar donde nada fue da\u00f1ado y reconectarnos profundamente con nuestro ser esencial. Acercarnos al Trauma desde la Salud y la sabidur\u00eda del propio cuerpo, y regular el Sistema Nervioso a trav\u00e9s de distintas herramientas corporales y som\u00e1ticas. Una invitaci\u00f3n para que el Amor y la Salud que ya est\u00e1n dentro, puedan encontrar el camino para desplegarse.<\/p>\n<p><b>Docente:<\/b> Jes\u00fas Oliva<\/p>\n<hr \/>\n<h4><b>PERSONAJES Y CORAZAS<\/b><\/h4>\n<h6><i class=\"mec-sl-calendar\" style=\"color: #088195;\"><\/i> <strong>Fecha: 1-2 Junio<\/strong><\/h6>\n<p>&nbsp;<\/p>\n<p><img decoding=\"async\" src=\"https:\/\/cercledeconsciencia.com\/wp-content\/uploads\/2024\/02\/corazas-y-personajes.jpg\" alt=\"\" width=\"100%\" \/><\/p>\n<p>Este taller es una propuesta para conocer y aceptar los personajes a trav\u00e9s de los que nos hemos adaptado como parte de nuestro car\u00e1cter y a suavizar las tensiones musculares que conforman nuestra coraza muscular. Un espacio para atendernos y conocernos desde el cuerpo y el grupo, explorando otras facetas m\u00e1s libres y espont\u00e1neas de la persona que soy.<\/p>\n<p><b>Docente:<\/b> Roc\u00edo Burgos<\/p>\n<hr \/>\n<p>&nbsp;<\/p>\n<p><b>Precios:<\/b><span style=\"font-weight: 400;\">185\u20ac \/ taller \/ 10% de descuento con pago \u00fanico por los tres talleres: 499,50\u20ac <\/span><br \/>\n<b>Horario:<\/b><br \/>\nS\u00e1bado 10-14h y 16-20h<br \/>\nDomingo 10-14h<\/p>\n<p><strong>Lugar:<\/strong> Sala Asha-kiran, Avda. de C\u00f3rdoba, 21, 2\u00b0, 28026, Madrid.<br \/>\n<strong>M\u00e1s informaci\u00f3n e inscripciones: <\/strong><a style=\"color: #00806a;\" href=\"mailto:info@elolivopsicoterapia.es\">info@elolivopsicoterapia.esm <\/a> &#8211; 648 485 416<\/p>\n","protected":false},"excerpt":{"rendered":"<p>Con esta propuesta ofrecemos una serie de talleres en los que se abordar\u00e1n temas que enriquecer\u00e1n nuestro proceso personal con herramientas de la TCI. La Terapia Corporal Integrativa nos ayuda [&hellip;]<\/p>\n","protected":false},"author":1,"featured_media":3279,"comment_status":"closed","ping_status":"closed","template":"","tags":[],"mec_category":[49,57],"mec_speaker":[131,110,132],"class_list":["post-3275","mec-events","type-mec-events","status-publish","has-post-thumbnail","hentry","mec_category-ciclos","mec_category-taller-regular"],"yoast_head":"<!-- This site is optimized with the Yoast SEO plugin v27.4 - https:\/\/yoast.com\/product\/yoast-seo-wordpress\/ -->\n<title>Ciclo de talleres TCI - Cercle de Consci\u00e8ncia<\/title>\n<meta name=\"robots\" content=\"index, follow, max-snippet:-1, max-image-preview:large, max-video-preview:-1\" \/>\n<link rel=\"canonical\" href=\"https:\/\/cercledeconsciencia.com\/es\/actividades\/ciclo-de-talleres-tci\/\" \/>\n<meta property=\"og:locale\" content=\"es_ES\" \/>\n<meta property=\"og:type\" content=\"article\" \/>\n<meta property=\"og:title\" content=\"Ciclo de talleres TCI - Cercle de Consci\u00e8ncia\" \/>\n<meta property=\"og:description\" content=\"Con esta propuesta ofrecemos una serie de talleres en los que se abordar\u00e1n temas que enriquecer\u00e1n nuestro proceso personal con herramientas de la TCI. La Terapia Corporal Integrativa nos ayuda [&hellip;]\" \/>\n<meta property=\"og:url\" content=\"https:\/\/cercledeconsciencia.com\/es\/actividades\/ciclo-de-talleres-tci\/\" \/>\n<meta property=\"og:site_name\" content=\"Cercle de Consci\u00e8ncia\" \/>\n<meta property=\"article:publisher\" content=\"https:\/\/www.facebook.com\/Cercledeconscienciabarcelona?_rdr\" \/>\n<meta property=\"article:modified_time\" content=\"2024-03-05T22:29:18+00:00\" \/>\n<meta property=\"og:image\" content=\"https:\/\/cercledeconsciencia.com\/wp-content\/uploads\/2024\/02\/madrid.jpg\" \/>\n\t<meta property=\"og:image:width\" content=\"2132\" \/>\n\t<meta property=\"og:image:height\" content=\"1421\" \/>\n\t<meta property=\"og:image:type\" content=\"image\/jpeg\" \/>\n<meta name=\"twitter:card\" content=\"summary_large_image\" \/>\n<meta name=\"twitter:label1\" content=\"Tiempo de lectura\" \/>\n\t<meta name=\"twitter:data1\" content=\"3 minutos\" \/>\n<script type=\"application\/ld+json\" class=\"yoast-schema-graph\">{\"@context\":\"https:\\\/\\\/schema.org\",\"@graph\":[{\"@type\":\"WebPage\",\"@id\":\"https:\\\/\\\/cercledeconsciencia.com\\\/es\\\/actividades\\\/ciclo-de-talleres-tci\\\/\",\"url\":\"https:\\\/\\\/cercledeconsciencia.com\\\/es\\\/actividades\\\/ciclo-de-talleres-tci\\\/\",\"name\":\"Ciclo de talleres TCI - Cercle de Consci\u00e8ncia\",\"isPartOf\":{\"@id\":\"https:\\\/\\\/cercledeconsciencia.com\\\/#website\"},\"primaryImageOfPage\":{\"@id\":\"https:\\\/\\\/cercledeconsciencia.com\\\/es\\\/actividades\\\/ciclo-de-talleres-tci\\\/#primaryimage\"},\"image\":{\"@id\":\"https:\\\/\\\/cercledeconsciencia.com\\\/es\\\/actividades\\\/ciclo-de-talleres-tci\\\/#primaryimage\"},\"thumbnailUrl\":\"https:\\\/\\\/cercledeconsciencia.com\\\/wp-content\\\/uploads\\\/2024\\\/02\\\/madrid.jpg\",\"datePublished\":\"2024-02-20T00:09:47+00:00\",\"dateModified\":\"2024-03-05T22:29:18+00:00\",\"breadcrumb\":{\"@id\":\"https:\\\/\\\/cercledeconsciencia.com\\\/es\\\/actividades\\\/ciclo-de-talleres-tci\\\/#breadcrumb\"},\"inLanguage\":\"es\",\"potentialAction\":[{\"@type\":\"ReadAction\",\"target\":[\"https:\\\/\\\/cercledeconsciencia.com\\\/es\\\/actividades\\\/ciclo-de-talleres-tci\\\/\"]}]},{\"@type\":\"ImageObject\",\"inLanguage\":\"es\",\"@id\":\"https:\\\/\\\/cercledeconsciencia.com\\\/es\\\/actividades\\\/ciclo-de-talleres-tci\\\/#primaryimage\",\"url\":\"https:\\\/\\\/cercledeconsciencia.com\\\/wp-content\\\/uploads\\\/2024\\\/02\\\/madrid.jpg\",\"contentUrl\":\"https:\\\/\\\/cercledeconsciencia.com\\\/wp-content\\\/uploads\\\/2024\\\/02\\\/madrid.jpg\",\"width\":2132,\"height\":1421},{\"@type\":\"BreadcrumbList\",\"@id\":\"https:\\\/\\\/cercledeconsciencia.com\\\/es\\\/actividades\\\/ciclo-de-talleres-tci\\\/#breadcrumb\",\"itemListElement\":[{\"@type\":\"ListItem\",\"position\":1,\"name\":\"Portada\",\"item\":\"https:\\\/\\\/cercledeconsciencia.com\\\/\"},{\"@type\":\"ListItem\",\"position\":2,\"name\":\"Eventos\",\"item\":\"https:\\\/\\\/cercledeconsciencia.com\\\/actividades\\\/\"},{\"@type\":\"ListItem\",\"position\":3,\"name\":\"Ciclo de talleres TCI\"}]},{\"@type\":\"WebSite\",\"@id\":\"https:\\\/\\\/cercledeconsciencia.com\\\/#website\",\"url\":\"https:\\\/\\\/cercledeconsciencia.com\\\/\",\"name\":\"Cercle de Consci\u00e8ncia\",\"description\":\"Centro de Formaci\u00f3n y Terapias\",\"publisher\":{\"@id\":\"https:\\\/\\\/cercledeconsciencia.com\\\/#organization\"},\"potentialAction\":[{\"@type\":\"SearchAction\",\"target\":{\"@type\":\"EntryPoint\",\"urlTemplate\":\"https:\\\/\\\/cercledeconsciencia.com\\\/?s={search_term_string}\"},\"query-input\":{\"@type\":\"PropertyValueSpecification\",\"valueRequired\":true,\"valueName\":\"search_term_string\"}}],\"inLanguage\":\"es\"},{\"@type\":\"Organization\",\"@id\":\"https:\\\/\\\/cercledeconsciencia.com\\\/#organization\",\"name\":\"Cercle de Consci\u00e8ncia\",\"url\":\"https:\\\/\\\/cercledeconsciencia.com\\\/\",\"logo\":{\"@type\":\"ImageObject\",\"inLanguage\":\"es\",\"@id\":\"https:\\\/\\\/cercledeconsciencia.com\\\/#\\\/schema\\\/logo\\\/image\\\/\",\"url\":\"https:\\\/\\\/cercledeconsciencia.com\\\/wp-content\\\/uploads\\\/2023\\\/07\\\/logo.png\",\"contentUrl\":\"https:\\\/\\\/cercledeconsciencia.com\\\/wp-content\\\/uploads\\\/2023\\\/07\\\/logo.png\",\"width\":239,\"height\":68,\"caption\":\"Cercle de Consci\u00e8ncia\"},\"image\":{\"@id\":\"https:\\\/\\\/cercledeconsciencia.com\\\/#\\\/schema\\\/logo\\\/image\\\/\"},\"sameAs\":[\"https:\\\/\\\/www.facebook.com\\\/Cercledeconscienciabarcelona?_rdr\",\"https:\\\/\\\/www.instagram.com\\\/cercledeconsciencia\\\/\",\"https:\\\/\\\/www.youtube.com\\\/c\\\/cercledeconsciencia\"]}]}<\/script>\n<!-- \/ Yoast SEO plugin. -->","yoast_head_json":{"title":"Ciclo de talleres TCI - Cercle de Consci\u00e8ncia","robots":{"index":"index","follow":"follow","max-snippet":"max-snippet:-1","max-image-preview":"max-image-preview:large","max-video-preview":"max-video-preview:-1"},"canonical":"https:\/\/cercledeconsciencia.com\/es\/actividades\/ciclo-de-talleres-tci\/","og_locale":"es_ES","og_type":"article","og_title":"Ciclo de talleres TCI - Cercle de Consci\u00e8ncia","og_description":"Con esta propuesta ofrecemos una serie de talleres en los que se abordar\u00e1n temas que enriquecer\u00e1n nuestro proceso personal con herramientas de la TCI. La Terapia Corporal Integrativa nos ayuda [&hellip;]","og_url":"https:\/\/cercledeconsciencia.com\/es\/actividades\/ciclo-de-talleres-tci\/","og_site_name":"Cercle de Consci\u00e8ncia","article_publisher":"https:\/\/www.facebook.com\/Cercledeconscienciabarcelona?_rdr","article_modified_time":"2024-03-05T22:29:18+00:00","og_image":[{"width":2132,"height":1421,"url":"https:\/\/cercledeconsciencia.com\/wp-content\/uploads\/2024\/02\/madrid.jpg","type":"image\/jpeg"}],"twitter_card":"summary_large_image","twitter_misc":{"Tiempo de lectura":"3 minutos"},"schema":{"@context":"https:\/\/schema.org","@graph":[{"@type":"WebPage","@id":"https:\/\/cercledeconsciencia.com\/es\/actividades\/ciclo-de-talleres-tci\/","url":"https:\/\/cercledeconsciencia.com\/es\/actividades\/ciclo-de-talleres-tci\/","name":"Ciclo de talleres TCI - Cercle de Consci\u00e8ncia","isPartOf":{"@id":"https:\/\/cercledeconsciencia.com\/#website"},"primaryImageOfPage":{"@id":"https:\/\/cercledeconsciencia.com\/es\/actividades\/ciclo-de-talleres-tci\/#primaryimage"},"image":{"@id":"https:\/\/cercledeconsciencia.com\/es\/actividades\/ciclo-de-talleres-tci\/#primaryimage"},"thumbnailUrl":"https:\/\/cercledeconsciencia.com\/wp-content\/uploads\/2024\/02\/madrid.jpg","datePublished":"2024-02-20T00:09:47+00:00","dateModified":"2024-03-05T22:29:18+00:00","breadcrumb":{"@id":"https:\/\/cercledeconsciencia.com\/es\/actividades\/ciclo-de-talleres-tci\/#breadcrumb"},"inLanguage":"es","potentialAction":[{"@type":"ReadAction","target":["https:\/\/cercledeconsciencia.com\/es\/actividades\/ciclo-de-talleres-tci\/"]}]},{"@type":"ImageObject","inLanguage":"es","@id":"https:\/\/cercledeconsciencia.com\/es\/actividades\/ciclo-de-talleres-tci\/#primaryimage","url":"https:\/\/cercledeconsciencia.com\/wp-content\/uploads\/2024\/02\/madrid.jpg","contentUrl":"https:\/\/cercledeconsciencia.com\/wp-content\/uploads\/2024\/02\/madrid.jpg","width":2132,"height":1421},{"@type":"BreadcrumbList","@id":"https:\/\/cercledeconsciencia.com\/es\/actividades\/ciclo-de-talleres-tci\/#breadcrumb","itemListElement":[{"@type":"ListItem","position":1,"name":"Portada","item":"https:\/\/cercledeconsciencia.com\/"},{"@type":"ListItem","position":2,"name":"Eventos","item":"https:\/\/cercledeconsciencia.com\/actividades\/"},{"@type":"ListItem","position":3,"name":"Ciclo de talleres TCI"}]},{"@type":"WebSite","@id":"https:\/\/cercledeconsciencia.com\/#website","url":"https:\/\/cercledeconsciencia.com\/","name":"Cercle de Consci\u00e8ncia","description":"Centro de Formaci\u00f3n y Terapias","publisher":{"@id":"https:\/\/cercledeconsciencia.com\/#organization"},"potentialAction":[{"@type":"SearchAction","target":{"@type":"EntryPoint","urlTemplate":"https:\/\/cercledeconsciencia.com\/?s={search_term_string}"},"query-input":{"@type":"PropertyValueSpecification","valueRequired":true,"valueName":"search_term_string"}}],"inLanguage":"es"},{"@type":"Organization","@id":"https:\/\/cercledeconsciencia.com\/#organization","name":"Cercle de Consci\u00e8ncia","url":"https:\/\/cercledeconsciencia.com\/","logo":{"@type":"ImageObject","inLanguage":"es","@id":"https:\/\/cercledeconsciencia.com\/#\/schema\/logo\/image\/","url":"https:\/\/cercledeconsciencia.com\/wp-content\/uploads\/2023\/07\/logo.png","contentUrl":"https:\/\/cercledeconsciencia.com\/wp-content\/uploads\/2023\/07\/logo.png","width":239,"height":68,"caption":"Cercle de Consci\u00e8ncia"},"image":{"@id":"https:\/\/cercledeconsciencia.com\/#\/schema\/logo\/image\/"},"sameAs":["https:\/\/www.facebook.com\/Cercledeconscienciabarcelona?_rdr","https:\/\/www.instagram.com\/cercledeconsciencia\/","https:\/\/www.youtube.com\/c\/cercledeconsciencia"]}]}},"_links":{"self":[{"href":"https:\/\/cercledeconsciencia.com\/es\/wp-json\/wp\/v2\/mec-events\/3275","targetHints":{"allow":["GET"]}}],"collection":[{"href":"https:\/\/cercledeconsciencia.com\/es\/wp-json\/wp\/v2\/mec-events"}],"about":[{"href":"https:\/\/cercledeconsciencia.com\/es\/wp-json\/wp\/v2\/types\/mec-events"}],"author":[{"embeddable":true,"href":"https:\/\/cercledeconsciencia.com\/es\/wp-json\/wp\/v2\/users\/1"}],"replies":[{"embeddable":true,"href":"https:\/\/cercledeconsciencia.com\/es\/wp-json\/wp\/v2\/comments?post=3275"}],"wp:featuredmedia":[{"embeddable":true,"href":"https:\/\/cercledeconsciencia.com\/es\/wp-json\/wp\/v2\/media\/3279"}],"wp:attachment":[{"href":"https:\/\/cercledeconsciencia.com\/es\/wp-json\/wp\/v2\/media?parent=3275"}],"wp:term":[{"taxonomy":"post_tag","embeddable":true,"href":"https:\/\/cercledeconsciencia.com\/es\/wp-json\/wp\/v2\/tags?post=3275"},{"taxonomy":"mec_category","embeddable":true,"href":"https:\/\/cercledeconsciencia.com\/es\/wp-json\/wp\/v2\/mec_category?post=3275"},{"taxonomy":"mec_speaker","embeddable":true,"href":"https:\/\/cercledeconsciencia.com\/es\/wp-json\/wp\/v2\/mec_speaker?post=3275"}],"curies":[{"name":"wp","href":"https:\/\/api.w.org\/{rel}","templated":true}]}}