{"id":5085,"date":"2024-10-15T13:48:24","date_gmt":"2024-10-15T13:48:24","guid":{"rendered":"https:\/\/cercledeconsciencia.com\/?post_type=mec-events&#038;p=5085"},"modified":"2025-04-09T10:11:21","modified_gmt":"2025-04-09T10:11:21","slug":"circulo-de-jovenes-grupo-de-crecimiento-personal-para-adolescentes-y-jovenes","status":"publish","type":"mec-events","link":"https:\/\/cercledeconsciencia.com\/es\/actividades\/circulo-de-jovenes-grupo-de-crecimiento-personal-para-adolescentes-y-jovenes\/","title":{"rendered":"C\u00edrculo de J\u00f3venes: grupo de crecimiento personal para adolescentes y j\u00f3venes"},"content":{"rendered":"<p>Si tienes entre 14 y 17 a\u00f1os te ofrezco un espacio donde podr\u00e1s compartir tus vivencias, preocupaciones e inquietudes y escuchar las de otros j\u00f3venes.<br \/>\nLo haremos a trav\u00e9s de propuestas de movimiento, juego, c\u00edrculo de palabra y espacios creativos, que fomentar\u00e1n la confianza en ti y en el grupo.<\/p>\n<p>La finalidad es conocerte y explorar como te relacionas contigo y con el mundo que te rodea para poder afrontar tus dilemas cotidianos, de forma m\u00e1s aut\u00e9ntica y en contacto con lo que quieres y necesitas.<\/p>\n<p><strong>Se imparte los lunes quincenales, del 7 de abril al 16 de junio 2025.<\/strong><\/p>\n<p>Calendario: 7 y 28 de abril | 5 y 19 de mayo | 2 y 16 de junio<\/p>\n<p><strong>Imparte Adriana Palau<\/strong>: Terapeuta Corporal Integrativa. Acompa\u00f1ante de adolescentes a El Planter (educaci\u00f3n viva). Programa SAT (Claudio Naranjo). Equipo Creando Puentes al Encuentro de Adolescentes de la FCN. Graduada en CAFE y M\u00e1ster Profesorado Secundaria.<\/p>\n<p>Precio del Grupo Regular: 65\u20ac\/mes<\/p>\n<p><strong>INSCRIPCIONES EN<\/strong>: 619888899 o adrianaelplanter@gmail.com<\/p>\n","protected":false},"excerpt":{"rendered":"<p>Si tienes entre 14 y 17 a\u00f1os te ofrezco un espacio donde podr\u00e1s compartir tus vivencias, preocupaciones e inquietudes y escuchar las de otros j\u00f3venes. Lo haremos a trav\u00e9s de [&hellip;]<\/p>\n","protected":false},"author":2,"featured_media":5086,"comment_status":"open","ping_status":"closed","template":"","tags":[96],"mec_category":[77,145,57],"mec_speaker":[],"class_list":["post-5085","mec-events","type-mec-events","status-publish","has-post-thumbnail","hentry","tag-modalidad-presencial","mec_category-crecimiento-personal","mec_category-grupos-regulares","mec_category-taller-regular"],"yoast_head":"<!-- This site is optimized with the Yoast SEO plugin v27.4 - https:\/\/yoast.com\/product\/yoast-seo-wordpress\/ -->\n<title>C\u00edrculo de J\u00f3venes: grupo de crecimiento personal para adolescentes y j\u00f3venes - Cercle de Consci\u00e8ncia<\/title>\n<meta name=\"robots\" content=\"index, follow, max-snippet:-1, max-image-preview:large, max-video-preview:-1\" \/>\n<link rel=\"canonical\" href=\"https:\/\/cercledeconsciencia.com\/es\/actividades\/circulo-de-jovenes-grupo-de-crecimiento-personal-para-adolescentes-y-jovenes\/\" \/>\n<meta property=\"og:locale\" content=\"es_ES\" \/>\n<meta property=\"og:type\" content=\"article\" \/>\n<meta property=\"og:title\" content=\"C\u00edrculo de J\u00f3venes: grupo de crecimiento personal para adolescentes y j\u00f3venes - Cercle de Consci\u00e8ncia\" \/>\n<meta property=\"og:description\" content=\"Si tienes entre 14 y 17 a\u00f1os te ofrezco un espacio donde podr\u00e1s compartir tus vivencias, preocupaciones e inquietudes y escuchar las de otros j\u00f3venes. Lo haremos a trav\u00e9s de [&hellip;]\" \/>\n<meta property=\"og:url\" content=\"https:\/\/cercledeconsciencia.com\/es\/actividades\/circulo-de-jovenes-grupo-de-crecimiento-personal-para-adolescentes-y-jovenes\/\" \/>\n<meta property=\"og:site_name\" content=\"Cercle de Consci\u00e8ncia\" \/>\n<meta property=\"article:publisher\" content=\"https:\/\/www.facebook.com\/Cercledeconscienciabarcelona?_rdr\" \/>\n<meta property=\"article:modified_time\" content=\"2025-04-09T10:11:21+00:00\" \/>\n<meta property=\"og:image\" content=\"https:\/\/cercledeconsciencia.com\/wp-content\/uploads\/2024\/10\/shutterstock_2090358367-copia.jpg\" \/>\n\t<meta property=\"og:image:width\" content=\"1000\" \/>\n\t<meta property=\"og:image:height\" content=\"667\" \/>\n\t<meta property=\"og:image:type\" content=\"image\/jpeg\" \/>\n<meta name=\"twitter:card\" content=\"summary_large_image\" \/>\n<meta name=\"twitter:label1\" content=\"Tiempo de lectura\" \/>\n\t<meta name=\"twitter:data1\" content=\"1 minuto\" \/>\n<script type=\"application\/ld+json\" class=\"yoast-schema-graph\">{\"@context\":\"https:\\\/\\\/schema.org\",\"@graph\":[{\"@type\":\"WebPage\",\"@id\":\"https:\\\/\\\/cercledeconsciencia.com\\\/actividades\\\/circulo-de-jovenes-grupo-de-crecimiento-personal-para-adolescentes-y-jovenes\\\/\",\"url\":\"https:\\\/\\\/cercledeconsciencia.com\\\/actividades\\\/circulo-de-jovenes-grupo-de-crecimiento-personal-para-adolescentes-y-jovenes\\\/\",\"name\":\"C\u00edrculo de J\u00f3venes: grupo de crecimiento personal para adolescentes y j\u00f3venes - Cercle de Consci\u00e8ncia\",\"isPartOf\":{\"@id\":\"https:\\\/\\\/cercledeconsciencia.com\\\/#website\"},\"primaryImageOfPage\":{\"@id\":\"https:\\\/\\\/cercledeconsciencia.com\\\/actividades\\\/circulo-de-jovenes-grupo-de-crecimiento-personal-para-adolescentes-y-jovenes\\\/#primaryimage\"},\"image\":{\"@id\":\"https:\\\/\\\/cercledeconsciencia.com\\\/actividades\\\/circulo-de-jovenes-grupo-de-crecimiento-personal-para-adolescentes-y-jovenes\\\/#primaryimage\"},\"thumbnailUrl\":\"https:\\\/\\\/cercledeconsciencia.com\\\/wp-content\\\/uploads\\\/2024\\\/10\\\/shutterstock_2090358367-copia.jpg\",\"datePublished\":\"2024-10-15T13:48:24+00:00\",\"dateModified\":\"2025-04-09T10:11:21+00:00\",\"breadcrumb\":{\"@id\":\"https:\\\/\\\/cercledeconsciencia.com\\\/actividades\\\/circulo-de-jovenes-grupo-de-crecimiento-personal-para-adolescentes-y-jovenes\\\/#breadcrumb\"},\"inLanguage\":\"es\",\"potentialAction\":[{\"@type\":\"ReadAction\",\"target\":[\"https:\\\/\\\/cercledeconsciencia.com\\\/actividades\\\/circulo-de-jovenes-grupo-de-crecimiento-personal-para-adolescentes-y-jovenes\\\/\"]}]},{\"@type\":\"ImageObject\",\"inLanguage\":\"es\",\"@id\":\"https:\\\/\\\/cercledeconsciencia.com\\\/actividades\\\/circulo-de-jovenes-grupo-de-crecimiento-personal-para-adolescentes-y-jovenes\\\/#primaryimage\",\"url\":\"https:\\\/\\\/cercledeconsciencia.com\\\/wp-content\\\/uploads\\\/2024\\\/10\\\/shutterstock_2090358367-copia.jpg\",\"contentUrl\":\"https:\\\/\\\/cercledeconsciencia.com\\\/wp-content\\\/uploads\\\/2024\\\/10\\\/shutterstock_2090358367-copia.jpg\",\"width\":1000,\"height\":667},{\"@type\":\"BreadcrumbList\",\"@id\":\"https:\\\/\\\/cercledeconsciencia.com\\\/actividades\\\/circulo-de-jovenes-grupo-de-crecimiento-personal-para-adolescentes-y-jovenes\\\/#breadcrumb\",\"itemListElement\":[{\"@type\":\"ListItem\",\"position\":1,\"name\":\"Portada\",\"item\":\"https:\\\/\\\/cercledeconsciencia.com\\\/\"},{\"@type\":\"ListItem\",\"position\":2,\"name\":\"Eventos\",\"item\":\"https:\\\/\\\/cercledeconsciencia.com\\\/actividades\\\/\"},{\"@type\":\"ListItem\",\"position\":3,\"name\":\"C\u00edrculo de J\u00f3venes: grupo de crecimiento personal para adolescentes y j\u00f3venes\"}]},{\"@type\":\"WebSite\",\"@id\":\"https:\\\/\\\/cercledeconsciencia.com\\\/#website\",\"url\":\"https:\\\/\\\/cercledeconsciencia.com\\\/\",\"name\":\"Cercle de Consci\u00e8ncia\",\"description\":\"Centro de Formaci\u00f3n y Terapias\",\"publisher\":{\"@id\":\"https:\\\/\\\/cercledeconsciencia.com\\\/#organization\"},\"potentialAction\":[{\"@type\":\"SearchAction\",\"target\":{\"@type\":\"EntryPoint\",\"urlTemplate\":\"https:\\\/\\\/cercledeconsciencia.com\\\/?s={search_term_string}\"},\"query-input\":{\"@type\":\"PropertyValueSpecification\",\"valueRequired\":true,\"valueName\":\"search_term_string\"}}],\"inLanguage\":\"es\"},{\"@type\":\"Organization\",\"@id\":\"https:\\\/\\\/cercledeconsciencia.com\\\/#organization\",\"name\":\"Cercle de Consci\u00e8ncia\",\"url\":\"https:\\\/\\\/cercledeconsciencia.com\\\/\",\"logo\":{\"@type\":\"ImageObject\",\"inLanguage\":\"es\",\"@id\":\"https:\\\/\\\/cercledeconsciencia.com\\\/#\\\/schema\\\/logo\\\/image\\\/\",\"url\":\"https:\\\/\\\/cercledeconsciencia.com\\\/wp-content\\\/uploads\\\/2023\\\/07\\\/logo.png\",\"contentUrl\":\"https:\\\/\\\/cercledeconsciencia.com\\\/wp-content\\\/uploads\\\/2023\\\/07\\\/logo.png\",\"width\":239,\"height\":68,\"caption\":\"Cercle de Consci\u00e8ncia\"},\"image\":{\"@id\":\"https:\\\/\\\/cercledeconsciencia.com\\\/#\\\/schema\\\/logo\\\/image\\\/\"},\"sameAs\":[\"https:\\\/\\\/www.facebook.com\\\/Cercledeconscienciabarcelona?_rdr\",\"https:\\\/\\\/www.instagram.com\\\/cercledeconsciencia\\\/\",\"https:\\\/\\\/www.youtube.com\\\/c\\\/cercledeconsciencia\"]}]}<\/script>\n<!-- \/ Yoast SEO plugin. -->","yoast_head_json":{"title":"C\u00edrculo de J\u00f3venes: grupo de crecimiento personal para adolescentes y j\u00f3venes - Cercle de Consci\u00e8ncia","robots":{"index":"index","follow":"follow","max-snippet":"max-snippet:-1","max-image-preview":"max-image-preview:large","max-video-preview":"max-video-preview:-1"},"canonical":"https:\/\/cercledeconsciencia.com\/es\/actividades\/circulo-de-jovenes-grupo-de-crecimiento-personal-para-adolescentes-y-jovenes\/","og_locale":"es_ES","og_type":"article","og_title":"C\u00edrculo de J\u00f3venes: grupo de crecimiento personal para adolescentes y j\u00f3venes - Cercle de Consci\u00e8ncia","og_description":"Si tienes entre 14 y 17 a\u00f1os te ofrezco un espacio donde podr\u00e1s compartir tus vivencias, preocupaciones e inquietudes y escuchar las de otros j\u00f3venes. Lo haremos a trav\u00e9s de [&hellip;]","og_url":"https:\/\/cercledeconsciencia.com\/es\/actividades\/circulo-de-jovenes-grupo-de-crecimiento-personal-para-adolescentes-y-jovenes\/","og_site_name":"Cercle de Consci\u00e8ncia","article_publisher":"https:\/\/www.facebook.com\/Cercledeconscienciabarcelona?_rdr","article_modified_time":"2025-04-09T10:11:21+00:00","og_image":[{"width":1000,"height":667,"url":"https:\/\/cercledeconsciencia.com\/wp-content\/uploads\/2024\/10\/shutterstock_2090358367-copia.jpg","type":"image\/jpeg"}],"twitter_card":"summary_large_image","twitter_misc":{"Tiempo de lectura":"1 minuto"},"schema":{"@context":"https:\/\/schema.org","@graph":[{"@type":"WebPage","@id":"https:\/\/cercledeconsciencia.com\/actividades\/circulo-de-jovenes-grupo-de-crecimiento-personal-para-adolescentes-y-jovenes\/","url":"https:\/\/cercledeconsciencia.com\/actividades\/circulo-de-jovenes-grupo-de-crecimiento-personal-para-adolescentes-y-jovenes\/","name":"C\u00edrculo de J\u00f3venes: grupo de crecimiento personal para adolescentes y j\u00f3venes - Cercle de Consci\u00e8ncia","isPartOf":{"@id":"https:\/\/cercledeconsciencia.com\/#website"},"primaryImageOfPage":{"@id":"https:\/\/cercledeconsciencia.com\/actividades\/circulo-de-jovenes-grupo-de-crecimiento-personal-para-adolescentes-y-jovenes\/#primaryimage"},"image":{"@id":"https:\/\/cercledeconsciencia.com\/actividades\/circulo-de-jovenes-grupo-de-crecimiento-personal-para-adolescentes-y-jovenes\/#primaryimage"},"thumbnailUrl":"https:\/\/cercledeconsciencia.com\/wp-content\/uploads\/2024\/10\/shutterstock_2090358367-copia.jpg","datePublished":"2024-10-15T13:48:24+00:00","dateModified":"2025-04-09T10:11:21+00:00","breadcrumb":{"@id":"https:\/\/cercledeconsciencia.com\/actividades\/circulo-de-jovenes-grupo-de-crecimiento-personal-para-adolescentes-y-jovenes\/#breadcrumb"},"inLanguage":"es","potentialAction":[{"@type":"ReadAction","target":["https:\/\/cercledeconsciencia.com\/actividades\/circulo-de-jovenes-grupo-de-crecimiento-personal-para-adolescentes-y-jovenes\/"]}]},{"@type":"ImageObject","inLanguage":"es","@id":"https:\/\/cercledeconsciencia.com\/actividades\/circulo-de-jovenes-grupo-de-crecimiento-personal-para-adolescentes-y-jovenes\/#primaryimage","url":"https:\/\/cercledeconsciencia.com\/wp-content\/uploads\/2024\/10\/shutterstock_2090358367-copia.jpg","contentUrl":"https:\/\/cercledeconsciencia.com\/wp-content\/uploads\/2024\/10\/shutterstock_2090358367-copia.jpg","width":1000,"height":667},{"@type":"BreadcrumbList","@id":"https:\/\/cercledeconsciencia.com\/actividades\/circulo-de-jovenes-grupo-de-crecimiento-personal-para-adolescentes-y-jovenes\/#breadcrumb","itemListElement":[{"@type":"ListItem","position":1,"name":"Portada","item":"https:\/\/cercledeconsciencia.com\/"},{"@type":"ListItem","position":2,"name":"Eventos","item":"https:\/\/cercledeconsciencia.com\/actividades\/"},{"@type":"ListItem","position":3,"name":"C\u00edrculo de J\u00f3venes: grupo de crecimiento personal para adolescentes y j\u00f3venes"}]},{"@type":"WebSite","@id":"https:\/\/cercledeconsciencia.com\/#website","url":"https:\/\/cercledeconsciencia.com\/","name":"Cercle de Consci\u00e8ncia","description":"Centro de Formaci\u00f3n y Terapias","publisher":{"@id":"https:\/\/cercledeconsciencia.com\/#organization"},"potentialAction":[{"@type":"SearchAction","target":{"@type":"EntryPoint","urlTemplate":"https:\/\/cercledeconsciencia.com\/?s={search_term_string}"},"query-input":{"@type":"PropertyValueSpecification","valueRequired":true,"valueName":"search_term_string"}}],"inLanguage":"es"},{"@type":"Organization","@id":"https:\/\/cercledeconsciencia.com\/#organization","name":"Cercle de Consci\u00e8ncia","url":"https:\/\/cercledeconsciencia.com\/","logo":{"@type":"ImageObject","inLanguage":"es","@id":"https:\/\/cercledeconsciencia.com\/#\/schema\/logo\/image\/","url":"https:\/\/cercledeconsciencia.com\/wp-content\/uploads\/2023\/07\/logo.png","contentUrl":"https:\/\/cercledeconsciencia.com\/wp-content\/uploads\/2023\/07\/logo.png","width":239,"height":68,"caption":"Cercle de Consci\u00e8ncia"},"image":{"@id":"https:\/\/cercledeconsciencia.com\/#\/schema\/logo\/image\/"},"sameAs":["https:\/\/www.facebook.com\/Cercledeconscienciabarcelona?_rdr","https:\/\/www.instagram.com\/cercledeconsciencia\/","https:\/\/www.youtube.com\/c\/cercledeconsciencia"]}]}},"_links":{"self":[{"href":"https:\/\/cercledeconsciencia.com\/es\/wp-json\/wp\/v2\/mec-events\/5085","targetHints":{"allow":["GET"]}}],"collection":[{"href":"https:\/\/cercledeconsciencia.com\/es\/wp-json\/wp\/v2\/mec-events"}],"about":[{"href":"https:\/\/cercledeconsciencia.com\/es\/wp-json\/wp\/v2\/types\/mec-events"}],"author":[{"embeddable":true,"href":"https:\/\/cercledeconsciencia.com\/es\/wp-json\/wp\/v2\/users\/2"}],"replies":[{"embeddable":true,"href":"https:\/\/cercledeconsciencia.com\/es\/wp-json\/wp\/v2\/comments?post=5085"}],"wp:featuredmedia":[{"embeddable":true,"href":"https:\/\/cercledeconsciencia.com\/es\/wp-json\/wp\/v2\/media\/5086"}],"wp:attachment":[{"href":"https:\/\/cercledeconsciencia.com\/es\/wp-json\/wp\/v2\/media?parent=5085"}],"wp:term":[{"taxonomy":"post_tag","embeddable":true,"href":"https:\/\/cercledeconsciencia.com\/es\/wp-json\/wp\/v2\/tags?post=5085"},{"taxonomy":"mec_category","embeddable":true,"href":"https:\/\/cercledeconsciencia.com\/es\/wp-json\/wp\/v2\/mec_category?post=5085"},{"taxonomy":"mec_speaker","embeddable":true,"href":"https:\/\/cercledeconsciencia.com\/es\/wp-json\/wp\/v2\/mec_speaker?post=5085"}],"curies":[{"name":"wp","href":"https:\/\/api.w.org\/{rel}","templated":true}]}}