{"id":5088,"date":"2024-10-18T08:38:40","date_gmt":"2024-10-18T08:38:40","guid":{"rendered":"https:\/\/cercledeconsciencia.com\/?post_type=mec-events&#038;p=5088"},"modified":"2024-10-18T12:24:41","modified_gmt":"2024-10-18T12:24:41","slug":"taller-abierto-de-la-formacion-transpersonal-el-vacio-fertil","status":"publish","type":"mec-events","link":"https:\/\/cercledeconsciencia.com\/es\/actividades\/taller-abierto-de-la-formacion-transpersonal-el-vacio-fertil\/","title":{"rendered":"Taller Abierto de la Formaci\u00f3n Transpersonal: El Vac\u00edo F\u00e9rtil"},"content":{"rendered":"<p><strong><em>Deconstruir nuestra expresividad cotidiana y desidentificarnos de patrones.<\/em><\/strong><\/p>\n<p>Partiendo de la ley dionisiaca de la entrega a vivir y expresar desde el cuerpo, entraremos en la decontruccion de nuestra expresividad cotidiana. <strong>Desidentific\u00e1ndonos de patrones de conducta, emoci\u00f3n y pensamiento<\/strong>.<\/p>\n<p><strong>Abriendo el camino a una confianza en la que el cuerpo se mueve en un espacio-tiempo, desprendido de sus h\u00e1bitos<\/strong>. Esta libertad adquirida, permite que la intuici\u00f3n vaya d\u00e1ndonos a conocer lo que no sab\u00edamos qu\u00e9 pod\u00edamos saber.<\/p>\n<p>Gui\u00e1ndonos a un mundo ca\u00f3tico, parecido a una embriaguez que une al grupo en una voluntad que va m\u00e1s all\u00e1 y lo que aparece es mucho m\u00e1s grande que la voluntad individual.<\/p>\n<p>Imparte: <strong>Catalina Llad\u00f3. <\/strong>Actriz, pedagoga y directora de teatro. Imparti\u00f3 clases durante 14 a\u00f1os en el Estudio Internacional para el actor Juan Carlos Corazza. Formada en Terapia Gestalt. Creadora y directora de \u201cTeatro para Interesados\u201d. Directora de \u201cTeatro para la Concordia\u201d.<br \/>\nDisc\u00edpula y colaboradora del Dr. Claudio Naranjo en el programa SAT.<\/p>\n<p>D\u00edas: <strong>1, 2 y 3 de noviembre<\/strong>.<\/p>\n<p>Horario:<br \/>\nViernes 18-20.30h<br \/>\nS\u00e1bado 10-20h<br \/>\nDomingo 10-14h<\/p>\n<p>Precio: 200\u20ac<\/p>\n<p>* M\u00f3dulo Abierto de la Formaci\u00f3n Transpersonal.<br \/>\n* Imprescindible inscripci\u00f3n previa. Las plazas son limitadas.<\/p>\n<p>Para inscripciones escribir a: coordinacio.tallers@cercledeconsciencia.com<\/p>\n","protected":false},"excerpt":{"rendered":"<p>Deconstruir nuestra expresividad cotidiana y desidentificarnos de patrones. Partiendo de la ley dionisiaca de la entrega a vivir y expresar desde el cuerpo, entraremos en la decontruccion de nuestra expresividad [&hellip;]<\/p>\n","protected":false},"author":2,"featured_media":5089,"comment_status":"open","ping_status":"closed","template":"","tags":[159,160],"mec_category":[52,105],"mec_speaker":[158],"class_list":["post-5088","mec-events","type-mec-events","status-publish","has-post-thumbnail","hentry","tag-formacion-transpersonal","tag-taller-abierto","mec_category-formacion","mec_category-taller-puntual"],"yoast_head":"<!-- This site is optimized with the Yoast SEO plugin v27.4 - https:\/\/yoast.com\/product\/yoast-seo-wordpress\/ -->\n<title>Taller Abierto de la Formaci\u00f3n Transpersonal: El Vac\u00edo F\u00e9rtil - Cercle de Consci\u00e8ncia<\/title>\n<meta name=\"robots\" content=\"index, follow, max-snippet:-1, max-image-preview:large, max-video-preview:-1\" \/>\n<link rel=\"canonical\" href=\"https:\/\/cercledeconsciencia.com\/es\/actividades\/taller-abierto-de-la-formacion-transpersonal-el-vacio-fertil\/\" \/>\n<meta property=\"og:locale\" content=\"es_ES\" \/>\n<meta property=\"og:type\" content=\"article\" \/>\n<meta property=\"og:title\" content=\"Taller Abierto de la Formaci\u00f3n Transpersonal: El Vac\u00edo F\u00e9rtil - Cercle de Consci\u00e8ncia\" \/>\n<meta property=\"og:description\" content=\"Deconstruir nuestra expresividad cotidiana y desidentificarnos de patrones. Partiendo de la ley dionisiaca de la entrega a vivir y expresar desde el cuerpo, entraremos en la decontruccion de nuestra expresividad [&hellip;]\" \/>\n<meta property=\"og:url\" content=\"https:\/\/cercledeconsciencia.com\/es\/actividades\/taller-abierto-de-la-formacion-transpersonal-el-vacio-fertil\/\" \/>\n<meta property=\"og:site_name\" content=\"Cercle de Consci\u00e8ncia\" \/>\n<meta property=\"article:publisher\" content=\"https:\/\/www.facebook.com\/Cercledeconscienciabarcelona?_rdr\" \/>\n<meta property=\"article:modified_time\" content=\"2024-10-18T12:24:41+00:00\" \/>\n<meta property=\"og:image\" content=\"https:\/\/cercledeconsciencia.com\/wp-content\/uploads\/2024\/10\/shutterstock_2203293273.jpg\" \/>\n\t<meta property=\"og:image:width\" content=\"1000\" \/>\n\t<meta property=\"og:image:height\" content=\"667\" \/>\n\t<meta property=\"og:image:type\" content=\"image\/jpeg\" \/>\n<meta name=\"twitter:card\" content=\"summary_large_image\" \/>\n<meta name=\"twitter:label1\" content=\"Tiempo de lectura\" \/>\n\t<meta name=\"twitter:data1\" content=\"2 minutos\" \/>\n<script type=\"application\/ld+json\" class=\"yoast-schema-graph\">{\"@context\":\"https:\\\/\\\/schema.org\",\"@graph\":[{\"@type\":\"WebPage\",\"@id\":\"https:\\\/\\\/cercledeconsciencia.com\\\/actividades\\\/taller-abierto-de-la-formacion-transpersonal-el-vacio-fertil\\\/\",\"url\":\"https:\\\/\\\/cercledeconsciencia.com\\\/actividades\\\/taller-abierto-de-la-formacion-transpersonal-el-vacio-fertil\\\/\",\"name\":\"Taller Abierto de la Formaci\u00f3n Transpersonal: El Vac\u00edo F\u00e9rtil - Cercle de Consci\u00e8ncia\",\"isPartOf\":{\"@id\":\"https:\\\/\\\/cercledeconsciencia.com\\\/#website\"},\"primaryImageOfPage\":{\"@id\":\"https:\\\/\\\/cercledeconsciencia.com\\\/actividades\\\/taller-abierto-de-la-formacion-transpersonal-el-vacio-fertil\\\/#primaryimage\"},\"image\":{\"@id\":\"https:\\\/\\\/cercledeconsciencia.com\\\/actividades\\\/taller-abierto-de-la-formacion-transpersonal-el-vacio-fertil\\\/#primaryimage\"},\"thumbnailUrl\":\"https:\\\/\\\/cercledeconsciencia.com\\\/wp-content\\\/uploads\\\/2024\\\/10\\\/shutterstock_2203293273.jpg\",\"datePublished\":\"2024-10-18T08:38:40+00:00\",\"dateModified\":\"2024-10-18T12:24:41+00:00\",\"breadcrumb\":{\"@id\":\"https:\\\/\\\/cercledeconsciencia.com\\\/actividades\\\/taller-abierto-de-la-formacion-transpersonal-el-vacio-fertil\\\/#breadcrumb\"},\"inLanguage\":\"es\",\"potentialAction\":[{\"@type\":\"ReadAction\",\"target\":[\"https:\\\/\\\/cercledeconsciencia.com\\\/actividades\\\/taller-abierto-de-la-formacion-transpersonal-el-vacio-fertil\\\/\"]}]},{\"@type\":\"ImageObject\",\"inLanguage\":\"es\",\"@id\":\"https:\\\/\\\/cercledeconsciencia.com\\\/actividades\\\/taller-abierto-de-la-formacion-transpersonal-el-vacio-fertil\\\/#primaryimage\",\"url\":\"https:\\\/\\\/cercledeconsciencia.com\\\/wp-content\\\/uploads\\\/2024\\\/10\\\/shutterstock_2203293273.jpg\",\"contentUrl\":\"https:\\\/\\\/cercledeconsciencia.com\\\/wp-content\\\/uploads\\\/2024\\\/10\\\/shutterstock_2203293273.jpg\",\"width\":1000,\"height\":667},{\"@type\":\"BreadcrumbList\",\"@id\":\"https:\\\/\\\/cercledeconsciencia.com\\\/actividades\\\/taller-abierto-de-la-formacion-transpersonal-el-vacio-fertil\\\/#breadcrumb\",\"itemListElement\":[{\"@type\":\"ListItem\",\"position\":1,\"name\":\"Portada\",\"item\":\"https:\\\/\\\/cercledeconsciencia.com\\\/\"},{\"@type\":\"ListItem\",\"position\":2,\"name\":\"Eventos\",\"item\":\"https:\\\/\\\/cercledeconsciencia.com\\\/actividades\\\/\"},{\"@type\":\"ListItem\",\"position\":3,\"name\":\"Taller Abierto de la Formaci\u00f3n Transpersonal: El Vac\u00edo F\u00e9rtil\"}]},{\"@type\":\"WebSite\",\"@id\":\"https:\\\/\\\/cercledeconsciencia.com\\\/#website\",\"url\":\"https:\\\/\\\/cercledeconsciencia.com\\\/\",\"name\":\"Cercle de Consci\u00e8ncia\",\"description\":\"Centro de Formaci\u00f3n y Terapias\",\"publisher\":{\"@id\":\"https:\\\/\\\/cercledeconsciencia.com\\\/#organization\"},\"potentialAction\":[{\"@type\":\"SearchAction\",\"target\":{\"@type\":\"EntryPoint\",\"urlTemplate\":\"https:\\\/\\\/cercledeconsciencia.com\\\/?s={search_term_string}\"},\"query-input\":{\"@type\":\"PropertyValueSpecification\",\"valueRequired\":true,\"valueName\":\"search_term_string\"}}],\"inLanguage\":\"es\"},{\"@type\":\"Organization\",\"@id\":\"https:\\\/\\\/cercledeconsciencia.com\\\/#organization\",\"name\":\"Cercle de Consci\u00e8ncia\",\"url\":\"https:\\\/\\\/cercledeconsciencia.com\\\/\",\"logo\":{\"@type\":\"ImageObject\",\"inLanguage\":\"es\",\"@id\":\"https:\\\/\\\/cercledeconsciencia.com\\\/#\\\/schema\\\/logo\\\/image\\\/\",\"url\":\"https:\\\/\\\/cercledeconsciencia.com\\\/wp-content\\\/uploads\\\/2023\\\/07\\\/logo.png\",\"contentUrl\":\"https:\\\/\\\/cercledeconsciencia.com\\\/wp-content\\\/uploads\\\/2023\\\/07\\\/logo.png\",\"width\":239,\"height\":68,\"caption\":\"Cercle de Consci\u00e8ncia\"},\"image\":{\"@id\":\"https:\\\/\\\/cercledeconsciencia.com\\\/#\\\/schema\\\/logo\\\/image\\\/\"},\"sameAs\":[\"https:\\\/\\\/www.facebook.com\\\/Cercledeconscienciabarcelona?_rdr\",\"https:\\\/\\\/www.instagram.com\\\/cercledeconsciencia\\\/\",\"https:\\\/\\\/www.youtube.com\\\/c\\\/cercledeconsciencia\"]}]}<\/script>\n<!-- \/ Yoast SEO plugin. -->","yoast_head_json":{"title":"Taller Abierto de la Formaci\u00f3n Transpersonal: El Vac\u00edo F\u00e9rtil - Cercle de Consci\u00e8ncia","robots":{"index":"index","follow":"follow","max-snippet":"max-snippet:-1","max-image-preview":"max-image-preview:large","max-video-preview":"max-video-preview:-1"},"canonical":"https:\/\/cercledeconsciencia.com\/es\/actividades\/taller-abierto-de-la-formacion-transpersonal-el-vacio-fertil\/","og_locale":"es_ES","og_type":"article","og_title":"Taller Abierto de la Formaci\u00f3n Transpersonal: El Vac\u00edo F\u00e9rtil - Cercle de Consci\u00e8ncia","og_description":"Deconstruir nuestra expresividad cotidiana y desidentificarnos de patrones. Partiendo de la ley dionisiaca de la entrega a vivir y expresar desde el cuerpo, entraremos en la decontruccion de nuestra expresividad [&hellip;]","og_url":"https:\/\/cercledeconsciencia.com\/es\/actividades\/taller-abierto-de-la-formacion-transpersonal-el-vacio-fertil\/","og_site_name":"Cercle de Consci\u00e8ncia","article_publisher":"https:\/\/www.facebook.com\/Cercledeconscienciabarcelona?_rdr","article_modified_time":"2024-10-18T12:24:41+00:00","og_image":[{"width":1000,"height":667,"url":"https:\/\/cercledeconsciencia.com\/wp-content\/uploads\/2024\/10\/shutterstock_2203293273.jpg","type":"image\/jpeg"}],"twitter_card":"summary_large_image","twitter_misc":{"Tiempo de lectura":"2 minutos"},"schema":{"@context":"https:\/\/schema.org","@graph":[{"@type":"WebPage","@id":"https:\/\/cercledeconsciencia.com\/actividades\/taller-abierto-de-la-formacion-transpersonal-el-vacio-fertil\/","url":"https:\/\/cercledeconsciencia.com\/actividades\/taller-abierto-de-la-formacion-transpersonal-el-vacio-fertil\/","name":"Taller Abierto de la Formaci\u00f3n Transpersonal: El Vac\u00edo F\u00e9rtil - Cercle de Consci\u00e8ncia","isPartOf":{"@id":"https:\/\/cercledeconsciencia.com\/#website"},"primaryImageOfPage":{"@id":"https:\/\/cercledeconsciencia.com\/actividades\/taller-abierto-de-la-formacion-transpersonal-el-vacio-fertil\/#primaryimage"},"image":{"@id":"https:\/\/cercledeconsciencia.com\/actividades\/taller-abierto-de-la-formacion-transpersonal-el-vacio-fertil\/#primaryimage"},"thumbnailUrl":"https:\/\/cercledeconsciencia.com\/wp-content\/uploads\/2024\/10\/shutterstock_2203293273.jpg","datePublished":"2024-10-18T08:38:40+00:00","dateModified":"2024-10-18T12:24:41+00:00","breadcrumb":{"@id":"https:\/\/cercledeconsciencia.com\/actividades\/taller-abierto-de-la-formacion-transpersonal-el-vacio-fertil\/#breadcrumb"},"inLanguage":"es","potentialAction":[{"@type":"ReadAction","target":["https:\/\/cercledeconsciencia.com\/actividades\/taller-abierto-de-la-formacion-transpersonal-el-vacio-fertil\/"]}]},{"@type":"ImageObject","inLanguage":"es","@id":"https:\/\/cercledeconsciencia.com\/actividades\/taller-abierto-de-la-formacion-transpersonal-el-vacio-fertil\/#primaryimage","url":"https:\/\/cercledeconsciencia.com\/wp-content\/uploads\/2024\/10\/shutterstock_2203293273.jpg","contentUrl":"https:\/\/cercledeconsciencia.com\/wp-content\/uploads\/2024\/10\/shutterstock_2203293273.jpg","width":1000,"height":667},{"@type":"BreadcrumbList","@id":"https:\/\/cercledeconsciencia.com\/actividades\/taller-abierto-de-la-formacion-transpersonal-el-vacio-fertil\/#breadcrumb","itemListElement":[{"@type":"ListItem","position":1,"name":"Portada","item":"https:\/\/cercledeconsciencia.com\/"},{"@type":"ListItem","position":2,"name":"Eventos","item":"https:\/\/cercledeconsciencia.com\/actividades\/"},{"@type":"ListItem","position":3,"name":"Taller Abierto de la Formaci\u00f3n Transpersonal: El Vac\u00edo F\u00e9rtil"}]},{"@type":"WebSite","@id":"https:\/\/cercledeconsciencia.com\/#website","url":"https:\/\/cercledeconsciencia.com\/","name":"Cercle de Consci\u00e8ncia","description":"Centro de Formaci\u00f3n y Terapias","publisher":{"@id":"https:\/\/cercledeconsciencia.com\/#organization"},"potentialAction":[{"@type":"SearchAction","target":{"@type":"EntryPoint","urlTemplate":"https:\/\/cercledeconsciencia.com\/?s={search_term_string}"},"query-input":{"@type":"PropertyValueSpecification","valueRequired":true,"valueName":"search_term_string"}}],"inLanguage":"es"},{"@type":"Organization","@id":"https:\/\/cercledeconsciencia.com\/#organization","name":"Cercle de Consci\u00e8ncia","url":"https:\/\/cercledeconsciencia.com\/","logo":{"@type":"ImageObject","inLanguage":"es","@id":"https:\/\/cercledeconsciencia.com\/#\/schema\/logo\/image\/","url":"https:\/\/cercledeconsciencia.com\/wp-content\/uploads\/2023\/07\/logo.png","contentUrl":"https:\/\/cercledeconsciencia.com\/wp-content\/uploads\/2023\/07\/logo.png","width":239,"height":68,"caption":"Cercle de Consci\u00e8ncia"},"image":{"@id":"https:\/\/cercledeconsciencia.com\/#\/schema\/logo\/image\/"},"sameAs":["https:\/\/www.facebook.com\/Cercledeconscienciabarcelona?_rdr","https:\/\/www.instagram.com\/cercledeconsciencia\/","https:\/\/www.youtube.com\/c\/cercledeconsciencia"]}]}},"_links":{"self":[{"href":"https:\/\/cercledeconsciencia.com\/es\/wp-json\/wp\/v2\/mec-events\/5088","targetHints":{"allow":["GET"]}}],"collection":[{"href":"https:\/\/cercledeconsciencia.com\/es\/wp-json\/wp\/v2\/mec-events"}],"about":[{"href":"https:\/\/cercledeconsciencia.com\/es\/wp-json\/wp\/v2\/types\/mec-events"}],"author":[{"embeddable":true,"href":"https:\/\/cercledeconsciencia.com\/es\/wp-json\/wp\/v2\/users\/2"}],"replies":[{"embeddable":true,"href":"https:\/\/cercledeconsciencia.com\/es\/wp-json\/wp\/v2\/comments?post=5088"}],"wp:featuredmedia":[{"embeddable":true,"href":"https:\/\/cercledeconsciencia.com\/es\/wp-json\/wp\/v2\/media\/5089"}],"wp:attachment":[{"href":"https:\/\/cercledeconsciencia.com\/es\/wp-json\/wp\/v2\/media?parent=5088"}],"wp:term":[{"taxonomy":"post_tag","embeddable":true,"href":"https:\/\/cercledeconsciencia.com\/es\/wp-json\/wp\/v2\/tags?post=5088"},{"taxonomy":"mec_category","embeddable":true,"href":"https:\/\/cercledeconsciencia.com\/es\/wp-json\/wp\/v2\/mec_category?post=5088"},{"taxonomy":"mec_speaker","embeddable":true,"href":"https:\/\/cercledeconsciencia.com\/es\/wp-json\/wp\/v2\/mec_speaker?post=5088"}],"curies":[{"name":"wp","href":"https:\/\/api.w.org\/{rel}","templated":true}]}}