{"id":5168,"date":"2024-12-17T16:11:43","date_gmt":"2024-12-17T16:11:43","guid":{"rendered":"https:\/\/cercledeconsciencia.com\/?post_type=mec-events&#038;p=5168"},"modified":"2024-12-17T16:11:43","modified_gmt":"2024-12-17T16:11:43","slug":"introductorio-a-la-formacion-de-tci-un-camino-hacia-habitar-el-cuerpo-que-me-constituye-en-el-aqui-y-ahora","status":"publish","type":"mec-events","link":"https:\/\/cercledeconsciencia.com\/es\/actividades\/introductorio-a-la-formacion-de-tci-un-camino-hacia-habitar-el-cuerpo-que-me-constituye-en-el-aqui-y-ahora\/","title":{"rendered":"Introductorio a la Formaci\u00f3n de TCI: Un camino hacia habitar el cuerpo que me constituye en el aqu\u00ed y ahora"},"content":{"rendered":"<p>En nuestro hacer diario pocas veces conectamos con lo que realmente necesitamos y nos da bienestar. Nuestra mente se lleva toda nuestra atenci\u00f3n y nos desconecta del cuerpo, lo quenos dificulta la identificaci\u00f3n y registro de nuestras emociones y sensaciones corporales, que precisamente son las mensajeras de nuestras necesidades.<\/p>\n<p><strong>En este introductorio a la TCI podremos experimentar a trav\u00e9s de las propuestas corporales, la armon\u00eda que se despliega en el cuerpo, cuando lo flexibilizo y puedo recuperar la capacidad perdida de sincronizar el movimiento, con la atenci\u00f3n y la percepci\u00f3n de las sensaciones corporales que me conectan con el impulso de vida y el goce de habitar el cuerpo, en coherencia con el mundo que me rodea y en conexi\u00f3n con las otras personas.<\/strong><\/p>\n<p>Facilita: <strong>Berta Clotet. <\/strong>Psic\u00f3loga y Terapeuta Sist\u00e9mica Familiar. TCI y Gestalt Infantil. M\u00e9todo Integraci\u00f3n Cognitivo Corporal, Espacios Nacientes y En el coraz\u00f3n del trauma. Experta en intervenci\u00f3n social. Acompa\u00f1amiento psicoterap\u00e9utico a adolescentes, j\u00f3venes, adultos, pareja y familia.<\/p>\n<p><strong>M\u00e1s informaci\u00f3n e inscripciones<\/strong>:<\/p>\n<p>Escribe un correo a coordinacio.tci.bcn@cercledeconsciencia.com<\/p>\n<p>Llama al 938 524 892<\/p>\n<p><strong>Precio<\/strong>: 15\u20ac<\/p>\n<p><strong>Espacio TCI<\/strong> (C\/Pau Alsina, 35) SALA A.<\/p>\n<p>*Imprescindible inscripci\u00f3n previa.<\/p>\n","protected":false},"excerpt":{"rendered":"<p>En nuestro hacer diario pocas veces conectamos con lo que realmente necesitamos y nos da bienestar. Nuestra mente se lleva toda nuestra atenci\u00f3n y nos desconecta del cuerpo, lo quenos [&hellip;]<\/p>\n","protected":false},"author":2,"featured_media":5169,"comment_status":"open","ping_status":"closed","template":"","tags":[],"mec_category":[71,54],"mec_speaker":[162],"class_list":["post-5168","mec-events","type-mec-events","status-publish","has-post-thumbnail","hentry","mec_category-cuerpo","mec_category-introductorio-formacion"],"yoast_head":"<!-- This site is optimized with the Yoast SEO plugin v27.4 - https:\/\/yoast.com\/product\/yoast-seo-wordpress\/ -->\n<title>Introductorio a la Formaci\u00f3n de TCI: Un camino hacia habitar el cuerpo que me constituye en el aqu\u00ed y ahora - Cercle de Consci\u00e8ncia<\/title>\n<meta name=\"robots\" content=\"index, follow, max-snippet:-1, max-image-preview:large, max-video-preview:-1\" \/>\n<link rel=\"canonical\" href=\"https:\/\/cercledeconsciencia.com\/es\/actividades\/introductorio-a-la-formacion-de-tci-un-camino-hacia-habitar-el-cuerpo-que-me-constituye-en-el-aqui-y-ahora\/\" \/>\n<meta property=\"og:locale\" content=\"es_ES\" \/>\n<meta property=\"og:type\" content=\"article\" \/>\n<meta property=\"og:title\" content=\"Introductorio a la Formaci\u00f3n de TCI: Un camino hacia habitar el cuerpo que me constituye en el aqu\u00ed y ahora - Cercle de Consci\u00e8ncia\" \/>\n<meta property=\"og:description\" content=\"En nuestro hacer diario pocas veces conectamos con lo que realmente necesitamos y nos da bienestar. Nuestra mente se lleva toda nuestra atenci\u00f3n y nos desconecta del cuerpo, lo quenos [&hellip;]\" \/>\n<meta property=\"og:url\" content=\"https:\/\/cercledeconsciencia.com\/es\/actividades\/introductorio-a-la-formacion-de-tci-un-camino-hacia-habitar-el-cuerpo-que-me-constituye-en-el-aqui-y-ahora\/\" \/>\n<meta property=\"og:site_name\" content=\"Cercle de Consci\u00e8ncia\" \/>\n<meta property=\"article:publisher\" content=\"https:\/\/www.facebook.com\/Cercledeconscienciabarcelona?_rdr\" \/>\n<meta property=\"og:image\" content=\"https:\/\/cercledeconsciencia.com\/wp-content\/uploads\/2024\/12\/Captura-de-pantalla-2024-12-13-a-las-11.38.52.png\" \/>\n\t<meta property=\"og:image:width\" content=\"752\" \/>\n\t<meta property=\"og:image:height\" content=\"520\" \/>\n\t<meta property=\"og:image:type\" content=\"image\/png\" \/>\n<meta name=\"twitter:card\" content=\"summary_large_image\" \/>\n<meta name=\"twitter:label1\" content=\"Tiempo de lectura\" \/>\n\t<meta name=\"twitter:data1\" content=\"2 minutos\" \/>\n<script type=\"application\/ld+json\" class=\"yoast-schema-graph\">{\"@context\":\"https:\\\/\\\/schema.org\",\"@graph\":[{\"@type\":\"WebPage\",\"@id\":\"https:\\\/\\\/cercledeconsciencia.com\\\/actividades\\\/introductorio-a-la-formacion-de-tci-un-camino-hacia-habitar-el-cuerpo-que-me-constituye-en-el-aqui-y-ahora\\\/\",\"url\":\"https:\\\/\\\/cercledeconsciencia.com\\\/actividades\\\/introductorio-a-la-formacion-de-tci-un-camino-hacia-habitar-el-cuerpo-que-me-constituye-en-el-aqui-y-ahora\\\/\",\"name\":\"Introductorio a la Formaci\u00f3n de TCI: Un camino hacia habitar el cuerpo que me constituye en el aqu\u00ed y ahora - Cercle de Consci\u00e8ncia\",\"isPartOf\":{\"@id\":\"https:\\\/\\\/cercledeconsciencia.com\\\/#website\"},\"primaryImageOfPage\":{\"@id\":\"https:\\\/\\\/cercledeconsciencia.com\\\/actividades\\\/introductorio-a-la-formacion-de-tci-un-camino-hacia-habitar-el-cuerpo-que-me-constituye-en-el-aqui-y-ahora\\\/#primaryimage\"},\"image\":{\"@id\":\"https:\\\/\\\/cercledeconsciencia.com\\\/actividades\\\/introductorio-a-la-formacion-de-tci-un-camino-hacia-habitar-el-cuerpo-que-me-constituye-en-el-aqui-y-ahora\\\/#primaryimage\"},\"thumbnailUrl\":\"https:\\\/\\\/cercledeconsciencia.com\\\/wp-content\\\/uploads\\\/2024\\\/12\\\/Captura-de-pantalla-2024-12-13-a-las-11.38.52.png\",\"datePublished\":\"2024-12-17T16:11:43+00:00\",\"breadcrumb\":{\"@id\":\"https:\\\/\\\/cercledeconsciencia.com\\\/actividades\\\/introductorio-a-la-formacion-de-tci-un-camino-hacia-habitar-el-cuerpo-que-me-constituye-en-el-aqui-y-ahora\\\/#breadcrumb\"},\"inLanguage\":\"es\",\"potentialAction\":[{\"@type\":\"ReadAction\",\"target\":[\"https:\\\/\\\/cercledeconsciencia.com\\\/actividades\\\/introductorio-a-la-formacion-de-tci-un-camino-hacia-habitar-el-cuerpo-que-me-constituye-en-el-aqui-y-ahora\\\/\"]}]},{\"@type\":\"ImageObject\",\"inLanguage\":\"es\",\"@id\":\"https:\\\/\\\/cercledeconsciencia.com\\\/actividades\\\/introductorio-a-la-formacion-de-tci-un-camino-hacia-habitar-el-cuerpo-que-me-constituye-en-el-aqui-y-ahora\\\/#primaryimage\",\"url\":\"https:\\\/\\\/cercledeconsciencia.com\\\/wp-content\\\/uploads\\\/2024\\\/12\\\/Captura-de-pantalla-2024-12-13-a-las-11.38.52.png\",\"contentUrl\":\"https:\\\/\\\/cercledeconsciencia.com\\\/wp-content\\\/uploads\\\/2024\\\/12\\\/Captura-de-pantalla-2024-12-13-a-las-11.38.52.png\",\"width\":752,\"height\":520},{\"@type\":\"BreadcrumbList\",\"@id\":\"https:\\\/\\\/cercledeconsciencia.com\\\/actividades\\\/introductorio-a-la-formacion-de-tci-un-camino-hacia-habitar-el-cuerpo-que-me-constituye-en-el-aqui-y-ahora\\\/#breadcrumb\",\"itemListElement\":[{\"@type\":\"ListItem\",\"position\":1,\"name\":\"Portada\",\"item\":\"https:\\\/\\\/cercledeconsciencia.com\\\/\"},{\"@type\":\"ListItem\",\"position\":2,\"name\":\"Eventos\",\"item\":\"https:\\\/\\\/cercledeconsciencia.com\\\/actividades\\\/\"},{\"@type\":\"ListItem\",\"position\":3,\"name\":\"Introductorio a la Formaci\u00f3n de TCI: Un camino hacia habitar el cuerpo que me constituye en el aqu\u00ed y ahora\"}]},{\"@type\":\"WebSite\",\"@id\":\"https:\\\/\\\/cercledeconsciencia.com\\\/#website\",\"url\":\"https:\\\/\\\/cercledeconsciencia.com\\\/\",\"name\":\"Cercle de Consci\u00e8ncia\",\"description\":\"Centro de Formaci\u00f3n y Terapias\",\"publisher\":{\"@id\":\"https:\\\/\\\/cercledeconsciencia.com\\\/#organization\"},\"potentialAction\":[{\"@type\":\"SearchAction\",\"target\":{\"@type\":\"EntryPoint\",\"urlTemplate\":\"https:\\\/\\\/cercledeconsciencia.com\\\/?s={search_term_string}\"},\"query-input\":{\"@type\":\"PropertyValueSpecification\",\"valueRequired\":true,\"valueName\":\"search_term_string\"}}],\"inLanguage\":\"es\"},{\"@type\":\"Organization\",\"@id\":\"https:\\\/\\\/cercledeconsciencia.com\\\/#organization\",\"name\":\"Cercle de Consci\u00e8ncia\",\"url\":\"https:\\\/\\\/cercledeconsciencia.com\\\/\",\"logo\":{\"@type\":\"ImageObject\",\"inLanguage\":\"es\",\"@id\":\"https:\\\/\\\/cercledeconsciencia.com\\\/#\\\/schema\\\/logo\\\/image\\\/\",\"url\":\"https:\\\/\\\/cercledeconsciencia.com\\\/wp-content\\\/uploads\\\/2023\\\/07\\\/logo.png\",\"contentUrl\":\"https:\\\/\\\/cercledeconsciencia.com\\\/wp-content\\\/uploads\\\/2023\\\/07\\\/logo.png\",\"width\":239,\"height\":68,\"caption\":\"Cercle de Consci\u00e8ncia\"},\"image\":{\"@id\":\"https:\\\/\\\/cercledeconsciencia.com\\\/#\\\/schema\\\/logo\\\/image\\\/\"},\"sameAs\":[\"https:\\\/\\\/www.facebook.com\\\/Cercledeconscienciabarcelona?_rdr\",\"https:\\\/\\\/www.instagram.com\\\/cercledeconsciencia\\\/\",\"https:\\\/\\\/www.youtube.com\\\/c\\\/cercledeconsciencia\"]}]}<\/script>\n<!-- \/ Yoast SEO plugin. -->","yoast_head_json":{"title":"Introductorio a la Formaci\u00f3n de TCI: Un camino hacia habitar el cuerpo que me constituye en el aqu\u00ed y ahora - Cercle de Consci\u00e8ncia","robots":{"index":"index","follow":"follow","max-snippet":"max-snippet:-1","max-image-preview":"max-image-preview:large","max-video-preview":"max-video-preview:-1"},"canonical":"https:\/\/cercledeconsciencia.com\/es\/actividades\/introductorio-a-la-formacion-de-tci-un-camino-hacia-habitar-el-cuerpo-que-me-constituye-en-el-aqui-y-ahora\/","og_locale":"es_ES","og_type":"article","og_title":"Introductorio a la Formaci\u00f3n de TCI: Un camino hacia habitar el cuerpo que me constituye en el aqu\u00ed y ahora - Cercle de Consci\u00e8ncia","og_description":"En nuestro hacer diario pocas veces conectamos con lo que realmente necesitamos y nos da bienestar. Nuestra mente se lleva toda nuestra atenci\u00f3n y nos desconecta del cuerpo, lo quenos [&hellip;]","og_url":"https:\/\/cercledeconsciencia.com\/es\/actividades\/introductorio-a-la-formacion-de-tci-un-camino-hacia-habitar-el-cuerpo-que-me-constituye-en-el-aqui-y-ahora\/","og_site_name":"Cercle de Consci\u00e8ncia","article_publisher":"https:\/\/www.facebook.com\/Cercledeconscienciabarcelona?_rdr","og_image":[{"width":752,"height":520,"url":"https:\/\/cercledeconsciencia.com\/wp-content\/uploads\/2024\/12\/Captura-de-pantalla-2024-12-13-a-las-11.38.52.png","type":"image\/png"}],"twitter_card":"summary_large_image","twitter_misc":{"Tiempo de lectura":"2 minutos"},"schema":{"@context":"https:\/\/schema.org","@graph":[{"@type":"WebPage","@id":"https:\/\/cercledeconsciencia.com\/actividades\/introductorio-a-la-formacion-de-tci-un-camino-hacia-habitar-el-cuerpo-que-me-constituye-en-el-aqui-y-ahora\/","url":"https:\/\/cercledeconsciencia.com\/actividades\/introductorio-a-la-formacion-de-tci-un-camino-hacia-habitar-el-cuerpo-que-me-constituye-en-el-aqui-y-ahora\/","name":"Introductorio a la Formaci\u00f3n de TCI: Un camino hacia habitar el cuerpo que me constituye en el aqu\u00ed y ahora - Cercle de Consci\u00e8ncia","isPartOf":{"@id":"https:\/\/cercledeconsciencia.com\/#website"},"primaryImageOfPage":{"@id":"https:\/\/cercledeconsciencia.com\/actividades\/introductorio-a-la-formacion-de-tci-un-camino-hacia-habitar-el-cuerpo-que-me-constituye-en-el-aqui-y-ahora\/#primaryimage"},"image":{"@id":"https:\/\/cercledeconsciencia.com\/actividades\/introductorio-a-la-formacion-de-tci-un-camino-hacia-habitar-el-cuerpo-que-me-constituye-en-el-aqui-y-ahora\/#primaryimage"},"thumbnailUrl":"https:\/\/cercledeconsciencia.com\/wp-content\/uploads\/2024\/12\/Captura-de-pantalla-2024-12-13-a-las-11.38.52.png","datePublished":"2024-12-17T16:11:43+00:00","breadcrumb":{"@id":"https:\/\/cercledeconsciencia.com\/actividades\/introductorio-a-la-formacion-de-tci-un-camino-hacia-habitar-el-cuerpo-que-me-constituye-en-el-aqui-y-ahora\/#breadcrumb"},"inLanguage":"es","potentialAction":[{"@type":"ReadAction","target":["https:\/\/cercledeconsciencia.com\/actividades\/introductorio-a-la-formacion-de-tci-un-camino-hacia-habitar-el-cuerpo-que-me-constituye-en-el-aqui-y-ahora\/"]}]},{"@type":"ImageObject","inLanguage":"es","@id":"https:\/\/cercledeconsciencia.com\/actividades\/introductorio-a-la-formacion-de-tci-un-camino-hacia-habitar-el-cuerpo-que-me-constituye-en-el-aqui-y-ahora\/#primaryimage","url":"https:\/\/cercledeconsciencia.com\/wp-content\/uploads\/2024\/12\/Captura-de-pantalla-2024-12-13-a-las-11.38.52.png","contentUrl":"https:\/\/cercledeconsciencia.com\/wp-content\/uploads\/2024\/12\/Captura-de-pantalla-2024-12-13-a-las-11.38.52.png","width":752,"height":520},{"@type":"BreadcrumbList","@id":"https:\/\/cercledeconsciencia.com\/actividades\/introductorio-a-la-formacion-de-tci-un-camino-hacia-habitar-el-cuerpo-que-me-constituye-en-el-aqui-y-ahora\/#breadcrumb","itemListElement":[{"@type":"ListItem","position":1,"name":"Portada","item":"https:\/\/cercledeconsciencia.com\/"},{"@type":"ListItem","position":2,"name":"Eventos","item":"https:\/\/cercledeconsciencia.com\/actividades\/"},{"@type":"ListItem","position":3,"name":"Introductorio a la Formaci\u00f3n de TCI: Un camino hacia habitar el cuerpo que me constituye en el aqu\u00ed y ahora"}]},{"@type":"WebSite","@id":"https:\/\/cercledeconsciencia.com\/#website","url":"https:\/\/cercledeconsciencia.com\/","name":"Cercle de Consci\u00e8ncia","description":"Centro de Formaci\u00f3n y Terapias","publisher":{"@id":"https:\/\/cercledeconsciencia.com\/#organization"},"potentialAction":[{"@type":"SearchAction","target":{"@type":"EntryPoint","urlTemplate":"https:\/\/cercledeconsciencia.com\/?s={search_term_string}"},"query-input":{"@type":"PropertyValueSpecification","valueRequired":true,"valueName":"search_term_string"}}],"inLanguage":"es"},{"@type":"Organization","@id":"https:\/\/cercledeconsciencia.com\/#organization","name":"Cercle de Consci\u00e8ncia","url":"https:\/\/cercledeconsciencia.com\/","logo":{"@type":"ImageObject","inLanguage":"es","@id":"https:\/\/cercledeconsciencia.com\/#\/schema\/logo\/image\/","url":"https:\/\/cercledeconsciencia.com\/wp-content\/uploads\/2023\/07\/logo.png","contentUrl":"https:\/\/cercledeconsciencia.com\/wp-content\/uploads\/2023\/07\/logo.png","width":239,"height":68,"caption":"Cercle de Consci\u00e8ncia"},"image":{"@id":"https:\/\/cercledeconsciencia.com\/#\/schema\/logo\/image\/"},"sameAs":["https:\/\/www.facebook.com\/Cercledeconscienciabarcelona?_rdr","https:\/\/www.instagram.com\/cercledeconsciencia\/","https:\/\/www.youtube.com\/c\/cercledeconsciencia"]}]}},"_links":{"self":[{"href":"https:\/\/cercledeconsciencia.com\/es\/wp-json\/wp\/v2\/mec-events\/5168","targetHints":{"allow":["GET"]}}],"collection":[{"href":"https:\/\/cercledeconsciencia.com\/es\/wp-json\/wp\/v2\/mec-events"}],"about":[{"href":"https:\/\/cercledeconsciencia.com\/es\/wp-json\/wp\/v2\/types\/mec-events"}],"author":[{"embeddable":true,"href":"https:\/\/cercledeconsciencia.com\/es\/wp-json\/wp\/v2\/users\/2"}],"replies":[{"embeddable":true,"href":"https:\/\/cercledeconsciencia.com\/es\/wp-json\/wp\/v2\/comments?post=5168"}],"wp:featuredmedia":[{"embeddable":true,"href":"https:\/\/cercledeconsciencia.com\/es\/wp-json\/wp\/v2\/media\/5169"}],"wp:attachment":[{"href":"https:\/\/cercledeconsciencia.com\/es\/wp-json\/wp\/v2\/media?parent=5168"}],"wp:term":[{"taxonomy":"post_tag","embeddable":true,"href":"https:\/\/cercledeconsciencia.com\/es\/wp-json\/wp\/v2\/tags?post=5168"},{"taxonomy":"mec_category","embeddable":true,"href":"https:\/\/cercledeconsciencia.com\/es\/wp-json\/wp\/v2\/mec_category?post=5168"},{"taxonomy":"mec_speaker","embeddable":true,"href":"https:\/\/cercledeconsciencia.com\/es\/wp-json\/wp\/v2\/mec_speaker?post=5168"}],"curies":[{"name":"wp","href":"https:\/\/api.w.org\/{rel}","templated":true}]}}