{"id":5203,"date":"2025-02-18T08:46:26","date_gmt":"2025-02-18T08:46:26","guid":{"rendered":"https:\/\/cercledeconsciencia.com\/?post_type=mec-events&#038;p=5203"},"modified":"2025-10-14T08:01:46","modified_gmt":"2025-10-14T08:01:46","slug":"experiencias-somaticas-de-reparacion","status":"publish","type":"mec-events","link":"https:\/\/cercledeconsciencia.com\/es\/actividades\/experiencias-somaticas-de-reparacion\/","title":{"rendered":"Experiencias Som\u00e1ticas de Reparaci\u00f3n"},"content":{"rendered":"<h5>Terapia Corporal desde la mirada de la reparaci\u00f3n.<\/h5>\n<p><strong>Cultivar desde el cuerpo una manera de acompa\u00f1arme donde la salud se despliega<\/strong>. Se trata de un espacio d\u00f3nde a trav\u00e9s del trabajo corporal viviremos diferentes propuestas que permiten que todas mis capacidades y potencialidades se desplieguen.<\/p>\n<p>Un lugar donde abrir nuevos caminos de exploraci\u00f3n de la salud. Recuperar aspectos de m\u00ed misma que fueron interrumpidos.<\/p>\n<p>A partir del acompa\u00f1amiento que vivimos en la infancia muchos aspectos no tuvieron espacio. <strong>Las<\/strong> <strong>experiencias de reparaci\u00f3n permiten tener un registro som\u00e1tico de una manera diferente de acompa\u00f1arme.<\/strong><\/p>\n<h5>Un espacio para recuperarte. Ser t\u00fa con todas tus posibilidades. Establecer nuevas conexiones para generar nuevos anclajes.<\/h5>\n<p>\u00bfA qui\u00e9n va dirigido?<\/p>\n<p class=\"cvGsUA direction-ltr align-start para-style-body\"><span class=\"OYPEnA font-feature-liga-off font-feature-clig-off font-feature-calt-off text-decoration-none text-strikethrough-none\">A <\/span><strong><span class=\"OYPEnA font-feature-liga-off font-feature-clig-off font-feature-calt-off text-decoration-none text-strikethrough-none\">Terapeutas<\/span><\/strong> <span class=\"OYPEnA font-feature-liga-off font-feature-clig-off font-feature-calt-off text-decoration-none text-strikethrough-none\">que quieran acompa\u00f1ar desde la mirada de la reparaci\u00f3n para recuperar la salud y incorporar herramientas para poder crear espacios de reparaci\u00f3n.<\/span><\/p>\n<p class=\"cvGsUA direction-ltr align-start para-style-body\"><span class=\"OYPEnA font-feature-liga-off font-feature-clig-off font-feature-calt-off text-decoration-none text-strikethrough-none\">A <strong>Personas<\/strong><\/span> <span class=\"OYPEnA font-feature-liga-off font-feature-clig-off font-feature-calt-off text-decoration-none text-strikethrough-none\">que quieran trabajar sobre s\u00ed mismas desde la mirada de la posibilidad de reparar para recuperar la salud. Acompa\u00f1arme de forma saludable.<\/span><\/p>\n<p>Hay dos FORMATOS de ciclos disponibles:<\/p>\n<ul>\n<li>Grupo de <strong>Mi\u00e9rcoles quincenal<\/strong> de 18 a 21:30h &#8211; de septiembre 2025 a junio 2026<br \/>\nCALENDARIO: <span class=\"OYPEnA font-feature-liga-off font-feature-clig-off font-feature-calt-off text-decoration-none text-strikethrough-none\">17 sept | 15 y 29 oct | 12 y 26 nov | <\/span><span class=\"OYPEnA font-feature-liga-off font-feature-clig-off font-feature-calt-off text-decoration-none text-strikethrough-none\">10 y 17 dic | 7 y 21 ene | 4 y 18 feb | <\/span><span class=\"OYPEnA font-feature-liga-off font-feature-clig-off font-feature-calt-off text-decoration-none text-strikethrough-none\">4 y 18 mar | 8 y 22 abr | 6 y 20 may | 3 junio<\/span><\/li>\n<li>Grupo de <strong>Fines de semana<\/strong> de septiembre a enero 2026<br \/>\nCALENDARIO: <span class=\"OYPEnA font-feature-liga-off font-feature-clig-off font-feature-calt-off text-decoration-none text-strikethrough-none\">27 y 28 sept | 25 y 26 oct | 15 y 16 nov | 20 y 21 dic | 24 y 25 ene 26<\/span><\/li>\n<\/ul>\n<p><strong>Imparte<\/strong>: <strong>Mar\u00eda Saura<\/strong>. Especialista en Terapia Corporal desde la mirada de la reparaci\u00f3n. Docente en la formaci\u00f3n de T.C.I. y terapeuta Gestalt. Postgrado con Cherif Chalakani y en \u201cPrevenci\u00f3n de la neurosis\u201d con Evania Reichert y Sergio Veleda.<\/p>\n<p><strong>Lugar<\/strong>: Espai TCI<\/p>\n<p><strong>M\u00e1s informaci\u00f3n e inscripciones<\/strong>: 661286503 | maria.saura260380@gmail.com<\/p>\n<p>*Imprescindible inscripci\u00f3n previa<\/p>\n","protected":false},"excerpt":{"rendered":"<p>Terapia Corporal desde la mirada de la reparaci\u00f3n. Cultivar desde el cuerpo una manera de acompa\u00f1arme donde la salud se despliega. Se trata de un espacio d\u00f3nde a trav\u00e9s del [&hellip;]<\/p>\n","protected":false},"author":2,"featured_media":5204,"comment_status":"open","ping_status":"closed","template":"","tags":[],"mec_category":[49,57],"mec_speaker":[99],"class_list":["post-5203","mec-events","type-mec-events","status-publish","has-post-thumbnail","hentry","mec_category-ciclos","mec_category-taller-regular"],"yoast_head":"<!-- This site is optimized with the Yoast SEO plugin v27.4 - https:\/\/yoast.com\/product\/yoast-seo-wordpress\/ -->\n<title>Experiencias Som\u00e1ticas de Reparaci\u00f3n - Cercle de Consci\u00e8ncia<\/title>\n<meta name=\"robots\" content=\"index, follow, max-snippet:-1, max-image-preview:large, max-video-preview:-1\" \/>\n<link rel=\"canonical\" href=\"https:\/\/cercledeconsciencia.com\/es\/actividades\/experiencias-somaticas-de-reparacion\/\" \/>\n<meta property=\"og:locale\" content=\"es_ES\" \/>\n<meta property=\"og:type\" content=\"article\" \/>\n<meta property=\"og:title\" content=\"Experiencias Som\u00e1ticas de Reparaci\u00f3n - Cercle de Consci\u00e8ncia\" \/>\n<meta property=\"og:description\" content=\"Terapia Corporal desde la mirada de la reparaci\u00f3n. Cultivar desde el cuerpo una manera de acompa\u00f1arme donde la salud se despliega. Se trata de un espacio d\u00f3nde a trav\u00e9s del [&hellip;]\" \/>\n<meta property=\"og:url\" content=\"https:\/\/cercledeconsciencia.com\/es\/actividades\/experiencias-somaticas-de-reparacion\/\" \/>\n<meta property=\"og:site_name\" content=\"Cercle de Consci\u00e8ncia\" \/>\n<meta property=\"article:publisher\" content=\"https:\/\/www.facebook.com\/Cercledeconscienciabarcelona?_rdr\" \/>\n<meta property=\"article:modified_time\" content=\"2025-10-14T08:01:46+00:00\" \/>\n<meta property=\"og:image\" content=\"https:\/\/cercledeconsciencia.com\/wp-content\/uploads\/2025\/02\/Captura-de-pantalla-2025-02-18-a-las-9.42.10.png\" \/>\n\t<meta property=\"og:image:width\" content=\"569\" \/>\n\t<meta property=\"og:image:height\" content=\"458\" \/>\n\t<meta property=\"og:image:type\" content=\"image\/png\" \/>\n<meta name=\"twitter:card\" content=\"summary_large_image\" \/>\n<meta name=\"twitter:label1\" content=\"Tiempo de lectura\" \/>\n\t<meta name=\"twitter:data1\" content=\"2 minutos\" \/>\n<script type=\"application\/ld+json\" class=\"yoast-schema-graph\">{\"@context\":\"https:\\\/\\\/schema.org\",\"@graph\":[{\"@type\":\"WebPage\",\"@id\":\"https:\\\/\\\/cercledeconsciencia.com\\\/actividades\\\/experiencias-somaticas-de-reparacion\\\/\",\"url\":\"https:\\\/\\\/cercledeconsciencia.com\\\/actividades\\\/experiencias-somaticas-de-reparacion\\\/\",\"name\":\"Experiencias Som\u00e1ticas de Reparaci\u00f3n - Cercle de Consci\u00e8ncia\",\"isPartOf\":{\"@id\":\"https:\\\/\\\/cercledeconsciencia.com\\\/#website\"},\"primaryImageOfPage\":{\"@id\":\"https:\\\/\\\/cercledeconsciencia.com\\\/actividades\\\/experiencias-somaticas-de-reparacion\\\/#primaryimage\"},\"image\":{\"@id\":\"https:\\\/\\\/cercledeconsciencia.com\\\/actividades\\\/experiencias-somaticas-de-reparacion\\\/#primaryimage\"},\"thumbnailUrl\":\"https:\\\/\\\/cercledeconsciencia.com\\\/wp-content\\\/uploads\\\/2025\\\/02\\\/Captura-de-pantalla-2025-02-18-a-las-9.42.10.png\",\"datePublished\":\"2025-02-18T08:46:26+00:00\",\"dateModified\":\"2025-10-14T08:01:46+00:00\",\"breadcrumb\":{\"@id\":\"https:\\\/\\\/cercledeconsciencia.com\\\/actividades\\\/experiencias-somaticas-de-reparacion\\\/#breadcrumb\"},\"inLanguage\":\"es\",\"potentialAction\":[{\"@type\":\"ReadAction\",\"target\":[\"https:\\\/\\\/cercledeconsciencia.com\\\/actividades\\\/experiencias-somaticas-de-reparacion\\\/\"]}]},{\"@type\":\"ImageObject\",\"inLanguage\":\"es\",\"@id\":\"https:\\\/\\\/cercledeconsciencia.com\\\/actividades\\\/experiencias-somaticas-de-reparacion\\\/#primaryimage\",\"url\":\"https:\\\/\\\/cercledeconsciencia.com\\\/wp-content\\\/uploads\\\/2025\\\/02\\\/Captura-de-pantalla-2025-02-18-a-las-9.42.10.png\",\"contentUrl\":\"https:\\\/\\\/cercledeconsciencia.com\\\/wp-content\\\/uploads\\\/2025\\\/02\\\/Captura-de-pantalla-2025-02-18-a-las-9.42.10.png\",\"width\":569,\"height\":458},{\"@type\":\"BreadcrumbList\",\"@id\":\"https:\\\/\\\/cercledeconsciencia.com\\\/actividades\\\/experiencias-somaticas-de-reparacion\\\/#breadcrumb\",\"itemListElement\":[{\"@type\":\"ListItem\",\"position\":1,\"name\":\"Portada\",\"item\":\"https:\\\/\\\/cercledeconsciencia.com\\\/\"},{\"@type\":\"ListItem\",\"position\":2,\"name\":\"Eventos\",\"item\":\"https:\\\/\\\/cercledeconsciencia.com\\\/actividades\\\/\"},{\"@type\":\"ListItem\",\"position\":3,\"name\":\"Experiencias Som\u00e1ticas de Reparaci\u00f3n\"}]},{\"@type\":\"WebSite\",\"@id\":\"https:\\\/\\\/cercledeconsciencia.com\\\/#website\",\"url\":\"https:\\\/\\\/cercledeconsciencia.com\\\/\",\"name\":\"Cercle de Consci\u00e8ncia\",\"description\":\"Centro de Formaci\u00f3n y Terapias\",\"publisher\":{\"@id\":\"https:\\\/\\\/cercledeconsciencia.com\\\/#organization\"},\"potentialAction\":[{\"@type\":\"SearchAction\",\"target\":{\"@type\":\"EntryPoint\",\"urlTemplate\":\"https:\\\/\\\/cercledeconsciencia.com\\\/?s={search_term_string}\"},\"query-input\":{\"@type\":\"PropertyValueSpecification\",\"valueRequired\":true,\"valueName\":\"search_term_string\"}}],\"inLanguage\":\"es\"},{\"@type\":\"Organization\",\"@id\":\"https:\\\/\\\/cercledeconsciencia.com\\\/#organization\",\"name\":\"Cercle de Consci\u00e8ncia\",\"url\":\"https:\\\/\\\/cercledeconsciencia.com\\\/\",\"logo\":{\"@type\":\"ImageObject\",\"inLanguage\":\"es\",\"@id\":\"https:\\\/\\\/cercledeconsciencia.com\\\/#\\\/schema\\\/logo\\\/image\\\/\",\"url\":\"https:\\\/\\\/cercledeconsciencia.com\\\/wp-content\\\/uploads\\\/2023\\\/07\\\/logo.png\",\"contentUrl\":\"https:\\\/\\\/cercledeconsciencia.com\\\/wp-content\\\/uploads\\\/2023\\\/07\\\/logo.png\",\"width\":239,\"height\":68,\"caption\":\"Cercle de Consci\u00e8ncia\"},\"image\":{\"@id\":\"https:\\\/\\\/cercledeconsciencia.com\\\/#\\\/schema\\\/logo\\\/image\\\/\"},\"sameAs\":[\"https:\\\/\\\/www.facebook.com\\\/Cercledeconscienciabarcelona?_rdr\",\"https:\\\/\\\/www.instagram.com\\\/cercledeconsciencia\\\/\",\"https:\\\/\\\/www.youtube.com\\\/c\\\/cercledeconsciencia\"]}]}<\/script>\n<!-- \/ Yoast SEO plugin. -->","yoast_head_json":{"title":"Experiencias Som\u00e1ticas de Reparaci\u00f3n - Cercle de Consci\u00e8ncia","robots":{"index":"index","follow":"follow","max-snippet":"max-snippet:-1","max-image-preview":"max-image-preview:large","max-video-preview":"max-video-preview:-1"},"canonical":"https:\/\/cercledeconsciencia.com\/es\/actividades\/experiencias-somaticas-de-reparacion\/","og_locale":"es_ES","og_type":"article","og_title":"Experiencias Som\u00e1ticas de Reparaci\u00f3n - Cercle de Consci\u00e8ncia","og_description":"Terapia Corporal desde la mirada de la reparaci\u00f3n. Cultivar desde el cuerpo una manera de acompa\u00f1arme donde la salud se despliega. Se trata de un espacio d\u00f3nde a trav\u00e9s del [&hellip;]","og_url":"https:\/\/cercledeconsciencia.com\/es\/actividades\/experiencias-somaticas-de-reparacion\/","og_site_name":"Cercle de Consci\u00e8ncia","article_publisher":"https:\/\/www.facebook.com\/Cercledeconscienciabarcelona?_rdr","article_modified_time":"2025-10-14T08:01:46+00:00","og_image":[{"width":569,"height":458,"url":"https:\/\/cercledeconsciencia.com\/wp-content\/uploads\/2025\/02\/Captura-de-pantalla-2025-02-18-a-las-9.42.10.png","type":"image\/png"}],"twitter_card":"summary_large_image","twitter_misc":{"Tiempo de lectura":"2 minutos"},"schema":{"@context":"https:\/\/schema.org","@graph":[{"@type":"WebPage","@id":"https:\/\/cercledeconsciencia.com\/actividades\/experiencias-somaticas-de-reparacion\/","url":"https:\/\/cercledeconsciencia.com\/actividades\/experiencias-somaticas-de-reparacion\/","name":"Experiencias Som\u00e1ticas de Reparaci\u00f3n - Cercle de Consci\u00e8ncia","isPartOf":{"@id":"https:\/\/cercledeconsciencia.com\/#website"},"primaryImageOfPage":{"@id":"https:\/\/cercledeconsciencia.com\/actividades\/experiencias-somaticas-de-reparacion\/#primaryimage"},"image":{"@id":"https:\/\/cercledeconsciencia.com\/actividades\/experiencias-somaticas-de-reparacion\/#primaryimage"},"thumbnailUrl":"https:\/\/cercledeconsciencia.com\/wp-content\/uploads\/2025\/02\/Captura-de-pantalla-2025-02-18-a-las-9.42.10.png","datePublished":"2025-02-18T08:46:26+00:00","dateModified":"2025-10-14T08:01:46+00:00","breadcrumb":{"@id":"https:\/\/cercledeconsciencia.com\/actividades\/experiencias-somaticas-de-reparacion\/#breadcrumb"},"inLanguage":"es","potentialAction":[{"@type":"ReadAction","target":["https:\/\/cercledeconsciencia.com\/actividades\/experiencias-somaticas-de-reparacion\/"]}]},{"@type":"ImageObject","inLanguage":"es","@id":"https:\/\/cercledeconsciencia.com\/actividades\/experiencias-somaticas-de-reparacion\/#primaryimage","url":"https:\/\/cercledeconsciencia.com\/wp-content\/uploads\/2025\/02\/Captura-de-pantalla-2025-02-18-a-las-9.42.10.png","contentUrl":"https:\/\/cercledeconsciencia.com\/wp-content\/uploads\/2025\/02\/Captura-de-pantalla-2025-02-18-a-las-9.42.10.png","width":569,"height":458},{"@type":"BreadcrumbList","@id":"https:\/\/cercledeconsciencia.com\/actividades\/experiencias-somaticas-de-reparacion\/#breadcrumb","itemListElement":[{"@type":"ListItem","position":1,"name":"Portada","item":"https:\/\/cercledeconsciencia.com\/"},{"@type":"ListItem","position":2,"name":"Eventos","item":"https:\/\/cercledeconsciencia.com\/actividades\/"},{"@type":"ListItem","position":3,"name":"Experiencias Som\u00e1ticas de Reparaci\u00f3n"}]},{"@type":"WebSite","@id":"https:\/\/cercledeconsciencia.com\/#website","url":"https:\/\/cercledeconsciencia.com\/","name":"Cercle de Consci\u00e8ncia","description":"Centro de Formaci\u00f3n y Terapias","publisher":{"@id":"https:\/\/cercledeconsciencia.com\/#organization"},"potentialAction":[{"@type":"SearchAction","target":{"@type":"EntryPoint","urlTemplate":"https:\/\/cercledeconsciencia.com\/?s={search_term_string}"},"query-input":{"@type":"PropertyValueSpecification","valueRequired":true,"valueName":"search_term_string"}}],"inLanguage":"es"},{"@type":"Organization","@id":"https:\/\/cercledeconsciencia.com\/#organization","name":"Cercle de Consci\u00e8ncia","url":"https:\/\/cercledeconsciencia.com\/","logo":{"@type":"ImageObject","inLanguage":"es","@id":"https:\/\/cercledeconsciencia.com\/#\/schema\/logo\/image\/","url":"https:\/\/cercledeconsciencia.com\/wp-content\/uploads\/2023\/07\/logo.png","contentUrl":"https:\/\/cercledeconsciencia.com\/wp-content\/uploads\/2023\/07\/logo.png","width":239,"height":68,"caption":"Cercle de Consci\u00e8ncia"},"image":{"@id":"https:\/\/cercledeconsciencia.com\/#\/schema\/logo\/image\/"},"sameAs":["https:\/\/www.facebook.com\/Cercledeconscienciabarcelona?_rdr","https:\/\/www.instagram.com\/cercledeconsciencia\/","https:\/\/www.youtube.com\/c\/cercledeconsciencia"]}]}},"_links":{"self":[{"href":"https:\/\/cercledeconsciencia.com\/es\/wp-json\/wp\/v2\/mec-events\/5203","targetHints":{"allow":["GET"]}}],"collection":[{"href":"https:\/\/cercledeconsciencia.com\/es\/wp-json\/wp\/v2\/mec-events"}],"about":[{"href":"https:\/\/cercledeconsciencia.com\/es\/wp-json\/wp\/v2\/types\/mec-events"}],"author":[{"embeddable":true,"href":"https:\/\/cercledeconsciencia.com\/es\/wp-json\/wp\/v2\/users\/2"}],"replies":[{"embeddable":true,"href":"https:\/\/cercledeconsciencia.com\/es\/wp-json\/wp\/v2\/comments?post=5203"}],"wp:featuredmedia":[{"embeddable":true,"href":"https:\/\/cercledeconsciencia.com\/es\/wp-json\/wp\/v2\/media\/5204"}],"wp:attachment":[{"href":"https:\/\/cercledeconsciencia.com\/es\/wp-json\/wp\/v2\/media?parent=5203"}],"wp:term":[{"taxonomy":"post_tag","embeddable":true,"href":"https:\/\/cercledeconsciencia.com\/es\/wp-json\/wp\/v2\/tags?post=5203"},{"taxonomy":"mec_category","embeddable":true,"href":"https:\/\/cercledeconsciencia.com\/es\/wp-json\/wp\/v2\/mec_category?post=5203"},{"taxonomy":"mec_speaker","embeddable":true,"href":"https:\/\/cercledeconsciencia.com\/es\/wp-json\/wp\/v2\/mec_speaker?post=5203"}],"curies":[{"name":"wp","href":"https:\/\/api.w.org\/{rel}","templated":true}]}}