{"id":5251,"date":"2025-04-03T08:55:52","date_gmt":"2025-04-03T08:55:52","guid":{"rendered":"https:\/\/cercledeconsciencia.com\/?post_type=mec-events&#038;p=5251"},"modified":"2025-04-03T09:11:20","modified_gmt":"2025-04-03T09:11:20","slug":"jornadas-de-puertas-abiertas-en-ibiza-las-caras-del-amor","status":"publish","type":"mec-events","link":"https:\/\/cercledeconsciencia.com\/es\/actividades\/jornadas-de-puertas-abiertas-en-ibiza-las-caras-del-amor\/","title":{"rendered":"Jornadas de Puertas Abiertas en Ibiza: Las Caras del Amor"},"content":{"rendered":"<h5>Un viaje de autoconocimiento desde la perspectiva de los tres amores.<\/h5>\n<p>En estas Jornadas de Puertas Abiertas de Cercle de Consci\u00e8ncia en Ibiza te invitamos a sumergirte en \u201cLas Caras del Amor\u201d.<\/p>\n<p>Un viaje donde profundizaremos en la perspectiva de los tres amores (o caras) que nos dej\u00f3 el legado de Claudio Naranjo: Amor Er\u00f3tico, Amor Compasivo y Amor Admirativo.<\/p>\n<p><strong>\u00bfQuieres acercarte al amor de una forma m\u00e1s integrativa? \u00bfSentirlo en los latidos de tu coraz\u00f3n, pasar del ego al \u00e9xtasis, indagar en las m\u00e1scaras del coraz\u00f3n y acabar cruzando el umbral?<\/strong><\/p>\n<p>Toda una vida para descubrirlo. \u00a1Un d\u00eda para vivirlo!<\/p>\n<p>\u00a1Te esperamos para disfrutar juntxs de estas jornadas tan especiales!<\/p>\n<p><b>Programa Completo del S\u00e1bado 26 de abril<\/b>:<br \/>\n10-11h: Presentaci\u00f3n de escuela, formaciones y jornada: \u201cLas caras del amor\u201d. Imparten Toni Aguilar y Cris Ribera.<br \/>\n11-11.30h:\u00a0 Descanso<br \/>\n11.30-13h: <strong>Taller de Terapia Corporal Integrativa sobre el Amor er\u00f3tico<\/strong>: Latidos&#8230; Imparte Cris Ribera.<br \/>\n13-14.30h: <strong>Taller de Sexualidad Integrativa sobre el Amor er\u00f3tico<\/strong>: Del ego al \u00e9xtasis. Imparte Ra\u00fal Andreu.<br \/>\n14:30-16:00h COMIDA.<br \/>\n16-17.30h: <strong>Taller de Gestalt Integrativa sobre el Amor Compasivo<\/strong>: Las m\u00e1scaras del coraz\u00f3n. Imparten Carolina M\u00e9ndez y Paco Le\u00f3n.<br \/>\n17.30-19h: <strong>Taller de Transpersonal Integrativa sobre el Amor Admirativo<\/strong>: Cruzar el umbral. Imparte Loelia Campos.<\/p>\n<p><strong>Programa del domingo 27 de abril:<\/strong><\/p>\n<p>10:30-11:00H: Taller \u201c<strong>Ser en la danza<\/strong>\u201d. Imparte: Val\u00e9ria Alisio.<br \/>\n*11-11.30- Descanso<br \/>\n11:30-13:00h: Taller \u201c<strong>Habitar tus personajes<\/strong>\u201d. Teatro terap\u00e9utico. Imparte: Toni Riera.<\/p>\n<p>Fecha: 26 y 27 de abril<br \/>\nHorario: S\u00e1bado, 10 a 19h | Domingo, sesiones abiertas de talleres externos.<br \/>\nLugar: Sant Josep, Ibiza.<\/p>\n<p>*Inscripci\u00f3n previa obligatoria.<\/p>\n<h5><a href=\"https:\/\/forms.gle\/BzG8W3dtUW187v9K6\"><strong>HAZ CLICK AQU\u00cd PARA INSCRIBIRTE<\/strong><\/a><\/h5>\n","protected":false},"excerpt":{"rendered":"<p>Un viaje de autoconocimiento desde la perspectiva de los tres amores. En estas Jornadas de Puertas Abiertas de Cercle de Consci\u00e8ncia en Ibiza te invitamos a sumergirte en \u201cLas Caras [&hellip;]<\/p>\n","protected":false},"author":2,"featured_media":5252,"comment_status":"open","ping_status":"closed","template":"","tags":[],"mec_category":[],"mec_speaker":[],"class_list":["post-5251","mec-events","type-mec-events","status-publish","has-post-thumbnail","hentry"],"yoast_head":"<!-- This site is optimized with the Yoast SEO plugin v27.4 - https:\/\/yoast.com\/product\/yoast-seo-wordpress\/ -->\n<title>Jornadas de Puertas Abiertas en Ibiza: Las Caras del Amor - Cercle de Consci\u00e8ncia<\/title>\n<meta name=\"robots\" content=\"index, follow, max-snippet:-1, max-image-preview:large, max-video-preview:-1\" \/>\n<link rel=\"canonical\" href=\"https:\/\/cercledeconsciencia.com\/es\/actividades\/jornadas-de-puertas-abiertas-en-ibiza-las-caras-del-amor\/\" \/>\n<meta property=\"og:locale\" content=\"es_ES\" \/>\n<meta property=\"og:type\" content=\"article\" \/>\n<meta property=\"og:title\" content=\"Jornadas de Puertas Abiertas en Ibiza: Las Caras del Amor - Cercle de Consci\u00e8ncia\" \/>\n<meta property=\"og:description\" content=\"Un viaje de autoconocimiento desde la perspectiva de los tres amores. En estas Jornadas de Puertas Abiertas de Cercle de Consci\u00e8ncia en Ibiza te invitamos a sumergirte en \u201cLas Caras [&hellip;]\" \/>\n<meta property=\"og:url\" content=\"https:\/\/cercledeconsciencia.com\/es\/actividades\/jornadas-de-puertas-abiertas-en-ibiza-las-caras-del-amor\/\" \/>\n<meta property=\"og:site_name\" content=\"Cercle de Consci\u00e8ncia\" \/>\n<meta property=\"article:publisher\" content=\"https:\/\/www.facebook.com\/Cercledeconscienciabarcelona?_rdr\" \/>\n<meta property=\"article:modified_time\" content=\"2025-04-03T09:11:20+00:00\" \/>\n<meta property=\"og:image\" content=\"https:\/\/cercledeconsciencia.com\/wp-content\/uploads\/2025\/04\/Captura-de-pantalla-2025-04-03-a-las-10.47.58.png\" \/>\n\t<meta property=\"og:image:width\" content=\"1156\" \/>\n\t<meta property=\"og:image:height\" content=\"684\" \/>\n\t<meta property=\"og:image:type\" content=\"image\/png\" \/>\n<meta name=\"twitter:card\" content=\"summary_large_image\" \/>\n<meta name=\"twitter:label1\" content=\"Tiempo de lectura\" \/>\n\t<meta name=\"twitter:data1\" content=\"2 minutos\" \/>\n<script type=\"application\/ld+json\" class=\"yoast-schema-graph\">{\"@context\":\"https:\\\/\\\/schema.org\",\"@graph\":[{\"@type\":\"WebPage\",\"@id\":\"https:\\\/\\\/cercledeconsciencia.com\\\/actividades\\\/jornadas-de-puertas-abiertas-en-ibiza-las-caras-del-amor\\\/\",\"url\":\"https:\\\/\\\/cercledeconsciencia.com\\\/actividades\\\/jornadas-de-puertas-abiertas-en-ibiza-las-caras-del-amor\\\/\",\"name\":\"Jornadas de Puertas Abiertas en Ibiza: Las Caras del Amor - Cercle de Consci\u00e8ncia\",\"isPartOf\":{\"@id\":\"https:\\\/\\\/cercledeconsciencia.com\\\/#website\"},\"primaryImageOfPage\":{\"@id\":\"https:\\\/\\\/cercledeconsciencia.com\\\/actividades\\\/jornadas-de-puertas-abiertas-en-ibiza-las-caras-del-amor\\\/#primaryimage\"},\"image\":{\"@id\":\"https:\\\/\\\/cercledeconsciencia.com\\\/actividades\\\/jornadas-de-puertas-abiertas-en-ibiza-las-caras-del-amor\\\/#primaryimage\"},\"thumbnailUrl\":\"https:\\\/\\\/cercledeconsciencia.com\\\/wp-content\\\/uploads\\\/2025\\\/04\\\/Captura-de-pantalla-2025-04-03-a-las-10.47.58.png\",\"datePublished\":\"2025-04-03T08:55:52+00:00\",\"dateModified\":\"2025-04-03T09:11:20+00:00\",\"breadcrumb\":{\"@id\":\"https:\\\/\\\/cercledeconsciencia.com\\\/actividades\\\/jornadas-de-puertas-abiertas-en-ibiza-las-caras-del-amor\\\/#breadcrumb\"},\"inLanguage\":\"es\",\"potentialAction\":[{\"@type\":\"ReadAction\",\"target\":[\"https:\\\/\\\/cercledeconsciencia.com\\\/actividades\\\/jornadas-de-puertas-abiertas-en-ibiza-las-caras-del-amor\\\/\"]}]},{\"@type\":\"ImageObject\",\"inLanguage\":\"es\",\"@id\":\"https:\\\/\\\/cercledeconsciencia.com\\\/actividades\\\/jornadas-de-puertas-abiertas-en-ibiza-las-caras-del-amor\\\/#primaryimage\",\"url\":\"https:\\\/\\\/cercledeconsciencia.com\\\/wp-content\\\/uploads\\\/2025\\\/04\\\/Captura-de-pantalla-2025-04-03-a-las-10.47.58.png\",\"contentUrl\":\"https:\\\/\\\/cercledeconsciencia.com\\\/wp-content\\\/uploads\\\/2025\\\/04\\\/Captura-de-pantalla-2025-04-03-a-las-10.47.58.png\",\"width\":1156,\"height\":684},{\"@type\":\"BreadcrumbList\",\"@id\":\"https:\\\/\\\/cercledeconsciencia.com\\\/actividades\\\/jornadas-de-puertas-abiertas-en-ibiza-las-caras-del-amor\\\/#breadcrumb\",\"itemListElement\":[{\"@type\":\"ListItem\",\"position\":1,\"name\":\"Portada\",\"item\":\"https:\\\/\\\/cercledeconsciencia.com\\\/\"},{\"@type\":\"ListItem\",\"position\":2,\"name\":\"Eventos\",\"item\":\"https:\\\/\\\/cercledeconsciencia.com\\\/actividades\\\/\"},{\"@type\":\"ListItem\",\"position\":3,\"name\":\"Jornadas de Puertas Abiertas en Ibiza: Las Caras del Amor\"}]},{\"@type\":\"WebSite\",\"@id\":\"https:\\\/\\\/cercledeconsciencia.com\\\/#website\",\"url\":\"https:\\\/\\\/cercledeconsciencia.com\\\/\",\"name\":\"Cercle de Consci\u00e8ncia\",\"description\":\"Centro de Formaci\u00f3n y Terapias\",\"publisher\":{\"@id\":\"https:\\\/\\\/cercledeconsciencia.com\\\/#organization\"},\"potentialAction\":[{\"@type\":\"SearchAction\",\"target\":{\"@type\":\"EntryPoint\",\"urlTemplate\":\"https:\\\/\\\/cercledeconsciencia.com\\\/?s={search_term_string}\"},\"query-input\":{\"@type\":\"PropertyValueSpecification\",\"valueRequired\":true,\"valueName\":\"search_term_string\"}}],\"inLanguage\":\"es\"},{\"@type\":\"Organization\",\"@id\":\"https:\\\/\\\/cercledeconsciencia.com\\\/#organization\",\"name\":\"Cercle de Consci\u00e8ncia\",\"url\":\"https:\\\/\\\/cercledeconsciencia.com\\\/\",\"logo\":{\"@type\":\"ImageObject\",\"inLanguage\":\"es\",\"@id\":\"https:\\\/\\\/cercledeconsciencia.com\\\/#\\\/schema\\\/logo\\\/image\\\/\",\"url\":\"https:\\\/\\\/cercledeconsciencia.com\\\/wp-content\\\/uploads\\\/2023\\\/07\\\/logo.png\",\"contentUrl\":\"https:\\\/\\\/cercledeconsciencia.com\\\/wp-content\\\/uploads\\\/2023\\\/07\\\/logo.png\",\"width\":239,\"height\":68,\"caption\":\"Cercle de Consci\u00e8ncia\"},\"image\":{\"@id\":\"https:\\\/\\\/cercledeconsciencia.com\\\/#\\\/schema\\\/logo\\\/image\\\/\"},\"sameAs\":[\"https:\\\/\\\/www.facebook.com\\\/Cercledeconscienciabarcelona?_rdr\",\"https:\\\/\\\/www.instagram.com\\\/cercledeconsciencia\\\/\",\"https:\\\/\\\/www.youtube.com\\\/c\\\/cercledeconsciencia\"]}]}<\/script>\n<!-- \/ Yoast SEO plugin. -->","yoast_head_json":{"title":"Jornadas de Puertas Abiertas en Ibiza: Las Caras del Amor - Cercle de Consci\u00e8ncia","robots":{"index":"index","follow":"follow","max-snippet":"max-snippet:-1","max-image-preview":"max-image-preview:large","max-video-preview":"max-video-preview:-1"},"canonical":"https:\/\/cercledeconsciencia.com\/es\/actividades\/jornadas-de-puertas-abiertas-en-ibiza-las-caras-del-amor\/","og_locale":"es_ES","og_type":"article","og_title":"Jornadas de Puertas Abiertas en Ibiza: Las Caras del Amor - Cercle de Consci\u00e8ncia","og_description":"Un viaje de autoconocimiento desde la perspectiva de los tres amores. En estas Jornadas de Puertas Abiertas de Cercle de Consci\u00e8ncia en Ibiza te invitamos a sumergirte en \u201cLas Caras [&hellip;]","og_url":"https:\/\/cercledeconsciencia.com\/es\/actividades\/jornadas-de-puertas-abiertas-en-ibiza-las-caras-del-amor\/","og_site_name":"Cercle de Consci\u00e8ncia","article_publisher":"https:\/\/www.facebook.com\/Cercledeconscienciabarcelona?_rdr","article_modified_time":"2025-04-03T09:11:20+00:00","og_image":[{"width":1156,"height":684,"url":"https:\/\/cercledeconsciencia.com\/wp-content\/uploads\/2025\/04\/Captura-de-pantalla-2025-04-03-a-las-10.47.58.png","type":"image\/png"}],"twitter_card":"summary_large_image","twitter_misc":{"Tiempo de lectura":"2 minutos"},"schema":{"@context":"https:\/\/schema.org","@graph":[{"@type":"WebPage","@id":"https:\/\/cercledeconsciencia.com\/actividades\/jornadas-de-puertas-abiertas-en-ibiza-las-caras-del-amor\/","url":"https:\/\/cercledeconsciencia.com\/actividades\/jornadas-de-puertas-abiertas-en-ibiza-las-caras-del-amor\/","name":"Jornadas de Puertas Abiertas en Ibiza: Las Caras del Amor - Cercle de Consci\u00e8ncia","isPartOf":{"@id":"https:\/\/cercledeconsciencia.com\/#website"},"primaryImageOfPage":{"@id":"https:\/\/cercledeconsciencia.com\/actividades\/jornadas-de-puertas-abiertas-en-ibiza-las-caras-del-amor\/#primaryimage"},"image":{"@id":"https:\/\/cercledeconsciencia.com\/actividades\/jornadas-de-puertas-abiertas-en-ibiza-las-caras-del-amor\/#primaryimage"},"thumbnailUrl":"https:\/\/cercledeconsciencia.com\/wp-content\/uploads\/2025\/04\/Captura-de-pantalla-2025-04-03-a-las-10.47.58.png","datePublished":"2025-04-03T08:55:52+00:00","dateModified":"2025-04-03T09:11:20+00:00","breadcrumb":{"@id":"https:\/\/cercledeconsciencia.com\/actividades\/jornadas-de-puertas-abiertas-en-ibiza-las-caras-del-amor\/#breadcrumb"},"inLanguage":"es","potentialAction":[{"@type":"ReadAction","target":["https:\/\/cercledeconsciencia.com\/actividades\/jornadas-de-puertas-abiertas-en-ibiza-las-caras-del-amor\/"]}]},{"@type":"ImageObject","inLanguage":"es","@id":"https:\/\/cercledeconsciencia.com\/actividades\/jornadas-de-puertas-abiertas-en-ibiza-las-caras-del-amor\/#primaryimage","url":"https:\/\/cercledeconsciencia.com\/wp-content\/uploads\/2025\/04\/Captura-de-pantalla-2025-04-03-a-las-10.47.58.png","contentUrl":"https:\/\/cercledeconsciencia.com\/wp-content\/uploads\/2025\/04\/Captura-de-pantalla-2025-04-03-a-las-10.47.58.png","width":1156,"height":684},{"@type":"BreadcrumbList","@id":"https:\/\/cercledeconsciencia.com\/actividades\/jornadas-de-puertas-abiertas-en-ibiza-las-caras-del-amor\/#breadcrumb","itemListElement":[{"@type":"ListItem","position":1,"name":"Portada","item":"https:\/\/cercledeconsciencia.com\/"},{"@type":"ListItem","position":2,"name":"Eventos","item":"https:\/\/cercledeconsciencia.com\/actividades\/"},{"@type":"ListItem","position":3,"name":"Jornadas de Puertas Abiertas en Ibiza: Las Caras del Amor"}]},{"@type":"WebSite","@id":"https:\/\/cercledeconsciencia.com\/#website","url":"https:\/\/cercledeconsciencia.com\/","name":"Cercle de Consci\u00e8ncia","description":"Centro de Formaci\u00f3n y Terapias","publisher":{"@id":"https:\/\/cercledeconsciencia.com\/#organization"},"potentialAction":[{"@type":"SearchAction","target":{"@type":"EntryPoint","urlTemplate":"https:\/\/cercledeconsciencia.com\/?s={search_term_string}"},"query-input":{"@type":"PropertyValueSpecification","valueRequired":true,"valueName":"search_term_string"}}],"inLanguage":"es"},{"@type":"Organization","@id":"https:\/\/cercledeconsciencia.com\/#organization","name":"Cercle de Consci\u00e8ncia","url":"https:\/\/cercledeconsciencia.com\/","logo":{"@type":"ImageObject","inLanguage":"es","@id":"https:\/\/cercledeconsciencia.com\/#\/schema\/logo\/image\/","url":"https:\/\/cercledeconsciencia.com\/wp-content\/uploads\/2023\/07\/logo.png","contentUrl":"https:\/\/cercledeconsciencia.com\/wp-content\/uploads\/2023\/07\/logo.png","width":239,"height":68,"caption":"Cercle de Consci\u00e8ncia"},"image":{"@id":"https:\/\/cercledeconsciencia.com\/#\/schema\/logo\/image\/"},"sameAs":["https:\/\/www.facebook.com\/Cercledeconscienciabarcelona?_rdr","https:\/\/www.instagram.com\/cercledeconsciencia\/","https:\/\/www.youtube.com\/c\/cercledeconsciencia"]}]}},"_links":{"self":[{"href":"https:\/\/cercledeconsciencia.com\/es\/wp-json\/wp\/v2\/mec-events\/5251","targetHints":{"allow":["GET"]}}],"collection":[{"href":"https:\/\/cercledeconsciencia.com\/es\/wp-json\/wp\/v2\/mec-events"}],"about":[{"href":"https:\/\/cercledeconsciencia.com\/es\/wp-json\/wp\/v2\/types\/mec-events"}],"author":[{"embeddable":true,"href":"https:\/\/cercledeconsciencia.com\/es\/wp-json\/wp\/v2\/users\/2"}],"replies":[{"embeddable":true,"href":"https:\/\/cercledeconsciencia.com\/es\/wp-json\/wp\/v2\/comments?post=5251"}],"wp:featuredmedia":[{"embeddable":true,"href":"https:\/\/cercledeconsciencia.com\/es\/wp-json\/wp\/v2\/media\/5252"}],"wp:attachment":[{"href":"https:\/\/cercledeconsciencia.com\/es\/wp-json\/wp\/v2\/media?parent=5251"}],"wp:term":[{"taxonomy":"post_tag","embeddable":true,"href":"https:\/\/cercledeconsciencia.com\/es\/wp-json\/wp\/v2\/tags?post=5251"},{"taxonomy":"mec_category","embeddable":true,"href":"https:\/\/cercledeconsciencia.com\/es\/wp-json\/wp\/v2\/mec_category?post=5251"},{"taxonomy":"mec_speaker","embeddable":true,"href":"https:\/\/cercledeconsciencia.com\/es\/wp-json\/wp\/v2\/mec_speaker?post=5251"}],"curies":[{"name":"wp","href":"https:\/\/api.w.org\/{rel}","templated":true}]}}