{"id":5264,"date":"2025-04-22T11:35:05","date_gmt":"2025-04-22T11:35:05","guid":{"rendered":"https:\/\/cercledeconsciencia.com\/?post_type=mec-events&#038;p=5264"},"modified":"2025-04-22T11:35:05","modified_gmt":"2025-04-22T11:35:05","slug":"creciendo-desde-el-vinculo-como-te-vinculas","status":"publish","type":"mec-events","link":"https:\/\/cercledeconsciencia.com\/es\/actividades\/creciendo-desde-el-vinculo-como-te-vinculas\/","title":{"rendered":"Creciendo desde el v\u00ednculo: \u00bfC\u00f3mo te vinculas?"},"content":{"rendered":"<table>\n<tbody>\n<tr>\n<td>\n<h5 style=\"text-align: left;\">La conexi\u00f3n contigo mismo, habla del v\u00ednculo interno.<\/h5>\n<h5 style=\"text-align: left;\">Lo que te sucede en la intimidad, habla de c\u00f3mo te vinculas con el otro.<\/h5>\n<h5 style=\"text-align: left;\">La experiencia de pertenencia habla del v\u00ednculo con el grupo.<\/h5>\n<p style=\"text-align: left;\">El v\u00ednculo puede ser es un lugar de cuidado, una oportunidad de crecimiento donde ser conscientes de cu\u00e1les son nuestros patrones y autom\u00e1ticos que nos impiden avanzar y disfrutar plenamente en las relaciones.<\/p>\n<p style=\"text-align: left;\"><strong>Sanamos y crecemos en el v\u00ednculo.<\/strong><\/p>\n<p style=\"text-align: left;\">Ofrecemos un espacio de contenci\u00f3n y seguridad, donde actualizar el modo en que nos relacionamos. Con permiso para explorar desde una mirada amorosa, gentil, con el tiempo y el espacio necesarios.<\/p>\n<p style=\"text-align: left;\">Nos encontraremos en dos talleres consecutivos. Si sientes el impulso, la curiosidad o la ganas de explorar un poco m\u00e1s, eres bienvenida y bienvenido.<\/p>\n<p style=\"text-align: left;\">Imparten: <strong>Neus Margall\u00f3 y Cristina Motilla<\/strong>. Ambas son Terapeuta Gestalt y Corporal Integrativa.<\/p>\n<table>\n<tbody>\n<tr>\n<td>\n<table>\n<tbody>\n<tr>\n<td>\n<p style=\"text-align: left;\"><strong>S\u00e1bado 31 de mayo<\/strong> de 10 a 14h &#8211; 16 a 20h<\/p>\n<p style=\"text-align: left;\"><strong>S\u00e1bado 28 de junio <\/strong>de 10 a 14h &#8211; 16 a 20h<\/p>\n<p style=\"text-align: left;\">En Espai TCI, Barcelona<\/p>\n<p style=\"text-align: left;\">Precio: Cada Taller: 70\u20ac | Ciclo completo: 130\u20ac<\/p>\n<p style=\"text-align: left;\">M\u00e1s informaci\u00f3n e inscripciones: Cristina 637.36.22.75 | Neus 629.35.73.75<\/p>\n<\/td>\n<\/tr>\n<\/tbody>\n<\/table>\n<\/td>\n<\/tr>\n<\/tbody>\n<\/table>\n<p>&nbsp;<\/td>\n<\/tr>\n<\/tbody>\n<\/table>\n","protected":false},"excerpt":{"rendered":"<p>La conexi\u00f3n contigo mismo, habla del v\u00ednculo interno. Lo que te sucede en la intimidad, habla de c\u00f3mo te vinculas con el otro. La experiencia de pertenencia habla del v\u00ednculo [&hellip;]<\/p>\n","protected":false},"author":2,"featured_media":5265,"comment_status":"closed","ping_status":"closed","template":"","tags":[],"mec_category":[77,81,105],"mec_speaker":[],"class_list":["post-5264","mec-events","type-mec-events","status-publish","has-post-thumbnail","hentry","mec_category-crecimiento-personal","mec_category-enfoque-gestalt","mec_category-taller-puntual"],"yoast_head":"<!-- This site is optimized with the Yoast SEO plugin v27.4 - https:\/\/yoast.com\/product\/yoast-seo-wordpress\/ -->\n<title>Creciendo desde el v\u00ednculo: \u00bfC\u00f3mo te vinculas? - Cercle de Consci\u00e8ncia<\/title>\n<meta name=\"robots\" content=\"index, follow, max-snippet:-1, max-image-preview:large, max-video-preview:-1\" \/>\n<link rel=\"canonical\" href=\"https:\/\/cercledeconsciencia.com\/es\/actividades\/creciendo-desde-el-vinculo-como-te-vinculas\/\" \/>\n<meta property=\"og:locale\" content=\"es_ES\" \/>\n<meta property=\"og:type\" content=\"article\" \/>\n<meta property=\"og:title\" content=\"Creciendo desde el v\u00ednculo: \u00bfC\u00f3mo te vinculas? - Cercle de Consci\u00e8ncia\" \/>\n<meta property=\"og:description\" content=\"La conexi\u00f3n contigo mismo, habla del v\u00ednculo interno. Lo que te sucede en la intimidad, habla de c\u00f3mo te vinculas con el otro. La experiencia de pertenencia habla del v\u00ednculo [&hellip;]\" \/>\n<meta property=\"og:url\" content=\"https:\/\/cercledeconsciencia.com\/es\/actividades\/creciendo-desde-el-vinculo-como-te-vinculas\/\" \/>\n<meta property=\"og:site_name\" content=\"Cercle de Consci\u00e8ncia\" \/>\n<meta property=\"article:publisher\" content=\"https:\/\/www.facebook.com\/Cercledeconscienciabarcelona?_rdr\" \/>\n<meta property=\"og:image\" content=\"https:\/\/cercledeconsciencia.com\/wp-content\/uploads\/2025\/04\/Captura-de-pantalla-2025-04-22-a-las-13.32.02.png\" \/>\n\t<meta property=\"og:image:width\" content=\"933\" \/>\n\t<meta property=\"og:image:height\" content=\"696\" \/>\n\t<meta property=\"og:image:type\" content=\"image\/png\" \/>\n<meta name=\"twitter:card\" content=\"summary_large_image\" \/>\n<meta name=\"twitter:label1\" content=\"Tiempo de lectura\" \/>\n\t<meta name=\"twitter:data1\" content=\"2 minutos\" \/>\n<script type=\"application\/ld+json\" class=\"yoast-schema-graph\">{\"@context\":\"https:\\\/\\\/schema.org\",\"@graph\":[{\"@type\":\"WebPage\",\"@id\":\"https:\\\/\\\/cercledeconsciencia.com\\\/actividades\\\/creciendo-desde-el-vinculo-como-te-vinculas\\\/\",\"url\":\"https:\\\/\\\/cercledeconsciencia.com\\\/actividades\\\/creciendo-desde-el-vinculo-como-te-vinculas\\\/\",\"name\":\"Creciendo desde el v\u00ednculo: \u00bfC\u00f3mo te vinculas? - Cercle de Consci\u00e8ncia\",\"isPartOf\":{\"@id\":\"https:\\\/\\\/cercledeconsciencia.com\\\/#website\"},\"primaryImageOfPage\":{\"@id\":\"https:\\\/\\\/cercledeconsciencia.com\\\/actividades\\\/creciendo-desde-el-vinculo-como-te-vinculas\\\/#primaryimage\"},\"image\":{\"@id\":\"https:\\\/\\\/cercledeconsciencia.com\\\/actividades\\\/creciendo-desde-el-vinculo-como-te-vinculas\\\/#primaryimage\"},\"thumbnailUrl\":\"https:\\\/\\\/cercledeconsciencia.com\\\/wp-content\\\/uploads\\\/2025\\\/04\\\/Captura-de-pantalla-2025-04-22-a-las-13.32.02.png\",\"datePublished\":\"2025-04-22T11:35:05+00:00\",\"breadcrumb\":{\"@id\":\"https:\\\/\\\/cercledeconsciencia.com\\\/actividades\\\/creciendo-desde-el-vinculo-como-te-vinculas\\\/#breadcrumb\"},\"inLanguage\":\"es\",\"potentialAction\":[{\"@type\":\"ReadAction\",\"target\":[\"https:\\\/\\\/cercledeconsciencia.com\\\/actividades\\\/creciendo-desde-el-vinculo-como-te-vinculas\\\/\"]}]},{\"@type\":\"ImageObject\",\"inLanguage\":\"es\",\"@id\":\"https:\\\/\\\/cercledeconsciencia.com\\\/actividades\\\/creciendo-desde-el-vinculo-como-te-vinculas\\\/#primaryimage\",\"url\":\"https:\\\/\\\/cercledeconsciencia.com\\\/wp-content\\\/uploads\\\/2025\\\/04\\\/Captura-de-pantalla-2025-04-22-a-las-13.32.02.png\",\"contentUrl\":\"https:\\\/\\\/cercledeconsciencia.com\\\/wp-content\\\/uploads\\\/2025\\\/04\\\/Captura-de-pantalla-2025-04-22-a-las-13.32.02.png\",\"width\":933,\"height\":696},{\"@type\":\"BreadcrumbList\",\"@id\":\"https:\\\/\\\/cercledeconsciencia.com\\\/actividades\\\/creciendo-desde-el-vinculo-como-te-vinculas\\\/#breadcrumb\",\"itemListElement\":[{\"@type\":\"ListItem\",\"position\":1,\"name\":\"Portada\",\"item\":\"https:\\\/\\\/cercledeconsciencia.com\\\/\"},{\"@type\":\"ListItem\",\"position\":2,\"name\":\"Eventos\",\"item\":\"https:\\\/\\\/cercledeconsciencia.com\\\/actividades\\\/\"},{\"@type\":\"ListItem\",\"position\":3,\"name\":\"Creciendo desde el v\u00ednculo: \u00bfC\u00f3mo te vinculas?\"}]},{\"@type\":\"WebSite\",\"@id\":\"https:\\\/\\\/cercledeconsciencia.com\\\/#website\",\"url\":\"https:\\\/\\\/cercledeconsciencia.com\\\/\",\"name\":\"Cercle de Consci\u00e8ncia\",\"description\":\"Centro de Formaci\u00f3n y Terapias\",\"publisher\":{\"@id\":\"https:\\\/\\\/cercledeconsciencia.com\\\/#organization\"},\"potentialAction\":[{\"@type\":\"SearchAction\",\"target\":{\"@type\":\"EntryPoint\",\"urlTemplate\":\"https:\\\/\\\/cercledeconsciencia.com\\\/?s={search_term_string}\"},\"query-input\":{\"@type\":\"PropertyValueSpecification\",\"valueRequired\":true,\"valueName\":\"search_term_string\"}}],\"inLanguage\":\"es\"},{\"@type\":\"Organization\",\"@id\":\"https:\\\/\\\/cercledeconsciencia.com\\\/#organization\",\"name\":\"Cercle de Consci\u00e8ncia\",\"url\":\"https:\\\/\\\/cercledeconsciencia.com\\\/\",\"logo\":{\"@type\":\"ImageObject\",\"inLanguage\":\"es\",\"@id\":\"https:\\\/\\\/cercledeconsciencia.com\\\/#\\\/schema\\\/logo\\\/image\\\/\",\"url\":\"https:\\\/\\\/cercledeconsciencia.com\\\/wp-content\\\/uploads\\\/2023\\\/07\\\/logo.png\",\"contentUrl\":\"https:\\\/\\\/cercledeconsciencia.com\\\/wp-content\\\/uploads\\\/2023\\\/07\\\/logo.png\",\"width\":239,\"height\":68,\"caption\":\"Cercle de Consci\u00e8ncia\"},\"image\":{\"@id\":\"https:\\\/\\\/cercledeconsciencia.com\\\/#\\\/schema\\\/logo\\\/image\\\/\"},\"sameAs\":[\"https:\\\/\\\/www.facebook.com\\\/Cercledeconscienciabarcelona?_rdr\",\"https:\\\/\\\/www.instagram.com\\\/cercledeconsciencia\\\/\",\"https:\\\/\\\/www.youtube.com\\\/c\\\/cercledeconsciencia\"]}]}<\/script>\n<!-- \/ Yoast SEO plugin. -->","yoast_head_json":{"title":"Creciendo desde el v\u00ednculo: \u00bfC\u00f3mo te vinculas? - Cercle de Consci\u00e8ncia","robots":{"index":"index","follow":"follow","max-snippet":"max-snippet:-1","max-image-preview":"max-image-preview:large","max-video-preview":"max-video-preview:-1"},"canonical":"https:\/\/cercledeconsciencia.com\/es\/actividades\/creciendo-desde-el-vinculo-como-te-vinculas\/","og_locale":"es_ES","og_type":"article","og_title":"Creciendo desde el v\u00ednculo: \u00bfC\u00f3mo te vinculas? - Cercle de Consci\u00e8ncia","og_description":"La conexi\u00f3n contigo mismo, habla del v\u00ednculo interno. Lo que te sucede en la intimidad, habla de c\u00f3mo te vinculas con el otro. La experiencia de pertenencia habla del v\u00ednculo [&hellip;]","og_url":"https:\/\/cercledeconsciencia.com\/es\/actividades\/creciendo-desde-el-vinculo-como-te-vinculas\/","og_site_name":"Cercle de Consci\u00e8ncia","article_publisher":"https:\/\/www.facebook.com\/Cercledeconscienciabarcelona?_rdr","og_image":[{"width":933,"height":696,"url":"https:\/\/cercledeconsciencia.com\/wp-content\/uploads\/2025\/04\/Captura-de-pantalla-2025-04-22-a-las-13.32.02.png","type":"image\/png"}],"twitter_card":"summary_large_image","twitter_misc":{"Tiempo de lectura":"2 minutos"},"schema":{"@context":"https:\/\/schema.org","@graph":[{"@type":"WebPage","@id":"https:\/\/cercledeconsciencia.com\/actividades\/creciendo-desde-el-vinculo-como-te-vinculas\/","url":"https:\/\/cercledeconsciencia.com\/actividades\/creciendo-desde-el-vinculo-como-te-vinculas\/","name":"Creciendo desde el v\u00ednculo: \u00bfC\u00f3mo te vinculas? - Cercle de Consci\u00e8ncia","isPartOf":{"@id":"https:\/\/cercledeconsciencia.com\/#website"},"primaryImageOfPage":{"@id":"https:\/\/cercledeconsciencia.com\/actividades\/creciendo-desde-el-vinculo-como-te-vinculas\/#primaryimage"},"image":{"@id":"https:\/\/cercledeconsciencia.com\/actividades\/creciendo-desde-el-vinculo-como-te-vinculas\/#primaryimage"},"thumbnailUrl":"https:\/\/cercledeconsciencia.com\/wp-content\/uploads\/2025\/04\/Captura-de-pantalla-2025-04-22-a-las-13.32.02.png","datePublished":"2025-04-22T11:35:05+00:00","breadcrumb":{"@id":"https:\/\/cercledeconsciencia.com\/actividades\/creciendo-desde-el-vinculo-como-te-vinculas\/#breadcrumb"},"inLanguage":"es","potentialAction":[{"@type":"ReadAction","target":["https:\/\/cercledeconsciencia.com\/actividades\/creciendo-desde-el-vinculo-como-te-vinculas\/"]}]},{"@type":"ImageObject","inLanguage":"es","@id":"https:\/\/cercledeconsciencia.com\/actividades\/creciendo-desde-el-vinculo-como-te-vinculas\/#primaryimage","url":"https:\/\/cercledeconsciencia.com\/wp-content\/uploads\/2025\/04\/Captura-de-pantalla-2025-04-22-a-las-13.32.02.png","contentUrl":"https:\/\/cercledeconsciencia.com\/wp-content\/uploads\/2025\/04\/Captura-de-pantalla-2025-04-22-a-las-13.32.02.png","width":933,"height":696},{"@type":"BreadcrumbList","@id":"https:\/\/cercledeconsciencia.com\/actividades\/creciendo-desde-el-vinculo-como-te-vinculas\/#breadcrumb","itemListElement":[{"@type":"ListItem","position":1,"name":"Portada","item":"https:\/\/cercledeconsciencia.com\/"},{"@type":"ListItem","position":2,"name":"Eventos","item":"https:\/\/cercledeconsciencia.com\/actividades\/"},{"@type":"ListItem","position":3,"name":"Creciendo desde el v\u00ednculo: \u00bfC\u00f3mo te vinculas?"}]},{"@type":"WebSite","@id":"https:\/\/cercledeconsciencia.com\/#website","url":"https:\/\/cercledeconsciencia.com\/","name":"Cercle de Consci\u00e8ncia","description":"Centro de Formaci\u00f3n y Terapias","publisher":{"@id":"https:\/\/cercledeconsciencia.com\/#organization"},"potentialAction":[{"@type":"SearchAction","target":{"@type":"EntryPoint","urlTemplate":"https:\/\/cercledeconsciencia.com\/?s={search_term_string}"},"query-input":{"@type":"PropertyValueSpecification","valueRequired":true,"valueName":"search_term_string"}}],"inLanguage":"es"},{"@type":"Organization","@id":"https:\/\/cercledeconsciencia.com\/#organization","name":"Cercle de Consci\u00e8ncia","url":"https:\/\/cercledeconsciencia.com\/","logo":{"@type":"ImageObject","inLanguage":"es","@id":"https:\/\/cercledeconsciencia.com\/#\/schema\/logo\/image\/","url":"https:\/\/cercledeconsciencia.com\/wp-content\/uploads\/2023\/07\/logo.png","contentUrl":"https:\/\/cercledeconsciencia.com\/wp-content\/uploads\/2023\/07\/logo.png","width":239,"height":68,"caption":"Cercle de Consci\u00e8ncia"},"image":{"@id":"https:\/\/cercledeconsciencia.com\/#\/schema\/logo\/image\/"},"sameAs":["https:\/\/www.facebook.com\/Cercledeconscienciabarcelona?_rdr","https:\/\/www.instagram.com\/cercledeconsciencia\/","https:\/\/www.youtube.com\/c\/cercledeconsciencia"]}]}},"_links":{"self":[{"href":"https:\/\/cercledeconsciencia.com\/es\/wp-json\/wp\/v2\/mec-events\/5264","targetHints":{"allow":["GET"]}}],"collection":[{"href":"https:\/\/cercledeconsciencia.com\/es\/wp-json\/wp\/v2\/mec-events"}],"about":[{"href":"https:\/\/cercledeconsciencia.com\/es\/wp-json\/wp\/v2\/types\/mec-events"}],"author":[{"embeddable":true,"href":"https:\/\/cercledeconsciencia.com\/es\/wp-json\/wp\/v2\/users\/2"}],"replies":[{"embeddable":true,"href":"https:\/\/cercledeconsciencia.com\/es\/wp-json\/wp\/v2\/comments?post=5264"}],"wp:featuredmedia":[{"embeddable":true,"href":"https:\/\/cercledeconsciencia.com\/es\/wp-json\/wp\/v2\/media\/5265"}],"wp:attachment":[{"href":"https:\/\/cercledeconsciencia.com\/es\/wp-json\/wp\/v2\/media?parent=5264"}],"wp:term":[{"taxonomy":"post_tag","embeddable":true,"href":"https:\/\/cercledeconsciencia.com\/es\/wp-json\/wp\/v2\/tags?post=5264"},{"taxonomy":"mec_category","embeddable":true,"href":"https:\/\/cercledeconsciencia.com\/es\/wp-json\/wp\/v2\/mec_category?post=5264"},{"taxonomy":"mec_speaker","embeddable":true,"href":"https:\/\/cercledeconsciencia.com\/es\/wp-json\/wp\/v2\/mec_speaker?post=5264"}],"curies":[{"name":"wp","href":"https:\/\/api.w.org\/{rel}","templated":true}]}}