{"id":5431,"date":"2025-09-09T13:22:55","date_gmt":"2025-09-09T13:22:55","guid":{"rendered":"https:\/\/cercledeconsciencia.com\/?post_type=mec-events&#038;p=5431"},"modified":"2025-12-10T10:35:19","modified_gmt":"2025-12-10T10:35:19","slug":"circulo-de-danzaterapia-transpersonal-y-vincular","status":"publish","type":"mec-events","link":"https:\/\/cercledeconsciencia.com\/es\/actividades\/circulo-de-danzaterapia-transpersonal-y-vincular\/","title":{"rendered":"C\u00edrculo de Danzaterapia Transpersonal y Vincular"},"content":{"rendered":"<h5>Un viaje de transformaci\u00f3n a trav\u00e9s del cuerpo, el movimiento expresivo y sentido.<\/h5>\n<p>Recorrido psicoterap\u00e9utico de \u00edndole grupal basado en la danzaterapia transpersonal, la psicologia profunda (junguiana) en movimiento y la terapia psico-corporal.<\/p>\n<p>La danzaterapia transpersonal pertenece al grupo de las artes creativas en psicoterapia y se caracteriza por el uso que hace del movimiento creativo y sentido para integrar los procesos emocionales, psicol\u00f3gicos o psicosom\u00e1ticos y espirituales.<\/p>\n<p>Se incluyen tambi\u00e9n herramientas de regulaci\u00f3n del sistema nervioso y la biolog\u00eda del trauma, tacto consciente y comunicaci\u00f3n no violenta.<\/p>\n<p>Esta propuesta est\u00e1 creada como un espacio seguro y respetuoso para explorar qui\u00e9nes somos y c\u00f3mo nos relacionamos m\u00e1s all\u00e1 de nuestros mecanismos de defensa y del lenguaje verbal.<\/p>\n<p><em>No es necesario tener experiencia en danza o movimiento.<\/em><\/p>\n<p>Si tienes alguna dificultad en el movimiento \u2014por enfermedad, poca movilidad u otro motivo\u2014, tambi\u00e9n eres bienvenid@. El cuerpo se comunica y expresa m\u00e1s all\u00e1 de tus circunstancias.<\/p>\n<p><strong>\u00bfPara qui\u00e9n es?<\/strong><br \/>\nPara todas las personas que desean encontrar en la v\u00eda del cuerpo, la danza y el desarrollo de la creatividad en movimiento el anhelo de:<\/p>\n<ul>\n<li>Dar espacio a sensaciones y emociones para poder aprender a reconocer lo que necesitan.<\/li>\n<li>Acercarse m\u00e1s a la intuici\u00f3n.<\/li>\n<li>Ganas de expandir la capacidad de sentir y gozar.<\/li>\n<\/ul>\n<p><strong>IMPARTE<\/strong>: <strong>Lorena Escribano<\/strong>\u2028. Terapeuta psico-corporal formada en trauma y sistema nervioso, y danzaterapeuta transpersonal. Acompa\u00f1o procesos individuales y grupales, llevo a cabo formaciones y colaboro con instituciones privadas, empresas, universidades, centros educativos y hospitales.<\/p>\n<p><strong>CALENDARIO:<\/strong><br \/>\nPrimer ciclo: 7 de octubre, 11 de noviembre, 9 de diciembre<br \/>\nSegundo ciclo: 20 de enero, 17 de febrero, 17 de marzo<br \/>\nTercer ciclo: 21 de abril, 19 de mayo, 9 de junio<\/p>\n<p>Horario: de 18 h a 21 h. Martes mensual.<\/p>\n<p>Modalidades de pago:\u2028 Trimestral: 130\u202f\u20ac (\u00faltimo trimestre: 173\u202f\u20ac).<\/p>\n<p>*Imprescindible inscripci\u00f3n previa. Plazas limitadas.<\/p>\n<p>\ud83d\udcde 651 112 315<br \/>\n\ud83d\udce9 info@dancingwaters.love<br \/>\n\ud83d\udccd Espai Tci \u2014 C\/ Pau Alsina, 35, Barcelona<\/p>\n<p>&nbsp;<\/p>\n","protected":false},"excerpt":{"rendered":"<p>Un viaje de transformaci\u00f3n a trav\u00e9s del cuerpo, el movimiento expresivo y sentido. Recorrido psicoterap\u00e9utico de \u00edndole grupal basado en la danzaterapia transpersonal, la psicologia profunda (junguiana) en movimiento y [&hellip;]<\/p>\n","protected":false},"author":2,"featured_media":5432,"comment_status":"closed","ping_status":"closed","template":"","tags":[],"mec_category":[49,71,80],"mec_speaker":[],"class_list":["post-5431","mec-events","type-mec-events","status-publish","has-post-thumbnail","hentry","mec_category-ciclos","mec_category-cuerpo","mec_category-enfoque-transpersonal"],"yoast_head":"<!-- This site is optimized with the Yoast SEO plugin v27.4 - https:\/\/yoast.com\/product\/yoast-seo-wordpress\/ -->\n<title>C\u00edrculo de Danzaterapia Transpersonal y Vincular - Cercle de Consci\u00e8ncia<\/title>\n<meta name=\"robots\" content=\"index, follow, max-snippet:-1, max-image-preview:large, max-video-preview:-1\" \/>\n<link rel=\"canonical\" href=\"https:\/\/cercledeconsciencia.com\/es\/actividades\/circulo-de-danzaterapia-transpersonal-y-vincular\/\" \/>\n<meta property=\"og:locale\" content=\"es_ES\" \/>\n<meta property=\"og:type\" content=\"article\" \/>\n<meta property=\"og:title\" content=\"C\u00edrculo de Danzaterapia Transpersonal y Vincular - Cercle de Consci\u00e8ncia\" \/>\n<meta property=\"og:description\" content=\"Un viaje de transformaci\u00f3n a trav\u00e9s del cuerpo, el movimiento expresivo y sentido. Recorrido psicoterap\u00e9utico de \u00edndole grupal basado en la danzaterapia transpersonal, la psicologia profunda (junguiana) en movimiento y [&hellip;]\" \/>\n<meta property=\"og:url\" content=\"https:\/\/cercledeconsciencia.com\/es\/actividades\/circulo-de-danzaterapia-transpersonal-y-vincular\/\" \/>\n<meta property=\"og:site_name\" content=\"Cercle de Consci\u00e8ncia\" \/>\n<meta property=\"article:publisher\" content=\"https:\/\/www.facebook.com\/Cercledeconscienciabarcelona?_rdr\" \/>\n<meta property=\"article:modified_time\" content=\"2025-12-10T10:35:19+00:00\" \/>\n<meta property=\"og:image\" content=\"https:\/\/cercledeconsciencia.com\/wp-content\/uploads\/2025\/09\/Captura-de-pantalla-2025-09-09-a-las-15.12.47.png\" \/>\n\t<meta property=\"og:image:width\" content=\"955\" \/>\n\t<meta property=\"og:image:height\" content=\"643\" \/>\n\t<meta property=\"og:image:type\" content=\"image\/png\" \/>\n<meta name=\"twitter:card\" content=\"summary_large_image\" \/>\n<meta name=\"twitter:label1\" content=\"Tiempo de lectura\" \/>\n\t<meta name=\"twitter:data1\" content=\"2 minutos\" \/>\n<script type=\"application\/ld+json\" class=\"yoast-schema-graph\">{\"@context\":\"https:\\\/\\\/schema.org\",\"@graph\":[{\"@type\":\"WebPage\",\"@id\":\"https:\\\/\\\/cercledeconsciencia.com\\\/actividades\\\/circulo-de-danzaterapia-transpersonal-y-vincular\\\/\",\"url\":\"https:\\\/\\\/cercledeconsciencia.com\\\/actividades\\\/circulo-de-danzaterapia-transpersonal-y-vincular\\\/\",\"name\":\"C\u00edrculo de Danzaterapia Transpersonal y Vincular - Cercle de Consci\u00e8ncia\",\"isPartOf\":{\"@id\":\"https:\\\/\\\/cercledeconsciencia.com\\\/#website\"},\"primaryImageOfPage\":{\"@id\":\"https:\\\/\\\/cercledeconsciencia.com\\\/actividades\\\/circulo-de-danzaterapia-transpersonal-y-vincular\\\/#primaryimage\"},\"image\":{\"@id\":\"https:\\\/\\\/cercledeconsciencia.com\\\/actividades\\\/circulo-de-danzaterapia-transpersonal-y-vincular\\\/#primaryimage\"},\"thumbnailUrl\":\"https:\\\/\\\/cercledeconsciencia.com\\\/wp-content\\\/uploads\\\/2025\\\/09\\\/Captura-de-pantalla-2025-09-09-a-las-15.12.47.png\",\"datePublished\":\"2025-09-09T13:22:55+00:00\",\"dateModified\":\"2025-12-10T10:35:19+00:00\",\"breadcrumb\":{\"@id\":\"https:\\\/\\\/cercledeconsciencia.com\\\/actividades\\\/circulo-de-danzaterapia-transpersonal-y-vincular\\\/#breadcrumb\"},\"inLanguage\":\"es\",\"potentialAction\":[{\"@type\":\"ReadAction\",\"target\":[\"https:\\\/\\\/cercledeconsciencia.com\\\/actividades\\\/circulo-de-danzaterapia-transpersonal-y-vincular\\\/\"]}]},{\"@type\":\"ImageObject\",\"inLanguage\":\"es\",\"@id\":\"https:\\\/\\\/cercledeconsciencia.com\\\/actividades\\\/circulo-de-danzaterapia-transpersonal-y-vincular\\\/#primaryimage\",\"url\":\"https:\\\/\\\/cercledeconsciencia.com\\\/wp-content\\\/uploads\\\/2025\\\/09\\\/Captura-de-pantalla-2025-09-09-a-las-15.12.47.png\",\"contentUrl\":\"https:\\\/\\\/cercledeconsciencia.com\\\/wp-content\\\/uploads\\\/2025\\\/09\\\/Captura-de-pantalla-2025-09-09-a-las-15.12.47.png\",\"width\":955,\"height\":643},{\"@type\":\"BreadcrumbList\",\"@id\":\"https:\\\/\\\/cercledeconsciencia.com\\\/actividades\\\/circulo-de-danzaterapia-transpersonal-y-vincular\\\/#breadcrumb\",\"itemListElement\":[{\"@type\":\"ListItem\",\"position\":1,\"name\":\"Portada\",\"item\":\"https:\\\/\\\/cercledeconsciencia.com\\\/\"},{\"@type\":\"ListItem\",\"position\":2,\"name\":\"Eventos\",\"item\":\"https:\\\/\\\/cercledeconsciencia.com\\\/actividades\\\/\"},{\"@type\":\"ListItem\",\"position\":3,\"name\":\"C\u00edrculo de Danzaterapia Transpersonal y Vincular\"}]},{\"@type\":\"WebSite\",\"@id\":\"https:\\\/\\\/cercledeconsciencia.com\\\/#website\",\"url\":\"https:\\\/\\\/cercledeconsciencia.com\\\/\",\"name\":\"Cercle de Consci\u00e8ncia\",\"description\":\"Centro de Formaci\u00f3n y Terapias\",\"publisher\":{\"@id\":\"https:\\\/\\\/cercledeconsciencia.com\\\/#organization\"},\"potentialAction\":[{\"@type\":\"SearchAction\",\"target\":{\"@type\":\"EntryPoint\",\"urlTemplate\":\"https:\\\/\\\/cercledeconsciencia.com\\\/?s={search_term_string}\"},\"query-input\":{\"@type\":\"PropertyValueSpecification\",\"valueRequired\":true,\"valueName\":\"search_term_string\"}}],\"inLanguage\":\"es\"},{\"@type\":\"Organization\",\"@id\":\"https:\\\/\\\/cercledeconsciencia.com\\\/#organization\",\"name\":\"Cercle de Consci\u00e8ncia\",\"url\":\"https:\\\/\\\/cercledeconsciencia.com\\\/\",\"logo\":{\"@type\":\"ImageObject\",\"inLanguage\":\"es\",\"@id\":\"https:\\\/\\\/cercledeconsciencia.com\\\/#\\\/schema\\\/logo\\\/image\\\/\",\"url\":\"https:\\\/\\\/cercledeconsciencia.com\\\/wp-content\\\/uploads\\\/2023\\\/07\\\/logo.png\",\"contentUrl\":\"https:\\\/\\\/cercledeconsciencia.com\\\/wp-content\\\/uploads\\\/2023\\\/07\\\/logo.png\",\"width\":239,\"height\":68,\"caption\":\"Cercle de Consci\u00e8ncia\"},\"image\":{\"@id\":\"https:\\\/\\\/cercledeconsciencia.com\\\/#\\\/schema\\\/logo\\\/image\\\/\"},\"sameAs\":[\"https:\\\/\\\/www.facebook.com\\\/Cercledeconscienciabarcelona?_rdr\",\"https:\\\/\\\/www.instagram.com\\\/cercledeconsciencia\\\/\",\"https:\\\/\\\/www.youtube.com\\\/c\\\/cercledeconsciencia\"]}]}<\/script>\n<!-- \/ Yoast SEO plugin. -->","yoast_head_json":{"title":"C\u00edrculo de Danzaterapia Transpersonal y Vincular - Cercle de Consci\u00e8ncia","robots":{"index":"index","follow":"follow","max-snippet":"max-snippet:-1","max-image-preview":"max-image-preview:large","max-video-preview":"max-video-preview:-1"},"canonical":"https:\/\/cercledeconsciencia.com\/es\/actividades\/circulo-de-danzaterapia-transpersonal-y-vincular\/","og_locale":"es_ES","og_type":"article","og_title":"C\u00edrculo de Danzaterapia Transpersonal y Vincular - Cercle de Consci\u00e8ncia","og_description":"Un viaje de transformaci\u00f3n a trav\u00e9s del cuerpo, el movimiento expresivo y sentido. Recorrido psicoterap\u00e9utico de \u00edndole grupal basado en la danzaterapia transpersonal, la psicologia profunda (junguiana) en movimiento y [&hellip;]","og_url":"https:\/\/cercledeconsciencia.com\/es\/actividades\/circulo-de-danzaterapia-transpersonal-y-vincular\/","og_site_name":"Cercle de Consci\u00e8ncia","article_publisher":"https:\/\/www.facebook.com\/Cercledeconscienciabarcelona?_rdr","article_modified_time":"2025-12-10T10:35:19+00:00","og_image":[{"width":955,"height":643,"url":"https:\/\/cercledeconsciencia.com\/wp-content\/uploads\/2025\/09\/Captura-de-pantalla-2025-09-09-a-las-15.12.47.png","type":"image\/png"}],"twitter_card":"summary_large_image","twitter_misc":{"Tiempo de lectura":"2 minutos"},"schema":{"@context":"https:\/\/schema.org","@graph":[{"@type":"WebPage","@id":"https:\/\/cercledeconsciencia.com\/actividades\/circulo-de-danzaterapia-transpersonal-y-vincular\/","url":"https:\/\/cercledeconsciencia.com\/actividades\/circulo-de-danzaterapia-transpersonal-y-vincular\/","name":"C\u00edrculo de Danzaterapia Transpersonal y Vincular - Cercle de Consci\u00e8ncia","isPartOf":{"@id":"https:\/\/cercledeconsciencia.com\/#website"},"primaryImageOfPage":{"@id":"https:\/\/cercledeconsciencia.com\/actividades\/circulo-de-danzaterapia-transpersonal-y-vincular\/#primaryimage"},"image":{"@id":"https:\/\/cercledeconsciencia.com\/actividades\/circulo-de-danzaterapia-transpersonal-y-vincular\/#primaryimage"},"thumbnailUrl":"https:\/\/cercledeconsciencia.com\/wp-content\/uploads\/2025\/09\/Captura-de-pantalla-2025-09-09-a-las-15.12.47.png","datePublished":"2025-09-09T13:22:55+00:00","dateModified":"2025-12-10T10:35:19+00:00","breadcrumb":{"@id":"https:\/\/cercledeconsciencia.com\/actividades\/circulo-de-danzaterapia-transpersonal-y-vincular\/#breadcrumb"},"inLanguage":"es","potentialAction":[{"@type":"ReadAction","target":["https:\/\/cercledeconsciencia.com\/actividades\/circulo-de-danzaterapia-transpersonal-y-vincular\/"]}]},{"@type":"ImageObject","inLanguage":"es","@id":"https:\/\/cercledeconsciencia.com\/actividades\/circulo-de-danzaterapia-transpersonal-y-vincular\/#primaryimage","url":"https:\/\/cercledeconsciencia.com\/wp-content\/uploads\/2025\/09\/Captura-de-pantalla-2025-09-09-a-las-15.12.47.png","contentUrl":"https:\/\/cercledeconsciencia.com\/wp-content\/uploads\/2025\/09\/Captura-de-pantalla-2025-09-09-a-las-15.12.47.png","width":955,"height":643},{"@type":"BreadcrumbList","@id":"https:\/\/cercledeconsciencia.com\/actividades\/circulo-de-danzaterapia-transpersonal-y-vincular\/#breadcrumb","itemListElement":[{"@type":"ListItem","position":1,"name":"Portada","item":"https:\/\/cercledeconsciencia.com\/"},{"@type":"ListItem","position":2,"name":"Eventos","item":"https:\/\/cercledeconsciencia.com\/actividades\/"},{"@type":"ListItem","position":3,"name":"C\u00edrculo de Danzaterapia Transpersonal y Vincular"}]},{"@type":"WebSite","@id":"https:\/\/cercledeconsciencia.com\/#website","url":"https:\/\/cercledeconsciencia.com\/","name":"Cercle de Consci\u00e8ncia","description":"Centro de Formaci\u00f3n y Terapias","publisher":{"@id":"https:\/\/cercledeconsciencia.com\/#organization"},"potentialAction":[{"@type":"SearchAction","target":{"@type":"EntryPoint","urlTemplate":"https:\/\/cercledeconsciencia.com\/?s={search_term_string}"},"query-input":{"@type":"PropertyValueSpecification","valueRequired":true,"valueName":"search_term_string"}}],"inLanguage":"es"},{"@type":"Organization","@id":"https:\/\/cercledeconsciencia.com\/#organization","name":"Cercle de Consci\u00e8ncia","url":"https:\/\/cercledeconsciencia.com\/","logo":{"@type":"ImageObject","inLanguage":"es","@id":"https:\/\/cercledeconsciencia.com\/#\/schema\/logo\/image\/","url":"https:\/\/cercledeconsciencia.com\/wp-content\/uploads\/2023\/07\/logo.png","contentUrl":"https:\/\/cercledeconsciencia.com\/wp-content\/uploads\/2023\/07\/logo.png","width":239,"height":68,"caption":"Cercle de Consci\u00e8ncia"},"image":{"@id":"https:\/\/cercledeconsciencia.com\/#\/schema\/logo\/image\/"},"sameAs":["https:\/\/www.facebook.com\/Cercledeconscienciabarcelona?_rdr","https:\/\/www.instagram.com\/cercledeconsciencia\/","https:\/\/www.youtube.com\/c\/cercledeconsciencia"]}]}},"_links":{"self":[{"href":"https:\/\/cercledeconsciencia.com\/es\/wp-json\/wp\/v2\/mec-events\/5431","targetHints":{"allow":["GET"]}}],"collection":[{"href":"https:\/\/cercledeconsciencia.com\/es\/wp-json\/wp\/v2\/mec-events"}],"about":[{"href":"https:\/\/cercledeconsciencia.com\/es\/wp-json\/wp\/v2\/types\/mec-events"}],"author":[{"embeddable":true,"href":"https:\/\/cercledeconsciencia.com\/es\/wp-json\/wp\/v2\/users\/2"}],"replies":[{"embeddable":true,"href":"https:\/\/cercledeconsciencia.com\/es\/wp-json\/wp\/v2\/comments?post=5431"}],"wp:featuredmedia":[{"embeddable":true,"href":"https:\/\/cercledeconsciencia.com\/es\/wp-json\/wp\/v2\/media\/5432"}],"wp:attachment":[{"href":"https:\/\/cercledeconsciencia.com\/es\/wp-json\/wp\/v2\/media?parent=5431"}],"wp:term":[{"taxonomy":"post_tag","embeddable":true,"href":"https:\/\/cercledeconsciencia.com\/es\/wp-json\/wp\/v2\/tags?post=5431"},{"taxonomy":"mec_category","embeddable":true,"href":"https:\/\/cercledeconsciencia.com\/es\/wp-json\/wp\/v2\/mec_category?post=5431"},{"taxonomy":"mec_speaker","embeddable":true,"href":"https:\/\/cercledeconsciencia.com\/es\/wp-json\/wp\/v2\/mec_speaker?post=5431"}],"curies":[{"name":"wp","href":"https:\/\/api.w.org\/{rel}","templated":true}]}}