{"id":5527,"date":"2026-03-10T09:46:20","date_gmt":"2026-03-10T09:46:20","guid":{"rendered":"https:\/\/cercledeconsciencia.com\/?post_type=mec-events&#038;p=5527"},"modified":"2026-03-10T09:46:20","modified_gmt":"2026-03-10T09:46:20","slug":"la-profundidad-en-el-abordaje-corporal","status":"publish","type":"mec-events","link":"https:\/\/cercledeconsciencia.com\/es\/actividades\/la-profundidad-en-el-abordaje-corporal\/","title":{"rendered":"La profundidad en el abordaje corporal"},"content":{"rendered":"<p>CONFERENCIA ONLINE GRATUITA DE LA FORMACI\u00d3N DE TCI<\/p>\n<h5>El valor del trabajo som\u00e1tico como v\u00eda de autoconocimiento<\/h5>\n<p>La Terapia Corporal Integrativa propone diversas formas de contactar con la experiencia corporal como camino hacia la salud.<\/p>\n<p>A medida que comprendemos y sentimos en el cuerpo los bloqueos \u2014habitualmente manifestados como tensiones acumuladas a lo largo de nuestras etapas de desarrollo\u2014 se abre la posibilidad de que esos nudos comiencen a aflojarse.<br \/>\nCuando esto sucede, la energ\u00eda vital que estaba contenida puede volver a circular, favoreciendo una mayor sensaci\u00f3n de presencia, vitalidad y bienestar.<\/p>\n<h5>\u00bfPor qu\u00e9 el cuerpo?<\/h5>\n<p>Es una pregunta que nos invita a profundizar en el sentido del trabajo corporal y en la funci\u00f3n de un espacio psicoterap\u00e9utico que pone el foco en el cuerpo, de manera concreta y consciente.<\/p>\n<p>\u00bfPor qu\u00e9 el cuerpo en una sociedad que nos desconecta de nuestros ritmos y\u2028 en un sistema que no da lugar a la pausa, a la respiraci\u00f3n y a las sensaciones?<\/p>\n<p>En esta charla exploraremos estas preguntas, reflexionando sobre el valor del cuerpo y el trabajo som\u00e1tico como v\u00eda de autoconocimiento.<\/p>\n<p>Tambi\u00e9n abriremos un espacio para compartir inquietudes, resonancias y posibilidades que este enfoque despierta.<\/p>\n<p>Este encuentro lo facilitar\u00e1n Cristina Ribera y Mar\u00eda Saura.<\/p>\n<p>\u00a1Te esperamos!<\/p>\n<p>&nbsp;<\/p>\n<p>&nbsp;<\/p>\n","protected":false},"excerpt":{"rendered":"<p>CONFERENCIA ONLINE GRATUITA DE LA FORMACI\u00d3N DE TCI El valor del trabajo som\u00e1tico como v\u00eda de autoconocimiento La Terapia Corporal Integrativa propone diversas formas de contactar con la experiencia corporal [&hellip;]<\/p>\n","protected":false},"author":2,"featured_media":5528,"comment_status":"closed","ping_status":"closed","template":"","tags":[],"mec_category":[50,71],"mec_speaker":[100,99],"class_list":["post-5527","mec-events","type-mec-events","status-publish","has-post-thumbnail","hentry","mec_category-conferencia","mec_category-cuerpo"],"yoast_head":"<!-- This site is optimized with the Yoast SEO plugin v27.4 - https:\/\/yoast.com\/product\/yoast-seo-wordpress\/ -->\n<title>La profundidad en el abordaje corporal - Cercle de Consci\u00e8ncia<\/title>\n<meta name=\"robots\" content=\"index, follow, max-snippet:-1, max-image-preview:large, max-video-preview:-1\" \/>\n<link rel=\"canonical\" href=\"https:\/\/cercledeconsciencia.com\/es\/actividades\/la-profundidad-en-el-abordaje-corporal\/\" \/>\n<meta property=\"og:locale\" content=\"es_ES\" \/>\n<meta property=\"og:type\" content=\"article\" \/>\n<meta property=\"og:title\" content=\"La profundidad en el abordaje corporal - Cercle de Consci\u00e8ncia\" \/>\n<meta property=\"og:description\" content=\"CONFERENCIA ONLINE GRATUITA DE LA FORMACI\u00d3N DE TCI El valor del trabajo som\u00e1tico como v\u00eda de autoconocimiento La Terapia Corporal Integrativa propone diversas formas de contactar con la experiencia corporal [&hellip;]\" \/>\n<meta property=\"og:url\" content=\"https:\/\/cercledeconsciencia.com\/es\/actividades\/la-profundidad-en-el-abordaje-corporal\/\" \/>\n<meta property=\"og:site_name\" content=\"Cercle de Consci\u00e8ncia\" \/>\n<meta property=\"article:publisher\" content=\"https:\/\/www.facebook.com\/Cercledeconscienciabarcelona?_rdr\" \/>\n<meta property=\"og:image\" content=\"https:\/\/cercledeconsciencia.com\/wp-content\/uploads\/2026\/03\/Captura-de-pantalla-2026-03-10-a-las-10.43.02.png\" \/>\n\t<meta property=\"og:image:width\" content=\"719\" \/>\n\t<meta property=\"og:image:height\" content=\"713\" \/>\n\t<meta property=\"og:image:type\" content=\"image\/png\" \/>\n<meta name=\"twitter:card\" content=\"summary_large_image\" \/>\n<meta name=\"twitter:label1\" content=\"Tiempo de lectura\" \/>\n\t<meta name=\"twitter:data1\" content=\"2 minutos\" \/>\n<script type=\"application\/ld+json\" class=\"yoast-schema-graph\">{\"@context\":\"https:\\\/\\\/schema.org\",\"@graph\":[{\"@type\":\"WebPage\",\"@id\":\"https:\\\/\\\/cercledeconsciencia.com\\\/actividades\\\/la-profundidad-en-el-abordaje-corporal\\\/\",\"url\":\"https:\\\/\\\/cercledeconsciencia.com\\\/actividades\\\/la-profundidad-en-el-abordaje-corporal\\\/\",\"name\":\"La profundidad en el abordaje corporal - Cercle de Consci\u00e8ncia\",\"isPartOf\":{\"@id\":\"https:\\\/\\\/cercledeconsciencia.com\\\/#website\"},\"primaryImageOfPage\":{\"@id\":\"https:\\\/\\\/cercledeconsciencia.com\\\/actividades\\\/la-profundidad-en-el-abordaje-corporal\\\/#primaryimage\"},\"image\":{\"@id\":\"https:\\\/\\\/cercledeconsciencia.com\\\/actividades\\\/la-profundidad-en-el-abordaje-corporal\\\/#primaryimage\"},\"thumbnailUrl\":\"https:\\\/\\\/cercledeconsciencia.com\\\/wp-content\\\/uploads\\\/2026\\\/03\\\/Captura-de-pantalla-2026-03-10-a-las-10.43.02.png\",\"datePublished\":\"2026-03-10T09:46:20+00:00\",\"breadcrumb\":{\"@id\":\"https:\\\/\\\/cercledeconsciencia.com\\\/actividades\\\/la-profundidad-en-el-abordaje-corporal\\\/#breadcrumb\"},\"inLanguage\":\"es\",\"potentialAction\":[{\"@type\":\"ReadAction\",\"target\":[\"https:\\\/\\\/cercledeconsciencia.com\\\/actividades\\\/la-profundidad-en-el-abordaje-corporal\\\/\"]}]},{\"@type\":\"ImageObject\",\"inLanguage\":\"es\",\"@id\":\"https:\\\/\\\/cercledeconsciencia.com\\\/actividades\\\/la-profundidad-en-el-abordaje-corporal\\\/#primaryimage\",\"url\":\"https:\\\/\\\/cercledeconsciencia.com\\\/wp-content\\\/uploads\\\/2026\\\/03\\\/Captura-de-pantalla-2026-03-10-a-las-10.43.02.png\",\"contentUrl\":\"https:\\\/\\\/cercledeconsciencia.com\\\/wp-content\\\/uploads\\\/2026\\\/03\\\/Captura-de-pantalla-2026-03-10-a-las-10.43.02.png\",\"width\":719,\"height\":713},{\"@type\":\"BreadcrumbList\",\"@id\":\"https:\\\/\\\/cercledeconsciencia.com\\\/actividades\\\/la-profundidad-en-el-abordaje-corporal\\\/#breadcrumb\",\"itemListElement\":[{\"@type\":\"ListItem\",\"position\":1,\"name\":\"Portada\",\"item\":\"https:\\\/\\\/cercledeconsciencia.com\\\/\"},{\"@type\":\"ListItem\",\"position\":2,\"name\":\"Eventos\",\"item\":\"https:\\\/\\\/cercledeconsciencia.com\\\/actividades\\\/\"},{\"@type\":\"ListItem\",\"position\":3,\"name\":\"La profundidad en el abordaje corporal\"}]},{\"@type\":\"WebSite\",\"@id\":\"https:\\\/\\\/cercledeconsciencia.com\\\/#website\",\"url\":\"https:\\\/\\\/cercledeconsciencia.com\\\/\",\"name\":\"Cercle de Consci\u00e8ncia\",\"description\":\"Centro de Formaci\u00f3n y Terapias\",\"publisher\":{\"@id\":\"https:\\\/\\\/cercledeconsciencia.com\\\/#organization\"},\"potentialAction\":[{\"@type\":\"SearchAction\",\"target\":{\"@type\":\"EntryPoint\",\"urlTemplate\":\"https:\\\/\\\/cercledeconsciencia.com\\\/?s={search_term_string}\"},\"query-input\":{\"@type\":\"PropertyValueSpecification\",\"valueRequired\":true,\"valueName\":\"search_term_string\"}}],\"inLanguage\":\"es\"},{\"@type\":\"Organization\",\"@id\":\"https:\\\/\\\/cercledeconsciencia.com\\\/#organization\",\"name\":\"Cercle de Consci\u00e8ncia\",\"url\":\"https:\\\/\\\/cercledeconsciencia.com\\\/\",\"logo\":{\"@type\":\"ImageObject\",\"inLanguage\":\"es\",\"@id\":\"https:\\\/\\\/cercledeconsciencia.com\\\/#\\\/schema\\\/logo\\\/image\\\/\",\"url\":\"https:\\\/\\\/cercledeconsciencia.com\\\/wp-content\\\/uploads\\\/2023\\\/07\\\/logo.png\",\"contentUrl\":\"https:\\\/\\\/cercledeconsciencia.com\\\/wp-content\\\/uploads\\\/2023\\\/07\\\/logo.png\",\"width\":239,\"height\":68,\"caption\":\"Cercle de Consci\u00e8ncia\"},\"image\":{\"@id\":\"https:\\\/\\\/cercledeconsciencia.com\\\/#\\\/schema\\\/logo\\\/image\\\/\"},\"sameAs\":[\"https:\\\/\\\/www.facebook.com\\\/Cercledeconscienciabarcelona?_rdr\",\"https:\\\/\\\/www.instagram.com\\\/cercledeconsciencia\\\/\",\"https:\\\/\\\/www.youtube.com\\\/c\\\/cercledeconsciencia\"]}]}<\/script>\n<!-- \/ Yoast SEO plugin. -->","yoast_head_json":{"title":"La profundidad en el abordaje corporal - Cercle de Consci\u00e8ncia","robots":{"index":"index","follow":"follow","max-snippet":"max-snippet:-1","max-image-preview":"max-image-preview:large","max-video-preview":"max-video-preview:-1"},"canonical":"https:\/\/cercledeconsciencia.com\/es\/actividades\/la-profundidad-en-el-abordaje-corporal\/","og_locale":"es_ES","og_type":"article","og_title":"La profundidad en el abordaje corporal - Cercle de Consci\u00e8ncia","og_description":"CONFERENCIA ONLINE GRATUITA DE LA FORMACI\u00d3N DE TCI El valor del trabajo som\u00e1tico como v\u00eda de autoconocimiento La Terapia Corporal Integrativa propone diversas formas de contactar con la experiencia corporal [&hellip;]","og_url":"https:\/\/cercledeconsciencia.com\/es\/actividades\/la-profundidad-en-el-abordaje-corporal\/","og_site_name":"Cercle de Consci\u00e8ncia","article_publisher":"https:\/\/www.facebook.com\/Cercledeconscienciabarcelona?_rdr","og_image":[{"width":719,"height":713,"url":"https:\/\/cercledeconsciencia.com\/wp-content\/uploads\/2026\/03\/Captura-de-pantalla-2026-03-10-a-las-10.43.02.png","type":"image\/png"}],"twitter_card":"summary_large_image","twitter_misc":{"Tiempo de lectura":"2 minutos"},"schema":{"@context":"https:\/\/schema.org","@graph":[{"@type":"WebPage","@id":"https:\/\/cercledeconsciencia.com\/actividades\/la-profundidad-en-el-abordaje-corporal\/","url":"https:\/\/cercledeconsciencia.com\/actividades\/la-profundidad-en-el-abordaje-corporal\/","name":"La profundidad en el abordaje corporal - Cercle de Consci\u00e8ncia","isPartOf":{"@id":"https:\/\/cercledeconsciencia.com\/#website"},"primaryImageOfPage":{"@id":"https:\/\/cercledeconsciencia.com\/actividades\/la-profundidad-en-el-abordaje-corporal\/#primaryimage"},"image":{"@id":"https:\/\/cercledeconsciencia.com\/actividades\/la-profundidad-en-el-abordaje-corporal\/#primaryimage"},"thumbnailUrl":"https:\/\/cercledeconsciencia.com\/wp-content\/uploads\/2026\/03\/Captura-de-pantalla-2026-03-10-a-las-10.43.02.png","datePublished":"2026-03-10T09:46:20+00:00","breadcrumb":{"@id":"https:\/\/cercledeconsciencia.com\/actividades\/la-profundidad-en-el-abordaje-corporal\/#breadcrumb"},"inLanguage":"es","potentialAction":[{"@type":"ReadAction","target":["https:\/\/cercledeconsciencia.com\/actividades\/la-profundidad-en-el-abordaje-corporal\/"]}]},{"@type":"ImageObject","inLanguage":"es","@id":"https:\/\/cercledeconsciencia.com\/actividades\/la-profundidad-en-el-abordaje-corporal\/#primaryimage","url":"https:\/\/cercledeconsciencia.com\/wp-content\/uploads\/2026\/03\/Captura-de-pantalla-2026-03-10-a-las-10.43.02.png","contentUrl":"https:\/\/cercledeconsciencia.com\/wp-content\/uploads\/2026\/03\/Captura-de-pantalla-2026-03-10-a-las-10.43.02.png","width":719,"height":713},{"@type":"BreadcrumbList","@id":"https:\/\/cercledeconsciencia.com\/actividades\/la-profundidad-en-el-abordaje-corporal\/#breadcrumb","itemListElement":[{"@type":"ListItem","position":1,"name":"Portada","item":"https:\/\/cercledeconsciencia.com\/"},{"@type":"ListItem","position":2,"name":"Eventos","item":"https:\/\/cercledeconsciencia.com\/actividades\/"},{"@type":"ListItem","position":3,"name":"La profundidad en el abordaje corporal"}]},{"@type":"WebSite","@id":"https:\/\/cercledeconsciencia.com\/#website","url":"https:\/\/cercledeconsciencia.com\/","name":"Cercle de Consci\u00e8ncia","description":"Centro de Formaci\u00f3n y Terapias","publisher":{"@id":"https:\/\/cercledeconsciencia.com\/#organization"},"potentialAction":[{"@type":"SearchAction","target":{"@type":"EntryPoint","urlTemplate":"https:\/\/cercledeconsciencia.com\/?s={search_term_string}"},"query-input":{"@type":"PropertyValueSpecification","valueRequired":true,"valueName":"search_term_string"}}],"inLanguage":"es"},{"@type":"Organization","@id":"https:\/\/cercledeconsciencia.com\/#organization","name":"Cercle de Consci\u00e8ncia","url":"https:\/\/cercledeconsciencia.com\/","logo":{"@type":"ImageObject","inLanguage":"es","@id":"https:\/\/cercledeconsciencia.com\/#\/schema\/logo\/image\/","url":"https:\/\/cercledeconsciencia.com\/wp-content\/uploads\/2023\/07\/logo.png","contentUrl":"https:\/\/cercledeconsciencia.com\/wp-content\/uploads\/2023\/07\/logo.png","width":239,"height":68,"caption":"Cercle de Consci\u00e8ncia"},"image":{"@id":"https:\/\/cercledeconsciencia.com\/#\/schema\/logo\/image\/"},"sameAs":["https:\/\/www.facebook.com\/Cercledeconscienciabarcelona?_rdr","https:\/\/www.instagram.com\/cercledeconsciencia\/","https:\/\/www.youtube.com\/c\/cercledeconsciencia"]}]}},"_links":{"self":[{"href":"https:\/\/cercledeconsciencia.com\/es\/wp-json\/wp\/v2\/mec-events\/5527","targetHints":{"allow":["GET"]}}],"collection":[{"href":"https:\/\/cercledeconsciencia.com\/es\/wp-json\/wp\/v2\/mec-events"}],"about":[{"href":"https:\/\/cercledeconsciencia.com\/es\/wp-json\/wp\/v2\/types\/mec-events"}],"author":[{"embeddable":true,"href":"https:\/\/cercledeconsciencia.com\/es\/wp-json\/wp\/v2\/users\/2"}],"replies":[{"embeddable":true,"href":"https:\/\/cercledeconsciencia.com\/es\/wp-json\/wp\/v2\/comments?post=5527"}],"wp:featuredmedia":[{"embeddable":true,"href":"https:\/\/cercledeconsciencia.com\/es\/wp-json\/wp\/v2\/media\/5528"}],"wp:attachment":[{"href":"https:\/\/cercledeconsciencia.com\/es\/wp-json\/wp\/v2\/media?parent=5527"}],"wp:term":[{"taxonomy":"post_tag","embeddable":true,"href":"https:\/\/cercledeconsciencia.com\/es\/wp-json\/wp\/v2\/tags?post=5527"},{"taxonomy":"mec_category","embeddable":true,"href":"https:\/\/cercledeconsciencia.com\/es\/wp-json\/wp\/v2\/mec_category?post=5527"},{"taxonomy":"mec_speaker","embeddable":true,"href":"https:\/\/cercledeconsciencia.com\/es\/wp-json\/wp\/v2\/mec_speaker?post=5527"}],"curies":[{"name":"wp","href":"https:\/\/api.w.org\/{rel}","templated":true}]}}