{"id":5704,"date":"2026-09-03T11:43:08","date_gmt":"2026-09-03T11:43:08","guid":{"rendered":"https:\/\/cercledeconsciencia.com\/?post_type=mec-events&#038;p=5704"},"modified":"2026-09-03T11:43:51","modified_gmt":"2026-09-03T11:43:51","slug":"pilates-y-consciencia-corporal-mallorca","status":"publish","type":"mec-events","link":"https:\/\/cercledeconsciencia.com\/es\/actividades\/pilates-y-consciencia-corporal-mallorca\/","title":{"rendered":"Pilates y consciencia corporal | Mallorca"},"content":{"rendered":"<h5><strong>INTRODUCTORIO GRATUITO EL 24 DE SEPTIEMBRE DE 18 A 19H<\/strong><\/h5>\n<table>\n<tbody>\n<tr>\n<td>\n<p style=\"text-align: left;\">El Pilates es un m\u00e9todo de movimiento que fortalece el centro, (Powerhouse: conjunto de m\u00fasculos profundos del tronco que act\u00faan como centro de fuerza y estabilidad para todo el cuerpo), mejora la postura y aporta movilidad a trav\u00e9s de ejercicios precisos y controlados. Trabaja el cuerpo de manera funcional, segura y respetuosa.<\/p>\n<p style=\"text-align: left;\">La Conciencia corporal es el arte de sentir el cuerpo desde dentro; notando la respiraci\u00f3n, las tensiones, la alineaci\u00f3n propia y los l\u00edmites. Ayuda a moverse con presencia, calma y escucha.<\/p>\n<p style=\"text-align: left;\">En mis clases uno las dos pr\u00e1cticas para que cada movimiento sea eficiente, suave y consciente. El Pilates aporta estructura y fuerza. La Conciencia corporal aporta profundidad y regulaci\u00f3n. Juntas crean una experiencia que cuida el cuerpo, calma la mente e invita a habitarse con m\u00e1s presencia.<\/p>\n<\/td>\n<\/tr>\n<\/tbody>\n<\/table>\n<hr \/>\n<p><strong>GRUPO SEMANAL EN LUNES de 18:30 a 19:30h<\/strong><\/p>\n<p><strong>CALENDARIO<\/strong>:<\/p>\n<p><strong>2026<\/strong><\/p>\n<p>&#8211; Octubre: 5\/19\/26<br \/>\n&#8211; Noviembre: 2\/9\/16\/23\/30<br \/>\n&#8211; Diciembre: 7\/14\/21<\/p>\n<p><strong>2027<\/strong><br \/>\n&#8211; Enero: 4\/11\/18\/25<br \/>\n&#8211; Febrero: 1\/ 15\/22<br \/>\n&#8211; Marzo: 1\/8\/15\/22<br \/>\n&#8211; Abril: 5\/12\/19\/26<br \/>\n&#8211; Mayo: 3\/10\/24\/31<br \/>\n&#8211; Junio: 7\/14\/21\/28<\/p>\n<p><strong>IMPARTE: AINA COLL ISERN. <\/strong>Profesora de Pilates. Masajista. Terapeuta corporal integrativa. Terapeuta Floral. Formaci\u00f3n de terapias emocionales y corporales ( Gestalt, P.N., Movimiento Corporal, Bioenerg\u00eda. F.P. Est\u00e9tica. Reiki. Terapia Metam\u00f3rfica. Certificaci\u00f3n en Liberaci\u00f3n muscular Som\u00e1tica.<strong><br \/>\n<\/strong><\/p>\n<p><strong>D\u00d3NDE<\/strong>: Cercle de Consci\u00e8ncia en calle Ciutat de Quer\u00e9taro, 6 2\u00ba 1\u00aa, Palma<\/p>\n<p><strong>M\u00c1S INFORMACI\u00d3N E INSCRIPCIONES<\/strong>: 622142883<\/p>\n<p><strong>PRECIO<\/strong>: 50\u202f\u20ac \/ mes<\/p>\n","protected":false},"excerpt":{"rendered":"<p>INTRODUCTORIO GRATUITO EL 24 DE SEPTIEMBRE DE 18 A 19H El Pilates es un m\u00e9todo de movimiento que fortalece el centro, (Powerhouse: conjunto de m\u00fasculos profundos del tronco que act\u00faan [&hellip;]<\/p>\n","protected":false},"author":2,"featured_media":5705,"comment_status":"closed","ping_status":"closed","template":"","tags":[],"mec_category":[71,145,70],"mec_speaker":[],"class_list":["post-5704","mec-events","type-mec-events","status-publish","has-post-thumbnail","hentry","mec_category-cuerpo","mec_category-grupos-regulares","mec_category-respiracion"],"yoast_head":"<!-- This site is optimized with the Yoast SEO plugin v27.4 - https:\/\/yoast.com\/product\/yoast-seo-wordpress\/ -->\n<title>Pilates y consciencia corporal | Mallorca - Cercle de Consci\u00e8ncia<\/title>\n<meta name=\"robots\" content=\"index, follow, max-snippet:-1, max-image-preview:large, max-video-preview:-1\" \/>\n<link rel=\"canonical\" href=\"https:\/\/cercledeconsciencia.com\/es\/actividades\/pilates-y-consciencia-corporal-mallorca\/\" \/>\n<meta property=\"og:locale\" content=\"es_ES\" \/>\n<meta property=\"og:type\" content=\"article\" \/>\n<meta property=\"og:title\" content=\"Pilates y consciencia corporal | Mallorca - Cercle de Consci\u00e8ncia\" \/>\n<meta property=\"og:description\" content=\"INTRODUCTORIO GRATUITO EL 24 DE SEPTIEMBRE DE 18 A 19H El Pilates es un m\u00e9todo de movimiento que fortalece el centro, (Powerhouse: conjunto de m\u00fasculos profundos del tronco que act\u00faan [&hellip;]\" \/>\n<meta property=\"og:url\" content=\"https:\/\/cercledeconsciencia.com\/es\/actividades\/pilates-y-consciencia-corporal-mallorca\/\" \/>\n<meta property=\"og:site_name\" content=\"Cercle de Consci\u00e8ncia\" \/>\n<meta property=\"article:publisher\" content=\"https:\/\/www.facebook.com\/Cercledeconscienciabarcelona?_rdr\" \/>\n<meta property=\"article:modified_time\" content=\"2026-09-03T11:43:51+00:00\" \/>\n<meta property=\"og:image\" content=\"https:\/\/cercledeconsciencia.com\/wp-content\/uploads\/2026\/09\/pexels-Imatge-TCI-PILATES.jpg\" \/>\n\t<meta property=\"og:image:width\" content=\"1280\" \/>\n\t<meta property=\"og:image:height\" content=\"853\" \/>\n\t<meta property=\"og:image:type\" content=\"image\/jpeg\" \/>\n<meta name=\"twitter:card\" content=\"summary_large_image\" \/>\n<meta name=\"twitter:label1\" content=\"Tiempo de lectura\" \/>\n\t<meta name=\"twitter:data1\" content=\"2 minutos\" \/>\n<script type=\"application\/ld+json\" class=\"yoast-schema-graph\">{\"@context\":\"https:\\\/\\\/schema.org\",\"@graph\":[{\"@type\":\"WebPage\",\"@id\":\"https:\\\/\\\/cercledeconsciencia.com\\\/actividades\\\/pilates-y-consciencia-corporal-mallorca\\\/\",\"url\":\"https:\\\/\\\/cercledeconsciencia.com\\\/actividades\\\/pilates-y-consciencia-corporal-mallorca\\\/\",\"name\":\"Pilates y consciencia corporal | Mallorca - Cercle de Consci\u00e8ncia\",\"isPartOf\":{\"@id\":\"https:\\\/\\\/cercledeconsciencia.com\\\/#website\"},\"primaryImageOfPage\":{\"@id\":\"https:\\\/\\\/cercledeconsciencia.com\\\/actividades\\\/pilates-y-consciencia-corporal-mallorca\\\/#primaryimage\"},\"image\":{\"@id\":\"https:\\\/\\\/cercledeconsciencia.com\\\/actividades\\\/pilates-y-consciencia-corporal-mallorca\\\/#primaryimage\"},\"thumbnailUrl\":\"https:\\\/\\\/cercledeconsciencia.com\\\/wp-content\\\/uploads\\\/2026\\\/09\\\/pexels-Imatge-TCI-PILATES.jpg\",\"datePublished\":\"2026-09-03T11:43:08+00:00\",\"dateModified\":\"2026-09-03T11:43:51+00:00\",\"breadcrumb\":{\"@id\":\"https:\\\/\\\/cercledeconsciencia.com\\\/actividades\\\/pilates-y-consciencia-corporal-mallorca\\\/#breadcrumb\"},\"inLanguage\":\"es\",\"potentialAction\":[{\"@type\":\"ReadAction\",\"target\":[\"https:\\\/\\\/cercledeconsciencia.com\\\/actividades\\\/pilates-y-consciencia-corporal-mallorca\\\/\"]}]},{\"@type\":\"ImageObject\",\"inLanguage\":\"es\",\"@id\":\"https:\\\/\\\/cercledeconsciencia.com\\\/actividades\\\/pilates-y-consciencia-corporal-mallorca\\\/#primaryimage\",\"url\":\"https:\\\/\\\/cercledeconsciencia.com\\\/wp-content\\\/uploads\\\/2026\\\/09\\\/pexels-Imatge-TCI-PILATES.jpg\",\"contentUrl\":\"https:\\\/\\\/cercledeconsciencia.com\\\/wp-content\\\/uploads\\\/2026\\\/09\\\/pexels-Imatge-TCI-PILATES.jpg\",\"width\":1280,\"height\":853},{\"@type\":\"BreadcrumbList\",\"@id\":\"https:\\\/\\\/cercledeconsciencia.com\\\/actividades\\\/pilates-y-consciencia-corporal-mallorca\\\/#breadcrumb\",\"itemListElement\":[{\"@type\":\"ListItem\",\"position\":1,\"name\":\"Portada\",\"item\":\"https:\\\/\\\/cercledeconsciencia.com\\\/\"},{\"@type\":\"ListItem\",\"position\":2,\"name\":\"Eventos\",\"item\":\"https:\\\/\\\/cercledeconsciencia.com\\\/actividades\\\/\"},{\"@type\":\"ListItem\",\"position\":3,\"name\":\"Pilates y consciencia corporal | Mallorca\"}]},{\"@type\":\"WebSite\",\"@id\":\"https:\\\/\\\/cercledeconsciencia.com\\\/#website\",\"url\":\"https:\\\/\\\/cercledeconsciencia.com\\\/\",\"name\":\"Cercle de Consci\u00e8ncia\",\"description\":\"Centro de Formaci\u00f3n y Terapias\",\"publisher\":{\"@id\":\"https:\\\/\\\/cercledeconsciencia.com\\\/#organization\"},\"potentialAction\":[{\"@type\":\"SearchAction\",\"target\":{\"@type\":\"EntryPoint\",\"urlTemplate\":\"https:\\\/\\\/cercledeconsciencia.com\\\/?s={search_term_string}\"},\"query-input\":{\"@type\":\"PropertyValueSpecification\",\"valueRequired\":true,\"valueName\":\"search_term_string\"}}],\"inLanguage\":\"es\"},{\"@type\":\"Organization\",\"@id\":\"https:\\\/\\\/cercledeconsciencia.com\\\/#organization\",\"name\":\"Cercle de Consci\u00e8ncia\",\"url\":\"https:\\\/\\\/cercledeconsciencia.com\\\/\",\"logo\":{\"@type\":\"ImageObject\",\"inLanguage\":\"es\",\"@id\":\"https:\\\/\\\/cercledeconsciencia.com\\\/#\\\/schema\\\/logo\\\/image\\\/\",\"url\":\"https:\\\/\\\/cercledeconsciencia.com\\\/wp-content\\\/uploads\\\/2023\\\/07\\\/logo.png\",\"contentUrl\":\"https:\\\/\\\/cercledeconsciencia.com\\\/wp-content\\\/uploads\\\/2023\\\/07\\\/logo.png\",\"width\":239,\"height\":68,\"caption\":\"Cercle de Consci\u00e8ncia\"},\"image\":{\"@id\":\"https:\\\/\\\/cercledeconsciencia.com\\\/#\\\/schema\\\/logo\\\/image\\\/\"},\"sameAs\":[\"https:\\\/\\\/www.facebook.com\\\/Cercledeconscienciabarcelona?_rdr\",\"https:\\\/\\\/www.instagram.com\\\/cercledeconsciencia\\\/\",\"https:\\\/\\\/www.youtube.com\\\/c\\\/cercledeconsciencia\"]}]}<\/script>\n<!-- \/ Yoast SEO plugin. -->","yoast_head_json":{"title":"Pilates y consciencia corporal | Mallorca - Cercle de Consci\u00e8ncia","robots":{"index":"index","follow":"follow","max-snippet":"max-snippet:-1","max-image-preview":"max-image-preview:large","max-video-preview":"max-video-preview:-1"},"canonical":"https:\/\/cercledeconsciencia.com\/es\/actividades\/pilates-y-consciencia-corporal-mallorca\/","og_locale":"es_ES","og_type":"article","og_title":"Pilates y consciencia corporal | Mallorca - Cercle de Consci\u00e8ncia","og_description":"INTRODUCTORIO GRATUITO EL 24 DE SEPTIEMBRE DE 18 A 19H El Pilates es un m\u00e9todo de movimiento que fortalece el centro, (Powerhouse: conjunto de m\u00fasculos profundos del tronco que act\u00faan [&hellip;]","og_url":"https:\/\/cercledeconsciencia.com\/es\/actividades\/pilates-y-consciencia-corporal-mallorca\/","og_site_name":"Cercle de Consci\u00e8ncia","article_publisher":"https:\/\/www.facebook.com\/Cercledeconscienciabarcelona?_rdr","article_modified_time":"2026-09-03T11:43:51+00:00","og_image":[{"width":1280,"height":853,"url":"https:\/\/cercledeconsciencia.com\/wp-content\/uploads\/2026\/09\/pexels-Imatge-TCI-PILATES.jpg","type":"image\/jpeg"}],"twitter_card":"summary_large_image","twitter_misc":{"Tiempo de lectura":"2 minutos"},"schema":{"@context":"https:\/\/schema.org","@graph":[{"@type":"WebPage","@id":"https:\/\/cercledeconsciencia.com\/actividades\/pilates-y-consciencia-corporal-mallorca\/","url":"https:\/\/cercledeconsciencia.com\/actividades\/pilates-y-consciencia-corporal-mallorca\/","name":"Pilates y consciencia corporal | Mallorca - Cercle de Consci\u00e8ncia","isPartOf":{"@id":"https:\/\/cercledeconsciencia.com\/#website"},"primaryImageOfPage":{"@id":"https:\/\/cercledeconsciencia.com\/actividades\/pilates-y-consciencia-corporal-mallorca\/#primaryimage"},"image":{"@id":"https:\/\/cercledeconsciencia.com\/actividades\/pilates-y-consciencia-corporal-mallorca\/#primaryimage"},"thumbnailUrl":"https:\/\/cercledeconsciencia.com\/wp-content\/uploads\/2026\/09\/pexels-Imatge-TCI-PILATES.jpg","datePublished":"2026-09-03T11:43:08+00:00","dateModified":"2026-09-03T11:43:51+00:00","breadcrumb":{"@id":"https:\/\/cercledeconsciencia.com\/actividades\/pilates-y-consciencia-corporal-mallorca\/#breadcrumb"},"inLanguage":"es","potentialAction":[{"@type":"ReadAction","target":["https:\/\/cercledeconsciencia.com\/actividades\/pilates-y-consciencia-corporal-mallorca\/"]}]},{"@type":"ImageObject","inLanguage":"es","@id":"https:\/\/cercledeconsciencia.com\/actividades\/pilates-y-consciencia-corporal-mallorca\/#primaryimage","url":"https:\/\/cercledeconsciencia.com\/wp-content\/uploads\/2026\/09\/pexels-Imatge-TCI-PILATES.jpg","contentUrl":"https:\/\/cercledeconsciencia.com\/wp-content\/uploads\/2026\/09\/pexels-Imatge-TCI-PILATES.jpg","width":1280,"height":853},{"@type":"BreadcrumbList","@id":"https:\/\/cercledeconsciencia.com\/actividades\/pilates-y-consciencia-corporal-mallorca\/#breadcrumb","itemListElement":[{"@type":"ListItem","position":1,"name":"Portada","item":"https:\/\/cercledeconsciencia.com\/"},{"@type":"ListItem","position":2,"name":"Eventos","item":"https:\/\/cercledeconsciencia.com\/actividades\/"},{"@type":"ListItem","position":3,"name":"Pilates y consciencia corporal | Mallorca"}]},{"@type":"WebSite","@id":"https:\/\/cercledeconsciencia.com\/#website","url":"https:\/\/cercledeconsciencia.com\/","name":"Cercle de Consci\u00e8ncia","description":"Centro de Formaci\u00f3n y Terapias","publisher":{"@id":"https:\/\/cercledeconsciencia.com\/#organization"},"potentialAction":[{"@type":"SearchAction","target":{"@type":"EntryPoint","urlTemplate":"https:\/\/cercledeconsciencia.com\/?s={search_term_string}"},"query-input":{"@type":"PropertyValueSpecification","valueRequired":true,"valueName":"search_term_string"}}],"inLanguage":"es"},{"@type":"Organization","@id":"https:\/\/cercledeconsciencia.com\/#organization","name":"Cercle de Consci\u00e8ncia","url":"https:\/\/cercledeconsciencia.com\/","logo":{"@type":"ImageObject","inLanguage":"es","@id":"https:\/\/cercledeconsciencia.com\/#\/schema\/logo\/image\/","url":"https:\/\/cercledeconsciencia.com\/wp-content\/uploads\/2023\/07\/logo.png","contentUrl":"https:\/\/cercledeconsciencia.com\/wp-content\/uploads\/2023\/07\/logo.png","width":239,"height":68,"caption":"Cercle de Consci\u00e8ncia"},"image":{"@id":"https:\/\/cercledeconsciencia.com\/#\/schema\/logo\/image\/"},"sameAs":["https:\/\/www.facebook.com\/Cercledeconscienciabarcelona?_rdr","https:\/\/www.instagram.com\/cercledeconsciencia\/","https:\/\/www.youtube.com\/c\/cercledeconsciencia"]}]}},"_links":{"self":[{"href":"https:\/\/cercledeconsciencia.com\/es\/wp-json\/wp\/v2\/mec-events\/5704","targetHints":{"allow":["GET"]}}],"collection":[{"href":"https:\/\/cercledeconsciencia.com\/es\/wp-json\/wp\/v2\/mec-events"}],"about":[{"href":"https:\/\/cercledeconsciencia.com\/es\/wp-json\/wp\/v2\/types\/mec-events"}],"author":[{"embeddable":true,"href":"https:\/\/cercledeconsciencia.com\/es\/wp-json\/wp\/v2\/users\/2"}],"replies":[{"embeddable":true,"href":"https:\/\/cercledeconsciencia.com\/es\/wp-json\/wp\/v2\/comments?post=5704"}],"wp:featuredmedia":[{"embeddable":true,"href":"https:\/\/cercledeconsciencia.com\/es\/wp-json\/wp\/v2\/media\/5705"}],"wp:attachment":[{"href":"https:\/\/cercledeconsciencia.com\/es\/wp-json\/wp\/v2\/media?parent=5704"}],"wp:term":[{"taxonomy":"post_tag","embeddable":true,"href":"https:\/\/cercledeconsciencia.com\/es\/wp-json\/wp\/v2\/tags?post=5704"},{"taxonomy":"mec_category","embeddable":true,"href":"https:\/\/cercledeconsciencia.com\/es\/wp-json\/wp\/v2\/mec_category?post=5704"},{"taxonomy":"mec_speaker","embeddable":true,"href":"https:\/\/cercledeconsciencia.com\/es\/wp-json\/wp\/v2\/mec_speaker?post=5704"}],"curies":[{"name":"wp","href":"https:\/\/api.w.org\/{rel}","templated":true}]}}