{"id":2697,"date":"2024-01-26T01:01:46","date_gmt":"2024-01-26T01:01:46","guid":{"rendered":"https:\/\/cercledeconsciencia.com\/?page_id=2697"},"modified":"2025-04-27T16:47:32","modified_gmt":"2025-04-27T16:47:32","slug":"barcelona","status":"publish","type":"page","link":"https:\/\/cercledeconsciencia.com\/es\/barcelona\/","title":{"rendered":"Cercle de Consciencia Barcelona"},"content":{"rendered":"<div data-vc-full-width=\"true\" data-vc-full-width-init=\"false\" data-vc-stretch-content=\"true\" class=\"vc_row wpb_row vc_row-fluid hide-mobile vc_custom_1718841364666 vc_row-has-fill vc_row-no-padding\" ><div class=\"wpb_column vc_column_container vc_col-sm-12\"><div class=\"vc_column-inner\"><div class=\"wpb_wrapper\"><div class=\"vc_empty_space\"   style=\"height: 200px\"><span class=\"vc_empty_space_inner\"><\/span><\/div><div class=\"vc_row wpb_row vc_inner vc_row-fluid vc_custom_1699443329405\" ><div class=\"bg-title-terapias wpb_column vc_column_container vc_col-sm-6\"><div class=\"vc_column-inner\"><div class=\"wpb_wrapper\"><div class=\"vc_empty_space\"   style=\"height: 30px\"><span class=\"vc_empty_space_inner\"><\/span><\/div>\n\t<div class=\"wpb_text_column wpb_content_element \" >\n\t\t<div class=\"wpb_wrapper\">\n\t\t\t<h1 class=\"font-open\"><span style=\"color: #ffffff;\">Cercle de Consci\u00e8ncia Barcelona<\/span><\/h1>\n\n\t\t<\/div>\n\t<\/div>\n<div class=\"vc_empty_space\"   style=\"height: 30px\"><span class=\"vc_empty_space_inner\"><\/span><\/div><\/div><\/div><\/div><div class=\"wpb_column vc_column_container vc_col-sm-6\"><div class=\"vc_column-inner\"><div class=\"wpb_wrapper\"><\/div><\/div><\/div><\/div><div class=\"vc_empty_space\"   style=\"height: 260px\"><span class=\"vc_empty_space_inner\"><\/span><\/div><div class=\"vc_row wpb_row vc_inner vc_row-fluid vc_custom_1699304517452\" ><div class=\"borderr-white wpb_column vc_column_container vc_col-sm-12\"><div class=\"vc_column-inner vc_custom_1699304523827\"><div class=\"wpb_wrapper\"><div class=\"vc_empty_space\"   style=\"height: 100px\"><span class=\"vc_empty_space_inner\"><\/span><\/div><\/div><\/div><\/div><\/div><\/div><\/div><\/div><\/div><div class=\"vc_row-full-width vc_clearfix\"><\/div><div data-vc-full-width=\"true\" data-vc-full-width-init=\"false\" data-vc-stretch-content=\"true\" class=\"vc_row wpb_row vc_row-fluid show-mobile vc_custom_1718841381867 vc_row-has-fill vc_row-no-padding\" ><div class=\"wpb_column vc_column_container vc_col-sm-12\"><div class=\"vc_column-inner\"><div class=\"wpb_wrapper\"><div class=\"vc_empty_space\"   style=\"height: 30px\"><span class=\"vc_empty_space_inner\"><\/span><\/div><div class=\"vc_row wpb_row vc_inner vc_row-fluid vc_custom_1699443329405\" ><div class=\"bg-title-terapias wpb_column vc_column_container vc_col-sm-6\"><div class=\"vc_column-inner\"><div class=\"wpb_wrapper\"><div class=\"vc_empty_space\"   style=\"height: 20px\"><span class=\"vc_empty_space_inner\"><\/span><\/div>\n\t<div class=\"wpb_text_column wpb_content_element \" >\n\t\t<div class=\"wpb_wrapper\">\n\t\t\t<h1 class=\"font-open\" style=\"font-size: 46px;\"><span style=\"color: #ffffff;\">Cercle de Consciencia Barcelona<\/span><\/h1>\n\n\t\t<\/div>\n\t<\/div>\n<div class=\"vc_empty_space\"   style=\"height: 20px\"><span class=\"vc_empty_space_inner\"><\/span><\/div><\/div><\/div><\/div><div class=\"wpb_column vc_column_container vc_col-sm-6\"><div class=\"vc_column-inner\"><div class=\"wpb_wrapper\"><\/div><\/div><\/div><\/div><div class=\"vc_empty_space\"   style=\"height: 100px\"><span class=\"vc_empty_space_inner\"><\/span><\/div><div class=\"vc_row wpb_row vc_inner vc_row-fluid vc_custom_1699304517452\" ><div class=\"borderr-white wpb_column vc_column_container vc_col-sm-12\"><div class=\"vc_column-inner vc_custom_1699304523827\"><div class=\"wpb_wrapper\"><div class=\"vc_empty_space\"   style=\"height: 100px\"><span class=\"vc_empty_space_inner\"><\/span><\/div><\/div><\/div><\/div><\/div><\/div><\/div><\/div><\/div><div class=\"vc_row-full-width vc_clearfix\"><\/div><div class=\"vc_row wpb_row vc_row-fluid\" ><div class=\"wpb_column vc_column_container vc_col-sm-12\"><div class=\"vc_column-inner\"><div class=\"wpb_wrapper\"><div class=\"edgtf-row-grid-section-wrapper \" ><div class=\"edgtf-row-grid-section\"><div class=\"vc_row wpb_row vc_inner vc_row-fluid vc_row-o-content-middle vc_row-flex\" ><div class=\"wpb_column vc_column_container vc_col-sm-12\"><div class=\"vc_column-inner\"><div class=\"wpb_wrapper\">\n\t<div class=\"wpb_text_column wpb_content_element \" >\n\t\t<div class=\"wpb_wrapper\">\n\t\t\t<p>Las actividades organizadas y promovidas por el <strong>Cercle de Consci\u00e8ncia de Barcelona<\/strong>, se desarrollan en tres distintos espacios. Todos nuestros espacios han sido cuidadosamente dise\u00f1ados y acondicionados para proporcionar el entorno m\u00e1s id\u00f3neo y propicio para el bienestar integral de los participantes.<\/p>\n\n\t\t<\/div>\n\t<\/div>\n<\/div><\/div><\/div><\/div><\/div><\/div><div class=\"vc_empty_space\"   style=\"height: 100px\"><span class=\"vc_empty_space_inner\"><\/span><\/div><\/div><\/div><\/div><\/div><div data-vc-full-width=\"true\" data-vc-full-width-init=\"false\" data-vc-stretch-content=\"true\" class=\"vc_row wpb_row vc_row-fluid bg-consiencia vc_row-no-padding\" ><div class=\"wpb_column vc_column_container vc_col-sm-12\"><div class=\"vc_column-inner\"><div class=\"wpb_wrapper\"><div class=\"edgtf-row-grid-section-wrapper \" ><div class=\"edgtf-row-grid-section\"><div class=\"vc_row wpb_row vc_inner vc_row-fluid vc_custom_1702979619468\" ><div class=\"wpb_column vc_column_container vc_col-sm-10\"><div class=\"vc_column-inner\"><div class=\"wpb_wrapper\">\n\t<div class=\"wpb_text_column wpb_content_element  vc_custom_1707782626646\" >\n\t\t<div class=\"wpb_wrapper\">\n\t\t\t<h5 style=\"color: #ffffff;\"><strong>Consulta nuestros espacios en Barcelona<\/strong><\/h5>\n\n\t\t<\/div>\n\t<\/div>\n<\/div><\/div><\/div><div class=\"wpb_column vc_column_container vc_col-sm-2\"><div class=\"vc_column-inner\"><div class=\"wpb_wrapper\"><div class=\"vc_empty_space\"   style=\"height: 50px\"><span class=\"vc_empty_space_inner\"><\/span><\/div><\/div><\/div><\/div><\/div><\/div><\/div><div class=\"vc_row wpb_row vc_inner vc_row-fluid vc_custom_1699304517452\" ><div class=\"borderr-white wpb_column vc_column_container vc_col-sm-12\"><div class=\"vc_column-inner vc_custom_1699304523827\"><div class=\"wpb_wrapper\"><div class=\"vc_empty_space\"   style=\"height: 100px\"><span class=\"vc_empty_space_inner\"><\/span><\/div><\/div><\/div><\/div><\/div><\/div><\/div><\/div><\/div><div class=\"vc_row-full-width vc_clearfix\"><\/div><div class=\"edgtf-row-grid-section-wrapper \"  ><div class=\"edgtf-row-grid-section\"><div class=\"vc_row wpb_row vc_row-fluid\" ><div class=\"wpb_column vc_column_container vc_col-sm-12\"><div class=\"vc_column-inner\"><div class=\"wpb_wrapper\"><div class=\"vc_tta-container\" data-vc-action=\"collapse\"><div class=\"vc_general vc_tta vc_tta-tabs vc_tta-color-white vc_tta-style-flat vc_tta-shape-rounded vc_tta-spacing-1 vc_tta-gap-30 vc_tta-o-no-fill vc_tta-tabs-position-top vc_tta-controls-align-left\"><div class=\"vc_tta-tabs-container\"><ul class=\"vc_tta-tabs-list\"><li class=\"vc_tta-tab vc_active\" data-vc-tab><a href=\"#Cercle-Gestalt\" data-vc-tabs data-vc-container=\".vc_tta\"><span class=\"vc_tta-title-text\">+ Cercle Gestalt<\/span><\/a><\/li><li class=\"vc_tta-tab\" data-vc-tab><a href=\"#Espai-TCI\" data-vc-tabs data-vc-container=\".vc_tta\"><span class=\"vc_tta-title-text\">+ Espai TCI<\/span><\/a><\/li><\/ul><\/div><div class=\"vc_tta-panels-container\"><div class=\"vc_tta-panels\"><div class=\"vc_tta-panel vc_active\" id=\"Cercle-Gestalt\" data-vc-content=\".vc_tta-panel-body\"><div class=\"vc_tta-panel-heading\"><h4 class=\"vc_tta-panel-title\"><a href=\"#Cercle-Gestalt\" data-vc-accordion data-vc-container=\".vc_tta-container\"><span class=\"vc_tta-title-text\">+ Cercle Gestalt<\/span><\/a><\/h4><\/div><div class=\"vc_tta-panel-body\"><div class=\"edgtf-row-grid-section-wrapper \" ><div class=\"edgtf-row-grid-section\"><div class=\"vc_row wpb_row vc_inner vc_row-fluid vc_custom_1718841489845 vc_row-o-equal-height vc_row-o-content-top vc_row-flex\" ><div class=\"wpb_column vc_column_container vc_col-sm-8\"><div class=\"vc_column-inner vc_custom_1707169961037\"><div class=\"wpb_wrapper\">\n\t<div class=\"wpb_text_column wpb_content_element \" >\n\t\t<div class=\"wpb_wrapper\">\n\t\t\t<p><strong>Cercle Gestalt<\/strong><\/p>\n<p style=\"text-align: justify;\">En Cercle Gestalt, contamos con diversos espacios acogedores, que incluyen una sala di\u00e1fana y varias salas adicionales para terapias individuales o de pareja. En nuestro centro, llevamos a cabo una variedad de actividades, como formaciones y talleres. La sala di\u00e1fana, adem\u00e1s de ser el escenario para los ciclos formativos, es un espacio ideal para pr\u00e1cticas como yoga, pilates y meditaci\u00f3n.<\/p>\n\n\t\t<\/div>\n\t<\/div>\n<div class=\"vc_empty_space\"   style=\"height: 15px\"><span class=\"vc_empty_space_inner\"><\/span><\/div>\n\t<div class=\"wpb_text_column wpb_content_element \" >\n\t\t<div class=\"wpb_wrapper\">\n\t\t\t<p><img loading=\"lazy\" decoding=\"async\" class=\"size-full wp-image-2837 alignleft\" src=\"https:\/\/cercledeconsciencia.com\/wp-content\/uploads\/2024\/02\/icon-tel.png\" alt=\"\" width=\"37\" height=\"37\" \/> +34 938 52 48 92<\/p>\n\n\t\t<\/div>\n\t<\/div>\n<div class=\"vc_empty_space\"   style=\"height: 15px\"><span class=\"vc_empty_space_inner\"><\/span><\/div>\n\t<div class=\"wpb_text_column wpb_content_element \" >\n\t\t<div class=\"wpb_wrapper\">\n\t\t\t<p><img loading=\"lazy\" decoding=\"async\" class=\"size-full wp-image-2835 alignleft\" src=\"https:\/\/cercledeconsciencia.com\/wp-content\/uploads\/2024\/02\/icon-ins.png\" alt=\"\" width=\"37\" height=\"37\" \/><a href=\"https:\/\/www.instagram.com\/cercledeconsciencia\" target=\"_blank\" rel=\"noopener\">@cercledeconsciencia<\/a><\/p>\n\n\t\t<\/div>\n\t<\/div>\n<div class=\"vc_empty_space\"   style=\"height: 24px\"><span class=\"vc_empty_space_inner\"><\/span><\/div>\n\t<div class=\"wpb_text_column wpb_content_element \" >\n\t\t<div class=\"wpb_wrapper\">\n\t\t\t<p><img loading=\"lazy\" decoding=\"async\" class=\"size-full wp-image-2834 alignleft\" src=\"https:\/\/cercledeconsciencia.com\/wp-content\/uploads\/2024\/02\/icon-fb.png\" alt=\"\" width=\"37\" height=\"37\" \/><a href=\"https:\/\/www.facebook.com\/Cercledeconscienciabarcelona\" target=\"_blank\" rel=\"noopener\">Cercledeconscienciabarcelona<\/a><\/p>\n\n\t\t<\/div>\n\t<\/div>\n<\/div><\/div><\/div><div class=\"br-local wpb_column vc_column_container vc_col-sm-4\"><div class=\"vc_column-inner vc_custom_1707169853732\"><div class=\"wpb_wrapper\">\n\t<div class=\"wpb_text_column wpb_content_element \" >\n\t\t<div class=\"wpb_wrapper\">\n\t\t\t<p><img loading=\"lazy\" decoding=\"async\" class=\"size-full wp-image-2836 alignleft\" src=\"https:\/\/cercledeconsciencia.com\/wp-content\/uploads\/2024\/02\/icon-map.png\" alt=\"\" width=\"37\" height=\"37\" \/><strong>Ver c\u00f3mo llegar<\/strong><\/p>\n\n\t\t<\/div>\n\t<\/div>\n<div class=\"vc_empty_space\"   style=\"height: 26px\"><span class=\"vc_empty_space_inner\"><\/span><\/div>\n\t<div class=\"wpb_text_column wpb_content_element \" >\n\t\t<div class=\"wpb_wrapper\">\n\t\t\t<p>Carrer de Pau Alsina, 16, Gr\u00e0cia, 08025 &#8211; Barcelona<\/p>\n<p><strong>Bus:<\/strong> V19 V21 114 &#8211;<\/p>\n<p><strong>Metro: <\/strong> L5 (Joanic)<\/p>\n<p><strong>Taxi:<\/strong> Es una calle de f\u00e1cil acceso, donde el taxi te dejar\u00eda directamente en la puerta de nuestra sala.<\/p>\n<p><strong>Parking:<\/strong> Hay parkings p\u00fablicos de pago pr\u00f3ximos al centro.<\/p>\n\n\t\t<\/div>\n\t<\/div>\n<\/div><\/div><\/div><\/div><\/div><\/div><\/div><\/div><div class=\"vc_tta-panel\" id=\"Espai-TCI\" data-vc-content=\".vc_tta-panel-body\"><div class=\"vc_tta-panel-heading\"><h4 class=\"vc_tta-panel-title\"><a href=\"#Espai-TCI\" data-vc-accordion data-vc-container=\".vc_tta-container\"><span class=\"vc_tta-title-text\">+ Espai TCI<\/span><\/a><\/h4><\/div><div class=\"vc_tta-panel-body\"><div class=\"vc_row wpb_row vc_inner vc_row-fluid vc_custom_1707169978852 vc_row-o-equal-height vc_row-o-content-top vc_row-flex\" ><div class=\"wpb_column vc_column_container vc_col-sm-8\"><div class=\"vc_column-inner vc_custom_1707169961037\"><div class=\"wpb_wrapper\">\n\t<div class=\"wpb_text_column wpb_content_element \" >\n\t\t<div class=\"wpb_wrapper\">\n\t\t\t<p><strong>Espai TCI<\/strong><\/p>\n<p style=\"text-align: justify;\">En el Espai TCI de Barcelona, llevamos a cabo diversas actividades, entre las cuales se incluyen formaciones, talleres y trabajos en grupo. Contamos con dos amplias salas ambivalentes con suelo de parquet y equipadas con medios audiovisuales. Adem\u00e1s de estas salas multifuncionales, en el Espai TCI de Barcelona tambi\u00e9n disponemos de espacios espec\u00edficos para la realizaci\u00f3n de terapias. Todo Espai TCI de Barcelona es accesible para personas con movilidad reducida.<\/p>\n\n\t\t<\/div>\n\t<\/div>\n<div class=\"vc_empty_space\"   style=\"height: 15px\"><span class=\"vc_empty_space_inner\"><\/span><\/div>\n\t<div class=\"wpb_text_column wpb_content_element \" >\n\t\t<div class=\"wpb_wrapper\">\n\t\t\t<p><img loading=\"lazy\" decoding=\"async\" class=\"size-full wp-image-2837 alignleft\" src=\"https:\/\/cercledeconsciencia.com\/wp-content\/uploads\/2024\/02\/icon-tel.png\" alt=\"\" width=\"37\" height=\"37\" \/> +34 931 19 09 88<\/p>\n\n\t\t<\/div>\n\t<\/div>\n<div class=\"vc_empty_space\"   style=\"height: 15px\"><span class=\"vc_empty_space_inner\"><\/span><\/div>\n\t<div class=\"wpb_text_column wpb_content_element \" >\n\t\t<div class=\"wpb_wrapper\">\n\t\t\t<p><img loading=\"lazy\" decoding=\"async\" class=\"size-full wp-image-2835 alignleft\" src=\"https:\/\/cercledeconsciencia.com\/wp-content\/uploads\/2024\/02\/icon-ins.png\" alt=\"\" width=\"37\" height=\"37\" \/><a href=\"https:\/\/www.instagram.com\/cercledeconsciencia\" target=\"_blank\" rel=\"noopener\">@cercledeconsciencia<\/a><\/p>\n\n\t\t<\/div>\n\t<\/div>\n<div class=\"vc_empty_space\"   style=\"height: 24px\"><span class=\"vc_empty_space_inner\"><\/span><\/div>\n\t<div class=\"wpb_text_column wpb_content_element \" >\n\t\t<div class=\"wpb_wrapper\">\n\t\t\t<p><img loading=\"lazy\" decoding=\"async\" class=\"size-full wp-image-2834 alignleft\" src=\"https:\/\/cercledeconsciencia.com\/wp-content\/uploads\/2024\/02\/icon-fb.png\" alt=\"\" width=\"37\" height=\"37\" \/><a href=\"https:\/\/www.facebook.com\/Cercledeconscienciabarcelona\" target=\"_blank\" rel=\"noopener\">Cercledeconscienciabarcelona<\/a><\/p>\n\n\t\t<\/div>\n\t<\/div>\n<\/div><\/div><\/div><div class=\"br-local wpb_column vc_column_container vc_col-sm-4\"><div class=\"vc_column-inner vc_custom_1707169853732\"><div class=\"wpb_wrapper\">\n\t<div class=\"wpb_text_column wpb_content_element \" >\n\t\t<div class=\"wpb_wrapper\">\n\t\t\t<p><img loading=\"lazy\" decoding=\"async\" class=\"size-full wp-image-2836 alignleft\" src=\"https:\/\/cercledeconsciencia.com\/wp-content\/uploads\/2024\/02\/icon-map.png\" alt=\"\" width=\"37\" height=\"37\" \/><strong>Ver c\u00f3mo llegar<\/strong><\/p>\n\n\t\t<\/div>\n\t<\/div>\n<div class=\"vc_empty_space\"   style=\"height: 26px\"><span class=\"vc_empty_space_inner\"><\/span><\/div>\n\t<div class=\"wpb_text_column wpb_content_element \" >\n\t\t<div class=\"wpb_wrapper\">\n\t\t\t<p>Carrer de Pau Alsina, 35, Gr\u00e0cia, 08025 Barcelona<\/p>\n<p><strong><strong>Bus:<\/strong> V19 V21 114 &#8211;<br \/>\n<\/strong><\/p>\n<p><strong>Metro:<\/strong> L5 (Joanic)<\/p>\n<p><strong>Taxi:<\/strong> Es una calle de f\u00e1cil acceso, donde el taxi te dejar\u00eda directamente en la puerta de nuestra sala.<\/p>\n<p><strong>Parking:<\/strong> Hay parkings p\u00fablicos de pago pr\u00f3ximos al centro.<\/p>\n\n\t\t<\/div>\n\t<\/div>\n<\/div><\/div><\/div><\/div><\/div><\/div><\/div><\/div><\/div><\/div><\/div><\/div><\/div><\/div><\/div><\/div><div class=\"edgtf-row-grid-section-wrapper \"  ><div class=\"edgtf-row-grid-section\"><div class=\"vc_row wpb_row vc_row-fluid\" ><div class=\"wpb_column vc_column_container vc_col-sm-12\"><div class=\"vc_column-inner\"><div class=\"wpb_wrapper\"><div class=\"vc_empty_space\"   style=\"height: 80px\"><span class=\"vc_empty_space_inner\"><\/span><\/div><div class=\"edgtf-row-grid-section-wrapper \" ><div class=\"edgtf-row-grid-section\"><div class=\"vc_row wpb_row vc_inner vc_row-fluid\" ><div class=\"wpb_column vc_column_container vc_col-sm-12\"><div class=\"vc_column-inner\"><div class=\"wpb_wrapper\">\n\t<div class=\"wpb_text_column wpb_content_element \" >\n\t\t<div class=\"wpb_wrapper\">\n\t\t\t<h2>Servicios que ofrecemos en Barcelona<\/h2>\n<p style=\"text-align: justify;\">Te invitamos a explorar nuestro abanico de servicios dise\u00f1ados para transformar tu vida de manera positiva. Nuestro deseo es guiarte en experiencias \u00fanicas hacia un camino de crecimiento y plenitud.<\/p>\n\n\t\t<\/div>\n\t<\/div>\n<\/div><\/div><\/div><\/div><\/div><\/div><div class=\"edgtf-row-grid-section-wrapper \" ><div class=\"edgtf-row-grid-section\"><div class=\"vc_row wpb_row vc_inner vc_row-fluid vc_custom_1702979848569\" ><div class=\"wpb_column vc_column_container vc_col-sm-6\"><div class=\"vc_column-inner vc_custom_1702333549031\"><div class=\"wpb_wrapper\">\n\t<div class=\"wpb_text_column wpb_content_element \" >\n\t\t<div class=\"wpb_wrapper\">\n\t\t\t<p style=\"color: #088094;\"><strong>\u00b7 Terapias individuales<\/strong><\/p>\n<p style=\"color: #088094;\"><strong>\u00b7 Terapias Individuales online<\/strong><\/p>\n<p style=\"color: #088094;\"><strong>\u00b7 Terapias de Grupo<\/strong><\/p>\n<p style=\"color: #088094;\"><strong>\u00b7 Constelaciones Familiares<\/strong><\/p>\n<p style=\"color: #088094;\"><strong>\u00b7 Talleres<\/strong><\/p>\n<p style=\"color: #088094;\"><strong>\u00b7 Conferencias <\/strong><\/p>\n<p style=\"color: #088094;\"><strong>\u00b7 Supervisi\u00f3n a terapeutas<\/strong><\/p>\n\n\t\t<\/div>\n\t<\/div>\n<\/div><\/div><\/div><div class=\"wpb_column vc_column_container vc_col-sm-6\"><div class=\"vc_column-inner vc_custom_1702333556029\"><div class=\"wpb_wrapper\">\n\t<div class=\"wpb_text_column wpb_content_element \" >\n\t\t<div class=\"wpb_wrapper\">\n\t\t\t<p style=\"color: #088094;\"><strong>\u00b7 Cursos Presenciales <\/strong><\/p>\n<p style=\"color: #088094;\"><strong>\u00b7 Cursos Online<\/strong><\/p>\n<p style=\"color: #088094;\"><strong>\u00b7 Meditaci\u00f3n <\/strong><\/p>\n<p style=\"color: #088094;\"><strong>\u00b7 Alquiler de espacios<\/strong><\/p>\n<p style=\"color: #088094;\"><strong>\u00b7 Formaci\u00f3n de larga duraci\u00f3n<\/strong><\/p>\n<p style=\"color: #088094;\"><strong>\u00b7 Masaje PSI <\/strong><\/p>\n<p style=\"color: #088094;\"><strong>\u00b7 Servicios a empresas<\/strong><\/p>\n\n\t\t<\/div>\n\t<\/div>\n<\/div><\/div><\/div><\/div><\/div><\/div><div class=\"vc_row wpb_row vc_inner vc_row-fluid\" ><div class=\"wpb_column vc_column_container vc_col-sm-12\"><div class=\"vc_column-inner\"><div class=\"wpb_wrapper\">\n\t<div class=\"wpb_text_column wpb_content_element \" >\n\t\t<div class=\"wpb_wrapper\">\n\t\t\t<h2>F\u00f3rmate en el Cercle de Consci\u00e8ncia de Barcelona<\/h2>\n<p style=\"text-align: justify;\">Con una trayectoria de m\u00e1s de dos d\u00e9cadas, en el Cercle de Consci\u00e8ncia confiamos en la importancia de un cambio significativo. Para lograrlo, proporcionamos una experiencia de aprendizaje hol\u00edstica, centrada en las diferentes dimensiones del Ser.<\/p>\n<p style=\"text-align: justify;\">Creamos un entorno educativo que no solo se enfoca en la adquisici\u00f3n de conocimientos, tambi\u00e9n buscamos la coherencia entre el mundo interno y externo de la persona para vivir en conexi\u00f3n. Dejar que la vida nos inspire. Ser seres creativas y creativos\u2026<\/p>\n<p style=\"text-align: justify;\">La revisi\u00f3n constante de nuestros contenidos garantiza la calidad continua de nuestra formaci\u00f3n, manteni\u00e9ndonos actualizados y relevantes. En nuestra visi\u00f3n, la diversidad y la inclusi\u00f3n son valores fundamentales. Comprendemos y respetamos la singularidad de cada persona, reflej\u00e1ndolo plenamente en nuestras formaciones.<\/p>\n\n\t\t<\/div>\n\t<\/div>\n<\/div><\/div><\/div><\/div><div class=\"vc_empty_space\"   style=\"height: 100px\"><span class=\"vc_empty_space_inner\"><\/span><\/div><\/div><\/div><\/div><\/div><\/div><\/div><div class=\"edgtf-row-grid-section-wrapper \"  ><div class=\"edgtf-row-grid-section\"><div class=\"vc_row wpb_row vc_row-fluid box-alquiler\" ><div class=\"wpb_column vc_column_container vc_col-sm-12\"><div class=\"vc_column-inner\"><div class=\"wpb_wrapper\"><div class=\"vc_row wpb_row vc_inner vc_row-fluid vc_row-o-equal-height vc_row-o-content-bottom vc_row-flex\" ><div class=\"br-radius-l wpb_column vc_column_container vc_col-sm-4 vc_col-has-fill\"><div class=\"vc_column-inner vc_custom_1708389352768\"><div class=\"wpb_wrapper\"><div class=\"vc_empty_space\"   style=\"height: 200px\"><span class=\"vc_empty_space_inner\"><\/span><\/div><\/div><\/div><\/div><div class=\"wpb_column vc_column_container vc_col-sm-6\"><div class=\"vc_column-inner\"><div class=\"wpb_wrapper\">\n\t<div class=\"wpb_text_column wpb_content_element  vc_custom_1745772447427\" >\n\t\t<div class=\"wpb_wrapper\">\n\t\t\t<h5><span style=\"color: #03806b;\"><strong>FGI<\/strong><\/span><br \/>\nFormaci\u00f3n <strong>Gestalt Integrativa<\/strong><\/h5>\n<h6 style=\"color: #03806b; margin-top: -20px;\">Matr\u00edcula Abierta<\/h6>\n<p>Si buscas autoconocimiento y transformaci\u00f3n personal, nuestra <a href=\"https:\/\/cercledeconsciencia.com\/es\/formacion-gestalt-integrativa\/\"><strong>Formaci\u00f3n en Terapia Gestalt en Barcelona <\/strong><\/a>es para ti.<\/p>\n\n\t\t<\/div>\n\t<\/div>\n<\/div><\/div><\/div><div class=\"wpb_column vc_column_container vc_col-sm-2\"><div class=\"vc_column-inner\"><div class=\"wpb_wrapper\">\n\t<div  class=\"wpb_single_image wpb_content_element vc_align_right  vc_custom_1721728087206\">\n\t\t\n\t\t<figure class=\"wpb_wrapper vc_figure\">\n\t\t\t<a href=\"\/formacion-gestalt-integrativa\/\" target=\"_self\" class=\"vc_single_image-wrapper   vc_box_border_grey\"><img loading=\"lazy\" decoding=\"async\" width=\"72\" height=\"72\" src=\"https:\/\/cercledeconsciencia.com\/wp-content\/uploads\/2023\/07\/btn.png\" class=\"vc_single_image-img attachment-full\" alt=\"\" title=\"btn\" \/><\/a>\n\t\t<\/figure>\n\t<\/div>\n<div class=\"vc_empty_space\"   style=\"height: 30px\"><span class=\"vc_empty_space_inner\"><\/span><\/div><\/div><\/div><\/div><\/div><\/div><\/div><\/div><\/div><\/div><\/div><div class=\"vc_row wpb_row vc_row-fluid\" ><div class=\"wpb_column vc_column_container vc_col-sm-12\"><div class=\"vc_column-inner\"><div class=\"wpb_wrapper\"><div class=\"vc_empty_space\"   style=\"height: 30px\"><span class=\"vc_empty_space_inner\"><\/span><\/div><\/div><\/div><\/div><\/div><div class=\"edgtf-row-grid-section-wrapper \"  ><div class=\"edgtf-row-grid-section\"><div class=\"vc_row wpb_row vc_row-fluid box-alquiler\" ><div class=\"wpb_column vc_column_container vc_col-sm-12\"><div class=\"vc_column-inner\"><div class=\"wpb_wrapper\"><div class=\"vc_row wpb_row vc_inner vc_row-fluid vc_row-o-equal-height vc_row-o-content-bottom vc_row-flex\" ><div class=\"br-radius-l wpb_column vc_column_container vc_col-sm-4 vc_col-has-fill\"><div class=\"vc_column-inner vc_custom_1708389524559\"><div class=\"wpb_wrapper\"><div class=\"vc_empty_space\"   style=\"height: 200px\"><span class=\"vc_empty_space_inner\"><\/span><\/div><\/div><\/div><\/div><div class=\"wpb_column vc_column_container vc_col-sm-6\"><div class=\"vc_column-inner\"><div class=\"wpb_wrapper\">\n\t<div class=\"wpb_text_column wpb_content_element  vc_custom_1706235963854\" >\n\t\t<div class=\"wpb_wrapper\">\n\t\t\t<h5><span style=\"color: #8b1633;\"><strong>TCI<\/strong><\/span><br \/>\nFormaci\u00f3n <strong>Terapia Corporal Integrativa<\/strong><\/h5>\n<h6 style=\"color: #8b1633; margin-top: -20px;\">Matr\u00edcula Abierta<\/h6>\n<p>Descubre c\u00f3mo la <strong>Formaci\u00f3n TCI<\/strong> puede ayudarte a integrar mente, emoci\u00f3n y cuerpo. Formaci\u00f3n te\u00f3rica y vivencial en Barcelona. \u00a1Consulta nuestro programa!<\/p>\n\n\t\t<\/div>\n\t<\/div>\n<\/div><\/div><\/div><div class=\"wpb_column vc_column_container vc_col-sm-2\"><div class=\"vc_column-inner\"><div class=\"wpb_wrapper\">\n\t<div  class=\"wpb_single_image wpb_content_element vc_align_right  vc_custom_1721728094254\">\n\t\t\n\t\t<figure class=\"wpb_wrapper vc_figure\">\n\t\t\t<a href=\"\/formacion-en-terapia-corporal-integrativa\/\" target=\"_self\" class=\"vc_single_image-wrapper   vc_box_border_grey\"><img loading=\"lazy\" decoding=\"async\" width=\"72\" height=\"72\" src=\"https:\/\/cercledeconsciencia.com\/wp-content\/uploads\/2023\/07\/btn.png\" class=\"vc_single_image-img attachment-full\" alt=\"\" title=\"btn\" \/><\/a>\n\t\t<\/figure>\n\t<\/div>\n<div class=\"vc_empty_space\"   style=\"height: 30px\"><span class=\"vc_empty_space_inner\"><\/span><\/div><\/div><\/div><\/div><\/div><\/div><\/div><\/div><\/div><\/div><\/div><div class=\"vc_row wpb_row vc_row-fluid\" ><div class=\"wpb_column vc_column_container vc_col-sm-12\"><div class=\"vc_column-inner\"><div class=\"wpb_wrapper\"><div class=\"vc_empty_space\"   style=\"height: 30px\"><span class=\"vc_empty_space_inner\"><\/span><\/div><\/div><\/div><\/div><\/div><div class=\"edgtf-row-grid-section-wrapper \"  ><div class=\"edgtf-row-grid-section\"><div class=\"vc_row wpb_row vc_row-fluid box-alquiler\" ><div class=\"wpb_column vc_column_container vc_col-sm-12\"><div class=\"vc_column-inner\"><div class=\"wpb_wrapper\"><div class=\"vc_row wpb_row vc_inner vc_row-fluid vc_row-o-equal-height vc_row-o-content-bottom vc_row-flex\" ><div class=\"br-radius-l wpb_column vc_column_container vc_col-sm-4 vc_col-has-fill\"><div class=\"vc_column-inner vc_custom_1708389596169\"><div class=\"wpb_wrapper\"><div class=\"vc_empty_space\"   style=\"height: 200px\"><span class=\"vc_empty_space_inner\"><\/span><\/div><\/div><\/div><\/div><div class=\"wpb_column vc_column_container vc_col-sm-6\"><div class=\"vc_column-inner\"><div class=\"wpb_wrapper\">\n\t<div class=\"wpb_text_column wpb_content_element  vc_custom_1706235955862\" >\n\t\t<div class=\"wpb_wrapper\">\n\t\t\t<h5><span style=\"color: #c93117;\"><strong>FSI<\/strong><\/span><br \/>\nFormaci\u00f3n <strong>Sexualidad Integrativa<\/strong><\/h5>\n<h6 style=\"color: #c93117; margin-top: -20px;\">Matr\u00edcula Abierta<\/h6>\n<p>Sum\u00e9rgete en la Formaci\u00f3n en Sexualidad Integrativa, la cual aborda la sexualidad desde un enfoque pluridisciplinario e integrativo. Consulta el programa completo para Barcelona. <\/p>\n\n\t\t<\/div>\n\t<\/div>\n<\/div><\/div><\/div><div class=\"wpb_column vc_column_container vc_col-sm-2\"><div class=\"vc_column-inner\"><div class=\"wpb_wrapper\">\n\t<div  class=\"wpb_single_image wpb_content_element vc_align_right  vc_custom_1721728109075\">\n\t\t\n\t\t<figure class=\"wpb_wrapper vc_figure\">\n\t\t\t<a href=\"\/formacion-en-sexualidad-integrativa\/\" target=\"_self\" class=\"vc_single_image-wrapper   vc_box_border_grey\"><img loading=\"lazy\" decoding=\"async\" width=\"72\" height=\"72\" src=\"https:\/\/cercledeconsciencia.com\/wp-content\/uploads\/2023\/07\/btn.png\" class=\"vc_single_image-img attachment-full\" alt=\"\" title=\"btn\" \/><\/a>\n\t\t<\/figure>\n\t<\/div>\n<div class=\"vc_empty_space\"   style=\"height: 30px\"><span class=\"vc_empty_space_inner\"><\/span><\/div><\/div><\/div><\/div><\/div><\/div><\/div><\/div><\/div><\/div><\/div><div class=\"vc_row wpb_row vc_row-fluid\" ><div class=\"wpb_column vc_column_container vc_col-sm-12\"><div class=\"vc_column-inner\"><div class=\"wpb_wrapper\"><div class=\"vc_empty_space\"   style=\"height: 30px\"><span class=\"vc_empty_space_inner\"><\/span><\/div><\/div><\/div><\/div><\/div><div class=\"edgtf-row-grid-section-wrapper \"  ><div class=\"edgtf-row-grid-section\"><div class=\"vc_row wpb_row vc_row-fluid box-alquiler\" ><div class=\"wpb_column vc_column_container vc_col-sm-12\"><div class=\"vc_column-inner\"><div class=\"wpb_wrapper\"><div class=\"vc_row wpb_row vc_inner vc_row-fluid vc_row-o-equal-height vc_row-o-content-bottom vc_row-flex\" ><div class=\"br-radius-l wpb_column vc_column_container vc_col-sm-4 vc_col-has-fill\"><div class=\"vc_column-inner vc_custom_1708389635194\"><div class=\"wpb_wrapper\"><div class=\"vc_empty_space\"   style=\"height: 200px\"><span class=\"vc_empty_space_inner\"><\/span><\/div><\/div><\/div><\/div><div class=\"wpb_column vc_column_container vc_col-sm-6\"><div class=\"vc_column-inner\"><div class=\"wpb_wrapper\">\n\t<div class=\"wpb_text_column wpb_content_element  vc_custom_1706236041117\" >\n\t\t<div class=\"wpb_wrapper\">\n\t\t\t<h5><span style=\"color: #1d3e8b;\"><strong>FTI<\/strong><\/span><br \/>\nFormaci\u00f3n <strong>Transpersonal Integrativa.<\/strong><br \/>\nAvalada por Claudio Naranjo<\/h5>\n<h6 style=\"color: #1d3e8b; margin-top: -20px;\">Matr\u00edcula Abierta<\/h6>\n<p>Explora dimensiones espirituales y estados de consciencia expandida. Consulta el calendario para la pr\u00f3xima convocatoria de la formaci\u00f3n <strong>Transpersonal en Barcelona<\/strong>.<\/p>\n\n\t\t<\/div>\n\t<\/div>\n<\/div><\/div><\/div><div class=\"wpb_column vc_column_container vc_col-sm-2\"><div class=\"vc_column-inner\"><div class=\"wpb_wrapper\">\n\t<div  class=\"wpb_single_image wpb_content_element vc_align_right  vc_custom_1721728211492\">\n\t\t\n\t\t<figure class=\"wpb_wrapper vc_figure\">\n\t\t\t<a href=\"\/formacion-transpersonal-integrativa\/\" target=\"_self\" class=\"vc_single_image-wrapper   vc_box_border_grey\"><img loading=\"lazy\" decoding=\"async\" width=\"72\" height=\"72\" src=\"https:\/\/cercledeconsciencia.com\/wp-content\/uploads\/2023\/07\/btn.png\" class=\"vc_single_image-img attachment-full\" alt=\"\" title=\"btn\" \/><\/a>\n\t\t<\/figure>\n\t<\/div>\n<div class=\"vc_empty_space\"   style=\"height: 30px\"><span class=\"vc_empty_space_inner\"><\/span><\/div><\/div><\/div><\/div><\/div><\/div><\/div><\/div><\/div><\/div><\/div><div class=\"vc_row wpb_row vc_row-fluid vc_custom_1689090462594\" ><div class=\"wpb_column vc_column_container vc_col-sm-12\"><div class=\"vc_column-inner\"><div class=\"wpb_wrapper\"><div class=\"vc_empty_space\"   style=\"height: 80px\"><span class=\"vc_empty_space_inner\"><\/span><\/div><\/div><\/div><\/div><\/div><div class=\"edgtf-row-grid-section-wrapper \"  ><div class=\"edgtf-row-grid-section\"><div class=\"vc_row wpb_row vc_row-fluid\" ><div class=\"wpb_column vc_column_container vc_col-sm-12\"><div class=\"vc_column-inner\"><div class=\"wpb_wrapper\"><div class=\"edgtf-row-grid-section-wrapper \" ><div class=\"edgtf-row-grid-section\"><div class=\"vc_row wpb_row vc_inner vc_row-fluid\" ><div class=\"wpb_column vc_column_container vc_col-sm-12\"><div class=\"vc_column-inner\"><div class=\"wpb_wrapper\">\n\t<div class=\"wpb_text_column wpb_content_element \" >\n\t\t<div class=\"wpb_wrapper\">\n\t\t\t<h2>Actividades del Cercle de Consci\u00e8ncia Barcelona<\/h2>\n<p style=\"text-align: justify;\">Explora las variadas actividades que <strong>Cercle de Consci\u00e8ncia Barcelona<\/strong> ofrece. Desde eventos puntuales ideales para conocernos, hasta sesiones regulares peri\u00f3dicas.<\/p>\n\n\t\t<\/div>\n\t<\/div>\n<\/div><\/div><\/div><\/div><\/div><\/div><\/div><\/div><\/div><\/div><\/div><\/div><div class=\"vc_row wpb_row vc_row-fluid vc_custom_1706234204730\" ><div class=\"wpb_column vc_column_container vc_col-sm-12\"><div class=\"vc_column-inner\"><div class=\"wpb_wrapper\"><div class=\"vc_empty_space\"   style=\"height: 80px\"><span class=\"vc_empty_space_inner\"><\/span><\/div><div class=\"mec-wrap mec-skin-carousel-container  \" id=\"mec_skin_2813\">\r\n        <div class=\"mec-skin-carousel-events-container\" id=\"mec_skin_events_2813\">\r\n        <div class=\"mec-wrap colorskin-custom\">\r\n    <div class=\"mec-event-carousel-type3\">\r\n                <div class='mec-owl-crousel-skin-type2 mec-owl-carousel mec-owl-theme'>\r\n                        <article class=\"mec-past-event mec-event-article  mec-clear \" itemscope>\r\n                                        <div class=\"event-carousel-type3-head clearfix\">\r\n                    <div class=\"mec-event-image\">\r\n                        <a data-event-id=\"5471\" href=\"https:\/\/cercledeconsciencia.com\/es\/actividades\/ciclo-de-meditaciones-activas\/\" target=\"_self\" rel=\"noopener\"><img loading=\"lazy\" decoding=\"async\" width=\"474\" height=\"324\" src=\"https:\/\/cercledeconsciencia.com\/wp-content\/uploads\/2025\/10\/Captura-de-pantalla-2025-10-23-a-las-11.42.32-474x324.png\" class=\"attachment-meccarouselthumb size-meccarouselthumb wp-post-image\" alt=\"\" data-mec-postid=\"5471\" \/><\/a>                                            <\/div>\r\n                    <div class=\"mec-event-footer-carousel-type3\">\r\n                                                    <span class=\"mec-event-date-info\"><span class=\"mec-start-date-label\">Abr 28, 2026<\/span><\/span>\r\n                                                                                                                        <h4 class=\"mec-event-carousel-title\"><a class=\"mec-color-hover\" data-event-id=\"5471\" href=\"https:\/\/cercledeconsciencia.com\/es\/actividades\/ciclo-de-meditaciones-activas\/\" target=\"_self\" rel=\"noopener\">Ciclo de Meditaciones Activas<\/a><\/h4>\r\n                                                <p class=\"mec-carousel-event-location\"><span>Espai TCI de Barcelona<\/span><br>Carrer de Pau Alsina, 35 Gracia - Barcelona<\/p>\r\n                                                    <ul class=\"mec-event-sharing-wrap\">\r\n                                <li class=\"mec-event-share\">\r\n                                    <a href=\"#\" class=\"mec-event-share-icon\">\r\n                                        <i class=\"mec-sl-share mec-bg-color-hover mec-border-color-hover\" title=\"Share\" alt=\"Share\"><\/i>\r\n                                    <\/a>\r\n                                <\/li>\r\n                                <li>\r\n                                    <ul class=\"mec-event-sharing\">\r\n                                        <li class=\"mec-event-social-icon\"><a class=\"facebook\" href=\"https:\/\/www.facebook.com\/sharer\/sharer.php?u=https%3A%2F%2Fcercledeconsciencia.com%2Fes%2Factividades%2Fciclo-de-meditaciones-activas%2F\" onclick=\"javascript:window.open(this.href, '', 'menubar=no,toolbar=no,resizable=yes,scrollbars=yes,height=500,width=600'); return false;\" target=\"_blank\" title=\"Compartir en Facebook\"><i class=\"mec-fa-facebook\"><\/i><span class=\"mec-social-title\">Facebook<\/span><\/a><\/li><li class=\"mec-event-social-icon\"><a class=\"twitter\" href=\"https:\/\/x.com\/intent\/tweet?url=https%3A%2F%2Fcercledeconsciencia.com%2Fes%2Factividades%2Fciclo-de-meditaciones-activas%2F\" onclick=\"javascript:window.open(this.href, '', 'menubar=no,toolbar=no,resizable=yes,scrollbars=yes,height=600,width=500'); return false;\" target=\"_blank\" title=\"X Social Network\"><svg xmlns=\"http:\/\/www.w3.org\/2000\/svg\" shape-rendering=\"geometricPrecision\" text-rendering=\"geometricPrecision\" image-rendering=\"optimizeQuality\" fill-rule=\"evenodd\" clip-rule=\"evenodd\" viewBox=\"0 0 512 462.799\"><path fill-rule=\"nonzero\" d=\"M403.229 0h78.506L310.219 196.04 512 462.799H354.002L230.261 301.007 88.669 462.799h-78.56l183.455-209.683L0 0h161.999l111.856 147.88L403.229 0zm-27.556 415.805h43.505L138.363 44.527h-46.68l283.99 371.278z\"\/><\/svg><span class=\"mec-social-title\">Twitter<\/span><\/a><\/li><li class=\"mec-event-social-icon\"><a class=\"linkedin\" href=\"https:\/\/www.linkedin.com\/shareArticle?mini=true&url=https%3A%2F%2Fcercledeconsciencia.com%2Fes%2Factividades%2Fciclo-de-meditaciones-activas%2F\" onclick=\"javascript:window.open(this.href, '', 'menubar=no,toolbar=no,resizable=yes,scrollbars=yes,height=600,width=500'); return false;\" target=\"_blank\" title=\"LinkedIn\"><i class=\"mec-fa-linkedin\"><\/i><span class=\"mec-social-title\">LinkedIn<\/span><\/a><\/li><li class=\"mec-event-social-icon\"><a class=\"pinterest\" href=\"http:\/\/pinterest.com\/pin\/create\/button\/?url=https%3A%2F%2Fcercledeconsciencia.com%2Fes%2Factividades%2Fciclo-de-meditaciones-activas%2F\" target=\"_blank\" title=\"Compartir en Pinterest\"><i class=\"mec-fa-pinterest\"><\/i><span class=\"mec-social-title\">Pitnerest<\/span><\/a><\/li><li class=\"mec-event-social-icon\"><a class=\"whatsapp\" href=\"https:\/\/api.whatsapp.com\/send?text=https%3A%2F%2Fcercledeconsciencia.com%2Fes%2Factividades%2Fciclo-de-meditaciones-activas%2F\" target=\"_blank\" title=\"Compartir en WhatsApp\"><i class=\"mec-fa-whatsapp\"><\/i><span class=\"mec-social-title\">WhatsApp<\/span><\/a><\/li><li class=\"mec-event-social-icon\"><a class=\"telegram\" href=\"https:\/\/telegram.me\/share\/url?url=https%3A%2F%2Fcercledeconsciencia.com%2Fes%2Factividades%2Fciclo-de-meditaciones-activas%2F&text=Ciclo de Meditaciones Activas\" target=\"_blank\" title=\"Compartir en Telegram\">\r\n            <i><svg aria-hidden=\"true\" focusable=\"false\" data-prefix=\"fab\" data-icon=\"telegram\" class=\"svg-inline--fa fa-telegram fa-w-16\" role=\"img\" xmlns=\"http:\/\/www.w3.org\/2000\/svg\" viewBox=\"0 0 496 512\"><path fill=\"currentColor\" d=\"M248 8C111 8 0 119 0 256s111 248 248 248 248-111 248-248S385 8 248 8zm121.8 169.9l-40.7 191.8c-3 13.6-11.1 16.9-22.4 10.5l-62-45.7-29.9 28.8c-3.3 3.3-6.1 6.1-12.5 6.1l4.4-63.1 114.9-103.8c5-4.4-1.1-6.9-7.7-2.5l-142 89.4-61.2-19.1c-13.3-4.2-13.6-13.3 2.8-19.7l239.1-92.2c11.1-4 20.8 2.7 17.2 19.5z\"><\/path><\/svg><\/i>\r\n            <span class=\"mec-social-title\">Telegram<\/span>\r\n        <\/a><\/li>                                    <\/ul>\r\n                                <\/li>\r\n                            <\/ul>\r\n                                                <a class=\"mec-booking-button mec-bg-color-hover mec-border-color-hover\" data-event-id=\"5471\" href=\"https:\/\/cercledeconsciencia.com\/es\/actividades\/ciclo-de-meditaciones-activas\/\" target=\"_self\" rel=\"noopener\">Ver detalle<\/a>                                            <\/div>\r\n                <\/div>\r\n                            <\/article>\r\n                                    <article class=\"mec-past-event mec-event-article  mec-clear \" itemscope>\r\n                                        <div class=\"event-carousel-type3-head clearfix\">\r\n                    <div class=\"mec-event-image\">\r\n                        <a data-event-id=\"2273\" href=\"https:\/\/cercledeconsciencia.com\/es\/actividades\/terapia-corporal-y-respiratoria\/\" target=\"_self\" rel=\"noopener\"><img loading=\"lazy\" decoding=\"async\" width=\"474\" height=\"324\" src=\"https:\/\/cercledeconsciencia.com\/wp-content\/uploads\/2023\/11\/IMG_TERAPIA-CORPORAL-y-RESPIRATORIA-474x324.jpg\" class=\"attachment-meccarouselthumb size-meccarouselthumb wp-post-image\" alt=\"\" data-mec-postid=\"2273\" \/><\/a>                                            <\/div>\r\n                    <div class=\"mec-event-footer-carousel-type3\">\r\n                                                    <span class=\"mec-event-date-info\"><span class=\"mec-start-date-label\">Abr 29, 2026<\/span><\/span>\r\n                                                                                                                        <h4 class=\"mec-event-carousel-title\"><a class=\"mec-color-hover\" data-event-id=\"2273\" href=\"https:\/\/cercledeconsciencia.com\/es\/actividades\/terapia-corporal-y-respiratoria\/\" target=\"_self\" rel=\"noopener\">Terapia Corporal y Respiratoria<\/a><\/h4>\r\n                                                <p class=\"mec-carousel-event-location\"><span>Espai TCI de Barcelona<\/span><br>Carrer de Pau Alsina, 35 Gracia - Barcelona<\/p>\r\n                                                    <ul class=\"mec-event-sharing-wrap\">\r\n                                <li class=\"mec-event-share\">\r\n                                    <a href=\"#\" class=\"mec-event-share-icon\">\r\n                                        <i class=\"mec-sl-share mec-bg-color-hover mec-border-color-hover\" title=\"Share\" alt=\"Share\"><\/i>\r\n                                    <\/a>\r\n                                <\/li>\r\n                                <li>\r\n                                    <ul class=\"mec-event-sharing\">\r\n                                        <li class=\"mec-event-social-icon\"><a class=\"facebook\" href=\"https:\/\/www.facebook.com\/sharer\/sharer.php?u=https%3A%2F%2Fcercledeconsciencia.com%2Fes%2Factividades%2Fterapia-corporal-y-respiratoria%2F\" onclick=\"javascript:window.open(this.href, '', 'menubar=no,toolbar=no,resizable=yes,scrollbars=yes,height=500,width=600'); return false;\" target=\"_blank\" title=\"Compartir en Facebook\"><i class=\"mec-fa-facebook\"><\/i><span class=\"mec-social-title\">Facebook<\/span><\/a><\/li><li class=\"mec-event-social-icon\"><a class=\"twitter\" href=\"https:\/\/x.com\/intent\/tweet?url=https%3A%2F%2Fcercledeconsciencia.com%2Fes%2Factividades%2Fterapia-corporal-y-respiratoria%2F\" onclick=\"javascript:window.open(this.href, '', 'menubar=no,toolbar=no,resizable=yes,scrollbars=yes,height=600,width=500'); return false;\" target=\"_blank\" title=\"X Social Network\"><svg xmlns=\"http:\/\/www.w3.org\/2000\/svg\" shape-rendering=\"geometricPrecision\" text-rendering=\"geometricPrecision\" image-rendering=\"optimizeQuality\" fill-rule=\"evenodd\" clip-rule=\"evenodd\" viewBox=\"0 0 512 462.799\"><path fill-rule=\"nonzero\" d=\"M403.229 0h78.506L310.219 196.04 512 462.799H354.002L230.261 301.007 88.669 462.799h-78.56l183.455-209.683L0 0h161.999l111.856 147.88L403.229 0zm-27.556 415.805h43.505L138.363 44.527h-46.68l283.99 371.278z\"\/><\/svg><span class=\"mec-social-title\">Twitter<\/span><\/a><\/li><li class=\"mec-event-social-icon\"><a class=\"linkedin\" href=\"https:\/\/www.linkedin.com\/shareArticle?mini=true&url=https%3A%2F%2Fcercledeconsciencia.com%2Fes%2Factividades%2Fterapia-corporal-y-respiratoria%2F\" onclick=\"javascript:window.open(this.href, '', 'menubar=no,toolbar=no,resizable=yes,scrollbars=yes,height=600,width=500'); return false;\" target=\"_blank\" title=\"LinkedIn\"><i class=\"mec-fa-linkedin\"><\/i><span class=\"mec-social-title\">LinkedIn<\/span><\/a><\/li><li class=\"mec-event-social-icon\"><a class=\"pinterest\" href=\"http:\/\/pinterest.com\/pin\/create\/button\/?url=https%3A%2F%2Fcercledeconsciencia.com%2Fes%2Factividades%2Fterapia-corporal-y-respiratoria%2F\" target=\"_blank\" title=\"Compartir en Pinterest\"><i class=\"mec-fa-pinterest\"><\/i><span class=\"mec-social-title\">Pitnerest<\/span><\/a><\/li><li class=\"mec-event-social-icon\"><a class=\"whatsapp\" href=\"https:\/\/api.whatsapp.com\/send?text=https%3A%2F%2Fcercledeconsciencia.com%2Fes%2Factividades%2Fterapia-corporal-y-respiratoria%2F\" target=\"_blank\" title=\"Compartir en WhatsApp\"><i class=\"mec-fa-whatsapp\"><\/i><span class=\"mec-social-title\">WhatsApp<\/span><\/a><\/li><li class=\"mec-event-social-icon\"><a class=\"telegram\" href=\"https:\/\/telegram.me\/share\/url?url=https%3A%2F%2Fcercledeconsciencia.com%2Fes%2Factividades%2Fterapia-corporal-y-respiratoria%2F&text=Terapia Corporal y Respiratoria\" target=\"_blank\" title=\"Compartir en Telegram\">\r\n            <i><svg aria-hidden=\"true\" focusable=\"false\" data-prefix=\"fab\" data-icon=\"telegram\" class=\"svg-inline--fa fa-telegram fa-w-16\" role=\"img\" xmlns=\"http:\/\/www.w3.org\/2000\/svg\" viewBox=\"0 0 496 512\"><path fill=\"currentColor\" d=\"M248 8C111 8 0 119 0 256s111 248 248 248 248-111 248-248S385 8 248 8zm121.8 169.9l-40.7 191.8c-3 13.6-11.1 16.9-22.4 10.5l-62-45.7-29.9 28.8c-3.3 3.3-6.1 6.1-12.5 6.1l4.4-63.1 114.9-103.8c5-4.4-1.1-6.9-7.7-2.5l-142 89.4-61.2-19.1c-13.3-4.2-13.6-13.3 2.8-19.7l239.1-92.2c11.1-4 20.8 2.7 17.2 19.5z\"><\/path><\/svg><\/i>\r\n            <span class=\"mec-social-title\">Telegram<\/span>\r\n        <\/a><\/li>                                    <\/ul>\r\n                                <\/li>\r\n                            <\/ul>\r\n                                                <a class=\"mec-booking-button mec-bg-color-hover mec-border-color-hover\" data-event-id=\"2273\" href=\"https:\/\/cercledeconsciencia.com\/es\/actividades\/terapia-corporal-y-respiratoria\/\" target=\"_self\" rel=\"noopener\">Ver detalle<\/a>                                            <\/div>\r\n                <\/div>\r\n                            <\/article>\r\n                        <article class=\"mec-past-event mec-event-article  mec-clear \" itemscope>\r\n                                        <div class=\"event-carousel-type3-head clearfix\">\r\n                    <div class=\"mec-event-image\">\r\n                        <a data-event-id=\"4667\" href=\"https:\/\/cercledeconsciencia.com\/es\/actividades\/desbloqueo-corporal-tardes\/\" target=\"_self\" rel=\"noopener\"><img loading=\"lazy\" decoding=\"async\" width=\"474\" height=\"324\" src=\"https:\/\/cercledeconsciencia.com\/wp-content\/uploads\/2024\/07\/Captura-de-pantalla-2025-10-30-a-las-9.13.46-474x324.png\" class=\"attachment-meccarouselthumb size-meccarouselthumb wp-post-image\" alt=\"\" data-mec-postid=\"4667\" \/><\/a>                                            <\/div>\r\n                    <div class=\"mec-event-footer-carousel-type3\">\r\n                                                    <span class=\"mec-event-date-info\"><span class=\"mec-start-date-label\">Abr 29, 2026<\/span><\/span>\r\n                                                                                                                        <h4 class=\"mec-event-carousel-title\"><a class=\"mec-color-hover\" data-event-id=\"4667\" href=\"https:\/\/cercledeconsciencia.com\/es\/actividades\/desbloqueo-corporal-tardes\/\" target=\"_self\" rel=\"noopener\">Desbloqueo corporal &#8211; Grupo tardes<\/a><\/h4>\r\n                                                <p class=\"mec-carousel-event-location\"><span>Espai TCI de Barcelona<\/span><br>Carrer de Pau Alsina, 35 Gracia - Barcelona<\/p>\r\n                                                    <ul class=\"mec-event-sharing-wrap\">\r\n                                <li class=\"mec-event-share\">\r\n                                    <a href=\"#\" class=\"mec-event-share-icon\">\r\n                                        <i class=\"mec-sl-share mec-bg-color-hover mec-border-color-hover\" title=\"Share\" alt=\"Share\"><\/i>\r\n                                    <\/a>\r\n                                <\/li>\r\n                                <li>\r\n                                    <ul class=\"mec-event-sharing\">\r\n                                        <li class=\"mec-event-social-icon\"><a class=\"facebook\" href=\"https:\/\/www.facebook.com\/sharer\/sharer.php?u=https%3A%2F%2Fcercledeconsciencia.com%2Fes%2Factividades%2Fdesbloqueo-corporal-tardes%2F\" onclick=\"javascript:window.open(this.href, '', 'menubar=no,toolbar=no,resizable=yes,scrollbars=yes,height=500,width=600'); return false;\" target=\"_blank\" title=\"Compartir en Facebook\"><i class=\"mec-fa-facebook\"><\/i><span class=\"mec-social-title\">Facebook<\/span><\/a><\/li><li class=\"mec-event-social-icon\"><a class=\"twitter\" href=\"https:\/\/x.com\/intent\/tweet?url=https%3A%2F%2Fcercledeconsciencia.com%2Fes%2Factividades%2Fdesbloqueo-corporal-tardes%2F\" onclick=\"javascript:window.open(this.href, '', 'menubar=no,toolbar=no,resizable=yes,scrollbars=yes,height=600,width=500'); return false;\" target=\"_blank\" title=\"X Social Network\"><svg xmlns=\"http:\/\/www.w3.org\/2000\/svg\" shape-rendering=\"geometricPrecision\" text-rendering=\"geometricPrecision\" image-rendering=\"optimizeQuality\" fill-rule=\"evenodd\" clip-rule=\"evenodd\" viewBox=\"0 0 512 462.799\"><path fill-rule=\"nonzero\" d=\"M403.229 0h78.506L310.219 196.04 512 462.799H354.002L230.261 301.007 88.669 462.799h-78.56l183.455-209.683L0 0h161.999l111.856 147.88L403.229 0zm-27.556 415.805h43.505L138.363 44.527h-46.68l283.99 371.278z\"\/><\/svg><span class=\"mec-social-title\">Twitter<\/span><\/a><\/li><li class=\"mec-event-social-icon\"><a class=\"linkedin\" href=\"https:\/\/www.linkedin.com\/shareArticle?mini=true&url=https%3A%2F%2Fcercledeconsciencia.com%2Fes%2Factividades%2Fdesbloqueo-corporal-tardes%2F\" onclick=\"javascript:window.open(this.href, '', 'menubar=no,toolbar=no,resizable=yes,scrollbars=yes,height=600,width=500'); return false;\" target=\"_blank\" title=\"LinkedIn\"><i class=\"mec-fa-linkedin\"><\/i><span class=\"mec-social-title\">LinkedIn<\/span><\/a><\/li><li class=\"mec-event-social-icon\"><a class=\"pinterest\" href=\"http:\/\/pinterest.com\/pin\/create\/button\/?url=https%3A%2F%2Fcercledeconsciencia.com%2Fes%2Factividades%2Fdesbloqueo-corporal-tardes%2F\" target=\"_blank\" title=\"Compartir en Pinterest\"><i class=\"mec-fa-pinterest\"><\/i><span class=\"mec-social-title\">Pitnerest<\/span><\/a><\/li><li class=\"mec-event-social-icon\"><a class=\"whatsapp\" href=\"https:\/\/api.whatsapp.com\/send?text=https%3A%2F%2Fcercledeconsciencia.com%2Fes%2Factividades%2Fdesbloqueo-corporal-tardes%2F\" target=\"_blank\" title=\"Compartir en WhatsApp\"><i class=\"mec-fa-whatsapp\"><\/i><span class=\"mec-social-title\">WhatsApp<\/span><\/a><\/li><li class=\"mec-event-social-icon\"><a class=\"telegram\" href=\"https:\/\/telegram.me\/share\/url?url=https%3A%2F%2Fcercledeconsciencia.com%2Fes%2Factividades%2Fdesbloqueo-corporal-tardes%2F&text=Desbloqueo corporal &#8211; Grupo tardes\" target=\"_blank\" title=\"Compartir en Telegram\">\r\n            <i><svg aria-hidden=\"true\" focusable=\"false\" data-prefix=\"fab\" data-icon=\"telegram\" class=\"svg-inline--fa fa-telegram fa-w-16\" role=\"img\" xmlns=\"http:\/\/www.w3.org\/2000\/svg\" viewBox=\"0 0 496 512\"><path fill=\"currentColor\" d=\"M248 8C111 8 0 119 0 256s111 248 248 248 248-111 248-248S385 8 248 8zm121.8 169.9l-40.7 191.8c-3 13.6-11.1 16.9-22.4 10.5l-62-45.7-29.9 28.8c-3.3 3.3-6.1 6.1-12.5 6.1l4.4-63.1 114.9-103.8c5-4.4-1.1-6.9-7.7-2.5l-142 89.4-61.2-19.1c-13.3-4.2-13.6-13.3 2.8-19.7l239.1-92.2c11.1-4 20.8 2.7 17.2 19.5z\"><\/path><\/svg><\/i>\r\n            <span class=\"mec-social-title\">Telegram<\/span>\r\n        <\/a><\/li>                                    <\/ul>\r\n                                <\/li>\r\n                            <\/ul>\r\n                                                <a class=\"mec-booking-button mec-bg-color-hover mec-border-color-hover\" data-event-id=\"4667\" href=\"https:\/\/cercledeconsciencia.com\/es\/actividades\/desbloqueo-corporal-tardes\/\" target=\"_self\" rel=\"noopener\">Ver detalle<\/a>                                            <\/div>\r\n                <\/div>\r\n                            <\/article>\r\n                                    <article class=\"mec-past-event mec-event-article  mec-clear \" itemscope>\r\n                                        <div class=\"event-carousel-type3-head clearfix\">\r\n                    <div class=\"mec-event-image\">\r\n                        <a data-event-id=\"5186\" href=\"https:\/\/cercledeconsciencia.com\/es\/actividades\/integrando-tus-voces\/\" target=\"_self\" rel=\"noopener\"><img loading=\"lazy\" decoding=\"async\" width=\"474\" height=\"324\" src=\"https:\/\/cercledeconsciencia.com\/wp-content\/uploads\/2025\/01\/Captura-de-pantalla-2025-01-22-a-las-17.10.05-474x324.png\" class=\"attachment-meccarouselthumb size-meccarouselthumb wp-post-image\" alt=\"\" data-mec-postid=\"5186\" \/><\/a>                                            <\/div>\r\n                    <div class=\"mec-event-footer-carousel-type3\">\r\n                                                    <span class=\"mec-event-date-info\"><span class=\"mec-start-date-label\">Abr 30, 2026<\/span><\/span>\r\n                                                                                                                        <h4 class=\"mec-event-carousel-title\"><a class=\"mec-color-hover\" data-event-id=\"5186\" href=\"https:\/\/cercledeconsciencia.com\/es\/actividades\/integrando-tus-voces\/\" target=\"_self\" rel=\"noopener\">Integrando tus Voces<\/a><\/h4>\r\n                                                <p class=\"mec-carousel-event-location\"><span>Espai TCI de Barcelona<\/span><br>Carrer de Pau Alsina, 35 Gracia - Barcelona<\/p>\r\n                                                    <ul class=\"mec-event-sharing-wrap\">\r\n                                <li class=\"mec-event-share\">\r\n                                    <a href=\"#\" class=\"mec-event-share-icon\">\r\n                                        <i class=\"mec-sl-share mec-bg-color-hover mec-border-color-hover\" title=\"Share\" alt=\"Share\"><\/i>\r\n                                    <\/a>\r\n                                <\/li>\r\n                                <li>\r\n                                    <ul class=\"mec-event-sharing\">\r\n                                        <li class=\"mec-event-social-icon\"><a class=\"facebook\" href=\"https:\/\/www.facebook.com\/sharer\/sharer.php?u=https%3A%2F%2Fcercledeconsciencia.com%2Fes%2Factividades%2Fintegrando-tus-voces%2F\" onclick=\"javascript:window.open(this.href, '', 'menubar=no,toolbar=no,resizable=yes,scrollbars=yes,height=500,width=600'); return false;\" target=\"_blank\" title=\"Compartir en Facebook\"><i class=\"mec-fa-facebook\"><\/i><span class=\"mec-social-title\">Facebook<\/span><\/a><\/li><li class=\"mec-event-social-icon\"><a class=\"twitter\" href=\"https:\/\/x.com\/intent\/tweet?url=https%3A%2F%2Fcercledeconsciencia.com%2Fes%2Factividades%2Fintegrando-tus-voces%2F\" onclick=\"javascript:window.open(this.href, '', 'menubar=no,toolbar=no,resizable=yes,scrollbars=yes,height=600,width=500'); return false;\" target=\"_blank\" title=\"X Social Network\"><svg xmlns=\"http:\/\/www.w3.org\/2000\/svg\" shape-rendering=\"geometricPrecision\" text-rendering=\"geometricPrecision\" image-rendering=\"optimizeQuality\" fill-rule=\"evenodd\" clip-rule=\"evenodd\" viewBox=\"0 0 512 462.799\"><path fill-rule=\"nonzero\" d=\"M403.229 0h78.506L310.219 196.04 512 462.799H354.002L230.261 301.007 88.669 462.799h-78.56l183.455-209.683L0 0h161.999l111.856 147.88L403.229 0zm-27.556 415.805h43.505L138.363 44.527h-46.68l283.99 371.278z\"\/><\/svg><span class=\"mec-social-title\">Twitter<\/span><\/a><\/li><li class=\"mec-event-social-icon\"><a class=\"linkedin\" href=\"https:\/\/www.linkedin.com\/shareArticle?mini=true&url=https%3A%2F%2Fcercledeconsciencia.com%2Fes%2Factividades%2Fintegrando-tus-voces%2F\" onclick=\"javascript:window.open(this.href, '', 'menubar=no,toolbar=no,resizable=yes,scrollbars=yes,height=600,width=500'); return false;\" target=\"_blank\" title=\"LinkedIn\"><i class=\"mec-fa-linkedin\"><\/i><span class=\"mec-social-title\">LinkedIn<\/span><\/a><\/li><li class=\"mec-event-social-icon\"><a class=\"pinterest\" href=\"http:\/\/pinterest.com\/pin\/create\/button\/?url=https%3A%2F%2Fcercledeconsciencia.com%2Fes%2Factividades%2Fintegrando-tus-voces%2F\" target=\"_blank\" title=\"Compartir en Pinterest\"><i class=\"mec-fa-pinterest\"><\/i><span class=\"mec-social-title\">Pitnerest<\/span><\/a><\/li><li class=\"mec-event-social-icon\"><a class=\"whatsapp\" href=\"https:\/\/api.whatsapp.com\/send?text=https%3A%2F%2Fcercledeconsciencia.com%2Fes%2Factividades%2Fintegrando-tus-voces%2F\" target=\"_blank\" title=\"Compartir en WhatsApp\"><i class=\"mec-fa-whatsapp\"><\/i><span class=\"mec-social-title\">WhatsApp<\/span><\/a><\/li><li class=\"mec-event-social-icon\"><a class=\"telegram\" href=\"https:\/\/telegram.me\/share\/url?url=https%3A%2F%2Fcercledeconsciencia.com%2Fes%2Factividades%2Fintegrando-tus-voces%2F&text=Integrando tus Voces\" target=\"_blank\" title=\"Compartir en Telegram\">\r\n            <i><svg aria-hidden=\"true\" focusable=\"false\" data-prefix=\"fab\" data-icon=\"telegram\" class=\"svg-inline--fa fa-telegram fa-w-16\" role=\"img\" xmlns=\"http:\/\/www.w3.org\/2000\/svg\" viewBox=\"0 0 496 512\"><path fill=\"currentColor\" d=\"M248 8C111 8 0 119 0 256s111 248 248 248 248-111 248-248S385 8 248 8zm121.8 169.9l-40.7 191.8c-3 13.6-11.1 16.9-22.4 10.5l-62-45.7-29.9 28.8c-3.3 3.3-6.1 6.1-12.5 6.1l4.4-63.1 114.9-103.8c5-4.4-1.1-6.9-7.7-2.5l-142 89.4-61.2-19.1c-13.3-4.2-13.6-13.3 2.8-19.7l239.1-92.2c11.1-4 20.8 2.7 17.2 19.5z\"><\/path><\/svg><\/i>\r\n            <span class=\"mec-social-title\">Telegram<\/span>\r\n        <\/a><\/li>                                    <\/ul>\r\n                                <\/li>\r\n                            <\/ul>\r\n                                                <a class=\"mec-booking-button mec-bg-color-hover mec-border-color-hover\" data-event-id=\"5186\" href=\"https:\/\/cercledeconsciencia.com\/es\/actividades\/integrando-tus-voces\/\" target=\"_self\" rel=\"noopener\">Ver detalle<\/a>                                            <\/div>\r\n                <\/div>\r\n                            <\/article>\r\n                                    <article class=\"mec-past-event mec-event-article  mec-clear \" itemscope>\r\n                                        <div class=\"event-carousel-type3-head clearfix\">\r\n                    <div class=\"mec-event-image\">\r\n                        <a data-event-id=\"5471\" href=\"https:\/\/cercledeconsciencia.com\/es\/actividades\/ciclo-de-meditaciones-activas\/\" target=\"_self\" rel=\"noopener\"><img loading=\"lazy\" decoding=\"async\" width=\"474\" height=\"324\" src=\"https:\/\/cercledeconsciencia.com\/wp-content\/uploads\/2025\/10\/Captura-de-pantalla-2025-10-23-a-las-11.42.32-474x324.png\" class=\"attachment-meccarouselthumb size-meccarouselthumb wp-post-image\" alt=\"\" data-mec-postid=\"5471\" \/><\/a>                                            <\/div>\r\n                    <div class=\"mec-event-footer-carousel-type3\">\r\n                                                    <span class=\"mec-event-date-info\"><span class=\"mec-start-date-label\">May 05, 2026<\/span><\/span>\r\n                                                                                                                        <h4 class=\"mec-event-carousel-title\"><a class=\"mec-color-hover\" data-event-id=\"5471\" href=\"https:\/\/cercledeconsciencia.com\/es\/actividades\/ciclo-de-meditaciones-activas\/\" target=\"_self\" rel=\"noopener\">Ciclo de Meditaciones Activas<\/a><\/h4>\r\n                                                <p class=\"mec-carousel-event-location\"><span>Espai TCI de Barcelona<\/span><br>Carrer de Pau Alsina, 35 Gracia - Barcelona<\/p>\r\n                                                    <ul class=\"mec-event-sharing-wrap\">\r\n                                <li class=\"mec-event-share\">\r\n                                    <a href=\"#\" class=\"mec-event-share-icon\">\r\n                                        <i class=\"mec-sl-share mec-bg-color-hover mec-border-color-hover\" title=\"Share\" alt=\"Share\"><\/i>\r\n                                    <\/a>\r\n                                <\/li>\r\n                                <li>\r\n                                    <ul class=\"mec-event-sharing\">\r\n                                        <li class=\"mec-event-social-icon\"><a class=\"facebook\" href=\"https:\/\/www.facebook.com\/sharer\/sharer.php?u=https%3A%2F%2Fcercledeconsciencia.com%2Fes%2Factividades%2Fciclo-de-meditaciones-activas%2F\" onclick=\"javascript:window.open(this.href, '', 'menubar=no,toolbar=no,resizable=yes,scrollbars=yes,height=500,width=600'); return false;\" target=\"_blank\" title=\"Compartir en Facebook\"><i class=\"mec-fa-facebook\"><\/i><span class=\"mec-social-title\">Facebook<\/span><\/a><\/li><li class=\"mec-event-social-icon\"><a class=\"twitter\" href=\"https:\/\/x.com\/intent\/tweet?url=https%3A%2F%2Fcercledeconsciencia.com%2Fes%2Factividades%2Fciclo-de-meditaciones-activas%2F\" onclick=\"javascript:window.open(this.href, '', 'menubar=no,toolbar=no,resizable=yes,scrollbars=yes,height=600,width=500'); return false;\" target=\"_blank\" title=\"X Social Network\"><svg xmlns=\"http:\/\/www.w3.org\/2000\/svg\" shape-rendering=\"geometricPrecision\" text-rendering=\"geometricPrecision\" image-rendering=\"optimizeQuality\" fill-rule=\"evenodd\" clip-rule=\"evenodd\" viewBox=\"0 0 512 462.799\"><path fill-rule=\"nonzero\" d=\"M403.229 0h78.506L310.219 196.04 512 462.799H354.002L230.261 301.007 88.669 462.799h-78.56l183.455-209.683L0 0h161.999l111.856 147.88L403.229 0zm-27.556 415.805h43.505L138.363 44.527h-46.68l283.99 371.278z\"\/><\/svg><span class=\"mec-social-title\">Twitter<\/span><\/a><\/li><li class=\"mec-event-social-icon\"><a class=\"linkedin\" href=\"https:\/\/www.linkedin.com\/shareArticle?mini=true&url=https%3A%2F%2Fcercledeconsciencia.com%2Fes%2Factividades%2Fciclo-de-meditaciones-activas%2F\" onclick=\"javascript:window.open(this.href, '', 'menubar=no,toolbar=no,resizable=yes,scrollbars=yes,height=600,width=500'); return false;\" target=\"_blank\" title=\"LinkedIn\"><i class=\"mec-fa-linkedin\"><\/i><span class=\"mec-social-title\">LinkedIn<\/span><\/a><\/li><li class=\"mec-event-social-icon\"><a class=\"pinterest\" href=\"http:\/\/pinterest.com\/pin\/create\/button\/?url=https%3A%2F%2Fcercledeconsciencia.com%2Fes%2Factividades%2Fciclo-de-meditaciones-activas%2F\" target=\"_blank\" title=\"Compartir en Pinterest\"><i class=\"mec-fa-pinterest\"><\/i><span class=\"mec-social-title\">Pitnerest<\/span><\/a><\/li><li class=\"mec-event-social-icon\"><a class=\"whatsapp\" href=\"https:\/\/api.whatsapp.com\/send?text=https%3A%2F%2Fcercledeconsciencia.com%2Fes%2Factividades%2Fciclo-de-meditaciones-activas%2F\" target=\"_blank\" title=\"Compartir en WhatsApp\"><i class=\"mec-fa-whatsapp\"><\/i><span class=\"mec-social-title\">WhatsApp<\/span><\/a><\/li><li class=\"mec-event-social-icon\"><a class=\"telegram\" href=\"https:\/\/telegram.me\/share\/url?url=https%3A%2F%2Fcercledeconsciencia.com%2Fes%2Factividades%2Fciclo-de-meditaciones-activas%2F&text=Ciclo de Meditaciones Activas\" target=\"_blank\" title=\"Compartir en Telegram\">\r\n            <i><svg aria-hidden=\"true\" focusable=\"false\" data-prefix=\"fab\" data-icon=\"telegram\" class=\"svg-inline--fa fa-telegram fa-w-16\" role=\"img\" xmlns=\"http:\/\/www.w3.org\/2000\/svg\" viewBox=\"0 0 496 512\"><path fill=\"currentColor\" d=\"M248 8C111 8 0 119 0 256s111 248 248 248 248-111 248-248S385 8 248 8zm121.8 169.9l-40.7 191.8c-3 13.6-11.1 16.9-22.4 10.5l-62-45.7-29.9 28.8c-3.3 3.3-6.1 6.1-12.5 6.1l4.4-63.1 114.9-103.8c5-4.4-1.1-6.9-7.7-2.5l-142 89.4-61.2-19.1c-13.3-4.2-13.6-13.3 2.8-19.7l239.1-92.2c11.1-4 20.8 2.7 17.2 19.5z\"><\/path><\/svg><\/i>\r\n            <span class=\"mec-social-title\">Telegram<\/span>\r\n        <\/a><\/li>                                    <\/ul>\r\n                                <\/li>\r\n                            <\/ul>\r\n                                                <a class=\"mec-booking-button mec-bg-color-hover mec-border-color-hover\" data-event-id=\"5471\" href=\"https:\/\/cercledeconsciencia.com\/es\/actividades\/ciclo-de-meditaciones-activas\/\" target=\"_self\" rel=\"noopener\">Ver detalle<\/a>                                            <\/div>\r\n                <\/div>\r\n                            <\/article>\r\n                                    <article class=\"mec-past-event mec-event-article  mec-clear \" itemscope>\r\n                                        <div class=\"event-carousel-type3-head clearfix\">\r\n                    <div class=\"mec-event-image\">\r\n                        <a data-event-id=\"2273\" href=\"https:\/\/cercledeconsciencia.com\/es\/actividades\/terapia-corporal-y-respiratoria\/\" target=\"_self\" rel=\"noopener\"><img loading=\"lazy\" decoding=\"async\" width=\"474\" height=\"324\" src=\"https:\/\/cercledeconsciencia.com\/wp-content\/uploads\/2023\/11\/IMG_TERAPIA-CORPORAL-y-RESPIRATORIA-474x324.jpg\" class=\"attachment-meccarouselthumb size-meccarouselthumb wp-post-image\" alt=\"\" data-mec-postid=\"2273\" \/><\/a>                                            <\/div>\r\n                    <div class=\"mec-event-footer-carousel-type3\">\r\n                                                    <span class=\"mec-event-date-info\"><span class=\"mec-start-date-label\">May 06, 2026<\/span><\/span>\r\n                                                                                                                        <h4 class=\"mec-event-carousel-title\"><a class=\"mec-color-hover\" data-event-id=\"2273\" href=\"https:\/\/cercledeconsciencia.com\/es\/actividades\/terapia-corporal-y-respiratoria\/\" target=\"_self\" rel=\"noopener\">Terapia Corporal y Respiratoria<\/a><\/h4>\r\n                                                <p class=\"mec-carousel-event-location\"><span>Espai TCI de Barcelona<\/span><br>Carrer de Pau Alsina, 35 Gracia - Barcelona<\/p>\r\n                                                    <ul class=\"mec-event-sharing-wrap\">\r\n                                <li class=\"mec-event-share\">\r\n                                    <a href=\"#\" class=\"mec-event-share-icon\">\r\n                                        <i class=\"mec-sl-share mec-bg-color-hover mec-border-color-hover\" title=\"Share\" alt=\"Share\"><\/i>\r\n                                    <\/a>\r\n                                <\/li>\r\n                                <li>\r\n                                    <ul class=\"mec-event-sharing\">\r\n                                        <li class=\"mec-event-social-icon\"><a class=\"facebook\" href=\"https:\/\/www.facebook.com\/sharer\/sharer.php?u=https%3A%2F%2Fcercledeconsciencia.com%2Fes%2Factividades%2Fterapia-corporal-y-respiratoria%2F\" onclick=\"javascript:window.open(this.href, '', 'menubar=no,toolbar=no,resizable=yes,scrollbars=yes,height=500,width=600'); return false;\" target=\"_blank\" title=\"Compartir en Facebook\"><i class=\"mec-fa-facebook\"><\/i><span class=\"mec-social-title\">Facebook<\/span><\/a><\/li><li class=\"mec-event-social-icon\"><a class=\"twitter\" href=\"https:\/\/x.com\/intent\/tweet?url=https%3A%2F%2Fcercledeconsciencia.com%2Fes%2Factividades%2Fterapia-corporal-y-respiratoria%2F\" onclick=\"javascript:window.open(this.href, '', 'menubar=no,toolbar=no,resizable=yes,scrollbars=yes,height=600,width=500'); return false;\" target=\"_blank\" title=\"X Social Network\"><svg xmlns=\"http:\/\/www.w3.org\/2000\/svg\" shape-rendering=\"geometricPrecision\" text-rendering=\"geometricPrecision\" image-rendering=\"optimizeQuality\" fill-rule=\"evenodd\" clip-rule=\"evenodd\" viewBox=\"0 0 512 462.799\"><path fill-rule=\"nonzero\" d=\"M403.229 0h78.506L310.219 196.04 512 462.799H354.002L230.261 301.007 88.669 462.799h-78.56l183.455-209.683L0 0h161.999l111.856 147.88L403.229 0zm-27.556 415.805h43.505L138.363 44.527h-46.68l283.99 371.278z\"\/><\/svg><span class=\"mec-social-title\">Twitter<\/span><\/a><\/li><li class=\"mec-event-social-icon\"><a class=\"linkedin\" href=\"https:\/\/www.linkedin.com\/shareArticle?mini=true&url=https%3A%2F%2Fcercledeconsciencia.com%2Fes%2Factividades%2Fterapia-corporal-y-respiratoria%2F\" onclick=\"javascript:window.open(this.href, '', 'menubar=no,toolbar=no,resizable=yes,scrollbars=yes,height=600,width=500'); return false;\" target=\"_blank\" title=\"LinkedIn\"><i class=\"mec-fa-linkedin\"><\/i><span class=\"mec-social-title\">LinkedIn<\/span><\/a><\/li><li class=\"mec-event-social-icon\"><a class=\"pinterest\" href=\"http:\/\/pinterest.com\/pin\/create\/button\/?url=https%3A%2F%2Fcercledeconsciencia.com%2Fes%2Factividades%2Fterapia-corporal-y-respiratoria%2F\" target=\"_blank\" title=\"Compartir en Pinterest\"><i class=\"mec-fa-pinterest\"><\/i><span class=\"mec-social-title\">Pitnerest<\/span><\/a><\/li><li class=\"mec-event-social-icon\"><a class=\"whatsapp\" href=\"https:\/\/api.whatsapp.com\/send?text=https%3A%2F%2Fcercledeconsciencia.com%2Fes%2Factividades%2Fterapia-corporal-y-respiratoria%2F\" target=\"_blank\" title=\"Compartir en WhatsApp\"><i class=\"mec-fa-whatsapp\"><\/i><span class=\"mec-social-title\">WhatsApp<\/span><\/a><\/li><li class=\"mec-event-social-icon\"><a class=\"telegram\" href=\"https:\/\/telegram.me\/share\/url?url=https%3A%2F%2Fcercledeconsciencia.com%2Fes%2Factividades%2Fterapia-corporal-y-respiratoria%2F&text=Terapia Corporal y Respiratoria\" target=\"_blank\" title=\"Compartir en Telegram\">\r\n            <i><svg aria-hidden=\"true\" focusable=\"false\" data-prefix=\"fab\" data-icon=\"telegram\" class=\"svg-inline--fa fa-telegram fa-w-16\" role=\"img\" xmlns=\"http:\/\/www.w3.org\/2000\/svg\" viewBox=\"0 0 496 512\"><path fill=\"currentColor\" d=\"M248 8C111 8 0 119 0 256s111 248 248 248 248-111 248-248S385 8 248 8zm121.8 169.9l-40.7 191.8c-3 13.6-11.1 16.9-22.4 10.5l-62-45.7-29.9 28.8c-3.3 3.3-6.1 6.1-12.5 6.1l4.4-63.1 114.9-103.8c5-4.4-1.1-6.9-7.7-2.5l-142 89.4-61.2-19.1c-13.3-4.2-13.6-13.3 2.8-19.7l239.1-92.2c11.1-4 20.8 2.7 17.2 19.5z\"><\/path><\/svg><\/i>\r\n            <span class=\"mec-social-title\">Telegram<\/span>\r\n        <\/a><\/li>                                    <\/ul>\r\n                                <\/li>\r\n                            <\/ul>\r\n                                                <a class=\"mec-booking-button mec-bg-color-hover mec-border-color-hover\" data-event-id=\"2273\" href=\"https:\/\/cercledeconsciencia.com\/es\/actividades\/terapia-corporal-y-respiratoria\/\" target=\"_self\" rel=\"noopener\">Ver detalle<\/a>                                            <\/div>\r\n                <\/div>\r\n                            <\/article>\r\n                                    <article class=\"mec-past-event mec-event-article  mec-clear \" itemscope>\r\n                                        <div class=\"event-carousel-type3-head clearfix\">\r\n                    <div class=\"mec-event-image\">\r\n                        <a data-event-id=\"5186\" href=\"https:\/\/cercledeconsciencia.com\/es\/actividades\/integrando-tus-voces\/\" target=\"_self\" rel=\"noopener\"><img loading=\"lazy\" decoding=\"async\" width=\"474\" height=\"324\" src=\"https:\/\/cercledeconsciencia.com\/wp-content\/uploads\/2025\/01\/Captura-de-pantalla-2025-01-22-a-las-17.10.05-474x324.png\" class=\"attachment-meccarouselthumb size-meccarouselthumb wp-post-image\" alt=\"\" data-mec-postid=\"5186\" \/><\/a>                                            <\/div>\r\n                    <div class=\"mec-event-footer-carousel-type3\">\r\n                                                    <span class=\"mec-event-date-info\"><span class=\"mec-start-date-label\">May 07, 2026<\/span><\/span>\r\n                                                                                                                        <h4 class=\"mec-event-carousel-title\"><a class=\"mec-color-hover\" data-event-id=\"5186\" href=\"https:\/\/cercledeconsciencia.com\/es\/actividades\/integrando-tus-voces\/\" target=\"_self\" rel=\"noopener\">Integrando tus Voces<\/a><\/h4>\r\n                                                <p class=\"mec-carousel-event-location\"><span>Espai TCI de Barcelona<\/span><br>Carrer de Pau Alsina, 35 Gracia - Barcelona<\/p>\r\n                                                    <ul class=\"mec-event-sharing-wrap\">\r\n                                <li class=\"mec-event-share\">\r\n                                    <a href=\"#\" class=\"mec-event-share-icon\">\r\n                                        <i class=\"mec-sl-share mec-bg-color-hover mec-border-color-hover\" title=\"Share\" alt=\"Share\"><\/i>\r\n                                    <\/a>\r\n                                <\/li>\r\n                                <li>\r\n                                    <ul class=\"mec-event-sharing\">\r\n                                        <li class=\"mec-event-social-icon\"><a class=\"facebook\" href=\"https:\/\/www.facebook.com\/sharer\/sharer.php?u=https%3A%2F%2Fcercledeconsciencia.com%2Fes%2Factividades%2Fintegrando-tus-voces%2F\" onclick=\"javascript:window.open(this.href, '', 'menubar=no,toolbar=no,resizable=yes,scrollbars=yes,height=500,width=600'); return false;\" target=\"_blank\" title=\"Compartir en Facebook\"><i class=\"mec-fa-facebook\"><\/i><span class=\"mec-social-title\">Facebook<\/span><\/a><\/li><li class=\"mec-event-social-icon\"><a class=\"twitter\" href=\"https:\/\/x.com\/intent\/tweet?url=https%3A%2F%2Fcercledeconsciencia.com%2Fes%2Factividades%2Fintegrando-tus-voces%2F\" onclick=\"javascript:window.open(this.href, '', 'menubar=no,toolbar=no,resizable=yes,scrollbars=yes,height=600,width=500'); return false;\" target=\"_blank\" title=\"X Social Network\"><svg xmlns=\"http:\/\/www.w3.org\/2000\/svg\" shape-rendering=\"geometricPrecision\" text-rendering=\"geometricPrecision\" image-rendering=\"optimizeQuality\" fill-rule=\"evenodd\" clip-rule=\"evenodd\" viewBox=\"0 0 512 462.799\"><path fill-rule=\"nonzero\" d=\"M403.229 0h78.506L310.219 196.04 512 462.799H354.002L230.261 301.007 88.669 462.799h-78.56l183.455-209.683L0 0h161.999l111.856 147.88L403.229 0zm-27.556 415.805h43.505L138.363 44.527h-46.68l283.99 371.278z\"\/><\/svg><span class=\"mec-social-title\">Twitter<\/span><\/a><\/li><li class=\"mec-event-social-icon\"><a class=\"linkedin\" href=\"https:\/\/www.linkedin.com\/shareArticle?mini=true&url=https%3A%2F%2Fcercledeconsciencia.com%2Fes%2Factividades%2Fintegrando-tus-voces%2F\" onclick=\"javascript:window.open(this.href, '', 'menubar=no,toolbar=no,resizable=yes,scrollbars=yes,height=600,width=500'); return false;\" target=\"_blank\" title=\"LinkedIn\"><i class=\"mec-fa-linkedin\"><\/i><span class=\"mec-social-title\">LinkedIn<\/span><\/a><\/li><li class=\"mec-event-social-icon\"><a class=\"pinterest\" href=\"http:\/\/pinterest.com\/pin\/create\/button\/?url=https%3A%2F%2Fcercledeconsciencia.com%2Fes%2Factividades%2Fintegrando-tus-voces%2F\" target=\"_blank\" title=\"Compartir en Pinterest\"><i class=\"mec-fa-pinterest\"><\/i><span class=\"mec-social-title\">Pitnerest<\/span><\/a><\/li><li class=\"mec-event-social-icon\"><a class=\"whatsapp\" href=\"https:\/\/api.whatsapp.com\/send?text=https%3A%2F%2Fcercledeconsciencia.com%2Fes%2Factividades%2Fintegrando-tus-voces%2F\" target=\"_blank\" title=\"Compartir en WhatsApp\"><i class=\"mec-fa-whatsapp\"><\/i><span class=\"mec-social-title\">WhatsApp<\/span><\/a><\/li><li class=\"mec-event-social-icon\"><a class=\"telegram\" href=\"https:\/\/telegram.me\/share\/url?url=https%3A%2F%2Fcercledeconsciencia.com%2Fes%2Factividades%2Fintegrando-tus-voces%2F&text=Integrando tus Voces\" target=\"_blank\" title=\"Compartir en Telegram\">\r\n            <i><svg aria-hidden=\"true\" focusable=\"false\" data-prefix=\"fab\" data-icon=\"telegram\" class=\"svg-inline--fa fa-telegram fa-w-16\" role=\"img\" xmlns=\"http:\/\/www.w3.org\/2000\/svg\" viewBox=\"0 0 496 512\"><path fill=\"currentColor\" d=\"M248 8C111 8 0 119 0 256s111 248 248 248 248-111 248-248S385 8 248 8zm121.8 169.9l-40.7 191.8c-3 13.6-11.1 16.9-22.4 10.5l-62-45.7-29.9 28.8c-3.3 3.3-6.1 6.1-12.5 6.1l4.4-63.1 114.9-103.8c5-4.4-1.1-6.9-7.7-2.5l-142 89.4-61.2-19.1c-13.3-4.2-13.6-13.3 2.8-19.7l239.1-92.2c11.1-4 20.8 2.7 17.2 19.5z\"><\/path><\/svg><\/i>\r\n            <span class=\"mec-social-title\">Telegram<\/span>\r\n        <\/a><\/li>                                    <\/ul>\r\n                                <\/li>\r\n                            <\/ul>\r\n                                                <a class=\"mec-booking-button mec-bg-color-hover mec-border-color-hover\" data-event-id=\"5186\" href=\"https:\/\/cercledeconsciencia.com\/es\/actividades\/integrando-tus-voces\/\" target=\"_self\" rel=\"noopener\">Ver detalle<\/a>                                            <\/div>\r\n                <\/div>\r\n                            <\/article>\r\n                                    <article class=\"mec-past-event mec-event-article  mec-clear \" itemscope>\r\n                                        <div class=\"event-carousel-type3-head clearfix\">\r\n                    <div class=\"mec-event-image\">\r\n                        <a data-event-id=\"2282\" href=\"https:\/\/cercledeconsciencia.com\/es\/actividades\/constelaciones-sistemicas-integrativas\/\" target=\"_self\" rel=\"noopener\"><img loading=\"lazy\" decoding=\"async\" width=\"474\" height=\"324\" src=\"https:\/\/cercledeconsciencia.com\/wp-content\/uploads\/2023\/11\/IMAGEN_CONSTELACIONES_FAMILIARES-474x324.jpg\" class=\"attachment-meccarouselthumb size-meccarouselthumb wp-post-image\" alt=\"\" data-mec-postid=\"2282\" \/><\/a>                                            <\/div>\r\n                    <div class=\"mec-event-footer-carousel-type3\">\r\n                                                    <span class=\"mec-event-date-info\"><span class=\"mec-start-date-label\">May 09, 2026<\/span><\/span>\r\n                                                                                                                        <h4 class=\"mec-event-carousel-title\"><a class=\"mec-color-hover\" data-event-id=\"2282\" href=\"https:\/\/cercledeconsciencia.com\/es\/actividades\/constelaciones-sistemicas-integrativas\/\" target=\"_self\" rel=\"noopener\">Constelaciones Sist\u00e9micas Integrativas en Barcelona<\/a><\/h4>\r\n                                                <p class=\"mec-carousel-event-location\"><span>Espai TCI de Barcelona<\/span><br>Carrer de Pau Alsina, 35 Gracia - Barcelona<\/p>\r\n                                                    <ul class=\"mec-event-sharing-wrap\">\r\n                                <li class=\"mec-event-share\">\r\n                                    <a href=\"#\" class=\"mec-event-share-icon\">\r\n                                        <i class=\"mec-sl-share mec-bg-color-hover mec-border-color-hover\" title=\"Share\" alt=\"Share\"><\/i>\r\n                                    <\/a>\r\n                                <\/li>\r\n                                <li>\r\n                                    <ul class=\"mec-event-sharing\">\r\n                                        <li class=\"mec-event-social-icon\"><a class=\"facebook\" href=\"https:\/\/www.facebook.com\/sharer\/sharer.php?u=https%3A%2F%2Fcercledeconsciencia.com%2Fes%2Factividades%2Fconstelaciones-sistemicas-integrativas%2F\" onclick=\"javascript:window.open(this.href, '', 'menubar=no,toolbar=no,resizable=yes,scrollbars=yes,height=500,width=600'); return false;\" target=\"_blank\" title=\"Compartir en Facebook\"><i class=\"mec-fa-facebook\"><\/i><span class=\"mec-social-title\">Facebook<\/span><\/a><\/li><li class=\"mec-event-social-icon\"><a class=\"twitter\" href=\"https:\/\/x.com\/intent\/tweet?url=https%3A%2F%2Fcercledeconsciencia.com%2Fes%2Factividades%2Fconstelaciones-sistemicas-integrativas%2F\" onclick=\"javascript:window.open(this.href, '', 'menubar=no,toolbar=no,resizable=yes,scrollbars=yes,height=600,width=500'); return false;\" target=\"_blank\" title=\"X Social Network\"><svg xmlns=\"http:\/\/www.w3.org\/2000\/svg\" shape-rendering=\"geometricPrecision\" text-rendering=\"geometricPrecision\" image-rendering=\"optimizeQuality\" fill-rule=\"evenodd\" clip-rule=\"evenodd\" viewBox=\"0 0 512 462.799\"><path fill-rule=\"nonzero\" d=\"M403.229 0h78.506L310.219 196.04 512 462.799H354.002L230.261 301.007 88.669 462.799h-78.56l183.455-209.683L0 0h161.999l111.856 147.88L403.229 0zm-27.556 415.805h43.505L138.363 44.527h-46.68l283.99 371.278z\"\/><\/svg><span class=\"mec-social-title\">Twitter<\/span><\/a><\/li><li class=\"mec-event-social-icon\"><a class=\"linkedin\" href=\"https:\/\/www.linkedin.com\/shareArticle?mini=true&url=https%3A%2F%2Fcercledeconsciencia.com%2Fes%2Factividades%2Fconstelaciones-sistemicas-integrativas%2F\" onclick=\"javascript:window.open(this.href, '', 'menubar=no,toolbar=no,resizable=yes,scrollbars=yes,height=600,width=500'); return false;\" target=\"_blank\" title=\"LinkedIn\"><i class=\"mec-fa-linkedin\"><\/i><span class=\"mec-social-title\">LinkedIn<\/span><\/a><\/li><li class=\"mec-event-social-icon\"><a class=\"pinterest\" href=\"http:\/\/pinterest.com\/pin\/create\/button\/?url=https%3A%2F%2Fcercledeconsciencia.com%2Fes%2Factividades%2Fconstelaciones-sistemicas-integrativas%2F\" target=\"_blank\" title=\"Compartir en Pinterest\"><i class=\"mec-fa-pinterest\"><\/i><span class=\"mec-social-title\">Pitnerest<\/span><\/a><\/li><li class=\"mec-event-social-icon\"><a class=\"whatsapp\" href=\"https:\/\/api.whatsapp.com\/send?text=https%3A%2F%2Fcercledeconsciencia.com%2Fes%2Factividades%2Fconstelaciones-sistemicas-integrativas%2F\" target=\"_blank\" title=\"Compartir en WhatsApp\"><i class=\"mec-fa-whatsapp\"><\/i><span class=\"mec-social-title\">WhatsApp<\/span><\/a><\/li><li class=\"mec-event-social-icon\"><a class=\"telegram\" href=\"https:\/\/telegram.me\/share\/url?url=https%3A%2F%2Fcercledeconsciencia.com%2Fes%2Factividades%2Fconstelaciones-sistemicas-integrativas%2F&text=Constelaciones Sist\u00e9micas Integrativas en Barcelona\" target=\"_blank\" title=\"Compartir en Telegram\">\r\n            <i><svg aria-hidden=\"true\" focusable=\"false\" data-prefix=\"fab\" data-icon=\"telegram\" class=\"svg-inline--fa fa-telegram fa-w-16\" role=\"img\" xmlns=\"http:\/\/www.w3.org\/2000\/svg\" viewBox=\"0 0 496 512\"><path fill=\"currentColor\" d=\"M248 8C111 8 0 119 0 256s111 248 248 248 248-111 248-248S385 8 248 8zm121.8 169.9l-40.7 191.8c-3 13.6-11.1 16.9-22.4 10.5l-62-45.7-29.9 28.8c-3.3 3.3-6.1 6.1-12.5 6.1l4.4-63.1 114.9-103.8c5-4.4-1.1-6.9-7.7-2.5l-142 89.4-61.2-19.1c-13.3-4.2-13.6-13.3 2.8-19.7l239.1-92.2c11.1-4 20.8 2.7 17.2 19.5z\"><\/path><\/svg><\/i>\r\n            <span class=\"mec-social-title\">Telegram<\/span>\r\n        <\/a><\/li>                                    <\/ul>\r\n                                <\/li>\r\n                            <\/ul>\r\n                                                <a class=\"mec-booking-button mec-bg-color-hover mec-border-color-hover\" data-event-id=\"2282\" href=\"https:\/\/cercledeconsciencia.com\/es\/actividades\/constelaciones-sistemicas-integrativas\/\" target=\"_self\" rel=\"noopener\">Ver detalle<\/a>                                            <\/div>\r\n                <\/div>\r\n                            <\/article>\r\n                                    <article class=\"mec-past-event mec-event-article  mec-clear \" itemscope>\r\n                                        <div class=\"event-carousel-type3-head clearfix\">\r\n                    <div class=\"mec-event-image\">\r\n                        <a data-event-id=\"2289\" href=\"https:\/\/cercledeconsciencia.com\/es\/actividades\/desbloqueo-corporal\/\" target=\"_self\" rel=\"noopener\"><img loading=\"lazy\" decoding=\"async\" width=\"474\" height=\"324\" src=\"https:\/\/cercledeconsciencia.com\/wp-content\/uploads\/2024\/07\/Captura-de-pantalla-2025-10-30-a-las-9.13.46-474x324.png\" class=\"attachment-meccarouselthumb size-meccarouselthumb wp-post-image\" alt=\"\" data-mec-postid=\"2289\" \/><\/a>                                            <\/div>\r\n                    <div class=\"mec-event-footer-carousel-type3\">\r\n                                                    <span class=\"mec-event-date-info\"><span class=\"mec-start-date-label\">May 11, 2026<\/span><\/span>\r\n                                                                                                                        <h4 class=\"mec-event-carousel-title\"><a class=\"mec-color-hover\" data-event-id=\"2289\" href=\"https:\/\/cercledeconsciencia.com\/es\/actividades\/desbloqueo-corporal\/\" target=\"_self\" rel=\"noopener\">Desbloqueo corporal \u2013 Grupo ma\u00f1anas<\/a><\/h4>\r\n                                                <p class=\"mec-carousel-event-location\"><span>Espai TCI de Barcelona<\/span><br>Carrer de Pau Alsina, 35 Gracia - Barcelona<\/p>\r\n                                                    <ul class=\"mec-event-sharing-wrap\">\r\n                                <li class=\"mec-event-share\">\r\n                                    <a href=\"#\" class=\"mec-event-share-icon\">\r\n                                        <i class=\"mec-sl-share mec-bg-color-hover mec-border-color-hover\" title=\"Share\" alt=\"Share\"><\/i>\r\n                                    <\/a>\r\n                                <\/li>\r\n                                <li>\r\n                                    <ul class=\"mec-event-sharing\">\r\n                                        <li class=\"mec-event-social-icon\"><a class=\"facebook\" href=\"https:\/\/www.facebook.com\/sharer\/sharer.php?u=https%3A%2F%2Fcercledeconsciencia.com%2Fes%2Factividades%2Fdesbloqueo-corporal%2F\" onclick=\"javascript:window.open(this.href, '', 'menubar=no,toolbar=no,resizable=yes,scrollbars=yes,height=500,width=600'); return false;\" target=\"_blank\" title=\"Compartir en Facebook\"><i class=\"mec-fa-facebook\"><\/i><span class=\"mec-social-title\">Facebook<\/span><\/a><\/li><li class=\"mec-event-social-icon\"><a class=\"twitter\" href=\"https:\/\/x.com\/intent\/tweet?url=https%3A%2F%2Fcercledeconsciencia.com%2Fes%2Factividades%2Fdesbloqueo-corporal%2F\" onclick=\"javascript:window.open(this.href, '', 'menubar=no,toolbar=no,resizable=yes,scrollbars=yes,height=600,width=500'); return false;\" target=\"_blank\" title=\"X Social Network\"><svg xmlns=\"http:\/\/www.w3.org\/2000\/svg\" shape-rendering=\"geometricPrecision\" text-rendering=\"geometricPrecision\" image-rendering=\"optimizeQuality\" fill-rule=\"evenodd\" clip-rule=\"evenodd\" viewBox=\"0 0 512 462.799\"><path fill-rule=\"nonzero\" d=\"M403.229 0h78.506L310.219 196.04 512 462.799H354.002L230.261 301.007 88.669 462.799h-78.56l183.455-209.683L0 0h161.999l111.856 147.88L403.229 0zm-27.556 415.805h43.505L138.363 44.527h-46.68l283.99 371.278z\"\/><\/svg><span class=\"mec-social-title\">Twitter<\/span><\/a><\/li><li class=\"mec-event-social-icon\"><a class=\"linkedin\" href=\"https:\/\/www.linkedin.com\/shareArticle?mini=true&url=https%3A%2F%2Fcercledeconsciencia.com%2Fes%2Factividades%2Fdesbloqueo-corporal%2F\" onclick=\"javascript:window.open(this.href, '', 'menubar=no,toolbar=no,resizable=yes,scrollbars=yes,height=600,width=500'); return false;\" target=\"_blank\" title=\"LinkedIn\"><i class=\"mec-fa-linkedin\"><\/i><span class=\"mec-social-title\">LinkedIn<\/span><\/a><\/li><li class=\"mec-event-social-icon\"><a class=\"pinterest\" href=\"http:\/\/pinterest.com\/pin\/create\/button\/?url=https%3A%2F%2Fcercledeconsciencia.com%2Fes%2Factividades%2Fdesbloqueo-corporal%2F\" target=\"_blank\" title=\"Compartir en Pinterest\"><i class=\"mec-fa-pinterest\"><\/i><span class=\"mec-social-title\">Pitnerest<\/span><\/a><\/li><li class=\"mec-event-social-icon\"><a class=\"whatsapp\" href=\"https:\/\/api.whatsapp.com\/send?text=https%3A%2F%2Fcercledeconsciencia.com%2Fes%2Factividades%2Fdesbloqueo-corporal%2F\" target=\"_blank\" title=\"Compartir en WhatsApp\"><i class=\"mec-fa-whatsapp\"><\/i><span class=\"mec-social-title\">WhatsApp<\/span><\/a><\/li><li class=\"mec-event-social-icon\"><a class=\"telegram\" href=\"https:\/\/telegram.me\/share\/url?url=https%3A%2F%2Fcercledeconsciencia.com%2Fes%2Factividades%2Fdesbloqueo-corporal%2F&text=Desbloqueo corporal \u2013 Grupo ma\u00f1anas\" target=\"_blank\" title=\"Compartir en Telegram\">\r\n            <i><svg aria-hidden=\"true\" focusable=\"false\" data-prefix=\"fab\" data-icon=\"telegram\" class=\"svg-inline--fa fa-telegram fa-w-16\" role=\"img\" xmlns=\"http:\/\/www.w3.org\/2000\/svg\" viewBox=\"0 0 496 512\"><path fill=\"currentColor\" d=\"M248 8C111 8 0 119 0 256s111 248 248 248 248-111 248-248S385 8 248 8zm121.8 169.9l-40.7 191.8c-3 13.6-11.1 16.9-22.4 10.5l-62-45.7-29.9 28.8c-3.3 3.3-6.1 6.1-12.5 6.1l4.4-63.1 114.9-103.8c5-4.4-1.1-6.9-7.7-2.5l-142 89.4-61.2-19.1c-13.3-4.2-13.6-13.3 2.8-19.7l239.1-92.2c11.1-4 20.8 2.7 17.2 19.5z\"><\/path><\/svg><\/i>\r\n            <span class=\"mec-social-title\">Telegram<\/span>\r\n        <\/a><\/li>                                    <\/ul>\r\n                                <\/li>\r\n                            <\/ul>\r\n                                                <a class=\"mec-booking-button mec-bg-color-hover mec-border-color-hover\" data-event-id=\"2289\" href=\"https:\/\/cercledeconsciencia.com\/es\/actividades\/desbloqueo-corporal\/\" target=\"_self\" rel=\"noopener\">Ver detalle<\/a>                                            <\/div>\r\n                <\/div>\r\n                            <\/article>\r\n                                    <article class=\"mec-past-event mec-event-article  mec-clear \" itemscope>\r\n                                        <div class=\"event-carousel-type3-head clearfix\">\r\n                    <div class=\"mec-event-image\">\r\n                        <a data-event-id=\"5471\" href=\"https:\/\/cercledeconsciencia.com\/es\/actividades\/ciclo-de-meditaciones-activas\/\" target=\"_self\" rel=\"noopener\"><img loading=\"lazy\" decoding=\"async\" width=\"474\" height=\"324\" src=\"https:\/\/cercledeconsciencia.com\/wp-content\/uploads\/2025\/10\/Captura-de-pantalla-2025-10-23-a-las-11.42.32-474x324.png\" class=\"attachment-meccarouselthumb size-meccarouselthumb wp-post-image\" alt=\"\" data-mec-postid=\"5471\" \/><\/a>                                            <\/div>\r\n                    <div class=\"mec-event-footer-carousel-type3\">\r\n                                                    <span class=\"mec-event-date-info\"><span class=\"mec-start-date-label\">May 12, 2026<\/span><\/span>\r\n                                                                                                                        <h4 class=\"mec-event-carousel-title\"><a class=\"mec-color-hover\" data-event-id=\"5471\" href=\"https:\/\/cercledeconsciencia.com\/es\/actividades\/ciclo-de-meditaciones-activas\/\" target=\"_self\" rel=\"noopener\">Ciclo de Meditaciones Activas<\/a><\/h4>\r\n                                                <p class=\"mec-carousel-event-location\"><span>Espai TCI de Barcelona<\/span><br>Carrer de Pau Alsina, 35 Gracia - Barcelona<\/p>\r\n                                                    <ul class=\"mec-event-sharing-wrap\">\r\n                                <li class=\"mec-event-share\">\r\n                                    <a href=\"#\" class=\"mec-event-share-icon\">\r\n                                        <i class=\"mec-sl-share mec-bg-color-hover mec-border-color-hover\" title=\"Share\" alt=\"Share\"><\/i>\r\n                                    <\/a>\r\n                                <\/li>\r\n                                <li>\r\n                                    <ul class=\"mec-event-sharing\">\r\n                                        <li class=\"mec-event-social-icon\"><a class=\"facebook\" href=\"https:\/\/www.facebook.com\/sharer\/sharer.php?u=https%3A%2F%2Fcercledeconsciencia.com%2Fes%2Factividades%2Fciclo-de-meditaciones-activas%2F\" onclick=\"javascript:window.open(this.href, '', 'menubar=no,toolbar=no,resizable=yes,scrollbars=yes,height=500,width=600'); return false;\" target=\"_blank\" title=\"Compartir en Facebook\"><i class=\"mec-fa-facebook\"><\/i><span class=\"mec-social-title\">Facebook<\/span><\/a><\/li><li class=\"mec-event-social-icon\"><a class=\"twitter\" href=\"https:\/\/x.com\/intent\/tweet?url=https%3A%2F%2Fcercledeconsciencia.com%2Fes%2Factividades%2Fciclo-de-meditaciones-activas%2F\" onclick=\"javascript:window.open(this.href, '', 'menubar=no,toolbar=no,resizable=yes,scrollbars=yes,height=600,width=500'); return false;\" target=\"_blank\" title=\"X Social Network\"><svg xmlns=\"http:\/\/www.w3.org\/2000\/svg\" shape-rendering=\"geometricPrecision\" text-rendering=\"geometricPrecision\" image-rendering=\"optimizeQuality\" fill-rule=\"evenodd\" clip-rule=\"evenodd\" viewBox=\"0 0 512 462.799\"><path fill-rule=\"nonzero\" d=\"M403.229 0h78.506L310.219 196.04 512 462.799H354.002L230.261 301.007 88.669 462.799h-78.56l183.455-209.683L0 0h161.999l111.856 147.88L403.229 0zm-27.556 415.805h43.505L138.363 44.527h-46.68l283.99 371.278z\"\/><\/svg><span class=\"mec-social-title\">Twitter<\/span><\/a><\/li><li class=\"mec-event-social-icon\"><a class=\"linkedin\" href=\"https:\/\/www.linkedin.com\/shareArticle?mini=true&url=https%3A%2F%2Fcercledeconsciencia.com%2Fes%2Factividades%2Fciclo-de-meditaciones-activas%2F\" onclick=\"javascript:window.open(this.href, '', 'menubar=no,toolbar=no,resizable=yes,scrollbars=yes,height=600,width=500'); return false;\" target=\"_blank\" title=\"LinkedIn\"><i class=\"mec-fa-linkedin\"><\/i><span class=\"mec-social-title\">LinkedIn<\/span><\/a><\/li><li class=\"mec-event-social-icon\"><a class=\"pinterest\" href=\"http:\/\/pinterest.com\/pin\/create\/button\/?url=https%3A%2F%2Fcercledeconsciencia.com%2Fes%2Factividades%2Fciclo-de-meditaciones-activas%2F\" target=\"_blank\" title=\"Compartir en Pinterest\"><i class=\"mec-fa-pinterest\"><\/i><span class=\"mec-social-title\">Pitnerest<\/span><\/a><\/li><li class=\"mec-event-social-icon\"><a class=\"whatsapp\" href=\"https:\/\/api.whatsapp.com\/send?text=https%3A%2F%2Fcercledeconsciencia.com%2Fes%2Factividades%2Fciclo-de-meditaciones-activas%2F\" target=\"_blank\" title=\"Compartir en WhatsApp\"><i class=\"mec-fa-whatsapp\"><\/i><span class=\"mec-social-title\">WhatsApp<\/span><\/a><\/li><li class=\"mec-event-social-icon\"><a class=\"telegram\" href=\"https:\/\/telegram.me\/share\/url?url=https%3A%2F%2Fcercledeconsciencia.com%2Fes%2Factividades%2Fciclo-de-meditaciones-activas%2F&text=Ciclo de Meditaciones Activas\" target=\"_blank\" title=\"Compartir en Telegram\">\r\n            <i><svg aria-hidden=\"true\" focusable=\"false\" data-prefix=\"fab\" data-icon=\"telegram\" class=\"svg-inline--fa fa-telegram fa-w-16\" role=\"img\" xmlns=\"http:\/\/www.w3.org\/2000\/svg\" viewBox=\"0 0 496 512\"><path fill=\"currentColor\" d=\"M248 8C111 8 0 119 0 256s111 248 248 248 248-111 248-248S385 8 248 8zm121.8 169.9l-40.7 191.8c-3 13.6-11.1 16.9-22.4 10.5l-62-45.7-29.9 28.8c-3.3 3.3-6.1 6.1-12.5 6.1l4.4-63.1 114.9-103.8c5-4.4-1.1-6.9-7.7-2.5l-142 89.4-61.2-19.1c-13.3-4.2-13.6-13.3 2.8-19.7l239.1-92.2c11.1-4 20.8 2.7 17.2 19.5z\"><\/path><\/svg><\/i>\r\n            <span class=\"mec-social-title\">Telegram<\/span>\r\n        <\/a><\/li>                                    <\/ul>\r\n                                <\/li>\r\n                            <\/ul>\r\n                                                <a class=\"mec-booking-button mec-bg-color-hover mec-border-color-hover\" data-event-id=\"5471\" href=\"https:\/\/cercledeconsciencia.com\/es\/actividades\/ciclo-de-meditaciones-activas\/\" target=\"_self\" rel=\"noopener\">Ver detalle<\/a>                                            <\/div>\r\n                <\/div>\r\n                            <\/article>\r\n                                    <article class=\"mec-past-event mec-event-article  mec-clear \" itemscope>\r\n                                        <div class=\"event-carousel-type3-head clearfix\">\r\n                    <div class=\"mec-event-image\">\r\n                        <a data-event-id=\"2273\" href=\"https:\/\/cercledeconsciencia.com\/es\/actividades\/terapia-corporal-y-respiratoria\/\" target=\"_self\" rel=\"noopener\"><img loading=\"lazy\" decoding=\"async\" width=\"474\" height=\"324\" src=\"https:\/\/cercledeconsciencia.com\/wp-content\/uploads\/2023\/11\/IMG_TERAPIA-CORPORAL-y-RESPIRATORIA-474x324.jpg\" class=\"attachment-meccarouselthumb size-meccarouselthumb wp-post-image\" alt=\"\" data-mec-postid=\"2273\" \/><\/a>                                            <\/div>\r\n                    <div class=\"mec-event-footer-carousel-type3\">\r\n                                                    <span class=\"mec-event-date-info\"><span class=\"mec-start-date-label\">May 13, 2026<\/span><\/span>\r\n                                                                                                                        <h4 class=\"mec-event-carousel-title\"><a class=\"mec-color-hover\" data-event-id=\"2273\" href=\"https:\/\/cercledeconsciencia.com\/es\/actividades\/terapia-corporal-y-respiratoria\/\" target=\"_self\" rel=\"noopener\">Terapia Corporal y Respiratoria<\/a><\/h4>\r\n                                                <p class=\"mec-carousel-event-location\"><span>Espai TCI de Barcelona<\/span><br>Carrer de Pau Alsina, 35 Gracia - Barcelona<\/p>\r\n                                                    <ul class=\"mec-event-sharing-wrap\">\r\n                                <li class=\"mec-event-share\">\r\n                                    <a href=\"#\" class=\"mec-event-share-icon\">\r\n                                        <i class=\"mec-sl-share mec-bg-color-hover mec-border-color-hover\" title=\"Share\" alt=\"Share\"><\/i>\r\n                                    <\/a>\r\n                                <\/li>\r\n                                <li>\r\n                                    <ul class=\"mec-event-sharing\">\r\n                                        <li class=\"mec-event-social-icon\"><a class=\"facebook\" href=\"https:\/\/www.facebook.com\/sharer\/sharer.php?u=https%3A%2F%2Fcercledeconsciencia.com%2Fes%2Factividades%2Fterapia-corporal-y-respiratoria%2F\" onclick=\"javascript:window.open(this.href, '', 'menubar=no,toolbar=no,resizable=yes,scrollbars=yes,height=500,width=600'); return false;\" target=\"_blank\" title=\"Compartir en Facebook\"><i class=\"mec-fa-facebook\"><\/i><span class=\"mec-social-title\">Facebook<\/span><\/a><\/li><li class=\"mec-event-social-icon\"><a class=\"twitter\" href=\"https:\/\/x.com\/intent\/tweet?url=https%3A%2F%2Fcercledeconsciencia.com%2Fes%2Factividades%2Fterapia-corporal-y-respiratoria%2F\" onclick=\"javascript:window.open(this.href, '', 'menubar=no,toolbar=no,resizable=yes,scrollbars=yes,height=600,width=500'); return false;\" target=\"_blank\" title=\"X Social Network\"><svg xmlns=\"http:\/\/www.w3.org\/2000\/svg\" shape-rendering=\"geometricPrecision\" text-rendering=\"geometricPrecision\" image-rendering=\"optimizeQuality\" fill-rule=\"evenodd\" clip-rule=\"evenodd\" viewBox=\"0 0 512 462.799\"><path fill-rule=\"nonzero\" d=\"M403.229 0h78.506L310.219 196.04 512 462.799H354.002L230.261 301.007 88.669 462.799h-78.56l183.455-209.683L0 0h161.999l111.856 147.88L403.229 0zm-27.556 415.805h43.505L138.363 44.527h-46.68l283.99 371.278z\"\/><\/svg><span class=\"mec-social-title\">Twitter<\/span><\/a><\/li><li class=\"mec-event-social-icon\"><a class=\"linkedin\" href=\"https:\/\/www.linkedin.com\/shareArticle?mini=true&url=https%3A%2F%2Fcercledeconsciencia.com%2Fes%2Factividades%2Fterapia-corporal-y-respiratoria%2F\" onclick=\"javascript:window.open(this.href, '', 'menubar=no,toolbar=no,resizable=yes,scrollbars=yes,height=600,width=500'); return false;\" target=\"_blank\" title=\"LinkedIn\"><i class=\"mec-fa-linkedin\"><\/i><span class=\"mec-social-title\">LinkedIn<\/span><\/a><\/li><li class=\"mec-event-social-icon\"><a class=\"pinterest\" href=\"http:\/\/pinterest.com\/pin\/create\/button\/?url=https%3A%2F%2Fcercledeconsciencia.com%2Fes%2Factividades%2Fterapia-corporal-y-respiratoria%2F\" target=\"_blank\" title=\"Compartir en Pinterest\"><i class=\"mec-fa-pinterest\"><\/i><span class=\"mec-social-title\">Pitnerest<\/span><\/a><\/li><li class=\"mec-event-social-icon\"><a class=\"whatsapp\" href=\"https:\/\/api.whatsapp.com\/send?text=https%3A%2F%2Fcercledeconsciencia.com%2Fes%2Factividades%2Fterapia-corporal-y-respiratoria%2F\" target=\"_blank\" title=\"Compartir en WhatsApp\"><i class=\"mec-fa-whatsapp\"><\/i><span class=\"mec-social-title\">WhatsApp<\/span><\/a><\/li><li class=\"mec-event-social-icon\"><a class=\"telegram\" href=\"https:\/\/telegram.me\/share\/url?url=https%3A%2F%2Fcercledeconsciencia.com%2Fes%2Factividades%2Fterapia-corporal-y-respiratoria%2F&text=Terapia Corporal y Respiratoria\" target=\"_blank\" title=\"Compartir en Telegram\">\r\n            <i><svg aria-hidden=\"true\" focusable=\"false\" data-prefix=\"fab\" data-icon=\"telegram\" class=\"svg-inline--fa fa-telegram fa-w-16\" role=\"img\" xmlns=\"http:\/\/www.w3.org\/2000\/svg\" viewBox=\"0 0 496 512\"><path fill=\"currentColor\" d=\"M248 8C111 8 0 119 0 256s111 248 248 248 248-111 248-248S385 8 248 8zm121.8 169.9l-40.7 191.8c-3 13.6-11.1 16.9-22.4 10.5l-62-45.7-29.9 28.8c-3.3 3.3-6.1 6.1-12.5 6.1l4.4-63.1 114.9-103.8c5-4.4-1.1-6.9-7.7-2.5l-142 89.4-61.2-19.1c-13.3-4.2-13.6-13.3 2.8-19.7l239.1-92.2c11.1-4 20.8 2.7 17.2 19.5z\"><\/path><\/svg><\/i>\r\n            <span class=\"mec-social-title\">Telegram<\/span>\r\n        <\/a><\/li>                                    <\/ul>\r\n                                <\/li>\r\n                            <\/ul>\r\n                                                <a class=\"mec-booking-button mec-bg-color-hover mec-border-color-hover\" data-event-id=\"2273\" href=\"https:\/\/cercledeconsciencia.com\/es\/actividades\/terapia-corporal-y-respiratoria\/\" target=\"_self\" rel=\"noopener\">Ver detalle<\/a>                                            <\/div>\r\n                <\/div>\r\n                            <\/article>\r\n                        <article class=\"mec-past-event mec-event-article  mec-clear \" itemscope>\r\n                                        <div class=\"event-carousel-type3-head clearfix\">\r\n                    <div class=\"mec-event-image\">\r\n                        <a data-event-id=\"4667\" href=\"https:\/\/cercledeconsciencia.com\/es\/actividades\/desbloqueo-corporal-tardes\/\" target=\"_self\" rel=\"noopener\"><img loading=\"lazy\" decoding=\"async\" width=\"474\" height=\"324\" src=\"https:\/\/cercledeconsciencia.com\/wp-content\/uploads\/2024\/07\/Captura-de-pantalla-2025-10-30-a-las-9.13.46-474x324.png\" class=\"attachment-meccarouselthumb size-meccarouselthumb wp-post-image\" alt=\"\" data-mec-postid=\"4667\" \/><\/a>                                            <\/div>\r\n                    <div class=\"mec-event-footer-carousel-type3\">\r\n                                                    <span class=\"mec-event-date-info\"><span class=\"mec-start-date-label\">May 13, 2026<\/span><\/span>\r\n                                                                                                                        <h4 class=\"mec-event-carousel-title\"><a class=\"mec-color-hover\" data-event-id=\"4667\" href=\"https:\/\/cercledeconsciencia.com\/es\/actividades\/desbloqueo-corporal-tardes\/\" target=\"_self\" rel=\"noopener\">Desbloqueo corporal &#8211; Grupo tardes<\/a><\/h4>\r\n                                                <p class=\"mec-carousel-event-location\"><span>Espai TCI de Barcelona<\/span><br>Carrer de Pau Alsina, 35 Gracia - Barcelona<\/p>\r\n                                                    <ul class=\"mec-event-sharing-wrap\">\r\n                                <li class=\"mec-event-share\">\r\n                                    <a href=\"#\" class=\"mec-event-share-icon\">\r\n                                        <i class=\"mec-sl-share mec-bg-color-hover mec-border-color-hover\" title=\"Share\" alt=\"Share\"><\/i>\r\n                                    <\/a>\r\n                                <\/li>\r\n                                <li>\r\n                                    <ul class=\"mec-event-sharing\">\r\n                                        <li class=\"mec-event-social-icon\"><a class=\"facebook\" href=\"https:\/\/www.facebook.com\/sharer\/sharer.php?u=https%3A%2F%2Fcercledeconsciencia.com%2Fes%2Factividades%2Fdesbloqueo-corporal-tardes%2F\" onclick=\"javascript:window.open(this.href, '', 'menubar=no,toolbar=no,resizable=yes,scrollbars=yes,height=500,width=600'); return false;\" target=\"_blank\" title=\"Compartir en Facebook\"><i class=\"mec-fa-facebook\"><\/i><span class=\"mec-social-title\">Facebook<\/span><\/a><\/li><li class=\"mec-event-social-icon\"><a class=\"twitter\" href=\"https:\/\/x.com\/intent\/tweet?url=https%3A%2F%2Fcercledeconsciencia.com%2Fes%2Factividades%2Fdesbloqueo-corporal-tardes%2F\" onclick=\"javascript:window.open(this.href, '', 'menubar=no,toolbar=no,resizable=yes,scrollbars=yes,height=600,width=500'); return false;\" target=\"_blank\" title=\"X Social Network\"><svg xmlns=\"http:\/\/www.w3.org\/2000\/svg\" shape-rendering=\"geometricPrecision\" text-rendering=\"geometricPrecision\" image-rendering=\"optimizeQuality\" fill-rule=\"evenodd\" clip-rule=\"evenodd\" viewBox=\"0 0 512 462.799\"><path fill-rule=\"nonzero\" d=\"M403.229 0h78.506L310.219 196.04 512 462.799H354.002L230.261 301.007 88.669 462.799h-78.56l183.455-209.683L0 0h161.999l111.856 147.88L403.229 0zm-27.556 415.805h43.505L138.363 44.527h-46.68l283.99 371.278z\"\/><\/svg><span class=\"mec-social-title\">Twitter<\/span><\/a><\/li><li class=\"mec-event-social-icon\"><a class=\"linkedin\" href=\"https:\/\/www.linkedin.com\/shareArticle?mini=true&url=https%3A%2F%2Fcercledeconsciencia.com%2Fes%2Factividades%2Fdesbloqueo-corporal-tardes%2F\" onclick=\"javascript:window.open(this.href, '', 'menubar=no,toolbar=no,resizable=yes,scrollbars=yes,height=600,width=500'); return false;\" target=\"_blank\" title=\"LinkedIn\"><i class=\"mec-fa-linkedin\"><\/i><span class=\"mec-social-title\">LinkedIn<\/span><\/a><\/li><li class=\"mec-event-social-icon\"><a class=\"pinterest\" href=\"http:\/\/pinterest.com\/pin\/create\/button\/?url=https%3A%2F%2Fcercledeconsciencia.com%2Fes%2Factividades%2Fdesbloqueo-corporal-tardes%2F\" target=\"_blank\" title=\"Compartir en Pinterest\"><i class=\"mec-fa-pinterest\"><\/i><span class=\"mec-social-title\">Pitnerest<\/span><\/a><\/li><li class=\"mec-event-social-icon\"><a class=\"whatsapp\" href=\"https:\/\/api.whatsapp.com\/send?text=https%3A%2F%2Fcercledeconsciencia.com%2Fes%2Factividades%2Fdesbloqueo-corporal-tardes%2F\" target=\"_blank\" title=\"Compartir en WhatsApp\"><i class=\"mec-fa-whatsapp\"><\/i><span class=\"mec-social-title\">WhatsApp<\/span><\/a><\/li><li class=\"mec-event-social-icon\"><a class=\"telegram\" href=\"https:\/\/telegram.me\/share\/url?url=https%3A%2F%2Fcercledeconsciencia.com%2Fes%2Factividades%2Fdesbloqueo-corporal-tardes%2F&text=Desbloqueo corporal &#8211; Grupo tardes\" target=\"_blank\" title=\"Compartir en Telegram\">\r\n            <i><svg aria-hidden=\"true\" focusable=\"false\" data-prefix=\"fab\" data-icon=\"telegram\" class=\"svg-inline--fa fa-telegram fa-w-16\" role=\"img\" xmlns=\"http:\/\/www.w3.org\/2000\/svg\" viewBox=\"0 0 496 512\"><path fill=\"currentColor\" d=\"M248 8C111 8 0 119 0 256s111 248 248 248 248-111 248-248S385 8 248 8zm121.8 169.9l-40.7 191.8c-3 13.6-11.1 16.9-22.4 10.5l-62-45.7-29.9 28.8c-3.3 3.3-6.1 6.1-12.5 6.1l4.4-63.1 114.9-103.8c5-4.4-1.1-6.9-7.7-2.5l-142 89.4-61.2-19.1c-13.3-4.2-13.6-13.3 2.8-19.7l239.1-92.2c11.1-4 20.8 2.7 17.2 19.5z\"><\/path><\/svg><\/i>\r\n            <span class=\"mec-social-title\">Telegram<\/span>\r\n        <\/a><\/li>                                    <\/ul>\r\n                                <\/li>\r\n                            <\/ul>\r\n                                                <a class=\"mec-booking-button mec-bg-color-hover mec-border-color-hover\" data-event-id=\"4667\" href=\"https:\/\/cercledeconsciencia.com\/es\/actividades\/desbloqueo-corporal-tardes\/\" target=\"_self\" rel=\"noopener\">Ver detalle<\/a>                                            <\/div>\r\n                <\/div>\r\n                            <\/article>\r\n                                    <article class=\"mec-past-event mec-event-article  mec-clear \" itemscope>\r\n                                        <div class=\"event-carousel-type3-head clearfix\">\r\n                    <div class=\"mec-event-image\">\r\n                        <a data-event-id=\"5186\" href=\"https:\/\/cercledeconsciencia.com\/es\/actividades\/integrando-tus-voces\/\" target=\"_self\" rel=\"noopener\"><img loading=\"lazy\" decoding=\"async\" width=\"474\" height=\"324\" src=\"https:\/\/cercledeconsciencia.com\/wp-content\/uploads\/2025\/01\/Captura-de-pantalla-2025-01-22-a-las-17.10.05-474x324.png\" class=\"attachment-meccarouselthumb size-meccarouselthumb wp-post-image\" alt=\"\" data-mec-postid=\"5186\" \/><\/a>                                            <\/div>\r\n                    <div class=\"mec-event-footer-carousel-type3\">\r\n                                                    <span class=\"mec-event-date-info\"><span class=\"mec-start-date-label\">May 14, 2026<\/span><\/span>\r\n                                                                                                                        <h4 class=\"mec-event-carousel-title\"><a class=\"mec-color-hover\" data-event-id=\"5186\" href=\"https:\/\/cercledeconsciencia.com\/es\/actividades\/integrando-tus-voces\/\" target=\"_self\" rel=\"noopener\">Integrando tus Voces<\/a><\/h4>\r\n                                                <p class=\"mec-carousel-event-location\"><span>Espai TCI de Barcelona<\/span><br>Carrer de Pau Alsina, 35 Gracia - Barcelona<\/p>\r\n                                                    <ul class=\"mec-event-sharing-wrap\">\r\n                                <li class=\"mec-event-share\">\r\n                                    <a href=\"#\" class=\"mec-event-share-icon\">\r\n                                        <i class=\"mec-sl-share mec-bg-color-hover mec-border-color-hover\" title=\"Share\" alt=\"Share\"><\/i>\r\n                                    <\/a>\r\n                                <\/li>\r\n                                <li>\r\n                                    <ul class=\"mec-event-sharing\">\r\n                                        <li class=\"mec-event-social-icon\"><a class=\"facebook\" href=\"https:\/\/www.facebook.com\/sharer\/sharer.php?u=https%3A%2F%2Fcercledeconsciencia.com%2Fes%2Factividades%2Fintegrando-tus-voces%2F\" onclick=\"javascript:window.open(this.href, '', 'menubar=no,toolbar=no,resizable=yes,scrollbars=yes,height=500,width=600'); return false;\" target=\"_blank\" title=\"Compartir en Facebook\"><i class=\"mec-fa-facebook\"><\/i><span class=\"mec-social-title\">Facebook<\/span><\/a><\/li><li class=\"mec-event-social-icon\"><a class=\"twitter\" href=\"https:\/\/x.com\/intent\/tweet?url=https%3A%2F%2Fcercledeconsciencia.com%2Fes%2Factividades%2Fintegrando-tus-voces%2F\" onclick=\"javascript:window.open(this.href, '', 'menubar=no,toolbar=no,resizable=yes,scrollbars=yes,height=600,width=500'); return false;\" target=\"_blank\" title=\"X Social Network\"><svg xmlns=\"http:\/\/www.w3.org\/2000\/svg\" shape-rendering=\"geometricPrecision\" text-rendering=\"geometricPrecision\" image-rendering=\"optimizeQuality\" fill-rule=\"evenodd\" clip-rule=\"evenodd\" viewBox=\"0 0 512 462.799\"><path fill-rule=\"nonzero\" d=\"M403.229 0h78.506L310.219 196.04 512 462.799H354.002L230.261 301.007 88.669 462.799h-78.56l183.455-209.683L0 0h161.999l111.856 147.88L403.229 0zm-27.556 415.805h43.505L138.363 44.527h-46.68l283.99 371.278z\"\/><\/svg><span class=\"mec-social-title\">Twitter<\/span><\/a><\/li><li class=\"mec-event-social-icon\"><a class=\"linkedin\" href=\"https:\/\/www.linkedin.com\/shareArticle?mini=true&url=https%3A%2F%2Fcercledeconsciencia.com%2Fes%2Factividades%2Fintegrando-tus-voces%2F\" onclick=\"javascript:window.open(this.href, '', 'menubar=no,toolbar=no,resizable=yes,scrollbars=yes,height=600,width=500'); return false;\" target=\"_blank\" title=\"LinkedIn\"><i class=\"mec-fa-linkedin\"><\/i><span class=\"mec-social-title\">LinkedIn<\/span><\/a><\/li><li class=\"mec-event-social-icon\"><a class=\"pinterest\" href=\"http:\/\/pinterest.com\/pin\/create\/button\/?url=https%3A%2F%2Fcercledeconsciencia.com%2Fes%2Factividades%2Fintegrando-tus-voces%2F\" target=\"_blank\" title=\"Compartir en Pinterest\"><i class=\"mec-fa-pinterest\"><\/i><span class=\"mec-social-title\">Pitnerest<\/span><\/a><\/li><li class=\"mec-event-social-icon\"><a class=\"whatsapp\" href=\"https:\/\/api.whatsapp.com\/send?text=https%3A%2F%2Fcercledeconsciencia.com%2Fes%2Factividades%2Fintegrando-tus-voces%2F\" target=\"_blank\" title=\"Compartir en WhatsApp\"><i class=\"mec-fa-whatsapp\"><\/i><span class=\"mec-social-title\">WhatsApp<\/span><\/a><\/li><li class=\"mec-event-social-icon\"><a class=\"telegram\" href=\"https:\/\/telegram.me\/share\/url?url=https%3A%2F%2Fcercledeconsciencia.com%2Fes%2Factividades%2Fintegrando-tus-voces%2F&text=Integrando tus Voces\" target=\"_blank\" title=\"Compartir en Telegram\">\r\n            <i><svg aria-hidden=\"true\" focusable=\"false\" data-prefix=\"fab\" data-icon=\"telegram\" class=\"svg-inline--fa fa-telegram fa-w-16\" role=\"img\" xmlns=\"http:\/\/www.w3.org\/2000\/svg\" viewBox=\"0 0 496 512\"><path fill=\"currentColor\" d=\"M248 8C111 8 0 119 0 256s111 248 248 248 248-111 248-248S385 8 248 8zm121.8 169.9l-40.7 191.8c-3 13.6-11.1 16.9-22.4 10.5l-62-45.7-29.9 28.8c-3.3 3.3-6.1 6.1-12.5 6.1l4.4-63.1 114.9-103.8c5-4.4-1.1-6.9-7.7-2.5l-142 89.4-61.2-19.1c-13.3-4.2-13.6-13.3 2.8-19.7l239.1-92.2c11.1-4 20.8 2.7 17.2 19.5z\"><\/path><\/svg><\/i>\r\n            <span class=\"mec-social-title\">Telegram<\/span>\r\n        <\/a><\/li>                                    <\/ul>\r\n                                <\/li>\r\n                            <\/ul>\r\n                                                <a class=\"mec-booking-button mec-bg-color-hover mec-border-color-hover\" data-event-id=\"5186\" href=\"https:\/\/cercledeconsciencia.com\/es\/actividades\/integrando-tus-voces\/\" target=\"_self\" rel=\"noopener\">Ver detalle<\/a>                                            <\/div>\r\n                <\/div>\r\n                            <\/article>\r\n                                    <article class=\"mec-past-event mec-event-article  mec-clear \" itemscope>\r\n                                        <div class=\"event-carousel-type3-head clearfix\">\r\n                    <div class=\"mec-event-image\">\r\n                        <a data-event-id=\"5471\" href=\"https:\/\/cercledeconsciencia.com\/es\/actividades\/ciclo-de-meditaciones-activas\/\" target=\"_self\" rel=\"noopener\"><img loading=\"lazy\" decoding=\"async\" width=\"474\" height=\"324\" src=\"https:\/\/cercledeconsciencia.com\/wp-content\/uploads\/2025\/10\/Captura-de-pantalla-2025-10-23-a-las-11.42.32-474x324.png\" class=\"attachment-meccarouselthumb size-meccarouselthumb wp-post-image\" alt=\"\" data-mec-postid=\"5471\" \/><\/a>                                            <\/div>\r\n                    <div class=\"mec-event-footer-carousel-type3\">\r\n                                                    <span class=\"mec-event-date-info\"><span class=\"mec-start-date-label\">May 19, 2026<\/span><\/span>\r\n                                                                                                                        <h4 class=\"mec-event-carousel-title\"><a class=\"mec-color-hover\" data-event-id=\"5471\" href=\"https:\/\/cercledeconsciencia.com\/es\/actividades\/ciclo-de-meditaciones-activas\/\" target=\"_self\" rel=\"noopener\">Ciclo de Meditaciones Activas<\/a><\/h4>\r\n                                                <p class=\"mec-carousel-event-location\"><span>Espai TCI de Barcelona<\/span><br>Carrer de Pau Alsina, 35 Gracia - Barcelona<\/p>\r\n                                                    <ul class=\"mec-event-sharing-wrap\">\r\n                                <li class=\"mec-event-share\">\r\n                                    <a href=\"#\" class=\"mec-event-share-icon\">\r\n                                        <i class=\"mec-sl-share mec-bg-color-hover mec-border-color-hover\" title=\"Share\" alt=\"Share\"><\/i>\r\n                                    <\/a>\r\n                                <\/li>\r\n                                <li>\r\n                                    <ul class=\"mec-event-sharing\">\r\n                                        <li class=\"mec-event-social-icon\"><a class=\"facebook\" href=\"https:\/\/www.facebook.com\/sharer\/sharer.php?u=https%3A%2F%2Fcercledeconsciencia.com%2Fes%2Factividades%2Fciclo-de-meditaciones-activas%2F\" onclick=\"javascript:window.open(this.href, '', 'menubar=no,toolbar=no,resizable=yes,scrollbars=yes,height=500,width=600'); return false;\" target=\"_blank\" title=\"Compartir en Facebook\"><i class=\"mec-fa-facebook\"><\/i><span class=\"mec-social-title\">Facebook<\/span><\/a><\/li><li class=\"mec-event-social-icon\"><a class=\"twitter\" href=\"https:\/\/x.com\/intent\/tweet?url=https%3A%2F%2Fcercledeconsciencia.com%2Fes%2Factividades%2Fciclo-de-meditaciones-activas%2F\" onclick=\"javascript:window.open(this.href, '', 'menubar=no,toolbar=no,resizable=yes,scrollbars=yes,height=600,width=500'); return false;\" target=\"_blank\" title=\"X Social Network\"><svg xmlns=\"http:\/\/www.w3.org\/2000\/svg\" shape-rendering=\"geometricPrecision\" text-rendering=\"geometricPrecision\" image-rendering=\"optimizeQuality\" fill-rule=\"evenodd\" clip-rule=\"evenodd\" viewBox=\"0 0 512 462.799\"><path fill-rule=\"nonzero\" d=\"M403.229 0h78.506L310.219 196.04 512 462.799H354.002L230.261 301.007 88.669 462.799h-78.56l183.455-209.683L0 0h161.999l111.856 147.88L403.229 0zm-27.556 415.805h43.505L138.363 44.527h-46.68l283.99 371.278z\"\/><\/svg><span class=\"mec-social-title\">Twitter<\/span><\/a><\/li><li class=\"mec-event-social-icon\"><a class=\"linkedin\" href=\"https:\/\/www.linkedin.com\/shareArticle?mini=true&url=https%3A%2F%2Fcercledeconsciencia.com%2Fes%2Factividades%2Fciclo-de-meditaciones-activas%2F\" onclick=\"javascript:window.open(this.href, '', 'menubar=no,toolbar=no,resizable=yes,scrollbars=yes,height=600,width=500'); return false;\" target=\"_blank\" title=\"LinkedIn\"><i class=\"mec-fa-linkedin\"><\/i><span class=\"mec-social-title\">LinkedIn<\/span><\/a><\/li><li class=\"mec-event-social-icon\"><a class=\"pinterest\" href=\"http:\/\/pinterest.com\/pin\/create\/button\/?url=https%3A%2F%2Fcercledeconsciencia.com%2Fes%2Factividades%2Fciclo-de-meditaciones-activas%2F\" target=\"_blank\" title=\"Compartir en Pinterest\"><i class=\"mec-fa-pinterest\"><\/i><span class=\"mec-social-title\">Pitnerest<\/span><\/a><\/li><li class=\"mec-event-social-icon\"><a class=\"whatsapp\" href=\"https:\/\/api.whatsapp.com\/send?text=https%3A%2F%2Fcercledeconsciencia.com%2Fes%2Factividades%2Fciclo-de-meditaciones-activas%2F\" target=\"_blank\" title=\"Compartir en WhatsApp\"><i class=\"mec-fa-whatsapp\"><\/i><span class=\"mec-social-title\">WhatsApp<\/span><\/a><\/li><li class=\"mec-event-social-icon\"><a class=\"telegram\" href=\"https:\/\/telegram.me\/share\/url?url=https%3A%2F%2Fcercledeconsciencia.com%2Fes%2Factividades%2Fciclo-de-meditaciones-activas%2F&text=Ciclo de Meditaciones Activas\" target=\"_blank\" title=\"Compartir en Telegram\">\r\n            <i><svg aria-hidden=\"true\" focusable=\"false\" data-prefix=\"fab\" data-icon=\"telegram\" class=\"svg-inline--fa fa-telegram fa-w-16\" role=\"img\" xmlns=\"http:\/\/www.w3.org\/2000\/svg\" viewBox=\"0 0 496 512\"><path fill=\"currentColor\" d=\"M248 8C111 8 0 119 0 256s111 248 248 248 248-111 248-248S385 8 248 8zm121.8 169.9l-40.7 191.8c-3 13.6-11.1 16.9-22.4 10.5l-62-45.7-29.9 28.8c-3.3 3.3-6.1 6.1-12.5 6.1l4.4-63.1 114.9-103.8c5-4.4-1.1-6.9-7.7-2.5l-142 89.4-61.2-19.1c-13.3-4.2-13.6-13.3 2.8-19.7l239.1-92.2c11.1-4 20.8 2.7 17.2 19.5z\"><\/path><\/svg><\/i>\r\n            <span class=\"mec-social-title\">Telegram<\/span>\r\n        <\/a><\/li>                                    <\/ul>\r\n                                <\/li>\r\n                            <\/ul>\r\n                                                <a class=\"mec-booking-button mec-bg-color-hover mec-border-color-hover\" data-event-id=\"5471\" href=\"https:\/\/cercledeconsciencia.com\/es\/actividades\/ciclo-de-meditaciones-activas\/\" target=\"_self\" rel=\"noopener\">Ver detalle<\/a>                                            <\/div>\r\n                <\/div>\r\n                            <\/article>\r\n                                    <article class=\"mec-past-event mec-event-article  mec-clear \" itemscope>\r\n                                        <div class=\"event-carousel-type3-head clearfix\">\r\n                    <div class=\"mec-event-image\">\r\n                        <a data-event-id=\"2273\" href=\"https:\/\/cercledeconsciencia.com\/es\/actividades\/terapia-corporal-y-respiratoria\/\" target=\"_self\" rel=\"noopener\"><img loading=\"lazy\" decoding=\"async\" width=\"474\" height=\"324\" src=\"https:\/\/cercledeconsciencia.com\/wp-content\/uploads\/2023\/11\/IMG_TERAPIA-CORPORAL-y-RESPIRATORIA-474x324.jpg\" class=\"attachment-meccarouselthumb size-meccarouselthumb wp-post-image\" alt=\"\" data-mec-postid=\"2273\" \/><\/a>                                            <\/div>\r\n                    <div class=\"mec-event-footer-carousel-type3\">\r\n                                                    <span class=\"mec-event-date-info\"><span class=\"mec-start-date-label\">May 20, 2026<\/span><\/span>\r\n                                                                                                                        <h4 class=\"mec-event-carousel-title\"><a class=\"mec-color-hover\" data-event-id=\"2273\" href=\"https:\/\/cercledeconsciencia.com\/es\/actividades\/terapia-corporal-y-respiratoria\/\" target=\"_self\" rel=\"noopener\">Terapia Corporal y Respiratoria<\/a><\/h4>\r\n                                                <p class=\"mec-carousel-event-location\"><span>Espai TCI de Barcelona<\/span><br>Carrer de Pau Alsina, 35 Gracia - Barcelona<\/p>\r\n                                                    <ul class=\"mec-event-sharing-wrap\">\r\n                                <li class=\"mec-event-share\">\r\n                                    <a href=\"#\" class=\"mec-event-share-icon\">\r\n                                        <i class=\"mec-sl-share mec-bg-color-hover mec-border-color-hover\" title=\"Share\" alt=\"Share\"><\/i>\r\n                                    <\/a>\r\n                                <\/li>\r\n                                <li>\r\n                                    <ul class=\"mec-event-sharing\">\r\n                                        <li class=\"mec-event-social-icon\"><a class=\"facebook\" href=\"https:\/\/www.facebook.com\/sharer\/sharer.php?u=https%3A%2F%2Fcercledeconsciencia.com%2Fes%2Factividades%2Fterapia-corporal-y-respiratoria%2F\" onclick=\"javascript:window.open(this.href, '', 'menubar=no,toolbar=no,resizable=yes,scrollbars=yes,height=500,width=600'); return false;\" target=\"_blank\" title=\"Compartir en Facebook\"><i class=\"mec-fa-facebook\"><\/i><span class=\"mec-social-title\">Facebook<\/span><\/a><\/li><li class=\"mec-event-social-icon\"><a class=\"twitter\" href=\"https:\/\/x.com\/intent\/tweet?url=https%3A%2F%2Fcercledeconsciencia.com%2Fes%2Factividades%2Fterapia-corporal-y-respiratoria%2F\" onclick=\"javascript:window.open(this.href, '', 'menubar=no,toolbar=no,resizable=yes,scrollbars=yes,height=600,width=500'); return false;\" target=\"_blank\" title=\"X Social Network\"><svg xmlns=\"http:\/\/www.w3.org\/2000\/svg\" shape-rendering=\"geometricPrecision\" text-rendering=\"geometricPrecision\" image-rendering=\"optimizeQuality\" fill-rule=\"evenodd\" clip-rule=\"evenodd\" viewBox=\"0 0 512 462.799\"><path fill-rule=\"nonzero\" d=\"M403.229 0h78.506L310.219 196.04 512 462.799H354.002L230.261 301.007 88.669 462.799h-78.56l183.455-209.683L0 0h161.999l111.856 147.88L403.229 0zm-27.556 415.805h43.505L138.363 44.527h-46.68l283.99 371.278z\"\/><\/svg><span class=\"mec-social-title\">Twitter<\/span><\/a><\/li><li class=\"mec-event-social-icon\"><a class=\"linkedin\" href=\"https:\/\/www.linkedin.com\/shareArticle?mini=true&url=https%3A%2F%2Fcercledeconsciencia.com%2Fes%2Factividades%2Fterapia-corporal-y-respiratoria%2F\" onclick=\"javascript:window.open(this.href, '', 'menubar=no,toolbar=no,resizable=yes,scrollbars=yes,height=600,width=500'); return false;\" target=\"_blank\" title=\"LinkedIn\"><i class=\"mec-fa-linkedin\"><\/i><span class=\"mec-social-title\">LinkedIn<\/span><\/a><\/li><li class=\"mec-event-social-icon\"><a class=\"pinterest\" href=\"http:\/\/pinterest.com\/pin\/create\/button\/?url=https%3A%2F%2Fcercledeconsciencia.com%2Fes%2Factividades%2Fterapia-corporal-y-respiratoria%2F\" target=\"_blank\" title=\"Compartir en Pinterest\"><i class=\"mec-fa-pinterest\"><\/i><span class=\"mec-social-title\">Pitnerest<\/span><\/a><\/li><li class=\"mec-event-social-icon\"><a class=\"whatsapp\" href=\"https:\/\/api.whatsapp.com\/send?text=https%3A%2F%2Fcercledeconsciencia.com%2Fes%2Factividades%2Fterapia-corporal-y-respiratoria%2F\" target=\"_blank\" title=\"Compartir en WhatsApp\"><i class=\"mec-fa-whatsapp\"><\/i><span class=\"mec-social-title\">WhatsApp<\/span><\/a><\/li><li class=\"mec-event-social-icon\"><a class=\"telegram\" href=\"https:\/\/telegram.me\/share\/url?url=https%3A%2F%2Fcercledeconsciencia.com%2Fes%2Factividades%2Fterapia-corporal-y-respiratoria%2F&text=Terapia Corporal y Respiratoria\" target=\"_blank\" title=\"Compartir en Telegram\">\r\n            <i><svg aria-hidden=\"true\" focusable=\"false\" data-prefix=\"fab\" data-icon=\"telegram\" class=\"svg-inline--fa fa-telegram fa-w-16\" role=\"img\" xmlns=\"http:\/\/www.w3.org\/2000\/svg\" viewBox=\"0 0 496 512\"><path fill=\"currentColor\" d=\"M248 8C111 8 0 119 0 256s111 248 248 248 248-111 248-248S385 8 248 8zm121.8 169.9l-40.7 191.8c-3 13.6-11.1 16.9-22.4 10.5l-62-45.7-29.9 28.8c-3.3 3.3-6.1 6.1-12.5 6.1l4.4-63.1 114.9-103.8c5-4.4-1.1-6.9-7.7-2.5l-142 89.4-61.2-19.1c-13.3-4.2-13.6-13.3 2.8-19.7l239.1-92.2c11.1-4 20.8 2.7 17.2 19.5z\"><\/path><\/svg><\/i>\r\n            <span class=\"mec-social-title\">Telegram<\/span>\r\n        <\/a><\/li>                                    <\/ul>\r\n                                <\/li>\r\n                            <\/ul>\r\n                                                <a class=\"mec-booking-button mec-bg-color-hover mec-border-color-hover\" data-event-id=\"2273\" href=\"https:\/\/cercledeconsciencia.com\/es\/actividades\/terapia-corporal-y-respiratoria\/\" target=\"_self\" rel=\"noopener\">Ver detalle<\/a>                                            <\/div>\r\n                <\/div>\r\n                            <\/article>\r\n                                    <article class=\"mec-past-event mec-event-article  mec-clear \" itemscope>\r\n                                        <div class=\"event-carousel-type3-head clearfix\">\r\n                    <div class=\"mec-event-image\">\r\n                        <a data-event-id=\"5186\" href=\"https:\/\/cercledeconsciencia.com\/es\/actividades\/integrando-tus-voces\/\" target=\"_self\" rel=\"noopener\"><img loading=\"lazy\" decoding=\"async\" width=\"474\" height=\"324\" src=\"https:\/\/cercledeconsciencia.com\/wp-content\/uploads\/2025\/01\/Captura-de-pantalla-2025-01-22-a-las-17.10.05-474x324.png\" class=\"attachment-meccarouselthumb size-meccarouselthumb wp-post-image\" alt=\"\" data-mec-postid=\"5186\" \/><\/a>                                            <\/div>\r\n                    <div class=\"mec-event-footer-carousel-type3\">\r\n                                                    <span class=\"mec-event-date-info\"><span class=\"mec-start-date-label\">May 21, 2026<\/span><\/span>\r\n                                                                                                                        <h4 class=\"mec-event-carousel-title\"><a class=\"mec-color-hover\" data-event-id=\"5186\" href=\"https:\/\/cercledeconsciencia.com\/es\/actividades\/integrando-tus-voces\/\" target=\"_self\" rel=\"noopener\">Integrando tus Voces<\/a><\/h4>\r\n                                                <p class=\"mec-carousel-event-location\"><span>Espai TCI de Barcelona<\/span><br>Carrer de Pau Alsina, 35 Gracia - Barcelona<\/p>\r\n                                                    <ul class=\"mec-event-sharing-wrap\">\r\n                                <li class=\"mec-event-share\">\r\n                                    <a href=\"#\" class=\"mec-event-share-icon\">\r\n                                        <i class=\"mec-sl-share mec-bg-color-hover mec-border-color-hover\" title=\"Share\" alt=\"Share\"><\/i>\r\n                                    <\/a>\r\n                                <\/li>\r\n                                <li>\r\n                                    <ul class=\"mec-event-sharing\">\r\n                                        <li class=\"mec-event-social-icon\"><a class=\"facebook\" href=\"https:\/\/www.facebook.com\/sharer\/sharer.php?u=https%3A%2F%2Fcercledeconsciencia.com%2Fes%2Factividades%2Fintegrando-tus-voces%2F\" onclick=\"javascript:window.open(this.href, '', 'menubar=no,toolbar=no,resizable=yes,scrollbars=yes,height=500,width=600'); return false;\" target=\"_blank\" title=\"Compartir en Facebook\"><i class=\"mec-fa-facebook\"><\/i><span class=\"mec-social-title\">Facebook<\/span><\/a><\/li><li class=\"mec-event-social-icon\"><a class=\"twitter\" href=\"https:\/\/x.com\/intent\/tweet?url=https%3A%2F%2Fcercledeconsciencia.com%2Fes%2Factividades%2Fintegrando-tus-voces%2F\" onclick=\"javascript:window.open(this.href, '', 'menubar=no,toolbar=no,resizable=yes,scrollbars=yes,height=600,width=500'); return false;\" target=\"_blank\" title=\"X Social Network\"><svg xmlns=\"http:\/\/www.w3.org\/2000\/svg\" shape-rendering=\"geometricPrecision\" text-rendering=\"geometricPrecision\" image-rendering=\"optimizeQuality\" fill-rule=\"evenodd\" clip-rule=\"evenodd\" viewBox=\"0 0 512 462.799\"><path fill-rule=\"nonzero\" d=\"M403.229 0h78.506L310.219 196.04 512 462.799H354.002L230.261 301.007 88.669 462.799h-78.56l183.455-209.683L0 0h161.999l111.856 147.88L403.229 0zm-27.556 415.805h43.505L138.363 44.527h-46.68l283.99 371.278z\"\/><\/svg><span class=\"mec-social-title\">Twitter<\/span><\/a><\/li><li class=\"mec-event-social-icon\"><a class=\"linkedin\" href=\"https:\/\/www.linkedin.com\/shareArticle?mini=true&url=https%3A%2F%2Fcercledeconsciencia.com%2Fes%2Factividades%2Fintegrando-tus-voces%2F\" onclick=\"javascript:window.open(this.href, '', 'menubar=no,toolbar=no,resizable=yes,scrollbars=yes,height=600,width=500'); return false;\" target=\"_blank\" title=\"LinkedIn\"><i class=\"mec-fa-linkedin\"><\/i><span class=\"mec-social-title\">LinkedIn<\/span><\/a><\/li><li class=\"mec-event-social-icon\"><a class=\"pinterest\" href=\"http:\/\/pinterest.com\/pin\/create\/button\/?url=https%3A%2F%2Fcercledeconsciencia.com%2Fes%2Factividades%2Fintegrando-tus-voces%2F\" target=\"_blank\" title=\"Compartir en Pinterest\"><i class=\"mec-fa-pinterest\"><\/i><span class=\"mec-social-title\">Pitnerest<\/span><\/a><\/li><li class=\"mec-event-social-icon\"><a class=\"whatsapp\" href=\"https:\/\/api.whatsapp.com\/send?text=https%3A%2F%2Fcercledeconsciencia.com%2Fes%2Factividades%2Fintegrando-tus-voces%2F\" target=\"_blank\" title=\"Compartir en WhatsApp\"><i class=\"mec-fa-whatsapp\"><\/i><span class=\"mec-social-title\">WhatsApp<\/span><\/a><\/li><li class=\"mec-event-social-icon\"><a class=\"telegram\" href=\"https:\/\/telegram.me\/share\/url?url=https%3A%2F%2Fcercledeconsciencia.com%2Fes%2Factividades%2Fintegrando-tus-voces%2F&text=Integrando tus Voces\" target=\"_blank\" title=\"Compartir en Telegram\">\r\n            <i><svg aria-hidden=\"true\" focusable=\"false\" data-prefix=\"fab\" data-icon=\"telegram\" class=\"svg-inline--fa fa-telegram fa-w-16\" role=\"img\" xmlns=\"http:\/\/www.w3.org\/2000\/svg\" viewBox=\"0 0 496 512\"><path fill=\"currentColor\" d=\"M248 8C111 8 0 119 0 256s111 248 248 248 248-111 248-248S385 8 248 8zm121.8 169.9l-40.7 191.8c-3 13.6-11.1 16.9-22.4 10.5l-62-45.7-29.9 28.8c-3.3 3.3-6.1 6.1-12.5 6.1l4.4-63.1 114.9-103.8c5-4.4-1.1-6.9-7.7-2.5l-142 89.4-61.2-19.1c-13.3-4.2-13.6-13.3 2.8-19.7l239.1-92.2c11.1-4 20.8 2.7 17.2 19.5z\"><\/path><\/svg><\/i>\r\n            <span class=\"mec-social-title\">Telegram<\/span>\r\n        <\/a><\/li>                                    <\/ul>\r\n                                <\/li>\r\n                            <\/ul>\r\n                                                <a class=\"mec-booking-button mec-bg-color-hover mec-border-color-hover\" data-event-id=\"5186\" href=\"https:\/\/cercledeconsciencia.com\/es\/actividades\/integrando-tus-voces\/\" target=\"_self\" rel=\"noopener\">Ver detalle<\/a>                                            <\/div>\r\n                <\/div>\r\n                            <\/article>\r\n                                    <article class=\"mec-past-event mec-event-article  mec-clear \" itemscope>\r\n                                        <div class=\"event-carousel-type3-head clearfix\">\r\n                    <div class=\"mec-event-image\">\r\n                        <a data-event-id=\"2289\" href=\"https:\/\/cercledeconsciencia.com\/es\/actividades\/desbloqueo-corporal\/\" target=\"_self\" rel=\"noopener\"><img loading=\"lazy\" decoding=\"async\" width=\"474\" height=\"324\" src=\"https:\/\/cercledeconsciencia.com\/wp-content\/uploads\/2024\/07\/Captura-de-pantalla-2025-10-30-a-las-9.13.46-474x324.png\" class=\"attachment-meccarouselthumb size-meccarouselthumb wp-post-image\" alt=\"\" data-mec-postid=\"2289\" \/><\/a>                                            <\/div>\r\n                    <div class=\"mec-event-footer-carousel-type3\">\r\n                                                    <span class=\"mec-event-date-info\"><span class=\"mec-start-date-label\">May 25, 2026<\/span><\/span>\r\n                                                                                                                        <h4 class=\"mec-event-carousel-title\"><a class=\"mec-color-hover\" data-event-id=\"2289\" href=\"https:\/\/cercledeconsciencia.com\/es\/actividades\/desbloqueo-corporal\/\" target=\"_self\" rel=\"noopener\">Desbloqueo corporal \u2013 Grupo ma\u00f1anas<\/a><\/h4>\r\n                                                <p class=\"mec-carousel-event-location\"><span>Espai TCI de Barcelona<\/span><br>Carrer de Pau Alsina, 35 Gracia - Barcelona<\/p>\r\n                                                    <ul class=\"mec-event-sharing-wrap\">\r\n                                <li class=\"mec-event-share\">\r\n                                    <a href=\"#\" class=\"mec-event-share-icon\">\r\n                                        <i class=\"mec-sl-share mec-bg-color-hover mec-border-color-hover\" title=\"Share\" alt=\"Share\"><\/i>\r\n                                    <\/a>\r\n                                <\/li>\r\n                                <li>\r\n                                    <ul class=\"mec-event-sharing\">\r\n                                        <li class=\"mec-event-social-icon\"><a class=\"facebook\" href=\"https:\/\/www.facebook.com\/sharer\/sharer.php?u=https%3A%2F%2Fcercledeconsciencia.com%2Fes%2Factividades%2Fdesbloqueo-corporal%2F\" onclick=\"javascript:window.open(this.href, '', 'menubar=no,toolbar=no,resizable=yes,scrollbars=yes,height=500,width=600'); return false;\" target=\"_blank\" title=\"Compartir en Facebook\"><i class=\"mec-fa-facebook\"><\/i><span class=\"mec-social-title\">Facebook<\/span><\/a><\/li><li class=\"mec-event-social-icon\"><a class=\"twitter\" href=\"https:\/\/x.com\/intent\/tweet?url=https%3A%2F%2Fcercledeconsciencia.com%2Fes%2Factividades%2Fdesbloqueo-corporal%2F\" onclick=\"javascript:window.open(this.href, '', 'menubar=no,toolbar=no,resizable=yes,scrollbars=yes,height=600,width=500'); return false;\" target=\"_blank\" title=\"X Social Network\"><svg xmlns=\"http:\/\/www.w3.org\/2000\/svg\" shape-rendering=\"geometricPrecision\" text-rendering=\"geometricPrecision\" image-rendering=\"optimizeQuality\" fill-rule=\"evenodd\" clip-rule=\"evenodd\" viewBox=\"0 0 512 462.799\"><path fill-rule=\"nonzero\" d=\"M403.229 0h78.506L310.219 196.04 512 462.799H354.002L230.261 301.007 88.669 462.799h-78.56l183.455-209.683L0 0h161.999l111.856 147.88L403.229 0zm-27.556 415.805h43.505L138.363 44.527h-46.68l283.99 371.278z\"\/><\/svg><span class=\"mec-social-title\">Twitter<\/span><\/a><\/li><li class=\"mec-event-social-icon\"><a class=\"linkedin\" href=\"https:\/\/www.linkedin.com\/shareArticle?mini=true&url=https%3A%2F%2Fcercledeconsciencia.com%2Fes%2Factividades%2Fdesbloqueo-corporal%2F\" onclick=\"javascript:window.open(this.href, '', 'menubar=no,toolbar=no,resizable=yes,scrollbars=yes,height=600,width=500'); return false;\" target=\"_blank\" title=\"LinkedIn\"><i class=\"mec-fa-linkedin\"><\/i><span class=\"mec-social-title\">LinkedIn<\/span><\/a><\/li><li class=\"mec-event-social-icon\"><a class=\"pinterest\" href=\"http:\/\/pinterest.com\/pin\/create\/button\/?url=https%3A%2F%2Fcercledeconsciencia.com%2Fes%2Factividades%2Fdesbloqueo-corporal%2F\" target=\"_blank\" title=\"Compartir en Pinterest\"><i class=\"mec-fa-pinterest\"><\/i><span class=\"mec-social-title\">Pitnerest<\/span><\/a><\/li><li class=\"mec-event-social-icon\"><a class=\"whatsapp\" href=\"https:\/\/api.whatsapp.com\/send?text=https%3A%2F%2Fcercledeconsciencia.com%2Fes%2Factividades%2Fdesbloqueo-corporal%2F\" target=\"_blank\" title=\"Compartir en WhatsApp\"><i class=\"mec-fa-whatsapp\"><\/i><span class=\"mec-social-title\">WhatsApp<\/span><\/a><\/li><li class=\"mec-event-social-icon\"><a class=\"telegram\" href=\"https:\/\/telegram.me\/share\/url?url=https%3A%2F%2Fcercledeconsciencia.com%2Fes%2Factividades%2Fdesbloqueo-corporal%2F&text=Desbloqueo corporal \u2013 Grupo ma\u00f1anas\" target=\"_blank\" title=\"Compartir en Telegram\">\r\n            <i><svg aria-hidden=\"true\" focusable=\"false\" data-prefix=\"fab\" data-icon=\"telegram\" class=\"svg-inline--fa fa-telegram fa-w-16\" role=\"img\" xmlns=\"http:\/\/www.w3.org\/2000\/svg\" viewBox=\"0 0 496 512\"><path fill=\"currentColor\" d=\"M248 8C111 8 0 119 0 256s111 248 248 248 248-111 248-248S385 8 248 8zm121.8 169.9l-40.7 191.8c-3 13.6-11.1 16.9-22.4 10.5l-62-45.7-29.9 28.8c-3.3 3.3-6.1 6.1-12.5 6.1l4.4-63.1 114.9-103.8c5-4.4-1.1-6.9-7.7-2.5l-142 89.4-61.2-19.1c-13.3-4.2-13.6-13.3 2.8-19.7l239.1-92.2c11.1-4 20.8 2.7 17.2 19.5z\"><\/path><\/svg><\/i>\r\n            <span class=\"mec-social-title\">Telegram<\/span>\r\n        <\/a><\/li>                                    <\/ul>\r\n                                <\/li>\r\n                            <\/ul>\r\n                                                <a class=\"mec-booking-button mec-bg-color-hover mec-border-color-hover\" data-event-id=\"2289\" href=\"https:\/\/cercledeconsciencia.com\/es\/actividades\/desbloqueo-corporal\/\" target=\"_self\" rel=\"noopener\">Ver detalle<\/a>                                            <\/div>\r\n                <\/div>\r\n                            <\/article>\r\n                                    <article class=\"mec-past-event mec-event-article  mec-clear \" itemscope>\r\n                                        <div class=\"event-carousel-type3-head clearfix\">\r\n                    <div class=\"mec-event-image\">\r\n                        <a data-event-id=\"5471\" href=\"https:\/\/cercledeconsciencia.com\/es\/actividades\/ciclo-de-meditaciones-activas\/\" target=\"_self\" rel=\"noopener\"><img loading=\"lazy\" decoding=\"async\" width=\"474\" height=\"324\" src=\"https:\/\/cercledeconsciencia.com\/wp-content\/uploads\/2025\/10\/Captura-de-pantalla-2025-10-23-a-las-11.42.32-474x324.png\" class=\"attachment-meccarouselthumb size-meccarouselthumb wp-post-image\" alt=\"\" data-mec-postid=\"5471\" \/><\/a>                                            <\/div>\r\n                    <div class=\"mec-event-footer-carousel-type3\">\r\n                                                    <span class=\"mec-event-date-info\"><span class=\"mec-start-date-label\">May 26, 2026<\/span><\/span>\r\n                                                                                                                        <h4 class=\"mec-event-carousel-title\"><a class=\"mec-color-hover\" data-event-id=\"5471\" href=\"https:\/\/cercledeconsciencia.com\/es\/actividades\/ciclo-de-meditaciones-activas\/\" target=\"_self\" rel=\"noopener\">Ciclo de Meditaciones Activas<\/a><\/h4>\r\n                                                <p class=\"mec-carousel-event-location\"><span>Espai TCI de Barcelona<\/span><br>Carrer de Pau Alsina, 35 Gracia - Barcelona<\/p>\r\n                                                    <ul class=\"mec-event-sharing-wrap\">\r\n                                <li class=\"mec-event-share\">\r\n                                    <a href=\"#\" class=\"mec-event-share-icon\">\r\n                                        <i class=\"mec-sl-share mec-bg-color-hover mec-border-color-hover\" title=\"Share\" alt=\"Share\"><\/i>\r\n                                    <\/a>\r\n                                <\/li>\r\n                                <li>\r\n                                    <ul class=\"mec-event-sharing\">\r\n                                        <li class=\"mec-event-social-icon\"><a class=\"facebook\" href=\"https:\/\/www.facebook.com\/sharer\/sharer.php?u=https%3A%2F%2Fcercledeconsciencia.com%2Fes%2Factividades%2Fciclo-de-meditaciones-activas%2F\" onclick=\"javascript:window.open(this.href, '', 'menubar=no,toolbar=no,resizable=yes,scrollbars=yes,height=500,width=600'); return false;\" target=\"_blank\" title=\"Compartir en Facebook\"><i class=\"mec-fa-facebook\"><\/i><span class=\"mec-social-title\">Facebook<\/span><\/a><\/li><li class=\"mec-event-social-icon\"><a class=\"twitter\" href=\"https:\/\/x.com\/intent\/tweet?url=https%3A%2F%2Fcercledeconsciencia.com%2Fes%2Factividades%2Fciclo-de-meditaciones-activas%2F\" onclick=\"javascript:window.open(this.href, '', 'menubar=no,toolbar=no,resizable=yes,scrollbars=yes,height=600,width=500'); return false;\" target=\"_blank\" title=\"X Social Network\"><svg xmlns=\"http:\/\/www.w3.org\/2000\/svg\" shape-rendering=\"geometricPrecision\" text-rendering=\"geometricPrecision\" image-rendering=\"optimizeQuality\" fill-rule=\"evenodd\" clip-rule=\"evenodd\" viewBox=\"0 0 512 462.799\"><path fill-rule=\"nonzero\" d=\"M403.229 0h78.506L310.219 196.04 512 462.799H354.002L230.261 301.007 88.669 462.799h-78.56l183.455-209.683L0 0h161.999l111.856 147.88L403.229 0zm-27.556 415.805h43.505L138.363 44.527h-46.68l283.99 371.278z\"\/><\/svg><span class=\"mec-social-title\">Twitter<\/span><\/a><\/li><li class=\"mec-event-social-icon\"><a class=\"linkedin\" href=\"https:\/\/www.linkedin.com\/shareArticle?mini=true&url=https%3A%2F%2Fcercledeconsciencia.com%2Fes%2Factividades%2Fciclo-de-meditaciones-activas%2F\" onclick=\"javascript:window.open(this.href, '', 'menubar=no,toolbar=no,resizable=yes,scrollbars=yes,height=600,width=500'); return false;\" target=\"_blank\" title=\"LinkedIn\"><i class=\"mec-fa-linkedin\"><\/i><span class=\"mec-social-title\">LinkedIn<\/span><\/a><\/li><li class=\"mec-event-social-icon\"><a class=\"pinterest\" href=\"http:\/\/pinterest.com\/pin\/create\/button\/?url=https%3A%2F%2Fcercledeconsciencia.com%2Fes%2Factividades%2Fciclo-de-meditaciones-activas%2F\" target=\"_blank\" title=\"Compartir en Pinterest\"><i class=\"mec-fa-pinterest\"><\/i><span class=\"mec-social-title\">Pitnerest<\/span><\/a><\/li><li class=\"mec-event-social-icon\"><a class=\"whatsapp\" href=\"https:\/\/api.whatsapp.com\/send?text=https%3A%2F%2Fcercledeconsciencia.com%2Fes%2Factividades%2Fciclo-de-meditaciones-activas%2F\" target=\"_blank\" title=\"Compartir en WhatsApp\"><i class=\"mec-fa-whatsapp\"><\/i><span class=\"mec-social-title\">WhatsApp<\/span><\/a><\/li><li class=\"mec-event-social-icon\"><a class=\"telegram\" href=\"https:\/\/telegram.me\/share\/url?url=https%3A%2F%2Fcercledeconsciencia.com%2Fes%2Factividades%2Fciclo-de-meditaciones-activas%2F&text=Ciclo de Meditaciones Activas\" target=\"_blank\" title=\"Compartir en Telegram\">\r\n            <i><svg aria-hidden=\"true\" focusable=\"false\" data-prefix=\"fab\" data-icon=\"telegram\" class=\"svg-inline--fa fa-telegram fa-w-16\" role=\"img\" xmlns=\"http:\/\/www.w3.org\/2000\/svg\" viewBox=\"0 0 496 512\"><path fill=\"currentColor\" d=\"M248 8C111 8 0 119 0 256s111 248 248 248 248-111 248-248S385 8 248 8zm121.8 169.9l-40.7 191.8c-3 13.6-11.1 16.9-22.4 10.5l-62-45.7-29.9 28.8c-3.3 3.3-6.1 6.1-12.5 6.1l4.4-63.1 114.9-103.8c5-4.4-1.1-6.9-7.7-2.5l-142 89.4-61.2-19.1c-13.3-4.2-13.6-13.3 2.8-19.7l239.1-92.2c11.1-4 20.8 2.7 17.2 19.5z\"><\/path><\/svg><\/i>\r\n            <span class=\"mec-social-title\">Telegram<\/span>\r\n        <\/a><\/li>                                    <\/ul>\r\n                                <\/li>\r\n                            <\/ul>\r\n                                                <a class=\"mec-booking-button mec-bg-color-hover mec-border-color-hover\" data-event-id=\"5471\" href=\"https:\/\/cercledeconsciencia.com\/es\/actividades\/ciclo-de-meditaciones-activas\/\" target=\"_self\" rel=\"noopener\">Ver detalle<\/a>                                            <\/div>\r\n                <\/div>\r\n                            <\/article>\r\n                                <\/div>\r\n        \t<\/div>\r\n<\/div>    <\/div>\r\n        <\/div><div class=\"vc_empty_space\"   style=\"height: 50px\"><span class=\"vc_empty_space_inner\"><\/span><\/div><\/div><\/div><\/div><\/div><div class=\"edgtf-row-grid-section-wrapper \"  ><div class=\"edgtf-row-grid-section\"><div class=\"vc_row wpb_row vc_row-fluid\" ><div class=\"wpb_column vc_column_container vc_col-sm-12\"><div class=\"vc_column-inner\"><div class=\"wpb_wrapper\">\n\t<div class=\"wpb_text_column wpb_content_element \" >\n\t\t<div class=\"wpb_wrapper\">\n\t\t\t<h2>Instalaciones del Cercle de Consci\u00e8ncia Barcelona<\/h2>\n<p style=\"text-align: justify;\">Valoramos profundamente la importancia de contar con espacios f\u00edsicos dise\u00f1ados y cuidados para nuestra formaci\u00f3n y experiencias terap\u00e9uticas. Nos esforzamos por crear un ambiente que no solo brinde comodidad, sino que tambi\u00e9n inspire un sentido de conexi\u00f3n y aprendizaje significativo. En este ambiente, la armon\u00eda entre el entorno f\u00edsico y las experiencias vividas se entrelazan, permiti\u00e9ndonos sumergirnos plenamente en nuestro proceso de crecimiento y bienestar.<\/p>\n\n\t\t<\/div>\n\t<\/div>\n<div class=\"vc_empty_space\"   style=\"height: 100px\"><span class=\"vc_empty_space_inner\"><\/span><\/div><\/div><\/div><\/div><\/div><\/div><\/div><div data-vc-full-width=\"true\" data-vc-full-width-init=\"false\" data-vc-stretch-content=\"true\" class=\"vc_row wpb_row vc_row-fluid vc_custom_1707778016719 vc_column-gap-20 vc_row-no-padding vc_row-o-equal-height vc_row-o-content-top vc_row-flex\" ><div class=\"wpb_column vc_column_container vc_col-sm-12\"><div class=\"vc_column-inner\"><div class=\"wpb_wrapper\"><div class=\"vc_row wpb_row vc_inner vc_row-fluid vc_column-gap-20\" ><div class=\"br-radius-tr wpb_column vc_column_container vc_col-sm-6 vc_col-xs-6\"><div class=\"vc_column-inner\"><div class=\"wpb_wrapper\">\n\t<div  class=\"wpb_single_image wpb_content_element vc_align_right\">\n\t\t\n\t\t<figure class=\"wpb_wrapper vc_figure\">\n\t\t\t<div class=\"vc_single_image-wrapper   vc_box_border_grey\"><img loading=\"lazy\" decoding=\"async\" width=\"1000\" height=\"600\" src=\"https:\/\/cercledeconsciencia.com\/wp-content\/uploads\/2024\/07\/Cercle-gestalt-Barcelona.jpg\" class=\"vc_single_image-img attachment-full\" alt=\"\" title=\"Cercle-gestalt-Barcelona\" srcset=\"https:\/\/cercledeconsciencia.com\/wp-content\/uploads\/2024\/07\/Cercle-gestalt-Barcelona.jpg 1000w, https:\/\/cercledeconsciencia.com\/wp-content\/uploads\/2024\/07\/Cercle-gestalt-Barcelona-300x180.jpg 300w, https:\/\/cercledeconsciencia.com\/wp-content\/uploads\/2024\/07\/Cercle-gestalt-Barcelona-768x461.jpg 768w\" sizes=\"auto, (max-width: 1000px) 100vw, 1000px\" \/><\/div>\n\t\t<\/figure>\n\t<\/div>\n<\/div><\/div><\/div><div class=\"br-radius-tl wpb_column vc_column_container vc_col-sm-6 vc_col-xs-6\"><div class=\"vc_column-inner\"><div class=\"wpb_wrapper\">\n\t<div  class=\"wpb_single_image wpb_content_element vc_align_left   br-radius-tl\">\n\t\t\n\t\t<figure class=\"wpb_wrapper vc_figure\">\n\t\t\t<div class=\"vc_single_image-wrapper   vc_box_border_grey\"><img loading=\"lazy\" decoding=\"async\" width=\"1000\" height=\"600\" src=\"https:\/\/cercledeconsciencia.com\/wp-content\/uploads\/2024\/07\/Cercle-Gestalt-terapia.jpg\" class=\"vc_single_image-img attachment-full\" alt=\"\" title=\"Cercle-Gestalt-terapia\" srcset=\"https:\/\/cercledeconsciencia.com\/wp-content\/uploads\/2024\/07\/Cercle-Gestalt-terapia.jpg 1000w, https:\/\/cercledeconsciencia.com\/wp-content\/uploads\/2024\/07\/Cercle-Gestalt-terapia-300x180.jpg 300w, https:\/\/cercledeconsciencia.com\/wp-content\/uploads\/2024\/07\/Cercle-Gestalt-terapia-768x461.jpg 768w\" sizes=\"auto, (max-width: 1000px) 100vw, 1000px\" \/><\/div>\n\t\t<\/figure>\n\t<\/div>\n<\/div><\/div><\/div><\/div><div class=\"vc_row wpb_row vc_inner vc_row-fluid vc_column-gap-20\" ><div class=\"br-radius-br wpb_column vc_column_container vc_col-sm-6 vc_col-xs-6\"><div class=\"vc_column-inner\"><div class=\"wpb_wrapper\">\n\t<div  class=\"wpb_single_image wpb_content_element vc_align_right\">\n\t\t\n\t\t<figure class=\"wpb_wrapper vc_figure\">\n\t\t\t<div class=\"vc_single_image-wrapper   vc_box_border_grey\"><img loading=\"lazy\" decoding=\"async\" width=\"1000\" height=\"600\" src=\"https:\/\/cercledeconsciencia.com\/wp-content\/uploads\/2024\/07\/DSC_3909_escogida.jpg\" class=\"vc_single_image-img attachment-full\" alt=\"\" title=\"DSC_3909_escogida\" srcset=\"https:\/\/cercledeconsciencia.com\/wp-content\/uploads\/2024\/07\/DSC_3909_escogida.jpg 1000w, https:\/\/cercledeconsciencia.com\/wp-content\/uploads\/2024\/07\/DSC_3909_escogida-300x180.jpg 300w, https:\/\/cercledeconsciencia.com\/wp-content\/uploads\/2024\/07\/DSC_3909_escogida-768x461.jpg 768w\" sizes=\"auto, (max-width: 1000px) 100vw, 1000px\" \/><\/div>\n\t\t<\/figure>\n\t<\/div>\n<\/div><\/div><\/div><div class=\"br-radius-tl wpb_column vc_column_container vc_col-sm-6 vc_col-xs-6\"><div class=\"vc_column-inner\"><div class=\"wpb_wrapper\">\n\t<div  class=\"wpb_single_image wpb_content_element vc_align_left   br-radius-bl\">\n\t\t\n\t\t<figure class=\"wpb_wrapper vc_figure\">\n\t\t\t<div class=\"vc_single_image-wrapper   vc_box_border_grey\"><img loading=\"lazy\" decoding=\"async\" width=\"1000\" height=\"600\" src=\"https:\/\/cercledeconsciencia.com\/wp-content\/uploads\/2024\/07\/Espai-TCI-Barcelona-conferencia.jpg\" class=\"vc_single_image-img attachment-full\" alt=\"\" title=\"Espai-TCI-Barcelona-conferencia\" srcset=\"https:\/\/cercledeconsciencia.com\/wp-content\/uploads\/2024\/07\/Espai-TCI-Barcelona-conferencia.jpg 1000w, https:\/\/cercledeconsciencia.com\/wp-content\/uploads\/2024\/07\/Espai-TCI-Barcelona-conferencia-300x180.jpg 300w, https:\/\/cercledeconsciencia.com\/wp-content\/uploads\/2024\/07\/Espai-TCI-Barcelona-conferencia-768x461.jpg 768w\" sizes=\"auto, (max-width: 1000px) 100vw, 1000px\" \/><\/div>\n\t\t<\/figure>\n\t<\/div>\n<\/div><\/div><\/div><\/div><\/div><\/div><\/div><\/div><div class=\"vc_row-full-width vc_clearfix\"><\/div><div class=\"edgtf-row-grid-section-wrapper \"  ><div class=\"edgtf-row-grid-section\"><div class=\"vc_row wpb_row vc_row-fluid\" ><div class=\"wpb_column vc_column_container vc_col-sm-12\"><div class=\"vc_column-inner\"><div class=\"wpb_wrapper\"><div class=\"vc_empty_space\"   style=\"height: 80px\"><span class=\"vc_empty_space_inner\"><\/span><\/div><\/div><\/div><\/div><\/div><\/div><\/div><div class=\"edgtf-row-grid-section-wrapper \"  style=\"background-color:#ededed\"><div class=\"edgtf-row-grid-section\"><div class=\"vc_row wpb_row vc_row-fluid\" ><div class=\"wpb_column vc_column_container vc_col-sm-12\"><div class=\"vc_column-inner\"><div class=\"wpb_wrapper\"><div class=\"vc_empty_space\"   style=\"height: 100px\"><span class=\"vc_empty_space_inner\"><\/span><\/div><div class=\"vc_row wpb_row vc_inner vc_row-fluid\" style=\"background-color:#ededed\"><div class=\"wpb_column vc_column_container vc_col-sm-12\"><div class=\"vc_column-inner\"><div class=\"wpb_wrapper\">\n\t<div class=\"wpb_text_column wpb_content_element \" >\n\t\t<div class=\"wpb_wrapper\">\n\t\t\t<h2>Noticias del Cercle de Consci\u00e8ncia Barcelona<\/h2>\n\n\t\t<\/div>\n\t<\/div>\n<\/div><\/div><\/div><\/div><div class=\"vc_empty_space\"   style=\"height: 500px\"><span class=\"vc_empty_space_inner\"><\/span><\/div><\/div><\/div><\/div><\/div><\/div><\/div><div class=\"edgtf-row-grid-section-wrapper \"  ><div class=\"edgtf-row-grid-section\"><div class=\"vc_row wpb_row vc_row-fluid\" ><div class=\"wpb_column vc_column_container vc_col-sm-12\"><div class=\"vc_column-inner\"><div class=\"wpb_wrapper\"><div class=\"vc_empty_space\"   style=\"height: 50px\"><span class=\"vc_empty_space_inner\"><\/span><\/div>\n\t<div class=\"wpb_text_column wpb_content_element \" >\n\t\t<div class=\"wpb_wrapper\">\n\t\t\t<h2 style=\"text-align: left;\">Contacta con el Cercle de Consci\u00e8ncia de Barcelona<\/h2>\n<p>Recibe m\u00e1s informaci\u00f3n espec\u00edfica a tus necesidades. Escr\u00edbenos y una persona de nuestro equipo te contactar\u00e1 para aclararte cualquier duda que tengas o ampliar informaci\u00f3n.<\/p>\n\n\t\t<\/div>\n\t<\/div>\n<div class=\"vc_empty_space\"   style=\"height: 50px\"><span class=\"vc_empty_space_inner\"><\/span><\/div>\n<div class=\"wpcf7 no-js\" id=\"wpcf7-f4374-o1\" lang=\"es-ES\" dir=\"ltr\" data-wpcf7-id=\"4374\">\n<div class=\"screen-reader-response\"><p role=\"status\" aria-live=\"polite\" aria-atomic=\"true\"><\/p> <ul><\/ul><\/div>\n<form action=\"\/es\/wp-json\/wp\/v2\/pages\/2697#wpcf7-f4374-o1\" method=\"post\" class=\"wpcf7-form init\" aria-label=\"Formulario de contacto\" novalidate=\"novalidate\" data-status=\"init\">\n<fieldset class=\"hidden-fields-container\"><input type=\"hidden\" name=\"_wpcf7\" value=\"4374\" \/><input type=\"hidden\" name=\"_wpcf7_version\" value=\"6.1.5\" \/><input type=\"hidden\" name=\"_wpcf7_locale\" value=\"es_ES\" \/><input type=\"hidden\" name=\"_wpcf7_unit_tag\" value=\"wpcf7-f4374-o1\" \/><input type=\"hidden\" name=\"_wpcf7_container_post\" value=\"0\" \/><input type=\"hidden\" name=\"_wpcf7_posted_data_hash\" value=\"\" \/>\n<\/fieldset>\n<div>\n\t<div class=\"edgtf-grid-row \">\n\t\t<div class=\"edgtf-grid-col-12\">\n\t\t\t<p><span id=\"wpcf7-69f099f63b5c8-wrapper\" class=\"wpcf7-form-control-wrap honeypot-field-wrap\" style=\"display:none !important; visibility:hidden !important;\"><label for=\"wpcf7-69f099f63b5c8-field\" class=\"hp-message\">Por favor, deja este campo vac\u00edo.<\/label><input id=\"wpcf7-69f099f63b5c8-field\"  class=\"wpcf7-form-control wpcf7-text\" type=\"text\" name=\"honeypot-field\" value=\"\" size=\"40\" tabindex=\"-1\" autocomplete=\"new-password\" \/><\/span>\n\t\t\t<\/p>\n\t\t<\/div>\n\t<\/div>\n\t<div class=\"edgtf-grid-row \">\n\t\t<div class=\"edgtf-grid-col-4\">\n\t\t\t<p><span id=\"wpcf7-69f099f63b687-wrapper\" class=\"wpcf7-form-control-wrap honeypot-field-wrap\" style=\"display:none !important; visibility:hidden !important;\"><label for=\"wpcf7-69f099f63b687-field\" class=\"hp-message\">Por favor, deja este campo vac\u00edo.<\/label><input id=\"wpcf7-69f099f63b687-field\"  class=\"wpcf7-form-control wpcf7-text\" type=\"text\" name=\"honeypot-field\" value=\"\" size=\"40\" tabindex=\"-1\" autocomplete=\"new-password\" \/><\/span><br \/>\n<label> Nombre<br \/>\n<span class=\"wpcf7-form-control-wrap\" data-name=\"your-name\"><input size=\"40\" maxlength=\"400\" class=\"wpcf7-form-control wpcf7-text wpcf7-validates-as-required\" autocomplete=\"name\" aria-required=\"true\" aria-invalid=\"false\" value=\"\" type=\"text\" name=\"your-name\" \/><\/span> <\/label>\n\t\t\t<\/p>\n\t\t<\/div>\n\t\t<div class=\"edgtf-grid-col-4\">\n\t\t\t<p><label> Tel\u00e9fono<br \/>\n<span class=\"wpcf7-form-control-wrap\" data-name=\"your-phone\"><input size=\"40\" maxlength=\"400\" class=\"wpcf7-form-control wpcf7-text wpcf7-validates-as-required\" autocomplete=\"name\" aria-required=\"true\" aria-invalid=\"false\" value=\"\" type=\"text\" name=\"your-phone\" \/><\/span> <\/label>\n\t\t\t<\/p>\n\t\t<\/div>\n\t\t<div class=\"edgtf-grid-col-4\">\n\t\t\t<p><label> Mail<br \/>\n<span class=\"wpcf7-form-control-wrap\" data-name=\"your-email\"><input size=\"40\" maxlength=\"400\" class=\"wpcf7-form-control wpcf7-email wpcf7-validates-as-required wpcf7-text wpcf7-validates-as-email\" autocomplete=\"email\" aria-required=\"true\" aria-invalid=\"false\" value=\"\" type=\"email\" name=\"your-email\" \/><\/span> <\/label>\n\t\t\t<\/p>\n\t\t<\/div>\n\t<\/div>\n\t<div class=\"edgtf-grid-row\">\n\t\t<div class=\"edgtf-grid-col-4\">\n\t\t\t<p><span class=\"wpcf7-form-control-wrap\" data-name=\"ayuda\"><select class=\"wpcf7-form-control wpcf7-select\" aria-invalid=\"false\" name=\"ayuda\"><option value=\"\u00bfEn qu\u00e9 te podemos ayudar?\">\u00bfEn qu\u00e9 te podemos ayudar?<\/option><option value=\"Formaci\u00f3n Gestalt Integrativa\">Formaci\u00f3n Gestalt Integrativa<\/option><option value=\"Formaci\u00f3n Terapia Corporal Integrativa\">Formaci\u00f3n Terapia Corporal Integrativa<\/option><option value=\"Formaci\u00f3n Transpersonal Integrativa\">Formaci\u00f3n Transpersonal Integrativa<\/option><option value=\"Formacion Sexualidad Integrativa\">Formacion Sexualidad Integrativa<\/option><option value=\"Talleres\">Talleres<\/option><option value=\"Terapia\">Terapia<\/option><option value=\"Alquiler de espacios\">Alquiler de espacios<\/option><option value=\"Can Gensana\">Can Gensana<\/option><option value=\"Otros\">Otros<\/option><\/select><\/span>\n\t\t\t<\/p>\n\t\t\t<p><span class=\"wpcf7-form-control-wrap\" data-name=\"sede\"><select class=\"wpcf7-form-control wpcf7-select\" aria-invalid=\"false\" name=\"sede\"><option value=\"\u00bfEn qu\u00e9 sede tienes inter\u00e9s?\">\u00bfEn qu\u00e9 sede tienes inter\u00e9s?<\/option><option value=\"Barcelona\">Barcelona<\/option><\/select><\/span>\n\t\t\t<\/p>\n\t\t<\/div>\n\t\t<div class=\"edgtf-grid-col-8\">\n\t\t\t<p><label> Mensaje (opcional)<br \/>\n<span class=\"wpcf7-form-control-wrap\" data-name=\"your-message\"><textarea cols=\"40\" rows=\"4\" maxlength=\"2000\" class=\"wpcf7-form-control wpcf7-textarea\" aria-invalid=\"false\" name=\"your-message\"><\/textarea><\/span> <\/label>\n\t\t\t<\/p>\n\t\t<\/div>\n\t<\/div>\n\t<div class=\"edgtf-grid-row\">\n\t\t<div class=\"edgtf-grid-col-12\">\n\t\t\t<div class=\"txt-legal\">\n\t\t\t\t<p><b>INFORMACI\u00d3N B\u00c1SICA SOBRE PROTECCI\u00d3N DE DATOS<\/b>\n\t\t\t\t<\/p>\n\t\t\t\t<p><b>RESPONSABLE DEL TRATAMIENTO<\/b><br \/>\nResponsable: ESPAI TCI, S.L.U. - CIF: B66100033 Dir. Postal: C\/ PAU ALSINA N 16, CP: 08025 - BARCELONA (BARCELONA)<br \/>\n<b>FINALIDAD:<\/b> Gestionar su consulta\/petici\u00f3n y dar una respuesta a la misma.<br \/>\n<b>LEGITIMACI\u00d3N:<\/b> Su consentimiento<br \/>\n<b>DESTINATARIOS:<\/b> Los datos no se ceder\u00e1n a terceros salvo en los casos en los que exista una obligaci\u00f3n legal o comunicaci\u00f3n necesaria para dar contestaci\u00f3n a su consulta.<br \/>\n<b>DERECHOS:<\/b> Puede ejercer sus Derechos a acceder, rectificar, oponerse, limitar, portar y suprimir los datos ante el responsable del tratamiento; adem\u00e1s de acudir a la autoridad de control competente (AEPD).<br \/>\n<b>INFORMACI\u00d3N ADICIONAL:<\/b> Puede consultar la informaci\u00f3n adicional sobre el tratamiento de sus datos personales <a href=\"\/politica-de-privacidad\/\">aqu\u00ed<\/a>.\n\t\t\t\t<\/p>\n\t\t\t<\/div>\n\t\t<\/div>\n\t<\/div>\n\t<div class=\"edgtf-grid-row pt-4\">\n\t\t<div class=\"edgtf-grid-col-4\">\n\t\t<\/div>\n\t\t<div class=\"edgtf-grid-col-8\">\n\t\t\t<p><span class=\"wpcf7-form-control-wrap\" data-name=\"news\"><span class=\"wpcf7-form-control wpcf7-checkbox mycheck2\"><span class=\"wpcf7-list-item first last\"><input type=\"checkbox\" name=\"news[]\" value=\"Quiero recibir informaci\u00f3n sobre actividades y formaciones.\" \/><span class=\"wpcf7-list-item-label\">Quiero recibir informaci\u00f3n sobre actividades y formaciones.<\/span><\/span><\/span><\/span><br \/>\n<span class=\"wpcf7-form-control-wrap\" data-name=\"politica\"><span class=\"wpcf7-form-control wpcf7-checkbox wpcf7-validates-as-required mycheck2\"><span class=\"wpcf7-list-item first last\"><input type=\"checkbox\" name=\"politica[]\" value=\"He le\u00eddo y acepto la Pol\u00edtica de Privacidad.\" \/><span class=\"wpcf7-list-item-label\">He le\u00eddo y acepto la Pol\u00edtica de Privacidad.<\/span><\/span><\/span><\/span>\n\t\t\t<\/p>\n\t\t<\/div>\n\t<\/div>\n\t<div class=\"edgtf-grid-row\">\n\t\t<div class=\"edgtf-grid-col-12 text-right\">\n\t\t\t<p><input class=\"wpcf7-form-control wpcf7-submit has-spinner\" type=\"submit\" value=\"Enviar\" \/>\n\t\t\t<\/p>\n\t\t<\/div>\n\t<\/div>\n<\/div><p style=\"display: none !important;\" class=\"akismet-fields-container\" data-prefix=\"_wpcf7_ak_\"><label>&#916;<textarea name=\"_wpcf7_ak_hp_textarea\" cols=\"45\" rows=\"8\" maxlength=\"100\"><\/textarea><\/label><input type=\"hidden\" id=\"ak_js_1\" name=\"_wpcf7_ak_js\" value=\"164\"\/><script type=\"text\/javascript\">\n\/* <![CDATA[ *\/\ndocument.getElementById( \"ak_js_1\" ).setAttribute( \"value\", ( new Date() ).getTime() );\n\/* ]]> *\/\n<\/script>\n<\/p><input type='hidden' class='wpcf7-pum' value='{\"closepopup\":false,\"closedelay\":0,\"openpopup\":false,\"openpopup_id\":0}' \/><div class=\"wpcf7-response-output\" aria-hidden=\"true\"><\/div>\n<\/form>\n<\/div>\n<div class=\"vc_empty_space\"   style=\"height: 50px\"><span class=\"vc_empty_space_inner\"><\/span><\/div><\/div><\/div><\/div><\/div><\/div><\/div>\n","protected":false},"excerpt":{"rendered":"\ud83d\udc49\ud83c\udffd Sesi\u00f3n de prueba el 7 abril 2026 a las 19h30 *inversi\u00f3n reserva de 10\u20ac* En este ciclo vivir\u00e1s din\u00e1micas de movimiento y expresi\u00f3n emocional que despiertan tu energ\u00eda, junto [...]","protected":false},"author":1,"featured_media":0,"parent":0,"menu_order":0,"comment_status":"closed","ping_status":"closed","template":"full-width.php","meta":{"footnotes":""},"class_list":["post-2697","page","type-page","status-publish","hentry"],"yoast_head":"<!-- This site is optimized with the Yoast SEO plugin v27.4 - https:\/\/yoast.com\/product\/yoast-seo-wordpress\/ -->\n<title>Cercle de Conci\u00e8ncia Barcelona - Cercle de Consci\u00e8ncia<\/title>\n<meta name=\"description\" content=\"Formaci\u00f3n de larga duraci\u00f3n, talleres, cursos y conferencias. Autoconocimiento y transformaci\u00f3n personal. Experiencias \u00fanicas hacia un camino de crecimiento y plenitud.\" \/>\n<meta name=\"robots\" content=\"index, follow, max-snippet:-1, max-image-preview:large, max-video-preview:-1\" \/>\n<link rel=\"canonical\" href=\"https:\/\/cercledeconsciencia.com\/es\/barcelona\/\" \/>\n<meta property=\"og:locale\" content=\"es_ES\" \/>\n<meta property=\"og:type\" content=\"article\" \/>\n<meta property=\"og:title\" content=\"Cercle de Conci\u00e8ncia Barcelona - Cercle de Consci\u00e8ncia\" \/>\n<meta property=\"og:description\" content=\"Formaci\u00f3n de larga duraci\u00f3n, talleres, cursos y conferencias. Autoconocimiento y transformaci\u00f3n personal. Experiencias \u00fanicas hacia un camino de crecimiento y plenitud.\" \/>\n<meta property=\"og:url\" content=\"https:\/\/cercledeconsciencia.com\/es\/barcelona\/\" \/>\n<meta property=\"og:site_name\" content=\"Cercle de Consci\u00e8ncia\" \/>\n<meta property=\"article:publisher\" content=\"https:\/\/www.facebook.com\/Cercledeconscienciabarcelona?_rdr\" \/>\n<meta property=\"article:modified_time\" content=\"2025-04-27T16:47:32+00:00\" \/>\n<meta property=\"og:image\" content=\"https:\/\/cercledeconsciencia.com\/wp-content\/uploads\/2024\/02\/icon-tel.png\" \/>\n\t<meta property=\"og:image:width\" content=\"37\" \/>\n\t<meta property=\"og:image:height\" content=\"37\" \/>\n\t<meta property=\"og:image:type\" content=\"image\/png\" \/>\n<meta name=\"twitter:card\" content=\"summary_large_image\" \/>\n<meta name=\"twitter:label1\" content=\"Tiempo de lectura\" \/>\n\t<meta name=\"twitter:data1\" content=\"9 minutos\" \/>\n<script type=\"application\/ld+json\" class=\"yoast-schema-graph\">{\"@context\":\"https:\\\/\\\/schema.org\",\"@graph\":[{\"@type\":\"WebPage\",\"@id\":\"https:\\\/\\\/cercledeconsciencia.com\\\/barcelona\\\/\",\"url\":\"https:\\\/\\\/cercledeconsciencia.com\\\/barcelona\\\/\",\"name\":\"Cercle de Conci\u00e8ncia Barcelona - Cercle de Consci\u00e8ncia\",\"isPartOf\":{\"@id\":\"https:\\\/\\\/cercledeconsciencia.com\\\/#website\"},\"primaryImageOfPage\":{\"@id\":\"https:\\\/\\\/cercledeconsciencia.com\\\/barcelona\\\/#primaryimage\"},\"image\":{\"@id\":\"https:\\\/\\\/cercledeconsciencia.com\\\/barcelona\\\/#primaryimage\"},\"thumbnailUrl\":\"https:\\\/\\\/cercledeconsciencia.com\\\/wp-content\\\/uploads\\\/2024\\\/02\\\/icon-tel.png\",\"datePublished\":\"2024-01-26T01:01:46+00:00\",\"dateModified\":\"2025-04-27T16:47:32+00:00\",\"description\":\"Formaci\u00f3n de larga duraci\u00f3n, talleres, cursos y conferencias. Autoconocimiento y transformaci\u00f3n personal. Experiencias \u00fanicas hacia un camino de crecimiento y plenitud.\",\"breadcrumb\":{\"@id\":\"https:\\\/\\\/cercledeconsciencia.com\\\/barcelona\\\/#breadcrumb\"},\"inLanguage\":\"es\",\"potentialAction\":[{\"@type\":\"ReadAction\",\"target\":[\"https:\\\/\\\/cercledeconsciencia.com\\\/barcelona\\\/\"]}]},{\"@type\":\"ImageObject\",\"inLanguage\":\"es\",\"@id\":\"https:\\\/\\\/cercledeconsciencia.com\\\/barcelona\\\/#primaryimage\",\"url\":\"https:\\\/\\\/cercledeconsciencia.com\\\/wp-content\\\/uploads\\\/2024\\\/02\\\/icon-tel.png\",\"contentUrl\":\"https:\\\/\\\/cercledeconsciencia.com\\\/wp-content\\\/uploads\\\/2024\\\/02\\\/icon-tel.png\"},{\"@type\":\"BreadcrumbList\",\"@id\":\"https:\\\/\\\/cercledeconsciencia.com\\\/barcelona\\\/#breadcrumb\",\"itemListElement\":[{\"@type\":\"ListItem\",\"position\":1,\"name\":\"Portada\",\"item\":\"https:\\\/\\\/cercledeconsciencia.com\\\/\"},{\"@type\":\"ListItem\",\"position\":2,\"name\":\"Cercle de Consciencia Barcelona\"}]},{\"@type\":\"WebSite\",\"@id\":\"https:\\\/\\\/cercledeconsciencia.com\\\/#website\",\"url\":\"https:\\\/\\\/cercledeconsciencia.com\\\/\",\"name\":\"Cercle de Consci\u00e8ncia\",\"description\":\"Centro de Formaci\u00f3n y Terapias\",\"publisher\":{\"@id\":\"https:\\\/\\\/cercledeconsciencia.com\\\/#organization\"},\"potentialAction\":[{\"@type\":\"SearchAction\",\"target\":{\"@type\":\"EntryPoint\",\"urlTemplate\":\"https:\\\/\\\/cercledeconsciencia.com\\\/?s={search_term_string}\"},\"query-input\":{\"@type\":\"PropertyValueSpecification\",\"valueRequired\":true,\"valueName\":\"search_term_string\"}}],\"inLanguage\":\"es\"},{\"@type\":\"Organization\",\"@id\":\"https:\\\/\\\/cercledeconsciencia.com\\\/#organization\",\"name\":\"Cercle de Consci\u00e8ncia\",\"url\":\"https:\\\/\\\/cercledeconsciencia.com\\\/\",\"logo\":{\"@type\":\"ImageObject\",\"inLanguage\":\"es\",\"@id\":\"https:\\\/\\\/cercledeconsciencia.com\\\/#\\\/schema\\\/logo\\\/image\\\/\",\"url\":\"https:\\\/\\\/cercledeconsciencia.com\\\/wp-content\\\/uploads\\\/2023\\\/07\\\/logo.png\",\"contentUrl\":\"https:\\\/\\\/cercledeconsciencia.com\\\/wp-content\\\/uploads\\\/2023\\\/07\\\/logo.png\",\"width\":239,\"height\":68,\"caption\":\"Cercle de Consci\u00e8ncia\"},\"image\":{\"@id\":\"https:\\\/\\\/cercledeconsciencia.com\\\/#\\\/schema\\\/logo\\\/image\\\/\"},\"sameAs\":[\"https:\\\/\\\/www.facebook.com\\\/Cercledeconscienciabarcelona?_rdr\",\"https:\\\/\\\/www.instagram.com\\\/cercledeconsciencia\\\/\",\"https:\\\/\\\/www.youtube.com\\\/c\\\/cercledeconsciencia\"]}]}<\/script>\n<!-- \/ Yoast SEO plugin. -->","yoast_head_json":{"title":"Cercle de Conci\u00e8ncia Barcelona - Cercle de Consci\u00e8ncia","description":"Formaci\u00f3n de larga duraci\u00f3n, talleres, cursos y conferencias. Autoconocimiento y transformaci\u00f3n personal. Experiencias \u00fanicas hacia un camino de crecimiento y plenitud.","robots":{"index":"index","follow":"follow","max-snippet":"max-snippet:-1","max-image-preview":"max-image-preview:large","max-video-preview":"max-video-preview:-1"},"canonical":"https:\/\/cercledeconsciencia.com\/es\/barcelona\/","og_locale":"es_ES","og_type":"article","og_title":"Cercle de Conci\u00e8ncia Barcelona - Cercle de Consci\u00e8ncia","og_description":"Formaci\u00f3n de larga duraci\u00f3n, talleres, cursos y conferencias. Autoconocimiento y transformaci\u00f3n personal. Experiencias \u00fanicas hacia un camino de crecimiento y plenitud.","og_url":"https:\/\/cercledeconsciencia.com\/es\/barcelona\/","og_site_name":"Cercle de Consci\u00e8ncia","article_publisher":"https:\/\/www.facebook.com\/Cercledeconscienciabarcelona?_rdr","article_modified_time":"2025-04-27T16:47:32+00:00","og_image":[{"width":37,"height":37,"url":"https:\/\/cercledeconsciencia.com\/wp-content\/uploads\/2024\/02\/icon-tel.png","type":"image\/png"}],"twitter_card":"summary_large_image","twitter_misc":{"Tiempo de lectura":"9 minutos"},"schema":{"@context":"https:\/\/schema.org","@graph":[{"@type":"WebPage","@id":"https:\/\/cercledeconsciencia.com\/barcelona\/","url":"https:\/\/cercledeconsciencia.com\/barcelona\/","name":"Cercle de Conci\u00e8ncia Barcelona - Cercle de Consci\u00e8ncia","isPartOf":{"@id":"https:\/\/cercledeconsciencia.com\/#website"},"primaryImageOfPage":{"@id":"https:\/\/cercledeconsciencia.com\/barcelona\/#primaryimage"},"image":{"@id":"https:\/\/cercledeconsciencia.com\/barcelona\/#primaryimage"},"thumbnailUrl":"https:\/\/cercledeconsciencia.com\/wp-content\/uploads\/2024\/02\/icon-tel.png","datePublished":"2024-01-26T01:01:46+00:00","dateModified":"2025-04-27T16:47:32+00:00","description":"Formaci\u00f3n de larga duraci\u00f3n, talleres, cursos y conferencias. Autoconocimiento y transformaci\u00f3n personal. Experiencias \u00fanicas hacia un camino de crecimiento y plenitud.","breadcrumb":{"@id":"https:\/\/cercledeconsciencia.com\/barcelona\/#breadcrumb"},"inLanguage":"es","potentialAction":[{"@type":"ReadAction","target":["https:\/\/cercledeconsciencia.com\/barcelona\/"]}]},{"@type":"ImageObject","inLanguage":"es","@id":"https:\/\/cercledeconsciencia.com\/barcelona\/#primaryimage","url":"https:\/\/cercledeconsciencia.com\/wp-content\/uploads\/2024\/02\/icon-tel.png","contentUrl":"https:\/\/cercledeconsciencia.com\/wp-content\/uploads\/2024\/02\/icon-tel.png"},{"@type":"BreadcrumbList","@id":"https:\/\/cercledeconsciencia.com\/barcelona\/#breadcrumb","itemListElement":[{"@type":"ListItem","position":1,"name":"Portada","item":"https:\/\/cercledeconsciencia.com\/"},{"@type":"ListItem","position":2,"name":"Cercle de Consciencia Barcelona"}]},{"@type":"WebSite","@id":"https:\/\/cercledeconsciencia.com\/#website","url":"https:\/\/cercledeconsciencia.com\/","name":"Cercle de Consci\u00e8ncia","description":"Centro de Formaci\u00f3n y Terapias","publisher":{"@id":"https:\/\/cercledeconsciencia.com\/#organization"},"potentialAction":[{"@type":"SearchAction","target":{"@type":"EntryPoint","urlTemplate":"https:\/\/cercledeconsciencia.com\/?s={search_term_string}"},"query-input":{"@type":"PropertyValueSpecification","valueRequired":true,"valueName":"search_term_string"}}],"inLanguage":"es"},{"@type":"Organization","@id":"https:\/\/cercledeconsciencia.com\/#organization","name":"Cercle de Consci\u00e8ncia","url":"https:\/\/cercledeconsciencia.com\/","logo":{"@type":"ImageObject","inLanguage":"es","@id":"https:\/\/cercledeconsciencia.com\/#\/schema\/logo\/image\/","url":"https:\/\/cercledeconsciencia.com\/wp-content\/uploads\/2023\/07\/logo.png","contentUrl":"https:\/\/cercledeconsciencia.com\/wp-content\/uploads\/2023\/07\/logo.png","width":239,"height":68,"caption":"Cercle de Consci\u00e8ncia"},"image":{"@id":"https:\/\/cercledeconsciencia.com\/#\/schema\/logo\/image\/"},"sameAs":["https:\/\/www.facebook.com\/Cercledeconscienciabarcelona?_rdr","https:\/\/www.instagram.com\/cercledeconsciencia\/","https:\/\/www.youtube.com\/c\/cercledeconsciencia"]}]}},"_links":{"self":[{"href":"https:\/\/cercledeconsciencia.com\/es\/wp-json\/wp\/v2\/pages\/2697","targetHints":{"allow":["GET"]}}],"collection":[{"href":"https:\/\/cercledeconsciencia.com\/es\/wp-json\/wp\/v2\/pages"}],"about":[{"href":"https:\/\/cercledeconsciencia.com\/es\/wp-json\/wp\/v2\/types\/page"}],"author":[{"embeddable":true,"href":"https:\/\/cercledeconsciencia.com\/es\/wp-json\/wp\/v2\/users\/1"}],"replies":[{"embeddable":true,"href":"https:\/\/cercledeconsciencia.com\/es\/wp-json\/wp\/v2\/comments?post=2697"}],"version-history":[{"count":139,"href":"https:\/\/cercledeconsciencia.com\/es\/wp-json\/wp\/v2\/pages\/2697\/revisions"}],"predecessor-version":[{"id":5286,"href":"https:\/\/cercledeconsciencia.com\/es\/wp-json\/wp\/v2\/pages\/2697\/revisions\/5286"}],"wp:attachment":[{"href":"https:\/\/cercledeconsciencia.com\/es\/wp-json\/wp\/v2\/media?parent=2697"}],"curies":[{"name":"wp","href":"https:\/\/api.w.org\/{rel}","templated":true}]}}