{"id":3319,"date":"2024-02-23T09:21:38","date_gmt":"2024-02-23T09:21:38","guid":{"rendered":"https:\/\/cercledeconsciencia.com\/?page_id=3319"},"modified":"2024-06-19T23:50:06","modified_gmt":"2024-06-19T23:50:06","slug":"alquiler","status":"publish","type":"page","link":"https:\/\/cercledeconsciencia.com\/es\/alquiler\/","title":{"rendered":"Alquiler de espacios"},"content":{"rendered":"<div data-vc-full-width=\"true\" data-vc-full-width-init=\"false\" data-vc-stretch-content=\"true\" class=\"vc_row wpb_row vc_row-fluid vc_custom_1718840605474 vc_column-gap-20 vc_row-no-padding vc_row-o-content-top vc_row-flex\" ><div class=\"wpb_column vc_column_container vc_col-sm-12\"><div class=\"vc_column-inner\"><div class=\"wpb_wrapper\"><div class=\"vc_row wpb_row vc_inner vc_row-fluid vc_column-gap-35 vc_row-o-content-middle vc_row-flex\" ><div class=\"br-radius-br wpb_column vc_column_container vc_col-sm-2\"><div class=\"vc_column-inner\"><div class=\"wpb_wrapper\"><\/div><\/div><\/div><div class=\"br-radius-tl wpb_column vc_column_container vc_col-sm-4\"><div class=\"vc_column-inner vc_custom_1718840667192\"><div class=\"wpb_wrapper\">\n\t<div class=\"wpb_text_column wpb_content_element \" >\n\t\t<div class=\"wpb_wrapper\">\n\t\t\t<h1 class=\"title-salas\">Alquiler de Espacios<br \/>\npara Terapeutas<\/h1>\n<h5>Encuentra los mejores espacios para llevar a cabo tu actividad terap\u00e9utica.<\/h5>\n<h5>Conc\u00e9ntrate en lo que m\u00e1s importa: acompa\u00f1ar a las personas a trav\u00e9s de tu trabajo terap\u00e9utico.<\/h5>\n\n\t\t<\/div>\n\t<\/div>\n<div class=\"vc_empty_space\"   style=\"height: 20px\"><span class=\"vc_empty_space_inner\"><\/span><\/div><div class=\"vc_btn3-container vc_btn3-inline\" ><a style=\"background-color:#088094; color:#ffffff;\" class=\"vc_general vc_btn3 vc_btn3-size-md vc_btn3-shape-rounded vc_btn3-style-custom\" href=\"#informacion\" title=\"\">M\u00e1s informaci\u00f3n<\/a><\/div><\/div><\/div><\/div><div class=\"wpb_column vc_column_container vc_col-sm-6\"><div class=\"vc_column-inner\"><div class=\"wpb_wrapper\"><div class=\"wpb_images_carousel wpb_content_element vc_clearfix br-radius-bl\"><div class=\"wpb_wrapper\"><div id=\"vc_images-carousel-1-1777454696\" data-ride=\"vc_carousel\" data-wrap=\"false\" style=\"width: 100%;\" data-interval=\"5000\" data-auto-height=\"yes\" data-mode=\"horizontal\" data-partial=\"false\" data-per-view=\"1\" data-hide-on-end=\"false\" class=\"vc_slide vc_images_carousel\"><ol class=\"vc_carousel-indicators\"><li data-target=\"#vc_images-carousel-1-1777454696\" data-slide-to=\"0\"><\/li><li data-target=\"#vc_images-carousel-1-1777454696\" data-slide-to=\"1\"><\/li><\/ol><div class=\"vc_carousel-inner\"><div class=\"vc_carousel-slideline\"><div class=\"vc_carousel-slideline-inner\"><div class=\"vc_item\"><div class=\"vc_inner\"><img loading=\"lazy\" decoding=\"async\" width=\"673\" height=\"507\" src=\"https:\/\/cercledeconsciencia.com\/wp-content\/uploads\/2024\/02\/Local-Mallorca2.png\" class=\"attachment-full\" alt=\"\" title=\"Local-Mallorca2\" srcset=\"https:\/\/cercledeconsciencia.com\/wp-content\/uploads\/2024\/02\/Local-Mallorca2.png 673w, https:\/\/cercledeconsciencia.com\/wp-content\/uploads\/2024\/02\/Local-Mallorca2-300x226.png 300w\" sizes=\"auto, (max-width: 673px) 100vw, 673px\" \/><\/div><\/div><div class=\"vc_item\"><div class=\"vc_inner\"><img loading=\"lazy\" decoding=\"async\" width=\"673\" height=\"507\" src=\"https:\/\/cercledeconsciencia.com\/wp-content\/uploads\/2024\/02\/InstalacionesdelCercle-1.png\" class=\"attachment-full\" alt=\"Cercle Gestalt Formaci\u00f3n\" title=\"Cercle Gestalt Formaci\u00f3n\" srcset=\"https:\/\/cercledeconsciencia.com\/wp-content\/uploads\/2024\/02\/InstalacionesdelCercle-1.png 673w, https:\/\/cercledeconsciencia.com\/wp-content\/uploads\/2024\/02\/InstalacionesdelCercle-1-300x226.png 300w\" sizes=\"auto, (max-width: 673px) 100vw, 673px\" \/><\/div><\/div><\/div><\/div><\/div><\/div><\/div><\/div><\/div><\/div><\/div><\/div><\/div><\/div><\/div><\/div><div class=\"vc_row-full-width vc_clearfix\"><\/div><div id=\"informacion\" class=\"vc_row wpb_row vc_row-fluid\" ><div class=\"wpb_column vc_column_container vc_col-sm-12\"><div class=\"vc_column-inner\"><div class=\"wpb_wrapper\"><div class=\"vc_empty_space\"   style=\"height: 100px\"><span class=\"vc_empty_space_inner\"><\/span><\/div><div class=\"edgtf-row-grid-section-wrapper \" ><div class=\"edgtf-row-grid-section\"><div class=\"vc_row wpb_row vc_inner vc_row-fluid vc_row-o-content-middle vc_row-flex\" ><div class=\"wpb_column vc_column_container vc_col-sm-12\"><div class=\"vc_column-inner\"><div class=\"wpb_wrapper\">\n\t<div class=\"wpb_text_column wpb_content_element \" >\n\t\t<div class=\"wpb_wrapper\">\n\t\t\t<h2 class=\"title-local\">\u00bfD\u00f3nde realizar\u00e1s tu pr\u00f3xima actividad terap\u00e9utica?<\/h2>\n<p>Contamos con espacios en diversas ubicaciones, desde el bullicio de la ciudad hasta entornos m\u00e1s relajados, para que encuentres la opci\u00f3n que se adapte a tus preferencias y las de tus clientes.<\/p>\n<p>Adem\u00e1s podr\u00e1s ampliar tu capacidad de atenci\u00f3n terap\u00e9utica ofreciendo tambi\u00e9n consultas y actividades en otras ciudades de Espa\u00f1a.<\/p>\n\n\t\t<\/div>\n\t<\/div>\n<\/div><\/div><\/div><\/div><\/div><\/div><div class=\"vc_empty_space\"   style=\"height: 60px\"><span class=\"vc_empty_space_inner\"><\/span><\/div><div class=\"edgtf-row-grid-section-wrapper \" ><div class=\"edgtf-row-grid-section\"><div class=\"vc_row wpb_row vc_inner vc_row-fluid vc_row-o-content-top vc_row-flex\" ><div class=\"wpb_column vc_column_container vc_col-sm-4\"><div class=\"vc_column-inner vc_custom_1708681337028\"><div class=\"wpb_wrapper\">\n\t<div  class=\"wpb_single_image wpb_content_element vc_align_center\">\n\t\t\n\t\t<figure class=\"wpb_wrapper vc_figure\">\n\t\t\t<a href=\"\/alquiler-salas-terapeutas-barcelona\/\" target=\"_self\" class=\"vc_single_image-wrapper   vc_box_border_grey\"><img loading=\"lazy\" decoding=\"async\" width=\"500\" height=\"372\" src=\"https:\/\/cercledeconsciencia.com\/wp-content\/uploads\/2024\/02\/alquiler-barcelona-1.png\" class=\"vc_single_image-img attachment-full\" alt=\"\" title=\"alquiler-barcelona\" srcset=\"https:\/\/cercledeconsciencia.com\/wp-content\/uploads\/2024\/02\/alquiler-barcelona-1.png 500w, https:\/\/cercledeconsciencia.com\/wp-content\/uploads\/2024\/02\/alquiler-barcelona-1-300x223.png 300w\" sizes=\"auto, (max-width: 500px) 100vw, 500px\" \/><\/a>\n\t\t<\/figure>\n\t<\/div>\n<\/div><\/div><\/div><div class=\"wpb_column vc_column_container vc_col-sm-4\"><div class=\"vc_column-inner vc_custom_1708681343000\"><div class=\"wpb_wrapper\">\n\t<div  class=\"wpb_single_image wpb_content_element vc_align_center\">\n\t\t\n\t\t<figure class=\"wpb_wrapper vc_figure\">\n\t\t\t<a href=\"\/salas-espacios-mallorca\/\" target=\"_self\" class=\"vc_single_image-wrapper   vc_box_border_grey\"><img loading=\"lazy\" decoding=\"async\" width=\"500\" height=\"372\" src=\"https:\/\/cercledeconsciencia.com\/wp-content\/uploads\/2024\/02\/alquiler-mallorca-1.png\" class=\"vc_single_image-img attachment-full\" alt=\"\" title=\"alquiler-mallorca\" srcset=\"https:\/\/cercledeconsciencia.com\/wp-content\/uploads\/2024\/02\/alquiler-mallorca-1.png 500w, https:\/\/cercledeconsciencia.com\/wp-content\/uploads\/2024\/02\/alquiler-mallorca-1-300x223.png 300w\" sizes=\"auto, (max-width: 500px) 100vw, 500px\" \/><\/a>\n\t\t<\/figure>\n\t<\/div>\n<\/div><\/div><\/div><div class=\"wpb_column vc_column_container vc_col-sm-4\"><div class=\"vc_column-inner vc_custom_1708681370221\"><div class=\"wpb_wrapper\">\n\t<div  class=\"wpb_single_image wpb_content_element vc_align_center\">\n\t\t\n\t\t<figure class=\"wpb_wrapper vc_figure\">\n\t\t\t<a href=\"\/alquiler-de-espacios-ibiza\/\" target=\"_self\" class=\"vc_single_image-wrapper   vc_box_border_grey\"><img loading=\"lazy\" decoding=\"async\" width=\"500\" height=\"372\" src=\"https:\/\/cercledeconsciencia.com\/wp-content\/uploads\/2024\/02\/alquiler-ibiza-2.png\" class=\"vc_single_image-img attachment-full\" alt=\"\" title=\"alquiler-ibiza\" srcset=\"https:\/\/cercledeconsciencia.com\/wp-content\/uploads\/2024\/02\/alquiler-ibiza-2.png 500w, https:\/\/cercledeconsciencia.com\/wp-content\/uploads\/2024\/02\/alquiler-ibiza-2-300x223.png 300w\" sizes=\"auto, (max-width: 500px) 100vw, 500px\" \/><\/a>\n\t\t<\/figure>\n\t<\/div>\n<\/div><\/div><\/div><\/div><\/div><\/div><div class=\"vc_empty_space\"   style=\"height: 60px\"><span class=\"vc_empty_space_inner\"><\/span><\/div><\/div><\/div><\/div><\/div>\n","protected":false},"excerpt":{"rendered":"Alquiler de Espacios para Terapeutas Encuentra los mejores espacios para llevar a cabo tu actividad terap\u00e9utica. Conc\u00e9ntrate en lo que m\u00e1s importa: acompa\u00f1ar a las personas a trav\u00e9s de tu [...]","protected":false},"author":1,"featured_media":0,"parent":0,"menu_order":0,"comment_status":"closed","ping_status":"closed","template":"full-width.php","meta":{"footnotes":""},"class_list":["post-3319","page","type-page","status-publish","hentry"],"yoast_head":"<!-- This site is optimized with the Yoast SEO plugin v27.4 - https:\/\/yoast.com\/product\/yoast-seo-wordpress\/ -->\n<title>Alquiler de Espacios y Salas para Terapias - Cercle de Consci\u00e8ncia<\/title>\n<meta name=\"description\" content=\"Descubre los mejores espacios para tus consultas: Alquiler por horas, sin complicaciones. Varias ubicaciones. Locales, salas y espacios para terapias.\" \/>\n<meta name=\"robots\" content=\"index, follow, max-snippet:-1, max-image-preview:large, max-video-preview:-1\" \/>\n<link rel=\"canonical\" href=\"https:\/\/cercledeconsciencia.com\/es\/alquiler\/\" \/>\n<meta property=\"og:locale\" content=\"es_ES\" \/>\n<meta property=\"og:type\" content=\"article\" \/>\n<meta property=\"og:title\" content=\"Alquiler de Espacios y Salas para Terapias - Cercle de Consci\u00e8ncia\" \/>\n<meta property=\"og:description\" content=\"Descubre los mejores espacios para tus consultas: Alquiler por horas, sin complicaciones. Varias ubicaciones. Locales, salas y espacios para terapias.\" \/>\n<meta property=\"og:url\" content=\"https:\/\/cercledeconsciencia.com\/es\/alquiler\/\" \/>\n<meta property=\"og:site_name\" content=\"Cercle de Consci\u00e8ncia\" \/>\n<meta property=\"article:publisher\" content=\"https:\/\/www.facebook.com\/Cercledeconscienciabarcelona?_rdr\" \/>\n<meta property=\"article:modified_time\" content=\"2024-06-19T23:50:06+00:00\" \/>\n<meta name=\"twitter:card\" content=\"summary_large_image\" \/>\n<meta name=\"twitter:label1\" content=\"Tiempo de lectura\" \/>\n\t<meta name=\"twitter:data1\" content=\"1 minuto\" \/>\n<script type=\"application\/ld+json\" class=\"yoast-schema-graph\">{\"@context\":\"https:\\\/\\\/schema.org\",\"@graph\":[{\"@type\":\"WebPage\",\"@id\":\"https:\\\/\\\/cercledeconsciencia.com\\\/alquiler\\\/\",\"url\":\"https:\\\/\\\/cercledeconsciencia.com\\\/alquiler\\\/\",\"name\":\"Alquiler de Espacios y Salas para Terapias - Cercle de Consci\u00e8ncia\",\"isPartOf\":{\"@id\":\"https:\\\/\\\/cercledeconsciencia.com\\\/#website\"},\"datePublished\":\"2024-02-23T09:21:38+00:00\",\"dateModified\":\"2024-06-19T23:50:06+00:00\",\"description\":\"Descubre los mejores espacios para tus consultas: Alquiler por horas, sin complicaciones. Varias ubicaciones. Locales, salas y espacios para terapias.\",\"breadcrumb\":{\"@id\":\"https:\\\/\\\/cercledeconsciencia.com\\\/alquiler\\\/#breadcrumb\"},\"inLanguage\":\"es\",\"potentialAction\":[{\"@type\":\"ReadAction\",\"target\":[\"https:\\\/\\\/cercledeconsciencia.com\\\/alquiler\\\/\"]}]},{\"@type\":\"BreadcrumbList\",\"@id\":\"https:\\\/\\\/cercledeconsciencia.com\\\/alquiler\\\/#breadcrumb\",\"itemListElement\":[{\"@type\":\"ListItem\",\"position\":1,\"name\":\"Portada\",\"item\":\"https:\\\/\\\/cercledeconsciencia.com\\\/\"},{\"@type\":\"ListItem\",\"position\":2,\"name\":\"Alquiler de espacios\"}]},{\"@type\":\"WebSite\",\"@id\":\"https:\\\/\\\/cercledeconsciencia.com\\\/#website\",\"url\":\"https:\\\/\\\/cercledeconsciencia.com\\\/\",\"name\":\"Cercle de Consci\u00e8ncia\",\"description\":\"Centro de Formaci\u00f3n y Terapias\",\"publisher\":{\"@id\":\"https:\\\/\\\/cercledeconsciencia.com\\\/#organization\"},\"potentialAction\":[{\"@type\":\"SearchAction\",\"target\":{\"@type\":\"EntryPoint\",\"urlTemplate\":\"https:\\\/\\\/cercledeconsciencia.com\\\/?s={search_term_string}\"},\"query-input\":{\"@type\":\"PropertyValueSpecification\",\"valueRequired\":true,\"valueName\":\"search_term_string\"}}],\"inLanguage\":\"es\"},{\"@type\":\"Organization\",\"@id\":\"https:\\\/\\\/cercledeconsciencia.com\\\/#organization\",\"name\":\"Cercle de Consci\u00e8ncia\",\"url\":\"https:\\\/\\\/cercledeconsciencia.com\\\/\",\"logo\":{\"@type\":\"ImageObject\",\"inLanguage\":\"es\",\"@id\":\"https:\\\/\\\/cercledeconsciencia.com\\\/#\\\/schema\\\/logo\\\/image\\\/\",\"url\":\"https:\\\/\\\/cercledeconsciencia.com\\\/wp-content\\\/uploads\\\/2023\\\/07\\\/logo.png\",\"contentUrl\":\"https:\\\/\\\/cercledeconsciencia.com\\\/wp-content\\\/uploads\\\/2023\\\/07\\\/logo.png\",\"width\":239,\"height\":68,\"caption\":\"Cercle de Consci\u00e8ncia\"},\"image\":{\"@id\":\"https:\\\/\\\/cercledeconsciencia.com\\\/#\\\/schema\\\/logo\\\/image\\\/\"},\"sameAs\":[\"https:\\\/\\\/www.facebook.com\\\/Cercledeconscienciabarcelona?_rdr\",\"https:\\\/\\\/www.instagram.com\\\/cercledeconsciencia\\\/\",\"https:\\\/\\\/www.youtube.com\\\/c\\\/cercledeconsciencia\"]}]}<\/script>\n<!-- \/ Yoast SEO plugin. -->","yoast_head_json":{"title":"Alquiler de Espacios y Salas para Terapias - Cercle de Consci\u00e8ncia","description":"Descubre los mejores espacios para tus consultas: Alquiler por horas, sin complicaciones. Varias ubicaciones. Locales, salas y espacios para terapias.","robots":{"index":"index","follow":"follow","max-snippet":"max-snippet:-1","max-image-preview":"max-image-preview:large","max-video-preview":"max-video-preview:-1"},"canonical":"https:\/\/cercledeconsciencia.com\/es\/alquiler\/","og_locale":"es_ES","og_type":"article","og_title":"Alquiler de Espacios y Salas para Terapias - Cercle de Consci\u00e8ncia","og_description":"Descubre los mejores espacios para tus consultas: Alquiler por horas, sin complicaciones. Varias ubicaciones. Locales, salas y espacios para terapias.","og_url":"https:\/\/cercledeconsciencia.com\/es\/alquiler\/","og_site_name":"Cercle de Consci\u00e8ncia","article_publisher":"https:\/\/www.facebook.com\/Cercledeconscienciabarcelona?_rdr","article_modified_time":"2024-06-19T23:50:06+00:00","twitter_card":"summary_large_image","twitter_misc":{"Tiempo de lectura":"1 minuto"},"schema":{"@context":"https:\/\/schema.org","@graph":[{"@type":"WebPage","@id":"https:\/\/cercledeconsciencia.com\/alquiler\/","url":"https:\/\/cercledeconsciencia.com\/alquiler\/","name":"Alquiler de Espacios y Salas para Terapias - Cercle de Consci\u00e8ncia","isPartOf":{"@id":"https:\/\/cercledeconsciencia.com\/#website"},"datePublished":"2024-02-23T09:21:38+00:00","dateModified":"2024-06-19T23:50:06+00:00","description":"Descubre los mejores espacios para tus consultas: Alquiler por horas, sin complicaciones. Varias ubicaciones. Locales, salas y espacios para terapias.","breadcrumb":{"@id":"https:\/\/cercledeconsciencia.com\/alquiler\/#breadcrumb"},"inLanguage":"es","potentialAction":[{"@type":"ReadAction","target":["https:\/\/cercledeconsciencia.com\/alquiler\/"]}]},{"@type":"BreadcrumbList","@id":"https:\/\/cercledeconsciencia.com\/alquiler\/#breadcrumb","itemListElement":[{"@type":"ListItem","position":1,"name":"Portada","item":"https:\/\/cercledeconsciencia.com\/"},{"@type":"ListItem","position":2,"name":"Alquiler de espacios"}]},{"@type":"WebSite","@id":"https:\/\/cercledeconsciencia.com\/#website","url":"https:\/\/cercledeconsciencia.com\/","name":"Cercle de Consci\u00e8ncia","description":"Centro de Formaci\u00f3n y Terapias","publisher":{"@id":"https:\/\/cercledeconsciencia.com\/#organization"},"potentialAction":[{"@type":"SearchAction","target":{"@type":"EntryPoint","urlTemplate":"https:\/\/cercledeconsciencia.com\/?s={search_term_string}"},"query-input":{"@type":"PropertyValueSpecification","valueRequired":true,"valueName":"search_term_string"}}],"inLanguage":"es"},{"@type":"Organization","@id":"https:\/\/cercledeconsciencia.com\/#organization","name":"Cercle de Consci\u00e8ncia","url":"https:\/\/cercledeconsciencia.com\/","logo":{"@type":"ImageObject","inLanguage":"es","@id":"https:\/\/cercledeconsciencia.com\/#\/schema\/logo\/image\/","url":"https:\/\/cercledeconsciencia.com\/wp-content\/uploads\/2023\/07\/logo.png","contentUrl":"https:\/\/cercledeconsciencia.com\/wp-content\/uploads\/2023\/07\/logo.png","width":239,"height":68,"caption":"Cercle de Consci\u00e8ncia"},"image":{"@id":"https:\/\/cercledeconsciencia.com\/#\/schema\/logo\/image\/"},"sameAs":["https:\/\/www.facebook.com\/Cercledeconscienciabarcelona?_rdr","https:\/\/www.instagram.com\/cercledeconsciencia\/","https:\/\/www.youtube.com\/c\/cercledeconsciencia"]}]}},"_links":{"self":[{"href":"https:\/\/cercledeconsciencia.com\/es\/wp-json\/wp\/v2\/pages\/3319","targetHints":{"allow":["GET"]}}],"collection":[{"href":"https:\/\/cercledeconsciencia.com\/es\/wp-json\/wp\/v2\/pages"}],"about":[{"href":"https:\/\/cercledeconsciencia.com\/es\/wp-json\/wp\/v2\/types\/page"}],"author":[{"embeddable":true,"href":"https:\/\/cercledeconsciencia.com\/es\/wp-json\/wp\/v2\/users\/1"}],"replies":[{"embeddable":true,"href":"https:\/\/cercledeconsciencia.com\/es\/wp-json\/wp\/v2\/comments?post=3319"}],"version-history":[{"count":29,"href":"https:\/\/cercledeconsciencia.com\/es\/wp-json\/wp\/v2\/pages\/3319\/revisions"}],"predecessor-version":[{"id":4210,"href":"https:\/\/cercledeconsciencia.com\/es\/wp-json\/wp\/v2\/pages\/3319\/revisions\/4210"}],"wp:attachment":[{"href":"https:\/\/cercledeconsciencia.com\/es\/wp-json\/wp\/v2\/media?parent=3319"}],"curies":[{"name":"wp","href":"https:\/\/api.w.org\/{rel}","templated":true}]}}