{"id":3607,"date":"2024-04-17T12:46:56","date_gmt":"2024-04-17T12:46:56","guid":{"rendered":"https:\/\/cercledeconsciencia.com\/?page_id=3607"},"modified":"2024-11-18T15:09:55","modified_gmt":"2024-11-18T15:09:55","slug":"terapia-gestalt","status":"publish","type":"page","link":"https:\/\/cercledeconsciencia.com\/es\/terapia-gestalt\/","title":{"rendered":"Terapia Gestalt"},"content":{"rendered":"<div data-vc-full-width=\"true\" data-vc-full-width-init=\"false\" data-vc-stretch-content=\"true\" class=\"vc_row wpb_row vc_row-fluid bg-hero-terapias hide-mobile vc_custom_1731942415162 vc_row-has-fill vc_row-no-padding\" ><div class=\"wpb_column vc_column_container vc_col-sm-12\"><div class=\"vc_column-inner\"><div class=\"wpb_wrapper\"><div class=\"vc_empty_space\"   style=\"height: 200px\"><span class=\"vc_empty_space_inner\"><\/span><\/div><div class=\"vc_row wpb_row vc_inner vc_row-fluid vc_custom_1699443329405\" ><div class=\"bg-title-terapias wpb_column vc_column_container vc_col-sm-6\"><div class=\"vc_column-inner\"><div class=\"wpb_wrapper\"><div class=\"vc_empty_space\"   style=\"height: 30px\"><span class=\"vc_empty_space_inner\"><\/span><\/div>\n\t<div class=\"wpb_text_column wpb_content_element \" >\n\t\t<div class=\"wpb_wrapper\">\n\t\t\t<h1><span style=\"color: #ffffff;\">Terapia Gestalt<\/span><\/h1>\n\n\t\t<\/div>\n\t<\/div>\n<div class=\"vc_empty_space\"   style=\"height: 30px\"><span class=\"vc_empty_space_inner\"><\/span><\/div>\n\t<div class=\"wpb_text_column wpb_content_element \" >\n\t\t<div class=\"wpb_wrapper\">\n\t\t\t<h3>Escuchar, percibir, atender e integrar.<\/h3>\n<h3><em>\u201cLo importante no es lo que te sucede en la vida, sino como reaccionas ante ello.\u201d<\/em><\/h3>\n<p style=\"text-align: right;\"><span style=\"color: #ffffff;\"><strong>Epicteto<\/strong><\/span><\/p>\n\n\t\t<\/div>\n\t<\/div>\n<div class=\"vc_empty_space\"   style=\"height: 30px\"><span class=\"vc_empty_space_inner\"><\/span><\/div><\/div><\/div><\/div><div class=\"wpb_column vc_column_container vc_col-sm-6\"><div class=\"vc_column-inner\"><div class=\"wpb_wrapper\"><\/div><\/div><\/div><\/div><div class=\"vc_empty_space\"   style=\"height: 200px\"><span class=\"vc_empty_space_inner\"><\/span><\/div><div class=\"vc_row wpb_row vc_inner vc_row-fluid vc_custom_1699304517452\" ><div class=\"borderr-white wpb_column vc_column_container vc_col-sm-12\"><div class=\"vc_column-inner vc_custom_1699304523827\"><div class=\"wpb_wrapper\"><div class=\"vc_empty_space\"   style=\"height: 100px\"><span class=\"vc_empty_space_inner\"><\/span><\/div><\/div><\/div><\/div><\/div><\/div><\/div><\/div><\/div><div class=\"vc_row-full-width vc_clearfix\"><\/div><div data-vc-full-width=\"true\" data-vc-full-width-init=\"false\" data-vc-stretch-content=\"true\" class=\"vc_row wpb_row vc_row-fluid show-mobile vc_custom_1731942459717 vc_row-has-fill vc_row-no-padding\" ><div class=\"wpb_column vc_column_container vc_col-sm-12\"><div class=\"vc_column-inner\"><div class=\"wpb_wrapper\"><div class=\"vc_empty_space\"   style=\"height: 30px\"><span class=\"vc_empty_space_inner\"><\/span><\/div><div class=\"vc_row wpb_row vc_inner vc_row-fluid vc_custom_1699443329405\" ><div class=\"bg-title-terapias wpb_column vc_column_container vc_col-sm-6\"><div class=\"vc_column-inner\"><div class=\"wpb_wrapper\"><div class=\"vc_empty_space\"   style=\"height: 20px\"><span class=\"vc_empty_space_inner\"><\/span><\/div>\n\t<div class=\"wpb_text_column wpb_content_element \" >\n\t\t<div class=\"wpb_wrapper\">\n\t\t\t<h1 style=\"font-size: 46px;\"><span style=\"color: #ffffff;\">Terapia Gestalt<\/span><\/h1>\n\n\t\t<\/div>\n\t<\/div>\n<div class=\"vc_empty_space\"   style=\"height: 20px\"><span class=\"vc_empty_space_inner\"><\/span><\/div>\n\t<div class=\"wpb_text_column wpb_content_element \" >\n\t\t<div class=\"wpb_wrapper\">\n\t\t\t<h3 style=\"font-size: 20px;\">Dejar de sufrir: \u00bfqu\u00e9 haces con lo que te pasa?<\/h3>\n<h3 style=\"font-size: 20px;\"><em>\u201cLo importante no es lo que te sucede en la vida, sino como reaccionas ante ello.\u201d<\/em><\/h3>\n<p style=\"text-align: right;\"><span style=\"color: #ffffff;\"><strong>Epicteto<\/strong><\/span><\/p>\n\n\t\t<\/div>\n\t<\/div>\n<div class=\"vc_empty_space\"   style=\"height: 20px\"><span class=\"vc_empty_space_inner\"><\/span><\/div><\/div><\/div><\/div><div class=\"wpb_column vc_column_container vc_col-sm-6\"><div class=\"vc_column-inner\"><div class=\"wpb_wrapper\"><\/div><\/div><\/div><\/div><div class=\"vc_empty_space\"   style=\"height: 100px\"><span class=\"vc_empty_space_inner\"><\/span><\/div><div class=\"vc_row wpb_row vc_inner vc_row-fluid vc_custom_1699304517452\" ><div class=\"borderr-white wpb_column vc_column_container vc_col-sm-12\"><div class=\"vc_column-inner vc_custom_1699304523827\"><div class=\"wpb_wrapper\"><div class=\"vc_empty_space\"   style=\"height: 100px\"><span class=\"vc_empty_space_inner\"><\/span><\/div><\/div><\/div><\/div><\/div><\/div><\/div><\/div><\/div><div class=\"vc_row-full-width vc_clearfix\"><\/div><div data-vc-full-width=\"true\" data-vc-full-width-init=\"false\" data-vc-stretch-content=\"true\" class=\"vc_row wpb_row vc_row-fluid vc_custom_1707778016719 vc_column-gap-20 vc_row-no-padding vc_row-o-equal-height vc_row-o-content-top vc_row-flex\" ><div class=\"wpb_column vc_column_container vc_col-sm-12\"><div class=\"vc_column-inner\"><div class=\"wpb_wrapper\"><div class=\"vc_row wpb_row vc_inner vc_row-fluid vc_column-gap-35 vc_row-o-content-middle vc_row-flex\" ><div class=\"br-radius-br wpb_column vc_column_container vc_col-sm-12\"><div class=\"vc_column-inner\"><div class=\"wpb_wrapper\"><div class=\"vc_empty_space\"   style=\"height: 32px\"><span class=\"vc_empty_space_inner\"><\/span><\/div><div class=\"vc_btn3-container vc_btn3-center\" ><a style=\"background-color:#088094; color:#ffffff;\" class=\"vc_general vc_btn3 vc_btn3-size-md vc_btn3-shape-rounded vc_btn3-style-custom\" href=\"#informacion\" title=\"\">Solicitar Informaci\u00f3n<\/a><\/div><\/div><\/div><\/div><\/div><div class=\"vc_empty_space\"   style=\"height: 20px\"><span class=\"vc_empty_space_inner\"><\/span><\/div><\/div><\/div><\/div><\/div><div class=\"vc_row-full-width vc_clearfix\"><\/div><div class=\"vc_row wpb_row vc_row-fluid\" ><div class=\"wpb_column vc_column_container vc_col-sm-12\"><div class=\"vc_column-inner\"><div class=\"wpb_wrapper\"><div class=\"edgtf-row-grid-section-wrapper \" ><div class=\"edgtf-row-grid-section\"><div class=\"vc_row wpb_row vc_inner vc_row-fluid vc_row-o-content-middle vc_row-flex\" ><div class=\"wpb_column vc_column_container vc_col-sm-12\"><div class=\"vc_column-inner\"><div class=\"wpb_wrapper\">\n\t<div class=\"wpb_text_column wpb_content_element \" >\n\t\t<div class=\"wpb_wrapper\">\n\t\t\t<h2 class=\"font-open\" style=\"font-weight: 600; font-size: 30px;\">\u00bfQu\u00e9 es la terapia Gestalt?<\/h2>\n\n\t\t<\/div>\n\t<\/div>\n\n\t<div class=\"wpb_text_column wpb_content_element \" >\n\t\t<div class=\"wpb_wrapper\">\n\t\t\t<p style=\"text-align: justify;\">Es un enfoque psicoterap\u00e9utico que tiene como objetivo la realizaci\u00f3n personal; est\u00e1 centrado en el presente y en darse cuenta c\u00f3mo cada uno, desde su experiencia vital, percibe y experimenta la realidad con una perspectiva determinada. La Terapia Gestalt pone el foco en la ampliaci\u00f3n de la conciencia, en aportar a la persona un mayor conocimiento sobre s\u00ed misma, tanto mental, como emocional y corporal. Favorece que reconozcas cu\u00e1l es tu di\u00e1logo interno, tus introyectos y creencias limitantes, que seas consciente de c\u00f3mo te tomas las cosas que te suceden, cu\u00e1les son los patrones defensivos que se repiten y bloquean tu crecimiento; y una vez conocidos, puedas decidir como transformarlos, para conectar con tus fortalezas y alcanzar as\u00ed un mayor bienestar vital.<\/p>\n\n\t\t<\/div>\n\t<\/div>\n<\/div><\/div><\/div><\/div><\/div><\/div><div class=\"vc_empty_space\"   style=\"height: 50px\"><span class=\"vc_empty_space_inner\"><\/span><\/div><div class=\"edgtf-row-grid-section-wrapper \" ><div class=\"edgtf-row-grid-section\"><div class=\"vc_row wpb_row vc_inner vc_row-fluid vc_row-o-content-middle vc_row-flex\" ><div class=\"wpb_column vc_column_container vc_col-sm-12\"><div class=\"vc_column-inner\"><div class=\"wpb_wrapper\">\n\t<div class=\"wpb_text_column wpb_content_element \" >\n\t\t<div class=\"wpb_wrapper\">\n\t\t\t<h2 class=\"font-open\" style=\"font-weight: 600; font-size: 30px;\">\u00bfCu\u00e1ndo es recomendado hacer terapia Gestalt?<\/h2>\n\n\t\t<\/div>\n\t<\/div>\n\n\t<div class=\"wpb_text_column wpb_content_element \" >\n\t\t<div class=\"wpb_wrapper\">\n\t\t\t<p style=\"text-align: justify;\">Cuando est\u00e1s atravesando un momento vital que te supone un reto o desaf\u00edo\u2026. Si sientes ansiedad, estr\u00e9s, tristeza, ira, o pensamientos anticipatorios negativos con frecuencia\u2026. Cuando eres consciente de que tu autoestima est\u00e1 baja. \u2026 O experimentas dificultades en la toma de decisiones, miedos o inseguridad\u2026 Cuando te sientes triste, desmotivado, o deprimido\u2026 Si quieres sentirte mejor contigo mismo, tratarte mejor\u2026 Cuando te encuentras estancado o bloqueado en una situaci\u00f3n o relaci\u00f3n, tanto personal como profesional\u2026Si vives conflictos en tu relaci\u00f3n de pareja\u2026<\/p>\n<p style=\"text-align: justify;\">Cuando te das cuenta que tu cabeza est\u00e1 acelerada, no descansas, tienes insomnio\u2026 Si quieres mejorar tus habilidades sociales y tus relaciones.<\/p>\n\n\t\t<\/div>\n\t<\/div>\n<\/div><\/div><\/div><\/div><\/div><\/div><div class=\"vc_empty_space\"   style=\"height: 100px\"><span class=\"vc_empty_space_inner\"><\/span><\/div><\/div><\/div><\/div><\/div><div class=\"vc_row wpb_row vc_row-fluid vc_row-o-equal-height vc_row-o-content-middle vc_row-flex\" ><div class=\"bg-gradient-blue-6 wpb_column vc_column_container vc_col-sm-9\"><div class=\"vc_column-inner vc_custom_1718840035375\"><div class=\"wpb_wrapper\">\n\t<div class=\"wpb_text_column wpb_content_element \" >\n\t\t<div class=\"wpb_wrapper\">\n\t\t\t<h2 class=\"font-open\" style=\"font-weight: 600; font-size: 30px; color: #fff;\">\u00bfQu\u00e9 beneficios hay en hacer terapia Gestalt?<\/h2>\n<p style=\"text-align: justify; color: #fff;\">La Terapia Gestalt impulsa y favorece tu crecimiento personal. Te ayuda a conocerte mejor, a conectar con lo que piensas, sientes y experimentas. Te permite resolver conflictos internos, e identificar tus bloqueos, lo que favorecer\u00e1 que tomes decisiones m\u00e1s conscientes y efectivas. Adem\u00e1s, mejora tu gesti\u00f3n emocional, aumenta tu autoestima, y tus capacidades para manejar el estr\u00e9s, facilitando un mayor bienestar contigo mismo y en tus relaciones.<\/p>\n\n\t\t<\/div>\n\t<\/div>\n<div class=\"vc_empty_space\"   style=\"height: 30px\"><span class=\"vc_empty_space_inner\"><\/span><\/div><\/div><\/div><\/div><div class=\"wpb_column vc_column_container vc_col-sm-3\"><div class=\"vc_column-inner vc_custom_1712922630771\"><div class=\"wpb_wrapper\">\n\t<div  class=\"wpb_single_image wpb_content_element vc_align_center\">\n\t\t\n\t\t<figure class=\"wpb_wrapper vc_figure\">\n\t\t\t<div class=\"vc_single_image-wrapper   vc_box_border_grey\"><img loading=\"lazy\" decoding=\"async\" width=\"1102\" height=\"614\" src=\"https:\/\/cercledeconsciencia.com\/wp-content\/uploads\/2024\/11\/Terapia_gestalt_2.png\" class=\"vc_single_image-img attachment-full\" alt=\"\" title=\"Terapia_gestalt_2\" srcset=\"https:\/\/cercledeconsciencia.com\/wp-content\/uploads\/2024\/11\/Terapia_gestalt_2.png 1102w, https:\/\/cercledeconsciencia.com\/wp-content\/uploads\/2024\/11\/Terapia_gestalt_2-300x167.png 300w, https:\/\/cercledeconsciencia.com\/wp-content\/uploads\/2024\/11\/Terapia_gestalt_2-1024x571.png 1024w, https:\/\/cercledeconsciencia.com\/wp-content\/uploads\/2024\/11\/Terapia_gestalt_2-768x428.png 768w, https:\/\/cercledeconsciencia.com\/wp-content\/uploads\/2024\/11\/Terapia_gestalt_2-18x10.png 18w, https:\/\/cercledeconsciencia.com\/wp-content\/uploads\/2024\/11\/Terapia_gestalt_2-1100x614.png 1100w\" sizes=\"auto, (max-width: 1102px) 100vw, 1102px\" \/><\/div>\n\t\t<\/figure>\n\t<\/div>\n<\/div><\/div><\/div><\/div><div class=\"vc_row wpb_row vc_row-fluid\" ><div class=\"wpb_column vc_column_container vc_col-sm-12\"><div class=\"vc_column-inner\"><div class=\"wpb_wrapper\"><div class=\"vc_empty_space\"   style=\"height: 50px\"><span class=\"vc_empty_space_inner\"><\/span><\/div><div class=\"edgtf-row-grid-section-wrapper \" ><div class=\"edgtf-row-grid-section\"><div class=\"vc_row wpb_row vc_inner vc_row-fluid vc_row-o-content-middle vc_row-flex\" ><div class=\"wpb_column vc_column_container vc_col-sm-12\"><div class=\"vc_column-inner\"><div class=\"wpb_wrapper\">\n\t<div class=\"wpb_text_column wpb_content_element \" >\n\t\t<div class=\"wpb_wrapper\">\n\t\t\t<h2 class=\"font-open\" style=\"font-weight: 600; font-size: 30px;\">\u00bfD\u00f3nde hacer terapia Gestalt Integrativa?<\/h2>\n\n\t\t<\/div>\n\t<\/div>\n\n\t<div class=\"wpb_text_column wpb_content_element \" >\n\t\t<div class=\"wpb_wrapper\">\n\t\t\t<p><b>La terapia Gestalt <\/b>facilita que descubras nuevas perspectivas con las que afrontar tus retos vitales. Contamos con un equipo de profesionales altamente cualificados y con un s\u00f3lido recorrido terap\u00e9utico<\/p>\n<p>Puedes hacer terapia gestalt integrativa en nuestros centros en Barcelona, Ibiza, Tarragona y Mallorca.<\/p>\n\n\t\t<\/div>\n\t<\/div>\n<\/div><\/div><\/div><\/div><\/div><\/div><div class=\"vc_empty_space\"   style=\"height: 100px\"><span class=\"vc_empty_space_inner\"><\/span><\/div><\/div><\/div><\/div><\/div><div id=\"informacion\" class=\"vc_row wpb_row vc_row-fluid\" ><div class=\"wpb_column vc_column_container vc_col-sm-12\"><div class=\"vc_column-inner\"><div class=\"wpb_wrapper\"><div class=\"edgtf-row-grid-section-wrapper \" ><div class=\"edgtf-row-grid-section\"><div class=\"vc_row wpb_row vc_inner vc_row-fluid\" ><div class=\"wpb_column vc_column_container vc_col-sm-12\"><div class=\"vc_column-inner\"><div class=\"wpb_wrapper\"><div class=\"vc_empty_space\"   style=\"height: 50px\"><span class=\"vc_empty_space_inner\"><\/span><\/div>\n\t<div class=\"wpb_text_column wpb_content_element \" >\n\t\t<div class=\"wpb_wrapper\">\n\t\t\t<h2 style=\"text-align: left; color: #068199;\">Solicitar sesi\u00f3n de <strong>terapia Gestalt Integrativa<\/strong><\/h2>\n<p>Si est\u00e1s atravesando situaciones de reto o desaf\u00edo en tu vida, recuerda que no tienes por qu\u00e9 pasarlos en soledad, solicita online una cita con uno de nuestros terapeutas para programar una sesi\u00f3n.<\/p>\n\n\t\t<\/div>\n\t<\/div>\n<div class=\"vc_empty_space\"   style=\"height: 50px\"><span class=\"vc_empty_space_inner\"><\/span><\/div>\n<div class=\"wpcf7 no-js\" id=\"wpcf7-f1784-o1\" lang=\"es-ES\" dir=\"ltr\" data-wpcf7-id=\"1784\">\n<div class=\"screen-reader-response\"><p role=\"status\" aria-live=\"polite\" aria-atomic=\"true\"><\/p> <ul><\/ul><\/div>\n<form action=\"\/es\/wp-json\/wp\/v2\/pages\/3607#wpcf7-f1784-o1\" method=\"post\" class=\"wpcf7-form init\" aria-label=\"Formulario de contacto\" novalidate=\"novalidate\" data-status=\"init\">\n<fieldset class=\"hidden-fields-container\"><input type=\"hidden\" name=\"_wpcf7\" value=\"1784\" \/><input type=\"hidden\" name=\"_wpcf7_version\" value=\"6.1.5\" \/><input type=\"hidden\" name=\"_wpcf7_locale\" value=\"es_ES\" \/><input type=\"hidden\" name=\"_wpcf7_unit_tag\" value=\"wpcf7-f1784-o1\" \/><input type=\"hidden\" name=\"_wpcf7_container_post\" value=\"0\" \/><input type=\"hidden\" name=\"_wpcf7_posted_data_hash\" value=\"\" \/>\n<\/fieldset>\n<div>\n\t<div class=\"edgtf-grid-row \">\n\t\t<div class=\"edgtf-grid-col-12\">\n\t\t\t<p><span id=\"wpcf7-69f1dce60b7f1-wrapper\" class=\"wpcf7-form-control-wrap honeypot-field-wrap\" style=\"display:none !important; visibility:hidden !important;\"><label for=\"wpcf7-69f1dce60b7f1-field\" class=\"hp-message\">Por favor, deja este campo vac\u00edo.<\/label><input id=\"wpcf7-69f1dce60b7f1-field\"  class=\"wpcf7-form-control wpcf7-text\" type=\"text\" name=\"honeypot-field\" value=\"\" size=\"40\" tabindex=\"-1\" autocomplete=\"new-password\" \/><\/span>\n\t\t\t<\/p>\n\t\t<\/div>\n\t<\/div>\n\t<div class=\"edgtf-grid-row \">\n\t\t<div class=\"edgtf-grid-col-4\">\n\t\t\t<p><label> Nombre<br \/>\n<span class=\"wpcf7-form-control-wrap\" data-name=\"your-name\"><input size=\"40\" maxlength=\"400\" class=\"wpcf7-form-control wpcf7-text wpcf7-validates-as-required\" autocomplete=\"name\" aria-required=\"true\" aria-invalid=\"false\" value=\"\" type=\"text\" name=\"your-name\" \/><\/span> <\/label>\n\t\t\t<\/p>\n\t\t<\/div>\n\t\t<div class=\"edgtf-grid-col-4\">\n\t\t\t<p><label> Tel\u00e9fono<br \/>\n<span class=\"wpcf7-form-control-wrap\" data-name=\"your-phone\"><input size=\"40\" maxlength=\"400\" class=\"wpcf7-form-control wpcf7-text wpcf7-validates-as-required\" autocomplete=\"name\" aria-required=\"true\" aria-invalid=\"false\" value=\"\" type=\"text\" name=\"your-phone\" \/><\/span> <\/label>\n\t\t\t<\/p>\n\t\t<\/div>\n\t\t<div class=\"edgtf-grid-col-4\">\n\t\t\t<p><label> Mail<br \/>\n<span class=\"wpcf7-form-control-wrap\" data-name=\"your-email\"><input size=\"40\" maxlength=\"400\" class=\"wpcf7-form-control wpcf7-email wpcf7-validates-as-required wpcf7-text wpcf7-validates-as-email\" autocomplete=\"email\" aria-required=\"true\" aria-invalid=\"false\" value=\"\" type=\"email\" name=\"your-email\" \/><\/span> <\/label>\n\t\t\t<\/p>\n\t\t<\/div>\n\t<\/div>\n\t<div class=\"edgtf-grid-row\">\n\t\t<div class=\"edgtf-grid-col-4\">\n\t\t\t<p><span class=\"wpcf7-form-control-wrap\" data-name=\"ayuda\"><select class=\"wpcf7-form-control wpcf7-select\" aria-invalid=\"false\" name=\"ayuda\"><option value=\"\u00bfEn qu\u00e9 te podemos ayudar?\">\u00bfEn qu\u00e9 te podemos ayudar?<\/option><option value=\"Formaci\u00f3n Gestalt Integrativa\">Formaci\u00f3n Gestalt Integrativa<\/option><option value=\"Formaci\u00f3n Terapia Corporal Integrativa\">Formaci\u00f3n Terapia Corporal Integrativa<\/option><option value=\"Formaci\u00f3n Transpersonal Integrativa\">Formaci\u00f3n Transpersonal Integrativa<\/option><option value=\"Formacion Sexualidad Integrativa\">Formacion Sexualidad Integrativa<\/option><option value=\"Talleres\">Talleres<\/option><option value=\"Terapia\">Terapia<\/option><option value=\"Alquiler de espacios\">Alquiler de espacios<\/option><option value=\"Can Gensana\">Can Gensana<\/option><option value=\"Otros\">Otros<\/option><\/select><\/span>\n\t\t\t<\/p>\n\t\t\t<p><span class=\"wpcf7-form-control-wrap\" data-name=\"sede\"><select class=\"wpcf7-form-control wpcf7-select\" aria-invalid=\"false\" name=\"sede\"><option value=\"\u00bfEn qu\u00e9 sede tienes inter\u00e9s?\">\u00bfEn qu\u00e9 sede tienes inter\u00e9s?<\/option><option value=\"Barcelona\">Barcelona<\/option><option value=\"Tarragona\">Tarragona<\/option><option value=\"Mallorca\">Mallorca<\/option><option value=\"Ibiza\">Ibiza<\/option><option value=\"Madrid\">Madrid<\/option><\/select><\/span>\n\t\t\t<\/p>\n\t\t<\/div>\n\t\t<div class=\"edgtf-grid-col-8\">\n\t\t\t<p><label> Mensaje (opcional)<br \/>\n<span class=\"wpcf7-form-control-wrap\" data-name=\"your-message\"><textarea cols=\"40\" rows=\"4\" maxlength=\"2000\" class=\"wpcf7-form-control wpcf7-textarea\" aria-invalid=\"false\" name=\"your-message\"><\/textarea><\/span> <\/label>\n\t\t\t<\/p>\n\t\t<\/div>\n\t<\/div>\n\t<div class=\"edgtf-grid-row\">\n\t\t<div class=\"edgtf-grid-col-12\">\n\t\t\t<div class=\"txt-legal\">\n\t\t\t\t<p><b>INFORMACI\u00d3N B\u00c1SICA SOBRE PROTECCI\u00d3N DE DATOS<\/b>\n\t\t\t\t<\/p>\n\t\t\t\t<p><b>RESPONSABLE DEL TRATAMIENTO<\/b><br \/>\nResponsable: ESPAI TCI, S.L.U. - CIF: B66100033 Dir. Postal: C\/ PAU ALSINA N 16, CP: 08025 - BARCELONA (BARCELONA)<br \/>\n<b>FINALIDAD:<\/b> Gestionar su consulta\/petici\u00f3n y dar una respuesta a la misma.<br \/>\n<b>LEGITIMACI\u00d3N:<\/b> Su consentimiento<br \/>\n<b>DESTINATARIOS:<\/b> Los datos no se ceder\u00e1n a terceros salvo en los casos en los que exista una obligaci\u00f3n legal o comunicaci\u00f3n necesaria para dar contestaci\u00f3n a su consulta.<br \/>\n<b>DERECHOS:<\/b> Puede ejercer sus Derechos a acceder, rectificar, oponerse, limitar, portar y suprimir los datos ante el responsable del tratamiento; adem\u00e1s de acudir a la autoridad de control competente (AEPD).<br \/>\n<b>INFORMACI\u00d3N ADICIONAL:<\/b> Puede consultar la informaci\u00f3n adicional sobre el tratamiento de sus datos personales <a href=\"\/politica-de-privacidad\/\">aqu\u00ed<\/a>.\n\t\t\t\t<\/p>\n\t\t\t<\/div>\n\t\t<\/div>\n\t<\/div>\n\t<div class=\"edgtf-grid-row pt-4\">\n\t\t<div class=\"edgtf-grid-col-4\">\n\t\t<\/div>\n\t\t<div class=\"edgtf-grid-col-8\">\n\t\t\t<p><span class=\"wpcf7-form-control-wrap\" data-name=\"news\"><span class=\"wpcf7-form-control wpcf7-checkbox mycheck2\"><span class=\"wpcf7-list-item first last\"><input type=\"checkbox\" name=\"news[]\" value=\"Quiero recibir informaci\u00f3n sobre actividades y formaciones.\" \/><span class=\"wpcf7-list-item-label\">Quiero recibir informaci\u00f3n sobre actividades y formaciones.<\/span><\/span><\/span><\/span><br \/>\n<span class=\"wpcf7-form-control-wrap\" data-name=\"politica\"><span class=\"wpcf7-form-control wpcf7-checkbox wpcf7-validates-as-required mycheck2\"><span class=\"wpcf7-list-item first last\"><input type=\"checkbox\" name=\"politica[]\" value=\"He le\u00eddo y acepto la Pol\u00edtica de Privacidad.\" \/><span class=\"wpcf7-list-item-label\">He le\u00eddo y acepto la Pol\u00edtica de Privacidad.<\/span><\/span><\/span><\/span>\n\t\t\t<\/p>\n\t\t<\/div>\n\t<\/div>\n\t<div class=\"edgtf-grid-row\">\n\t\t<div class=\"edgtf-grid-col-12 text-right\">\n\t\t\t<p><input class=\"wpcf7-form-control wpcf7-submit has-spinner\" type=\"submit\" value=\"Enviar\" \/>\n\t\t\t<\/p>\n\t\t<\/div>\n\t<\/div>\n<\/div><p style=\"display: none !important;\" class=\"akismet-fields-container\" data-prefix=\"_wpcf7_ak_\"><label>&#916;<textarea name=\"_wpcf7_ak_hp_textarea\" cols=\"45\" rows=\"8\" maxlength=\"100\"><\/textarea><\/label><input type=\"hidden\" id=\"ak_js_1\" name=\"_wpcf7_ak_js\" value=\"214\"\/><script type=\"text\/javascript\">\n\/* <![CDATA[ *\/\ndocument.getElementById( \"ak_js_1\" ).setAttribute( \"value\", ( new Date() ).getTime() );\n\/* ]]> *\/\n<\/script>\n<\/p><input type='hidden' class='wpcf7-pum' value='{\"closepopup\":false,\"closedelay\":0,\"openpopup\":false,\"openpopup_id\":0}' \/><div class=\"wpcf7-response-output\" aria-hidden=\"true\"><\/div>\n<\/form>\n<\/div>\n<div class=\"vc_empty_space\"   style=\"height: 50px\"><span class=\"vc_empty_space_inner\"><\/span><\/div><\/div><\/div><\/div><\/div><\/div><\/div><\/div><\/div><\/div><\/div>\n","protected":false},"excerpt":{"rendered":"Terapia Gestalt Escuchar, percibir, atender e integrar. \u201cLo importante no es lo que te sucede en la vida, sino como reaccionas ante ello.\u201d Epicteto Terapia Gestalt Dejar de sufrir: \u00bfqu\u00e9 [...]","protected":false},"author":1,"featured_media":0,"parent":0,"menu_order":0,"comment_status":"closed","ping_status":"closed","template":"full-width.php","meta":{"footnotes":""},"class_list":["post-3607","page","type-page","status-publish","hentry"],"yoast_head":"<!-- This site is optimized with the Yoast SEO plugin v27.4 - https:\/\/yoast.com\/product\/yoast-seo-wordpress\/ -->\n<title>Descubre nuestras Terapias - Cercle de Consciencia<\/title>\n<meta name=\"description\" content=\"Encuentra la ayuda y el apoyo que necesitas para superar los desaf\u00edos emocionales. Explora nuestra amplia variedad de terapias.\" \/>\n<meta name=\"robots\" content=\"index, follow, max-snippet:-1, max-image-preview:large, max-video-preview:-1\" \/>\n<link rel=\"canonical\" href=\"https:\/\/cercledeconsciencia.com\/es\/terapia-gestalt\/\" \/>\n<meta property=\"og:locale\" content=\"es_ES\" \/>\n<meta property=\"og:type\" content=\"article\" \/>\n<meta property=\"og:title\" content=\"Descubre nuestras Terapias - Cercle de Consciencia\" \/>\n<meta property=\"og:description\" content=\"Encuentra la ayuda y el apoyo que necesitas para superar los desaf\u00edos emocionales. Explora nuestra amplia variedad de terapias.\" \/>\n<meta property=\"og:url\" content=\"https:\/\/cercledeconsciencia.com\/es\/terapia-gestalt\/\" \/>\n<meta property=\"og:site_name\" content=\"Cercle de Consci\u00e8ncia\" \/>\n<meta property=\"article:publisher\" content=\"https:\/\/www.facebook.com\/Cercledeconscienciabarcelona?_rdr\" \/>\n<meta property=\"article:modified_time\" content=\"2024-11-18T15:09:55+00:00\" \/>\n<meta name=\"twitter:card\" content=\"summary_large_image\" \/>\n<meta name=\"twitter:label1\" content=\"Tiempo de lectura\" \/>\n\t<meta name=\"twitter:data1\" content=\"3 minutos\" \/>\n<script type=\"application\/ld+json\" class=\"yoast-schema-graph\">{\"@context\":\"https:\\\/\\\/schema.org\",\"@graph\":[{\"@type\":\"WebPage\",\"@id\":\"https:\\\/\\\/cercledeconsciencia.com\\\/terapia-gestalt\\\/\",\"url\":\"https:\\\/\\\/cercledeconsciencia.com\\\/terapia-gestalt\\\/\",\"name\":\"Descubre nuestras Terapias - Cercle de Consciencia\",\"isPartOf\":{\"@id\":\"https:\\\/\\\/cercledeconsciencia.com\\\/#website\"},\"datePublished\":\"2024-04-17T12:46:56+00:00\",\"dateModified\":\"2024-11-18T15:09:55+00:00\",\"description\":\"Encuentra la ayuda y el apoyo que necesitas para superar los desaf\u00edos emocionales. Explora nuestra amplia variedad de terapias.\",\"breadcrumb\":{\"@id\":\"https:\\\/\\\/cercledeconsciencia.com\\\/terapia-gestalt\\\/#breadcrumb\"},\"inLanguage\":\"es\",\"potentialAction\":[{\"@type\":\"ReadAction\",\"target\":[\"https:\\\/\\\/cercledeconsciencia.com\\\/terapia-gestalt\\\/\"]}]},{\"@type\":\"BreadcrumbList\",\"@id\":\"https:\\\/\\\/cercledeconsciencia.com\\\/terapia-gestalt\\\/#breadcrumb\",\"itemListElement\":[{\"@type\":\"ListItem\",\"position\":1,\"name\":\"Portada\",\"item\":\"https:\\\/\\\/cercledeconsciencia.com\\\/\"},{\"@type\":\"ListItem\",\"position\":2,\"name\":\"Terapia Gestalt\"}]},{\"@type\":\"WebSite\",\"@id\":\"https:\\\/\\\/cercledeconsciencia.com\\\/#website\",\"url\":\"https:\\\/\\\/cercledeconsciencia.com\\\/\",\"name\":\"Cercle de Consci\u00e8ncia\",\"description\":\"Centro de Formaci\u00f3n y Terapias\",\"publisher\":{\"@id\":\"https:\\\/\\\/cercledeconsciencia.com\\\/#organization\"},\"potentialAction\":[{\"@type\":\"SearchAction\",\"target\":{\"@type\":\"EntryPoint\",\"urlTemplate\":\"https:\\\/\\\/cercledeconsciencia.com\\\/?s={search_term_string}\"},\"query-input\":{\"@type\":\"PropertyValueSpecification\",\"valueRequired\":true,\"valueName\":\"search_term_string\"}}],\"inLanguage\":\"es\"},{\"@type\":\"Organization\",\"@id\":\"https:\\\/\\\/cercledeconsciencia.com\\\/#organization\",\"name\":\"Cercle de Consci\u00e8ncia\",\"url\":\"https:\\\/\\\/cercledeconsciencia.com\\\/\",\"logo\":{\"@type\":\"ImageObject\",\"inLanguage\":\"es\",\"@id\":\"https:\\\/\\\/cercledeconsciencia.com\\\/#\\\/schema\\\/logo\\\/image\\\/\",\"url\":\"https:\\\/\\\/cercledeconsciencia.com\\\/wp-content\\\/uploads\\\/2023\\\/07\\\/logo.png\",\"contentUrl\":\"https:\\\/\\\/cercledeconsciencia.com\\\/wp-content\\\/uploads\\\/2023\\\/07\\\/logo.png\",\"width\":239,\"height\":68,\"caption\":\"Cercle de Consci\u00e8ncia\"},\"image\":{\"@id\":\"https:\\\/\\\/cercledeconsciencia.com\\\/#\\\/schema\\\/logo\\\/image\\\/\"},\"sameAs\":[\"https:\\\/\\\/www.facebook.com\\\/Cercledeconscienciabarcelona?_rdr\",\"https:\\\/\\\/www.instagram.com\\\/cercledeconsciencia\\\/\",\"https:\\\/\\\/www.youtube.com\\\/c\\\/cercledeconsciencia\"]}]}<\/script>\n<!-- \/ Yoast SEO plugin. -->","yoast_head_json":{"title":"Descubre nuestras Terapias - Cercle de Consciencia","description":"Encuentra la ayuda y el apoyo que necesitas para superar los desaf\u00edos emocionales. Explora nuestra amplia variedad de terapias.","robots":{"index":"index","follow":"follow","max-snippet":"max-snippet:-1","max-image-preview":"max-image-preview:large","max-video-preview":"max-video-preview:-1"},"canonical":"https:\/\/cercledeconsciencia.com\/es\/terapia-gestalt\/","og_locale":"es_ES","og_type":"article","og_title":"Descubre nuestras Terapias - Cercle de Consciencia","og_description":"Encuentra la ayuda y el apoyo que necesitas para superar los desaf\u00edos emocionales. Explora nuestra amplia variedad de terapias.","og_url":"https:\/\/cercledeconsciencia.com\/es\/terapia-gestalt\/","og_site_name":"Cercle de Consci\u00e8ncia","article_publisher":"https:\/\/www.facebook.com\/Cercledeconscienciabarcelona?_rdr","article_modified_time":"2024-11-18T15:09:55+00:00","twitter_card":"summary_large_image","twitter_misc":{"Tiempo de lectura":"3 minutos"},"schema":{"@context":"https:\/\/schema.org","@graph":[{"@type":"WebPage","@id":"https:\/\/cercledeconsciencia.com\/terapia-gestalt\/","url":"https:\/\/cercledeconsciencia.com\/terapia-gestalt\/","name":"Descubre nuestras Terapias - Cercle de Consciencia","isPartOf":{"@id":"https:\/\/cercledeconsciencia.com\/#website"},"datePublished":"2024-04-17T12:46:56+00:00","dateModified":"2024-11-18T15:09:55+00:00","description":"Encuentra la ayuda y el apoyo que necesitas para superar los desaf\u00edos emocionales. Explora nuestra amplia variedad de terapias.","breadcrumb":{"@id":"https:\/\/cercledeconsciencia.com\/terapia-gestalt\/#breadcrumb"},"inLanguage":"es","potentialAction":[{"@type":"ReadAction","target":["https:\/\/cercledeconsciencia.com\/terapia-gestalt\/"]}]},{"@type":"BreadcrumbList","@id":"https:\/\/cercledeconsciencia.com\/terapia-gestalt\/#breadcrumb","itemListElement":[{"@type":"ListItem","position":1,"name":"Portada","item":"https:\/\/cercledeconsciencia.com\/"},{"@type":"ListItem","position":2,"name":"Terapia Gestalt"}]},{"@type":"WebSite","@id":"https:\/\/cercledeconsciencia.com\/#website","url":"https:\/\/cercledeconsciencia.com\/","name":"Cercle de Consci\u00e8ncia","description":"Centro de Formaci\u00f3n y Terapias","publisher":{"@id":"https:\/\/cercledeconsciencia.com\/#organization"},"potentialAction":[{"@type":"SearchAction","target":{"@type":"EntryPoint","urlTemplate":"https:\/\/cercledeconsciencia.com\/?s={search_term_string}"},"query-input":{"@type":"PropertyValueSpecification","valueRequired":true,"valueName":"search_term_string"}}],"inLanguage":"es"},{"@type":"Organization","@id":"https:\/\/cercledeconsciencia.com\/#organization","name":"Cercle de Consci\u00e8ncia","url":"https:\/\/cercledeconsciencia.com\/","logo":{"@type":"ImageObject","inLanguage":"es","@id":"https:\/\/cercledeconsciencia.com\/#\/schema\/logo\/image\/","url":"https:\/\/cercledeconsciencia.com\/wp-content\/uploads\/2023\/07\/logo.png","contentUrl":"https:\/\/cercledeconsciencia.com\/wp-content\/uploads\/2023\/07\/logo.png","width":239,"height":68,"caption":"Cercle de Consci\u00e8ncia"},"image":{"@id":"https:\/\/cercledeconsciencia.com\/#\/schema\/logo\/image\/"},"sameAs":["https:\/\/www.facebook.com\/Cercledeconscienciabarcelona?_rdr","https:\/\/www.instagram.com\/cercledeconsciencia\/","https:\/\/www.youtube.com\/c\/cercledeconsciencia"]}]}},"_links":{"self":[{"href":"https:\/\/cercledeconsciencia.com\/es\/wp-json\/wp\/v2\/pages\/3607","targetHints":{"allow":["GET"]}}],"collection":[{"href":"https:\/\/cercledeconsciencia.com\/es\/wp-json\/wp\/v2\/pages"}],"about":[{"href":"https:\/\/cercledeconsciencia.com\/es\/wp-json\/wp\/v2\/types\/page"}],"author":[{"embeddable":true,"href":"https:\/\/cercledeconsciencia.com\/es\/wp-json\/wp\/v2\/users\/1"}],"replies":[{"embeddable":true,"href":"https:\/\/cercledeconsciencia.com\/es\/wp-json\/wp\/v2\/comments?post=3607"}],"version-history":[{"count":16,"href":"https:\/\/cercledeconsciencia.com\/es\/wp-json\/wp\/v2\/pages\/3607\/revisions"}],"predecessor-version":[{"id":5155,"href":"https:\/\/cercledeconsciencia.com\/es\/wp-json\/wp\/v2\/pages\/3607\/revisions\/5155"}],"wp:attachment":[{"href":"https:\/\/cercledeconsciencia.com\/es\/wp-json\/wp\/v2\/media?parent=3607"}],"curies":[{"name":"wp","href":"https:\/\/api.w.org\/{rel}","templated":true}]}}