{"id":3707,"date":"2024-05-21T23:07:20","date_gmt":"2024-05-21T23:07:20","guid":{"rendered":"https:\/\/cercledeconsciencia.com\/?page_id=3707"},"modified":"2024-11-15T10:23:33","modified_gmt":"2024-11-15T10:23:33","slug":"alquiler-de-espacios-ibiza","status":"publish","type":"page","link":"https:\/\/cercledeconsciencia.com\/es\/alquiler-de-espacios-ibiza\/","title":{"rendered":"Alquiler de espacios &#8211; Ibiza"},"content":{"rendered":"<div data-vc-full-width=\"true\" data-vc-full-width-init=\"false\" data-vc-stretch-content=\"true\" class=\"vc_row wpb_row vc_row-fluid vc_custom_1707778016719 vc_column-gap-20 vc_row-no-padding vc_row-o-equal-height vc_row-o-content-top vc_row-flex\" ><div class=\"wpb_column vc_column_container vc_col-sm-12\"><div class=\"vc_column-inner\"><div class=\"wpb_wrapper\"><div class=\"vc_row wpb_row vc_inner vc_row-fluid vc_column-gap-35 vc_row-o-content-middle vc_row-flex\" ><div class=\"br-radius-br wpb_column vc_column_container vc_col-sm-2\"><div class=\"vc_column-inner\"><div class=\"wpb_wrapper\"><\/div><\/div><\/div><div class=\"br-radius-tl wpb_column vc_column_container vc_col-sm-4\"><div class=\"vc_column-inner vc_custom_1718841094879\"><div class=\"wpb_wrapper\">\n\t<div class=\"wpb_text_column wpb_content_element \" >\n\t\t<div class=\"wpb_wrapper\">\n\t\t\t<h1 class=\"title-salas\">Alquiler de espacios y salas para terapeutas en Ibiza<\/h1>\n<h5>Varias direcciones: Centro y Sant Josep<\/h5>\n\n\t\t<\/div>\n\t<\/div>\n<div class=\"vc_empty_space\"   style=\"height: 20px\"><span class=\"vc_empty_space_inner\"><\/span><\/div><div class=\"vc_btn3-container vc_btn3-inline\" ><a style=\"background-color:#088094; color:#ffffff;\" class=\"vc_general vc_btn3 vc_btn3-size-md vc_btn3-shape-rounded vc_btn3-style-custom\" href=\"#contacto\" title=\"\">M\u00e1s informaci\u00f3n<\/a><\/div><\/div><\/div><\/div><div class=\"wpb_column vc_column_container vc_col-sm-6\"><div class=\"vc_column-inner\"><div class=\"wpb_wrapper\">\n\t<div  class=\"wpb_single_image wpb_content_element vc_align_left   br-radius-bl\">\n\t\t\n\t\t<figure class=\"wpb_wrapper vc_figure\">\n\t\t\t<div class=\"vc_single_image-wrapper   vc_box_border_grey\"><img loading=\"lazy\" decoding=\"async\" width=\"673\" height=\"507\" src=\"https:\/\/cercledeconsciencia.com\/wp-content\/uploads\/2024\/05\/Alquiler-espacios-salas-terapeutas-Ibiza.jpg\" class=\"vc_single_image-img attachment-full\" alt=\"Alquiler de espacios y salas para terapeutas en Ibiza\" title=\"Alquiler-espacios-salas-terapeutas-Ibiza\" srcset=\"https:\/\/cercledeconsciencia.com\/wp-content\/uploads\/2024\/05\/Alquiler-espacios-salas-terapeutas-Ibiza.jpg 673w, https:\/\/cercledeconsciencia.com\/wp-content\/uploads\/2024\/05\/Alquiler-espacios-salas-terapeutas-Ibiza-300x226.jpg 300w\" sizes=\"auto, (max-width: 673px) 100vw, 673px\" \/><\/div>\n\t\t<\/figure>\n\t<\/div>\n<\/div><\/div><\/div><\/div><\/div><\/div><\/div><\/div><div class=\"vc_row-full-width vc_clearfix\"><\/div><div class=\"edgtf-row-grid-section-wrapper \"  ><div class=\"edgtf-row-grid-section\"><div class=\"vc_row wpb_row vc_row-fluid\" ><div class=\"wpb_column vc_column_container vc_col-sm-12\"><div class=\"vc_column-inner\"><div class=\"wpb_wrapper\"><div class=\"vc_empty_space\"   style=\"height: 100px\"><span class=\"vc_empty_space_inner\"><\/span><\/div><div class=\"edgtf-row-grid-section-wrapper \" ><div class=\"edgtf-row-grid-section\"><div class=\"vc_row wpb_row vc_inner vc_row-fluid\" ><div class=\"wpb_column vc_column_container vc_col-sm-12\"><div class=\"vc_column-inner\"><div class=\"wpb_wrapper\">\n\t<div class=\"wpb_text_column wpb_content_element \" >\n\t\t<div class=\"wpb_wrapper\">\n\t\t\t<h2 class=\"title-local\">\u00bfQu\u00e9 tipo de espacios y salas est\u00e1s buscando en Ibiza?<\/h2>\n<p style=\"text-align: justify;\">Ofrecemos el alquiler de 5 salas especialmente dise\u00f1adas para terapias en el coraz\u00f3n del centro de Ibiza, a solo unos pasos del Castillo y del puerto. Cada una de nuestras salas cuenta con diferentes tama\u00f1os y caracter\u00edsticas, lo que se refleja en sus tarifas individuales. Son espacios ideales para terapia individual, de pareja, familiar y grupal. Decoradas con colores neutros para minimizar distracciones y fomentar la concentraci\u00f3n durante las sesiones terap\u00e9uticas.<\/p>\n\n\t\t<\/div>\n\t<\/div>\n<\/div><\/div><\/div><\/div><\/div><\/div><div class=\"vc_empty_space\"   style=\"height: 50px\"><span class=\"vc_empty_space_inner\"><\/span><\/div><\/div><\/div><\/div><\/div><\/div><\/div><div class=\"edgtf-row-grid-section-wrapper \"  ><div class=\"edgtf-row-grid-section\"><div id=\"salas\" class=\"vc_row wpb_row vc_row-fluid vc_column-gap-30 vc_row-o-equal-height vc_row-flex\" ><div class=\"box-alquiler wpb_column vc_column_container vc_col-sm-6\"><div class=\"vc_column-inner vc_custom_1710469274633\"><div class=\"wpb_wrapper\">\n\t<div  class=\"wpb_single_image wpb_content_element vc_align_center   border-radius-top\">\n\t\t\n\t\t<figure class=\"wpb_wrapper vc_figure\">\n\t\t\t<div class=\"vc_single_image-wrapper   vc_box_border_grey\"><img loading=\"lazy\" decoding=\"async\" width=\"1072\" height=\"706\" src=\"https:\/\/cercledeconsciencia.com\/wp-content\/uploads\/2024\/11\/SALA12.png\" class=\"vc_single_image-img attachment-full\" alt=\"\" title=\"SALA1\" srcset=\"https:\/\/cercledeconsciencia.com\/wp-content\/uploads\/2024\/11\/SALA12.png 1072w, https:\/\/cercledeconsciencia.com\/wp-content\/uploads\/2024\/11\/SALA12-300x198.png 300w, https:\/\/cercledeconsciencia.com\/wp-content\/uploads\/2024\/11\/SALA12-1024x674.png 1024w, https:\/\/cercledeconsciencia.com\/wp-content\/uploads\/2024\/11\/SALA12-768x506.png 768w, https:\/\/cercledeconsciencia.com\/wp-content\/uploads\/2024\/11\/SALA12-18x12.png 18w\" sizes=\"auto, (max-width: 1072px) 100vw, 1072px\" \/><\/div>\n\t\t<\/figure>\n\t<\/div>\n\n\t<div class=\"wpb_text_column wpb_content_element  vc_custom_1716335478872\" >\n\t\t<div class=\"wpb_wrapper\">\n\t\t\t<p><strong>Sala 1 para terapia hasta 12 personas <\/strong><\/p>\n<p style=\"font-size: 14px;\">Sala para atenci\u00f3n terap\u00e9utica con una decoraci\u00f3n sobria y funcional. El espacio tambi\u00e9n es ideal para peque\u00f1os grupos, como sesiones de meditaci\u00f3n, masajes, charlas, etc.<\/p>\n<p style=\"font-size: 14px;\"><strong>Tipo de actividad:<\/strong> terapia individual, terapia de pareja, talleres peque\u00f1os y masajes<br \/>\n<strong>Tama\u00f1o:<\/strong> 30 m<sup>2<\/sup><\/p>\n\n\t\t<\/div>\n\t<\/div>\n<div class=\"vc_empty_space\"   style=\"height: 25px\"><span class=\"vc_empty_space_inner\"><\/span><\/div><div class=\"vc_tta-container\" data-vc-action=\"collapseAll\"><div class=\"vc_general vc_tta vc_tta-accordion vc_tta-color-grey vc_tta-style-flat vc_tta-shape-square vc_tta-o-shape-group vc_tta-controls-align-left vc_tta-o-all-clickable\"><div class=\"vc_tta-panels-container\"><div class=\"vc_tta-panels\"><div class=\"vc_tta-panel\" id=\"2personas\" data-vc-content=\".vc_tta-panel-body\"><div class=\"vc_tta-panel-heading\"><h6 class=\"vc_tta-panel-title vc_tta-controls-icon-position-left\"><a href=\"#2personas\" data-vc-accordion data-vc-container=\".vc_tta-container\"><span class=\"vc_tta-title-text\">Ver detalles<\/span><i class=\"vc_tta-controls-icon vc_tta-controls-icon-plus\"><\/i><\/a><\/h6><\/div><div class=\"vc_tta-panel-body\">\n\t<div class=\"wpb_text_column wpb_content_element  vc_custom_1716335523236\" >\n\t\t<div class=\"wpb_wrapper\">\n\t\t\t<p style=\"font-size: 14px;\"><strong>Caracter\u00edsticas:<\/strong> luz natural y suelo porcel\u00e1nico<br \/>\n<strong>Capacidad total:<\/strong> 12 personas<br \/>\n<strong>Climatizaci\u00f3n:<\/strong> Aire acondicionado\/calefacci\u00f3n<\/p>\n<p>Cercle de Consci\u00e8ncia Eivissa. Passatge de Castav\u00ed, 3, 1-4, 0780 <\/p>\n\n\t\t<\/div>\n\t<\/div>\n<div class=\"vc_btn3-container vc_btn3-inline vc_custom_1708683479438\" ><a style=\"background-color:#088094; color:#ffffff;\" class=\"vc_general vc_btn3 vc_btn3-size-md vc_btn3-shape-rounded vc_btn3-style-custom\" href=\"#contacto\" title=\"\">Consultar disponibilidad<\/a><\/div><\/div><\/div><\/div><\/div><\/div><\/div><div class=\"vc_empty_space\"   style=\"height: 5px\"><span class=\"vc_empty_space_inner\"><\/span><\/div><\/div><\/div><\/div><div class=\"box-alquiler wpb_column vc_column_container vc_col-sm-6\"><div class=\"vc_column-inner vc_custom_1708382129425\"><div class=\"wpb_wrapper\">\n\t<div  class=\"wpb_single_image wpb_content_element vc_align_center   border-radius-top\">\n\t\t\n\t\t<figure class=\"wpb_wrapper vc_figure\">\n\t\t\t<div class=\"vc_single_image-wrapper   vc_box_border_grey\"><img loading=\"lazy\" decoding=\"async\" width=\"890\" height=\"521\" src=\"https:\/\/cercledeconsciencia.com\/wp-content\/uploads\/2024\/11\/SALA-2.png\" class=\"vc_single_image-img attachment-full\" alt=\"\" title=\"SALA 2\" srcset=\"https:\/\/cercledeconsciencia.com\/wp-content\/uploads\/2024\/11\/SALA-2.png 890w, https:\/\/cercledeconsciencia.com\/wp-content\/uploads\/2024\/11\/SALA-2-300x176.png 300w, https:\/\/cercledeconsciencia.com\/wp-content\/uploads\/2024\/11\/SALA-2-768x450.png 768w, https:\/\/cercledeconsciencia.com\/wp-content\/uploads\/2024\/11\/SALA-2-18x12.png 18w\" sizes=\"auto, (max-width: 890px) 100vw, 890px\" \/><\/div>\n\t\t<\/figure>\n\t<\/div>\n\n\t<div class=\"wpb_text_column wpb_content_element  vc_custom_1716336522290\" >\n\t\t<div class=\"wpb_wrapper\">\n\t\t\t<p><strong>Sala 2 para terapia hasta 4 personas<\/strong><\/p>\n<p style=\"font-size: 14px;\">El despacho para terapia est\u00e1 decorado de manera sobria y funcional, equipado con dos butacas, una mesita auxiliar y cojines adicionales. Gracias a sus dimensiones, tambi\u00e9n es ideal para realizar actividades de meditaci\u00f3n.<\/p>\n<p style=\"font-size: 14px;\"><strong>Tipos de actividades: <\/strong>terapia individual y terapia de pareja<br \/>\n<strong>Tama\u00f1o:<\/strong> 10 m<sup>2<\/sup><\/p>\n\n\t\t<\/div>\n\t<\/div>\n<div class=\"vc_tta-container\" data-vc-action=\"collapseAll\"><div class=\"vc_general vc_tta vc_tta-accordion vc_tta-color-grey vc_tta-style-flat vc_tta-shape-square vc_tta-o-shape-group vc_tta-controls-align-left vc_tta-o-all-clickable\"><div class=\"vc_tta-panels-container\"><div class=\"vc_tta-panels\"><div class=\"vc_tta-panel\" id=\"3personas\" data-vc-content=\".vc_tta-panel-body\"><div class=\"vc_tta-panel-heading\"><h6 class=\"vc_tta-panel-title vc_tta-controls-icon-position-left\"><a href=\"#3personas\" data-vc-accordion data-vc-container=\".vc_tta-container\"><span class=\"vc_tta-title-text\">Ver detalles<\/span><i class=\"vc_tta-controls-icon vc_tta-controls-icon-plus\"><\/i><\/a><\/h6><\/div><div class=\"vc_tta-panel-body\">\n\t<div class=\"wpb_text_column wpb_content_element  vc_custom_1716335619553\" >\n\t\t<div class=\"wpb_wrapper\">\n\t\t\t<p style=\"font-size: 14px;\"><strong>Caracter\u00edsticas:<\/strong> Luz natural y suelo porcel\u00e1nico<br \/>\n<strong>Capacidad total:<\/strong> 4 personas<br \/>\n<strong>Climatizaci\u00f3n:<\/strong> Aire acondicionado \/calefacci\u00f3n<br \/>\n<strong>Extra bajo solicitud:<\/strong> Zafus.<\/p>\n<p>Cercle de Consci\u00e8ncia Eivissa. Passatge de Castav\u00ed, 3, 1-4, 0780<\/p>\n\n\t\t<\/div>\n\t<\/div>\n<div class=\"vc_btn3-container vc_btn3-inline vc_custom_1708683471841\" ><a style=\"background-color:#088094; color:#ffffff;\" class=\"vc_general vc_btn3 vc_btn3-size-md vc_btn3-shape-rounded vc_btn3-style-custom\" href=\"#contacto\" title=\"\">Consultar disponibilidad<\/a><\/div><\/div><\/div><\/div><\/div><\/div><\/div><div class=\"vc_empty_space\"   style=\"height: 5px\"><span class=\"vc_empty_space_inner\"><\/span><\/div><\/div><\/div><\/div><\/div><\/div><\/div><div class=\"edgtf-row-grid-section-wrapper \"  ><div class=\"edgtf-row-grid-section\"><div class=\"vc_row wpb_row vc_row-fluid vc_column-gap-30 vc_row-o-equal-height vc_row-flex\" ><div class=\"box-alquiler wpb_column vc_column_container vc_col-sm-6\"><div class=\"vc_column-inner vc_custom_1710469274633\"><div class=\"wpb_wrapper\">\n\t<div  class=\"wpb_single_image wpb_content_element vc_align_center   border-radius-top\">\n\t\t\n\t\t<figure class=\"wpb_wrapper vc_figure\">\n\t\t\t<div class=\"vc_single_image-wrapper   vc_box_border_grey\"><img loading=\"lazy\" decoding=\"async\" width=\"929\" height=\"407\" src=\"https:\/\/cercledeconsciencia.com\/wp-content\/uploads\/2024\/11\/SALA32.png\" class=\"vc_single_image-img attachment-full\" alt=\"\" title=\"SALA3(2)\" srcset=\"https:\/\/cercledeconsciencia.com\/wp-content\/uploads\/2024\/11\/SALA32.png 929w, https:\/\/cercledeconsciencia.com\/wp-content\/uploads\/2024\/11\/SALA32-300x131.png 300w, https:\/\/cercledeconsciencia.com\/wp-content\/uploads\/2024\/11\/SALA32-768x336.png 768w, https:\/\/cercledeconsciencia.com\/wp-content\/uploads\/2024\/11\/SALA32-18x8.png 18w\" sizes=\"auto, (max-width: 929px) 100vw, 929px\" \/><\/div>\n\t\t<\/figure>\n\t<\/div>\n\n\t<div class=\"wpb_text_column wpb_content_element  vc_custom_1716336535841\" >\n\t\t<div class=\"wpb_wrapper\">\n\t\t\t<p><strong>Sala 3 para terapia hasta 4 personas <\/strong><\/p>\n<p style=\"font-size: 14px;\">Sala para atenci\u00f3n terap\u00e9utica cuenta con una decoraci\u00f3n sobria y funcional, equipado con dos butacas, una mesita auxiliar y cojines adicionales. Sus dimensiones lo hacen tambi\u00e9n perfecto para llevar a cabo actividades de meditaci\u00f3n y masaje terap\u00e9utico.<\/p>\n<p style=\"font-size: 14px;\"><strong>Tipos de actividades:<\/strong> Terapia individual y terapia de pareja<br \/>\n<strong>Tama\u00f1o: <\/strong>10m<sup>2<\/sup><\/p>\n\n\t\t<\/div>\n\t<\/div>\n<div class=\"vc_tta-container\" data-vc-action=\"collapseAll\"><div class=\"vc_general vc_tta vc_tta-accordion vc_tta-color-grey vc_tta-style-flat vc_tta-shape-square vc_tta-o-shape-group vc_tta-controls-align-left vc_tta-o-all-clickable\"><div class=\"vc_tta-panels-container\"><div class=\"vc_tta-panels\"><div class=\"vc_tta-panel\" id=\"1710472131700-2c90ab54-9392\" data-vc-content=\".vc_tta-panel-body\"><div class=\"vc_tta-panel-heading\"><h6 class=\"vc_tta-panel-title vc_tta-controls-icon-position-left\"><a href=\"#1710472131700-2c90ab54-9392\" data-vc-accordion data-vc-container=\".vc_tta-container\"><span class=\"vc_tta-title-text\">Ver detalles<\/span><i class=\"vc_tta-controls-icon vc_tta-controls-icon-plus\"><\/i><\/a><\/h6><\/div><div class=\"vc_tta-panel-body\">\n\t<div class=\"wpb_text_column wpb_content_element  vc_custom_1716335709006\" >\n\t\t<div class=\"wpb_wrapper\">\n\t\t\t<p style=\"font-size: 14px;\"><strong>Capacidad total:<\/strong> 4 personas<br \/>\n<strong>Caracter\u00edsticas:<\/strong> Luz natural y suelo porcel\u00e1nico<br \/>\n<strong>Climatizaci\u00f3n:<\/strong> Aire acondicionado \/calefacci\u00f3n<br \/>\n<strong>Inclu\u00eddo bajo solicitud:<\/strong> Zafus.<\/p>\n<p>Cercle de Consci\u00e8ncia Eivissa. Passatge de Castav\u00ed, 3, 1-4, 0780<\/p>\n\n\t\t<\/div>\n\t<\/div>\n<div class=\"vc_btn3-container vc_btn3-inline vc_custom_1708683479438\" ><a style=\"background-color:#088094; color:#ffffff;\" class=\"vc_general vc_btn3 vc_btn3-size-md vc_btn3-shape-rounded vc_btn3-style-custom\" href=\"#contacto\" title=\"\">Consultar disponibilidad<\/a><\/div><\/div><\/div><\/div><\/div><\/div><\/div><div class=\"vc_empty_space\"   style=\"height: 5px\"><span class=\"vc_empty_space_inner\"><\/span><\/div><\/div><\/div><\/div><div class=\"box-alquiler wpb_column vc_column_container vc_col-sm-6\"><div class=\"vc_column-inner vc_custom_1708382129425\"><div class=\"wpb_wrapper\">\n\t<div  class=\"wpb_single_image wpb_content_element vc_align_center   border-radius-top\">\n\t\t\n\t\t<figure class=\"wpb_wrapper vc_figure\">\n\t\t\t<div class=\"vc_single_image-wrapper   vc_box_border_grey\"><img loading=\"lazy\" decoding=\"async\" width=\"781\" height=\"515\" src=\"https:\/\/cercledeconsciencia.com\/wp-content\/uploads\/2024\/11\/SALA-42.png\" class=\"vc_single_image-img attachment-full\" alt=\"\" title=\"SALA 4(2)\" srcset=\"https:\/\/cercledeconsciencia.com\/wp-content\/uploads\/2024\/11\/SALA-42.png 781w, https:\/\/cercledeconsciencia.com\/wp-content\/uploads\/2024\/11\/SALA-42-300x198.png 300w, https:\/\/cercledeconsciencia.com\/wp-content\/uploads\/2024\/11\/SALA-42-768x506.png 768w, https:\/\/cercledeconsciencia.com\/wp-content\/uploads\/2024\/11\/SALA-42-18x12.png 18w\" sizes=\"auto, (max-width: 781px) 100vw, 781px\" \/><\/div>\n\t\t<\/figure>\n\t<\/div>\n\n\t<div class=\"wpb_text_column wpb_content_element  vc_custom_1716336546913\" >\n\t\t<div class=\"wpb_wrapper\">\n\t\t\t<p><strong>Sala 4 para terapia hasta 8 personas <\/strong><\/p>\n<p style=\"font-size: 14px;\">Despacho atenci\u00f3n terap\u00e9utica, con decoraci\u00f3n sobria y funcional con dos butacas, una mesita de apoyo y cojines adicionales. Gracias a sus dimensiones, tambi\u00e9n resulta ideal para actividades en grupo como: meditaci\u00f3n y masaje terap\u00e9utico etc.<\/p>\n<p style=\"font-size: 14px;\"><strong>Tipos de actividades:<\/strong> Terapia individual y terapia de pareja<br \/>\n<strong>Tama\u00f1o:<\/strong> 20 m<sup>2<\/sup><\/p>\n\n\t\t<\/div>\n\t<\/div>\n<div class=\"vc_tta-container\" data-vc-action=\"collapseAll\"><div class=\"vc_general vc_tta vc_tta-accordion vc_tta-color-grey vc_tta-style-flat vc_tta-shape-square vc_tta-o-shape-group vc_tta-controls-align-left vc_tta-o-all-clickable\"><div class=\"vc_tta-panels-container\"><div class=\"vc_tta-panels\"><div class=\"vc_tta-panel\" id=\"1710472131908-6cc9f4b4-d3e8\" data-vc-content=\".vc_tta-panel-body\"><div class=\"vc_tta-panel-heading\"><h6 class=\"vc_tta-panel-title vc_tta-controls-icon-position-left\"><a href=\"#1710472131908-6cc9f4b4-d3e8\" data-vc-accordion data-vc-container=\".vc_tta-container\"><span class=\"vc_tta-title-text\">Ver detalles<\/span><i class=\"vc_tta-controls-icon vc_tta-controls-icon-plus\"><\/i><\/a><\/h6><\/div><div class=\"vc_tta-panel-body\">\n\t<div class=\"wpb_text_column wpb_content_element  vc_custom_1716336439474\" >\n\t\t<div class=\"wpb_wrapper\">\n\t\t\t<p style=\"font-size: 14px;\"><strong>Capacidad total:<\/strong> 8 personas<br \/>\n<strong>Caracter\u00edsticas:<\/strong> Luz natural y suelo porcel\u00e1nico<br \/>\n<strong>Climatizaci\u00f3n:<\/strong> Aire acondicionado \/calefacci\u00f3n<br \/>\n<strong>Inclu\u00eddo bajo solicitud:<\/strong> Zafus.<\/p>\n<p>Cercle de Consci\u00e8ncia Eivissa. Passatge de Castav\u00ed, 3, 1-4, 07800<\/p>\n\n\t\t<\/div>\n\t<\/div>\n<div class=\"vc_btn3-container vc_btn3-inline vc_custom_1708683471841\" ><a style=\"background-color:#088094; color:#ffffff;\" class=\"vc_general vc_btn3 vc_btn3-size-md vc_btn3-shape-rounded vc_btn3-style-custom\" href=\"#contacto\" title=\"\">Consultar disponibilidad<\/a><\/div><\/div><\/div><\/div><\/div><\/div><\/div><div class=\"vc_empty_space\"   style=\"height: 5px\"><span class=\"vc_empty_space_inner\"><\/span><\/div><\/div><\/div><\/div><\/div><\/div><\/div><div class=\"edgtf-row-grid-section-wrapper \"  ><div class=\"edgtf-row-grid-section\"><div class=\"vc_row wpb_row vc_row-fluid\" ><div class=\"wpb_column vc_column_container vc_col-sm-12\"><div class=\"vc_column-inner\"><div class=\"wpb_wrapper\"><div class=\"vc_empty_space\"   style=\"height: 50px\"><span class=\"vc_empty_space_inner\"><\/span><\/div>\n\t<div class=\"wpb_text_column wpb_content_element \" >\n\t\t<div class=\"wpb_wrapper\">\n\t\t\t<h2 class=\"subtitle-local\">Facilidades incluidas en el alquiler<\/h2>\n\n\t\t<\/div>\n\t<\/div>\n<div class=\"vc_empty_space\"   style=\"height: 30px\"><span class=\"vc_empty_space_inner\"><\/span><\/div><div class=\"edgtf-row-grid-section-wrapper \" ><div class=\"edgtf-row-grid-section\"><div class=\"vc_row wpb_row vc_inner vc_row-fluid vc_custom_1702979848569\" ><div class=\"wpb_column vc_column_container vc_col-sm-6\"><div class=\"vc_column-inner vc_custom_1702333549031\"><div class=\"wpb_wrapper\">\n\t<div class=\"wpb_text_column wpb_content_element \" >\n\t\t<div class=\"wpb_wrapper\">\n\t\t\t<p style=\"color: #088094;\"><strong>\u00b7 Flexibilidad de pago<\/strong><\/p>\n<p style=\"color: #088094;\"><strong>\u00b7 Climatizaci\u00f3n<\/strong><\/p>\n<p style=\"color: #088094;\"><strong>\u00b7 Suministros incluidos<\/strong><\/p>\n\n\t\t<\/div>\n\t<\/div>\n<\/div><\/div><\/div><div class=\"wpb_column vc_column_container vc_col-sm-6\"><div class=\"vc_column-inner vc_custom_1702333556029\"><div class=\"wpb_wrapper\">\n\t<div class=\"wpb_text_column wpb_content_element \" >\n\t\t<div class=\"wpb_wrapper\">\n\t\t\t<p style=\"color: #088094;\"><strong>\u00b7 Zafus y mantas<\/strong><\/p>\n<p style=\"color: #088094;\"><strong>\u00b7 Muy buena iluminaci\u00f3n<\/strong><\/p>\n<p style=\"color: #088094;\"><strong>\u00b7 \u00cdntimo y silencioso<\/strong><\/p>\n\n\t\t<\/div>\n\t<\/div>\n<\/div><\/div><\/div><\/div><\/div><\/div><div class=\"vc_row wpb_row vc_inner vc_row-fluid\" ><div class=\"wpb_column vc_column_container vc_col-sm-12\"><div class=\"vc_column-inner\"><div class=\"wpb_wrapper\">\n\t<div class=\"wpb_text_column wpb_content_element \" >\n\t\t<div class=\"wpb_wrapper\">\n\t\t\t<h2 class=\"subtitle-local\">Espacio en Ibiza para actividades: yoga, talleres y expresi\u00f3n corporal.<\/h2>\n<p style=\"text-align: justify;\">En nuestra sede de Sant Josep en Ibiza, te ofrecemos 3 espacios vers\u00e1tiles e ideales para reuniones, encuentros y otras actividades. Si est\u00e1s buscando alquilar una sala espaciosa para tus actividades, \u00a1has llegado al sitio adecuado!<\/p>\n<p style=\"text-align: justify;\">Contamos con tres espacios amplios y luminosos que se adaptan perfectamente a una variedad de actividades, como grupos terap\u00e9uticos, yoga, pilates, entrenamientos personales, reuniones, mindfulness, teatro terap\u00e9utico y actividades psicoeducativas.<\/p>\n\n\t\t<\/div>\n\t<\/div>\n<\/div><\/div><\/div><\/div><div class=\"vc_empty_space\"   style=\"height: 100px\"><span class=\"vc_empty_space_inner\"><\/span><\/div><\/div><\/div><\/div><\/div><\/div><\/div><div class=\"vc_row wpb_row vc_row-fluid\" ><div class=\"wpb_column vc_column_container vc_col-sm-12\"><div class=\"vc_column-inner\"><div class=\"wpb_wrapper\"><div class=\"vc_tta-container\" data-vc-action=\"collapse\"><div class=\"vc_general vc_tta vc_tta-tabs vc_tta-color-white vc_tta-style-flat vc_tta-shape-square vc_tta-o-shape-group vc_tta-gap-20 vc_tta-tabs-position-top vc_tta-controls-align-center wpb_animate_when_almost_visible wpb_fadeInRight fadeInRight\"><div class=\"vc_tta-tabs-container\"><ul class=\"vc_tta-tabs-list\"><li class=\"vc_tta-tab vc_active\" data-vc-tab><a href=\"#sala-a\" data-vc-tabs data-vc-container=\".vc_tta\"><span class=\"vc_tta-title-text\">Sala A<\/span><\/a><\/li><li class=\"vc_tta-tab\" data-vc-tab><a href=\"#sala-b\" data-vc-tabs data-vc-container=\".vc_tta\"><span class=\"vc_tta-title-text\">Sala B<\/span><\/a><\/li><li class=\"vc_tta-tab\" data-vc-tab><a href=\"#sala-c\" data-vc-tabs data-vc-container=\".vc_tta\"><span class=\"vc_tta-title-text\">Sala C<\/span><\/a><\/li><\/ul><\/div><div class=\"vc_tta-panels-container\"><div class=\"vc_tta-panels\"><div class=\"vc_tta-panel vc_active\" id=\"sala-a\" data-vc-content=\".vc_tta-panel-body\"><div class=\"vc_tta-panel-heading\"><h4 class=\"vc_tta-panel-title\"><a href=\"#sala-a\" data-vc-accordion data-vc-container=\".vc_tta-container\"><span class=\"vc_tta-title-text\">Sala A<\/span><\/a><\/h4><\/div><div class=\"vc_tta-panel-body\"><div class=\"vc_row wpb_row vc_inner vc_row-fluid vc_row-o-equal-height vc_row-o-content-middle vc_row-flex\" style=\"background-color:#ededed\"><div class=\"wpb_column vc_column_container vc_col-sm-6\"><div class=\"vc_column-inner vc_custom_1710468050014\"><div class=\"wpb_wrapper\"><div class=\"wpb_images_carousel wpb_content_element vc_clearfix vc_custom_1716335247207\"><div class=\"wpb_wrapper\"><div id=\"vc_images-carousel-1-1777458081\" data-ride=\"vc_carousel\" data-wrap=\"false\" style=\"width: 100%;\" data-interval=\"4000\" data-auto-height=\"yes\" data-mode=\"horizontal\" data-partial=\"false\" data-per-view=\"1\" data-hide-on-end=\"false\" class=\"vc_slide vc_images_carousel\"><ol class=\"vc_carousel-indicators\"><li data-target=\"#vc_images-carousel-1-1777458081\" data-slide-to=\"0\"><\/li><\/ol><div class=\"vc_carousel-inner\"><div class=\"vc_carousel-slideline\"><div class=\"vc_carousel-slideline-inner\"><div class=\"vc_item\"><div class=\"vc_inner\"><img loading=\"lazy\" decoding=\"async\" width=\"2000\" height=\"1335\" src=\"https:\/\/cercledeconsciencia.com\/wp-content\/uploads\/2024\/05\/alquiler-sala-terapia-yoga-ibiza-1.jpg\" class=\"attachment-full\" alt=\"Alquiler sala terapia yoga ibiza\" title=\"alquiler-sala-terapia-yoga-ibiza\" srcset=\"https:\/\/cercledeconsciencia.com\/wp-content\/uploads\/2024\/05\/alquiler-sala-terapia-yoga-ibiza-1.jpg 2000w, https:\/\/cercledeconsciencia.com\/wp-content\/uploads\/2024\/05\/alquiler-sala-terapia-yoga-ibiza-1-300x200.jpg 300w, https:\/\/cercledeconsciencia.com\/wp-content\/uploads\/2024\/05\/alquiler-sala-terapia-yoga-ibiza-1-1024x684.jpg 1024w, https:\/\/cercledeconsciencia.com\/wp-content\/uploads\/2024\/05\/alquiler-sala-terapia-yoga-ibiza-1-768x513.jpg 768w, https:\/\/cercledeconsciencia.com\/wp-content\/uploads\/2024\/05\/alquiler-sala-terapia-yoga-ibiza-1-391x260.jpg 391w, https:\/\/cercledeconsciencia.com\/wp-content\/uploads\/2024\/05\/alquiler-sala-terapia-yoga-ibiza-1-1536x1025.jpg 1536w\" sizes=\"auto, (max-width: 2000px) 100vw, 2000px\" \/><\/div><\/div><\/div><\/div><\/div><\/div><\/div><\/div><\/div><\/div><\/div><div class=\"wpb_column vc_column_container vc_col-sm-6\"><div class=\"vc_column-inner vc_custom_1710468073467\"><div class=\"wpb_wrapper\">\n\t<div class=\"wpb_text_column wpb_content_element  vc_custom_1716333818339\" >\n\t\t<div class=\"wpb_wrapper\">\n\t\t\t<h3 class=\"subtitle-salas\">Sala A<\/h3>\n<p>Sala amplia de 240m2 con suelo de parqu\u00e9 y luz natural. Ideal para realizar talleres grupales para explorar el cuerpo y la mente.<\/p>\n<p><strong>Tipos de actividades:<\/strong> Ecstatic dance, 5Rhythms, biodanza, Qi Gong, etc.<br \/>\n<strong>Tama\u00f1o:<\/strong> 240 m2<br \/>\n<strong>Capacidad total:<\/strong> 60 personas<br \/>\n<strong>Caracter\u00edsticas:<\/strong> Luz natural y suelo de madera natural<br \/>\n<strong>Climatizaci\u00f3n:<\/strong> Estufa de gas y pellet en invierno<\/p>\n<p>Cercle de Consci\u00e8ncia Eivissa Sant Josep. Diseminado Ca na Reala, 4355, 07830 <\/p>\n\n\t\t<\/div>\n\t<\/div>\n<div class=\"vc_btn3-container vc_btn3-inline vc_custom_1710468214611\" ><a style=\"background-color:#088094; color:#ffffff;\" class=\"vc_general vc_btn3 vc_btn3-size-md vc_btn3-shape-rounded vc_btn3-style-custom\" href=\"#contacto\" title=\"\">Solicitar informaci\u00f3n<\/a><\/div><\/div><\/div><\/div><\/div><\/div><\/div><div class=\"vc_tta-panel\" id=\"sala-b\" data-vc-content=\".vc_tta-panel-body\"><div class=\"vc_tta-panel-heading\"><h4 class=\"vc_tta-panel-title\"><a href=\"#sala-b\" data-vc-accordion data-vc-container=\".vc_tta-container\"><span class=\"vc_tta-title-text\">Sala B<\/span><\/a><\/h4><\/div><div class=\"vc_tta-panel-body\"><div class=\"vc_row wpb_row vc_inner vc_row-fluid vc_row-o-equal-height vc_row-o-content-middle vc_row-flex\" style=\"background-color:#ededed\"><div class=\"wpb_column vc_column_container vc_col-sm-6\"><div class=\"vc_column-inner vc_custom_1710468050014\"><div class=\"wpb_wrapper\"><div class=\"wpb_images_carousel wpb_content_element vc_clearfix vc_custom_1716335292840\"><div class=\"wpb_wrapper\"><div id=\"vc_images-carousel-2-1777458081\" data-ride=\"vc_carousel\" data-wrap=\"false\" style=\"width: 100%;\" data-interval=\"4000\" data-auto-height=\"yes\" data-mode=\"horizontal\" data-partial=\"false\" data-per-view=\"1\" data-hide-on-end=\"false\" class=\"vc_slide vc_images_carousel\"><ol class=\"vc_carousel-indicators\"><li data-target=\"#vc_images-carousel-2-1777458081\" data-slide-to=\"0\"><\/li><li data-target=\"#vc_images-carousel-2-1777458081\" data-slide-to=\"1\"><\/li><\/ol><div class=\"vc_carousel-inner\"><div class=\"vc_carousel-slideline\"><div class=\"vc_carousel-slideline-inner\"><div class=\"vc_item\"><div class=\"vc_inner\"><img loading=\"lazy\" decoding=\"async\" width=\"2000\" height=\"1335\" src=\"https:\/\/cercledeconsciencia.com\/wp-content\/uploads\/2024\/05\/Sala-B-Ibiza-1.jpg\" class=\"attachment-full\" alt=\"Alquiler espacio para terapias alternativas en Ibiza\" title=\"Sala-B-Ibiza-1\" srcset=\"https:\/\/cercledeconsciencia.com\/wp-content\/uploads\/2024\/05\/Sala-B-Ibiza-1.jpg 2000w, https:\/\/cercledeconsciencia.com\/wp-content\/uploads\/2024\/05\/Sala-B-Ibiza-1-300x200.jpg 300w, https:\/\/cercledeconsciencia.com\/wp-content\/uploads\/2024\/05\/Sala-B-Ibiza-1-1024x684.jpg 1024w, https:\/\/cercledeconsciencia.com\/wp-content\/uploads\/2024\/05\/Sala-B-Ibiza-1-768x513.jpg 768w, https:\/\/cercledeconsciencia.com\/wp-content\/uploads\/2024\/05\/Sala-B-Ibiza-1-391x260.jpg 391w, https:\/\/cercledeconsciencia.com\/wp-content\/uploads\/2024\/05\/Sala-B-Ibiza-1-1536x1025.jpg 1536w\" sizes=\"auto, (max-width: 2000px) 100vw, 2000px\" \/><\/div><\/div><div class=\"vc_item\"><div class=\"vc_inner\"><img loading=\"lazy\" decoding=\"async\" width=\"2000\" height=\"1335\" src=\"https:\/\/cercledeconsciencia.com\/wp-content\/uploads\/2024\/05\/Sala-B-Ibiza-2.jpg\" class=\"attachment-full\" alt=\"Alquiler espacio para terapias alternativas en Ibiza\" title=\"Sala-B-Ibiza-2\" srcset=\"https:\/\/cercledeconsciencia.com\/wp-content\/uploads\/2024\/05\/Sala-B-Ibiza-2.jpg 2000w, https:\/\/cercledeconsciencia.com\/wp-content\/uploads\/2024\/05\/Sala-B-Ibiza-2-300x200.jpg 300w, https:\/\/cercledeconsciencia.com\/wp-content\/uploads\/2024\/05\/Sala-B-Ibiza-2-1024x684.jpg 1024w, https:\/\/cercledeconsciencia.com\/wp-content\/uploads\/2024\/05\/Sala-B-Ibiza-2-768x513.jpg 768w, https:\/\/cercledeconsciencia.com\/wp-content\/uploads\/2024\/05\/Sala-B-Ibiza-2-391x260.jpg 391w, https:\/\/cercledeconsciencia.com\/wp-content\/uploads\/2024\/05\/Sala-B-Ibiza-2-1536x1025.jpg 1536w\" sizes=\"auto, (max-width: 2000px) 100vw, 2000px\" \/><\/div><\/div><\/div><\/div><\/div><\/div><\/div><\/div><\/div><\/div><\/div><div class=\"wpb_column vc_column_container vc_col-sm-6\"><div class=\"vc_column-inner vc_custom_1710468073467\"><div class=\"wpb_wrapper\">\n\t<div class=\"wpb_text_column wpb_content_element  vc_custom_1716333865936\" >\n\t\t<div class=\"wpb_wrapper\">\n\t\t\t<h3 class=\"subtitle-salas\">Sala B<\/h3>\n<p>Sala amplia de 110m2 con suelo de parqu\u00e9 y luz natural. Ideal para realizar talleres grupales para explorar el cuerpo y la mente.<\/p>\n<p><strong>Tipos de actividades:<\/strong> Talleres de expresi\u00f3n corporal,Yoga, Pilates, Danza contempor\u00e1nea, Tai Chi, Qi Gong, 5Rhythms<br \/>\n<strong>Tama\u00f1o: <\/strong>110 m2<br \/>\n<strong>Capacidad total:<\/strong> 25 personas<br \/>\n<strong>Caracter\u00edsticas:<\/strong> Luz natural y suelo de madera natural<br \/>\n<strong>Climatizaci\u00f3n:<\/strong> Aire acondicionado \/ calefacci\u00f3n<\/p>\n<p>Cercle de Consci\u00e8ncia Eivissa San Jose. Diseminado Ca na Reala, 4355, 07830<\/p>\n\n\t\t<\/div>\n\t<\/div>\n<div class=\"vc_btn3-container vc_btn3-inline vc_custom_1710468214611\" ><a style=\"background-color:#088094; color:#ffffff;\" class=\"vc_general vc_btn3 vc_btn3-size-md vc_btn3-shape-rounded vc_btn3-style-custom\" href=\"#contacto\" title=\"\">Solicitar informaci\u00f3n<\/a><\/div><\/div><\/div><\/div><\/div><\/div><\/div><div class=\"vc_tta-panel\" id=\"sala-c\" data-vc-content=\".vc_tta-panel-body\"><div class=\"vc_tta-panel-heading\"><h4 class=\"vc_tta-panel-title\"><a href=\"#sala-c\" data-vc-accordion data-vc-container=\".vc_tta-container\"><span class=\"vc_tta-title-text\">Sala C<\/span><\/a><\/h4><\/div><div class=\"vc_tta-panel-body\"><div class=\"vc_row wpb_row vc_inner vc_row-fluid vc_row-o-equal-height vc_row-o-content-middle vc_row-flex\" style=\"background-color:#ededed\"><div class=\"wpb_column vc_column_container vc_col-sm-6\"><div class=\"vc_column-inner vc_custom_1710468050014\"><div class=\"wpb_wrapper\"><div class=\"wpb_images_carousel wpb_content_element vc_clearfix vc_custom_1716335303236\"><div class=\"wpb_wrapper\"><div id=\"vc_images-carousel-3-1777458081\" data-ride=\"vc_carousel\" data-wrap=\"false\" style=\"width: 100%;\" data-interval=\"4000\" data-auto-height=\"yes\" data-mode=\"horizontal\" data-partial=\"false\" data-per-view=\"1\" data-hide-on-end=\"false\" class=\"vc_slide vc_images_carousel\"><ol class=\"vc_carousel-indicators\"><li data-target=\"#vc_images-carousel-3-1777458081\" data-slide-to=\"0\"><\/li><li data-target=\"#vc_images-carousel-3-1777458081\" data-slide-to=\"1\"><\/li><\/ol><div class=\"vc_carousel-inner\"><div class=\"vc_carousel-slideline\"><div class=\"vc_carousel-slideline-inner\"><div class=\"vc_item\"><div class=\"vc_inner\"><img loading=\"lazy\" decoding=\"async\" width=\"2000\" height=\"1335\" src=\"https:\/\/cercledeconsciencia.com\/wp-content\/uploads\/2024\/05\/Sala-C-Ibiza-1.jpg\" class=\"attachment-full\" alt=\"Alquiler de espacios para terapeuta en Ibiza\" title=\"Sala-C-Ibiza-1\" srcset=\"https:\/\/cercledeconsciencia.com\/wp-content\/uploads\/2024\/05\/Sala-C-Ibiza-1.jpg 2000w, https:\/\/cercledeconsciencia.com\/wp-content\/uploads\/2024\/05\/Sala-C-Ibiza-1-300x200.jpg 300w, https:\/\/cercledeconsciencia.com\/wp-content\/uploads\/2024\/05\/Sala-C-Ibiza-1-1024x684.jpg 1024w, https:\/\/cercledeconsciencia.com\/wp-content\/uploads\/2024\/05\/Sala-C-Ibiza-1-768x513.jpg 768w, https:\/\/cercledeconsciencia.com\/wp-content\/uploads\/2024\/05\/Sala-C-Ibiza-1-391x260.jpg 391w, https:\/\/cercledeconsciencia.com\/wp-content\/uploads\/2024\/05\/Sala-C-Ibiza-1-1536x1025.jpg 1536w\" sizes=\"auto, (max-width: 2000px) 100vw, 2000px\" \/><\/div><\/div><div class=\"vc_item\"><div class=\"vc_inner\"><img loading=\"lazy\" decoding=\"async\" width=\"2000\" height=\"1335\" src=\"https:\/\/cercledeconsciencia.com\/wp-content\/uploads\/2024\/05\/Sala-C-Ibiza-2.jpg\" class=\"attachment-full\" alt=\"Alquiler de espacios para terapeuta en Ibiza\" title=\"Sala-C-Ibiza-2\" srcset=\"https:\/\/cercledeconsciencia.com\/wp-content\/uploads\/2024\/05\/Sala-C-Ibiza-2.jpg 2000w, https:\/\/cercledeconsciencia.com\/wp-content\/uploads\/2024\/05\/Sala-C-Ibiza-2-300x200.jpg 300w, https:\/\/cercledeconsciencia.com\/wp-content\/uploads\/2024\/05\/Sala-C-Ibiza-2-1024x684.jpg 1024w, https:\/\/cercledeconsciencia.com\/wp-content\/uploads\/2024\/05\/Sala-C-Ibiza-2-768x513.jpg 768w, https:\/\/cercledeconsciencia.com\/wp-content\/uploads\/2024\/05\/Sala-C-Ibiza-2-391x260.jpg 391w, https:\/\/cercledeconsciencia.com\/wp-content\/uploads\/2024\/05\/Sala-C-Ibiza-2-1536x1025.jpg 1536w\" sizes=\"auto, (max-width: 2000px) 100vw, 2000px\" \/><\/div><\/div><\/div><\/div><\/div><\/div><\/div><\/div><\/div><\/div><\/div><div class=\"wpb_column vc_column_container vc_col-sm-6\"><div class=\"vc_column-inner vc_custom_1710468073467\"><div class=\"wpb_wrapper\">\n\t<div class=\"wpb_text_column wpb_content_element  vc_custom_1716333902344\" >\n\t\t<div class=\"wpb_wrapper\">\n\t\t\t<h3 class=\"subtitle-salas\">Sala C<\/h3>\n<p>Con luz natural y amplia para trabajo en grupo, esta c\u00f3moda sala es ideal para realizar talleres para explorar el cuerpo y la mente.<\/p>\n<p><strong>Tipos de actividades:<\/strong> Talleres de expresi\u00f3n corporal, Yoga, Pilates, Danza contempor\u00e1nea, Tai Chi, Qi Gong, 5Rhythms<br \/>\n<strong>Tama\u00f1o:<\/strong> 130 m2<br \/>\n<strong>Capacidad total:<\/strong> 30 personas<br \/>\n<strong>Caracter\u00edsticas:<\/strong> Luz natural y suelo de madera natural<br \/>\n<strong>Climatizaci\u00f3n:<\/strong> Aire acondicionado \/ calefacci\u00f3n<\/p>\n<p>Cercle de Consci\u00e8ncia Eivissa San Jose. Diseminado Ca na Reala, 4355, 07830<\/p>\n\n\t\t<\/div>\n\t<\/div>\n<div class=\"vc_btn3-container vc_btn3-inline vc_custom_1710468214611\" ><a style=\"background-color:#088094; color:#ffffff;\" class=\"vc_general vc_btn3 vc_btn3-size-md vc_btn3-shape-rounded vc_btn3-style-custom\" href=\"#contacto\" title=\"\">Solicitar informaci\u00f3n<\/a><\/div><\/div><\/div><\/div><\/div><\/div><\/div><\/div><\/div><\/div><\/div><\/div><\/div><\/div><\/div><div class=\"edgtf-row-grid-section-wrapper \"  ><div class=\"edgtf-row-grid-section\"><div class=\"vc_row wpb_row vc_row-fluid\" ><div class=\"wpb_column vc_column_container vc_col-sm-12\"><div class=\"vc_column-inner\"><div class=\"wpb_wrapper\"><div class=\"vc_empty_space\"   style=\"height: 100px\"><span class=\"vc_empty_space_inner\"><\/span><\/div><div class=\"edgtf-row-grid-section-wrapper \" ><div class=\"edgtf-row-grid-section\"><div class=\"vc_row wpb_row vc_inner vc_row-fluid\" ><div class=\"wpb_column vc_column_container vc_col-sm-12\"><div class=\"vc_column-inner\"><div class=\"wpb_wrapper\">\n\t<div class=\"wpb_text_column wpb_content_element \" >\n\t\t<div class=\"wpb_wrapper\">\n\t\t\t<h2 class=\"subtitle-local\">Alquiler espacio para terapias alternativas en Ibiza<\/h2>\n<p style=\"text-align: justify;\">Si eres terapeuta de terapias alternativas en Ibiza, nuestras salas est\u00e1n dise\u00f1adas para adaptarse a tus necesidades, desde consultas terap\u00e9uticas hasta pr\u00e1cticas naturales manuales como reflexolog\u00eda, reiki, acupuntura, terapia quiropr\u00e1ctica, masoterapia e incluso consultas de terapia floral. Si est\u00e1s interesado en alquilar alguna de nuestras salas o espacios, por favor, inf\u00f3rmanos sobre tu pr\u00e1ctica terap\u00e9utica para que podamos ofrecerte el espacio m\u00e1s adecuado para ti.<\/p>\n\n\t\t<\/div>\n\t<\/div>\n<div class=\"vc_empty_space\"   style=\"height: 80px\"><span class=\"vc_empty_space_inner\"><\/span><\/div>\n\t<div class=\"wpb_text_column wpb_content_element \" >\n\t\t<div class=\"wpb_wrapper\">\n\t\t\t<h2 class=\"subtitle-local\">\u00a1Salas para terapeutas por horas en Ibiza!<\/h2>\n<p style=\"text-align: justify;\">Si eres psic\u00f3logo\/a, facilitador o terapeuta en Ibiza y buscas un entorno de trabajo tranquilo y seguro, nuestros espacios son id\u00f3neos para el trabajo terap\u00e9utico. Adem\u00e1s, ofrecemos flexibilidad de pago seg\u00fan tus sesiones, con opciones de alquiler por horas, medio d\u00eda o d\u00eda completo. Podr\u00e1s adaptar el uso de las salas a tu agenda y la demanda de tus clientes, sin compromisos a largo plazo ni costos ocultos.<\/p>\n\n\t\t<\/div>\n\t<\/div>\n<\/div><\/div><\/div><\/div><\/div><\/div><div class=\"vc_empty_space\"   style=\"height: 80px\"><span class=\"vc_empty_space_inner\"><\/span><\/div><\/div><\/div><\/div><\/div><\/div><\/div><div class=\"edgtf-row-grid-section-wrapper \"  ><div class=\"edgtf-row-grid-section\"><div class=\"vc_row wpb_row vc_row-fluid\" ><div class=\"wpb_column vc_column_container vc_col-sm-12\"><div class=\"vc_column-inner\"><div class=\"wpb_wrapper\">\n\t<div class=\"wpb_text_column wpb_content_element \" >\n\t\t<div class=\"wpb_wrapper\">\n\t\t\t<h2 class=\"subtitle-local\">C\u00f3mo llegar a nuestros centros en Ibiza<\/h2>\n\n\t\t<\/div>\n\t<\/div>\n\n\t<div class=\"wpb_text_column wpb_content_element \" >\n\t\t<div class=\"wpb_wrapper\">\n\t\t\t<h4><strong>Ibiza Centro<\/strong><\/h4>\n<p style=\"text-align: justify;\">Nuestra sede central y administrativa se encuentra en el centro de Ibiza, en una zona tranquila y de f\u00e1cil aparcamiento, con f\u00e1cil acceso desde la carretera PM-801 y la E-20. Estamos a 10 minutos caminando desde el puerto de Ibiza. Tambi\u00e9n puedes llegar en autob\u00fas tomando la l\u00ednea 10 desde el aeropuerto. Si vienes en taxi, la calle es de f\u00e1cil acceso y puedes bajarte directamente en la puerta.<\/p>\n\n\t\t<\/div>\n\t<\/div>\n<div class=\"vc_empty_space\"   style=\"height: 20px\"><span class=\"vc_empty_space_inner\"><\/span><\/div>\n\t<div class=\"wpb_text_column wpb_content_element \" >\n\t\t<div class=\"wpb_wrapper\">\n\t\t\t<p><img loading=\"lazy\" decoding=\"async\" class=\"size-full wp-image-2837 alignleft\" style=\"margin-bottom: 20px;\" src=\"https:\/\/cercledeconsciencia.com\/wp-content\/uploads\/2024\/02\/icon-tel.png\" alt=\"\" width=\"37\" height=\"37\" \/> +34 685 882 430<\/p>\n\n\t\t<\/div>\n\t<\/div>\n<div class=\"vc_empty_space\"   style=\"height: 30px\"><span class=\"vc_empty_space_inner\"><\/span><\/div>\n\t<div class=\"wpb_text_column wpb_content_element \" >\n\t\t<div class=\"wpb_wrapper\">\n\t\t\t<p><img loading=\"lazy\" decoding=\"async\" class=\"size-full wp-image-2836 alignleft\" src=\"https:\/\/cercledeconsciencia.com\/wp-content\/uploads\/2024\/02\/icon-map.png\" alt=\"\" width=\"37\" height=\"37\" \/>Cercle de Consci\u00e8ncia Eivissa. Passatge de Castav\u00ed, 3, 1-4, 07800 Ibiza<\/p>\n\n\t\t<\/div>\n\t<\/div>\n<div class=\"vc_empty_space\"   style=\"height: 30px\"><span class=\"vc_empty_space_inner\"><\/span><\/div>\n\t<div class=\"wpb_text_column wpb_content_element \" >\n\t\t<div class=\"wpb_wrapper\">\n\t\t\t<h4><strong>Ibiza San Josep<\/strong><\/h4>\n<p style=\"text-align: justify;\">Nuestra sede Sant Josep se encuentra en una zona tranquila y de f\u00e1cil acceso desde la carretera principal. Estamos a pocos minutos en coche del centro de Sant Josep de sa Talaia. Si prefieres utilizar el transporte p\u00fablico, puedes tomar el autob\u00fas desde el centro del pueblo. Si decides venir en taxi, la direcci\u00f3n es f\u00e1cilmente accesible y puedes bajarte directamente en la puerta. Si vienes en veh\u00edculo propio puedes aparcar en nuestras instalaciones.<\/p>\n\n\t\t<\/div>\n\t<\/div>\n<div class=\"vc_empty_space\"   style=\"height: 20px\"><span class=\"vc_empty_space_inner\"><\/span><\/div>\n\t<div class=\"wpb_text_column wpb_content_element \" >\n\t\t<div class=\"wpb_wrapper\">\n\t\t\t<p><img loading=\"lazy\" decoding=\"async\" class=\"size-full wp-image-2837 alignleft\" style=\"margin-bottom: 20px;\" src=\"https:\/\/cercledeconsciencia.com\/wp-content\/uploads\/2024\/02\/icon-tel.png\" alt=\"\" width=\"37\" height=\"37\" \/> +34 685 882 430<\/p>\n\n\t\t<\/div>\n\t<\/div>\n<div class=\"vc_empty_space\"   style=\"height: 30px\"><span class=\"vc_empty_space_inner\"><\/span><\/div>\n\t<div class=\"wpb_text_column wpb_content_element \" >\n\t\t<div class=\"wpb_wrapper\">\n\t\t\t<p><img loading=\"lazy\" decoding=\"async\" class=\"size-full wp-image-2836 alignleft\" src=\"https:\/\/cercledeconsciencia.com\/wp-content\/uploads\/2024\/02\/icon-map.png\" alt=\"\" width=\"37\" height=\"37\" \/>Diseminado Ca na Reala, 4355, 07830 Sant Josep de sa Talaia<\/p>\n\n\t\t<\/div>\n\t<\/div>\n<div class=\"vc_empty_space\"   style=\"height: 30px\"><span class=\"vc_empty_space_inner\"><\/span><\/div><\/div><\/div><\/div><\/div><\/div><\/div><div class=\"edgtf-row-grid-section-wrapper \"  ><div class=\"edgtf-row-grid-section\"><div id=\"contacto\" class=\"vc_row wpb_row vc_row-fluid\" ><div class=\"wpb_column vc_column_container vc_col-sm-12\"><div class=\"vc_column-inner\"><div class=\"wpb_wrapper\"><div class=\"vc_empty_space\"   style=\"height: 100px\"><span class=\"vc_empty_space_inner\"><\/span><\/div>\n\t<div class=\"wpb_text_column wpb_content_element \" >\n\t\t<div class=\"wpb_wrapper\">\n\t\t\t<h2 style=\"text-align: left;\">Contacta para m\u00e1s detalles de nuestros espacios en Ibiza<\/h2>\n<p>\u00a1Escr\u00edbenos y una persona de nuestro equipo se comunicar\u00e1 contigo para resolver cualquier consulta que tengas sobre nuestras salas de alquiler o nuestros espacios para actividades en Ibiza!<\/p>\n\n\t\t<\/div>\n\t<\/div>\n<div class=\"vc_empty_space\"   style=\"height: 50px\"><span class=\"vc_empty_space_inner\"><\/span><\/div>\n<div class=\"wpcf7 no-js\" id=\"wpcf7-f4376-o1\" lang=\"es-ES\" dir=\"ltr\" data-wpcf7-id=\"4376\">\n<div class=\"screen-reader-response\"><p role=\"status\" aria-live=\"polite\" aria-atomic=\"true\"><\/p> <ul><\/ul><\/div>\n<form action=\"\/es\/wp-json\/wp\/v2\/pages\/3707#wpcf7-f4376-o1\" method=\"post\" class=\"wpcf7-form init\" aria-label=\"Formulario de contacto\" novalidate=\"novalidate\" data-status=\"init\">\n<fieldset class=\"hidden-fields-container\"><input type=\"hidden\" name=\"_wpcf7\" value=\"4376\" \/><input type=\"hidden\" name=\"_wpcf7_version\" value=\"6.1.5\" \/><input type=\"hidden\" name=\"_wpcf7_locale\" value=\"es_ES\" \/><input type=\"hidden\" name=\"_wpcf7_unit_tag\" value=\"wpcf7-f4376-o1\" \/><input type=\"hidden\" name=\"_wpcf7_container_post\" value=\"0\" \/><input type=\"hidden\" name=\"_wpcf7_posted_data_hash\" value=\"\" \/>\n<\/fieldset>\n<div>\n\t<div class=\"edgtf-grid-row \">\n\t\t<div class=\"edgtf-grid-col-12\">\n\t\t\t<p><span id=\"wpcf7-69f1dba1c8eb1-wrapper\" class=\"wpcf7-form-control-wrap honeypot-field-wrap\" style=\"display:none !important; visibility:hidden !important;\"><label for=\"wpcf7-69f1dba1c8eb1-field\" class=\"hp-message\">Por favor, deja este campo vac\u00edo.<\/label><input id=\"wpcf7-69f1dba1c8eb1-field\"  class=\"wpcf7-form-control wpcf7-text\" type=\"text\" name=\"honeypot-field\" value=\"\" size=\"40\" tabindex=\"-1\" autocomplete=\"new-password\" \/><\/span>\n\t\t\t<\/p>\n\t\t<\/div>\n\t<\/div>\n\t<div class=\"edgtf-grid-row \">\n\t\t<div class=\"edgtf-grid-col-4\">\n\t\t\t<p><label> Nombre<br \/>\n<span class=\"wpcf7-form-control-wrap\" data-name=\"your-name\"><input size=\"40\" maxlength=\"400\" class=\"wpcf7-form-control wpcf7-text wpcf7-validates-as-required\" autocomplete=\"name\" aria-required=\"true\" aria-invalid=\"false\" value=\"\" type=\"text\" name=\"your-name\" \/><\/span> <\/label>\n\t\t\t<\/p>\n\t\t<\/div>\n\t\t<div class=\"edgtf-grid-col-4\">\n\t\t\t<p><label> Tel\u00e9fono<br \/>\n<span class=\"wpcf7-form-control-wrap\" data-name=\"your-phone\"><input size=\"40\" maxlength=\"400\" class=\"wpcf7-form-control wpcf7-text wpcf7-validates-as-required\" autocomplete=\"name\" aria-required=\"true\" aria-invalid=\"false\" value=\"\" type=\"text\" name=\"your-phone\" \/><\/span> <\/label>\n\t\t\t<\/p>\n\t\t<\/div>\n\t\t<div class=\"edgtf-grid-col-4\">\n\t\t\t<p><label> Mail<br \/>\n<span class=\"wpcf7-form-control-wrap\" data-name=\"your-email\"><input size=\"40\" maxlength=\"400\" class=\"wpcf7-form-control wpcf7-email wpcf7-validates-as-required wpcf7-text wpcf7-validates-as-email\" autocomplete=\"email\" aria-required=\"true\" aria-invalid=\"false\" value=\"\" type=\"email\" name=\"your-email\" \/><\/span> <\/label>\n\t\t\t<\/p>\n\t\t<\/div>\n\t<\/div>\n\t<div class=\"edgtf-grid-row\">\n\t\t<div class=\"edgtf-grid-col-4\">\n\t\t\t<p><span class=\"wpcf7-form-control-wrap\" data-name=\"ayuda\"><select class=\"wpcf7-form-control wpcf7-select\" aria-invalid=\"false\" name=\"ayuda\"><option value=\"\u00bfEn qu\u00e9 te podemos ayudar?\">\u00bfEn qu\u00e9 te podemos ayudar?<\/option><option value=\"Formaci\u00f3n Gestalt Integrativa\">Formaci\u00f3n Gestalt Integrativa<\/option><option value=\"Formaci\u00f3n Terapia Corporal Integrativa\">Formaci\u00f3n Terapia Corporal Integrativa<\/option><option value=\"Formaci\u00f3n Transpersonal Integrativa\">Formaci\u00f3n Transpersonal Integrativa<\/option><option value=\"Formacion Sexualidad Integrativa\">Formacion Sexualidad Integrativa<\/option><option value=\"Talleres\">Talleres<\/option><option value=\"Terapia\">Terapia<\/option><option value=\"Alquiler de espacios\">Alquiler de espacios<\/option><option value=\"Can Gensana\">Can Gensana<\/option><option value=\"Otros\">Otros<\/option><\/select><\/span>\n\t\t\t<\/p>\n\t\t\t<p><span class=\"wpcf7-form-control-wrap\" data-name=\"sede\"><select class=\"wpcf7-form-control wpcf7-select\" aria-invalid=\"false\" name=\"sede\"><option value=\"\u00bfEn qu\u00e9 sede tienes inter\u00e9s?\">\u00bfEn qu\u00e9 sede tienes inter\u00e9s?<\/option><option value=\"Ibiza\">Ibiza<\/option><\/select><\/span>\n\t\t\t<\/p>\n\t\t<\/div>\n\t\t<div class=\"edgtf-grid-col-8\">\n\t\t\t<p><label> Mensaje (opcional)<br \/>\n<span class=\"wpcf7-form-control-wrap\" data-name=\"your-message\"><textarea cols=\"40\" rows=\"4\" maxlength=\"2000\" class=\"wpcf7-form-control wpcf7-textarea\" aria-invalid=\"false\" name=\"your-message\"><\/textarea><\/span> <\/label>\n\t\t\t<\/p>\n\t\t<\/div>\n\t<\/div>\n\t<div class=\"edgtf-grid-row\">\n\t\t<div class=\"edgtf-grid-col-12\">\n\t\t\t<div class=\"txt-legal\">\n\t\t\t\t<p><b>INFORMACI\u00d3N B\u00c1SICA SOBRE PROTECCI\u00d3N DE DATOS<\/b>\n\t\t\t\t<\/p>\n\t\t\t\t<p><b>RESPONSABLE DEL TRATAMIENTO<\/b><br \/>\nResponsable: ESPAI TCI, S.L.U. - CIF: B66100033 Dir. Postal: C\/ PAU ALSINA N 16, CP: 08025 - BARCELONA (BARCELONA)<br \/>\n<b>FINALIDAD:<\/b> Gestionar su consulta\/petici\u00f3n y dar una respuesta a la misma.<br \/>\n<b>LEGITIMACI\u00d3N:<\/b> Su consentimiento<br \/>\n<b>DESTINATARIOS:<\/b> Los datos no se ceder\u00e1n a terceros salvo en los casos en los que exista una obligaci\u00f3n legal o comunicaci\u00f3n necesaria para dar contestaci\u00f3n a su consulta.<br \/>\n<b>DERECHOS:<\/b> Puede ejercer sus Derechos a acceder, rectificar, oponerse, limitar, portar y suprimir los datos ante el responsable del tratamiento; adem\u00e1s de acudir a la autoridad de control competente (AEPD).<br \/>\n<b>INFORMACI\u00d3N ADICIONAL:<\/b> Puede consultar la informaci\u00f3n adicional sobre el tratamiento de sus datos personales <a href=\"\/politica-de-privacidad\/\">aqu\u00ed<\/a>.\n\t\t\t\t<\/p>\n\t\t\t<\/div>\n\t\t<\/div>\n\t<\/div>\n\t<div class=\"edgtf-grid-row pt-4\">\n\t\t<div class=\"edgtf-grid-col-4\">\n\t\t<\/div>\n\t\t<div class=\"edgtf-grid-col-8\">\n\t\t\t<p><span class=\"wpcf7-form-control-wrap\" data-name=\"news\"><span class=\"wpcf7-form-control wpcf7-checkbox mycheck2\"><span class=\"wpcf7-list-item first last\"><input type=\"checkbox\" name=\"news[]\" value=\"Quiero recibir informaci\u00f3n sobre actividades y formaciones.\" \/><span class=\"wpcf7-list-item-label\">Quiero recibir informaci\u00f3n sobre actividades y formaciones.<\/span><\/span><\/span><\/span><br \/>\n<span class=\"wpcf7-form-control-wrap\" data-name=\"politica\"><span class=\"wpcf7-form-control wpcf7-checkbox wpcf7-validates-as-required mycheck2\"><span class=\"wpcf7-list-item first last\"><input type=\"checkbox\" name=\"politica[]\" value=\"He le\u00eddo y acepto la Pol\u00edtica de Privacidad.\" \/><span class=\"wpcf7-list-item-label\">He le\u00eddo y acepto la Pol\u00edtica de Privacidad.<\/span><\/span><\/span><\/span>\n\t\t\t<\/p>\n\t\t<\/div>\n\t<\/div>\n\t<div class=\"edgtf-grid-row\">\n\t\t<div class=\"edgtf-grid-col-12 text-right\">\n\t\t\t<p><input class=\"wpcf7-form-control wpcf7-submit has-spinner\" type=\"submit\" value=\"Enviar\" \/>\n\t\t\t<\/p>\n\t\t<\/div>\n\t<\/div>\n<\/div><p style=\"display: none !important;\" class=\"akismet-fields-container\" data-prefix=\"_wpcf7_ak_\"><label>&#916;<textarea name=\"_wpcf7_ak_hp_textarea\" cols=\"45\" rows=\"8\" maxlength=\"100\"><\/textarea><\/label><input type=\"hidden\" id=\"ak_js_1\" name=\"_wpcf7_ak_js\" value=\"233\"\/><script type=\"text\/javascript\">\n\/* <![CDATA[ *\/\ndocument.getElementById( \"ak_js_1\" ).setAttribute( \"value\", ( new Date() ).getTime() );\n\/* ]]> *\/\n<\/script>\n<\/p><input type='hidden' class='wpcf7-pum' value='{\"closepopup\":false,\"closedelay\":0,\"openpopup\":false,\"openpopup_id\":0}' \/><div class=\"wpcf7-response-output\" aria-hidden=\"true\"><\/div>\n<\/form>\n<\/div>\n<div class=\"vc_empty_space\"   style=\"height: 50px\"><span class=\"vc_empty_space_inner\"><\/span><\/div><\/div><\/div><\/div><\/div><\/div><\/div>\n","protected":false},"excerpt":{"rendered":"Alquiler de espacios y salas para terapeutas en Ibiza Varias direcciones: Centro y Sant Josep M\u00e1s informaci\u00f3n \u00bfQu\u00e9 tipo de espacios y salas est\u00e1s buscando en Ibiza? Ofrecemos el alquiler [...]","protected":false},"author":1,"featured_media":0,"parent":0,"menu_order":0,"comment_status":"closed","ping_status":"closed","template":"full-width.php","meta":{"footnotes":""},"class_list":["post-3707","page","type-page","status-publish","hentry"],"yoast_head":"<!-- This site is optimized with the Yoast SEO plugin v27.4 - https:\/\/yoast.com\/product\/yoast-seo-wordpress\/ -->\n<title>Alquiler de Salas y Espacios para Terapeutas en Barcelona - Cercle de Consci\u00e8ncia<\/title>\n<meta name=\"description\" content=\"Alquiler de salas en Barcelona: terapias, meditaci\u00f3n, masaje y m\u00e1s. Tambi\u00e9n espacios para conferencias, cursos, talleres, danza, teatro, yoga y pilates.\" \/>\n<meta name=\"robots\" content=\"index, follow, max-snippet:-1, max-image-preview:large, max-video-preview:-1\" \/>\n<link rel=\"canonical\" href=\"https:\/\/cercledeconsciencia.com\/es\/alquiler-de-espacios-ibiza\/\" \/>\n<meta property=\"og:locale\" content=\"es_ES\" \/>\n<meta property=\"og:type\" content=\"article\" \/>\n<meta property=\"og:title\" content=\"Alquiler de Salas y Espacios para Terapeutas en Barcelona - Cercle de Consci\u00e8ncia\" \/>\n<meta property=\"og:description\" content=\"Alquiler de salas en Barcelona: terapias, meditaci\u00f3n, masaje y m\u00e1s. Tambi\u00e9n espacios para conferencias, cursos, talleres, danza, teatro, yoga y pilates.\" \/>\n<meta property=\"og:url\" content=\"https:\/\/cercledeconsciencia.com\/es\/alquiler-de-espacios-ibiza\/\" \/>\n<meta property=\"og:site_name\" content=\"Cercle de Consci\u00e8ncia\" \/>\n<meta property=\"article:publisher\" content=\"https:\/\/www.facebook.com\/Cercledeconscienciabarcelona?_rdr\" \/>\n<meta property=\"article:modified_time\" content=\"2024-11-15T10:23:33+00:00\" \/>\n<meta property=\"og:image\" content=\"https:\/\/cercledeconsciencia.com\/wp-content\/uploads\/2024\/02\/icon-tel.png\" \/>\n<meta name=\"twitter:card\" content=\"summary_large_image\" \/>\n<meta name=\"twitter:label1\" content=\"Tiempo de lectura\" \/>\n\t<meta name=\"twitter:data1\" content=\"11 minutos\" \/>\n<script type=\"application\/ld+json\" class=\"yoast-schema-graph\">{\"@context\":\"https:\\\/\\\/schema.org\",\"@graph\":[{\"@type\":\"WebPage\",\"@id\":\"https:\\\/\\\/cercledeconsciencia.com\\\/alquiler-de-espacios-ibiza\\\/\",\"url\":\"https:\\\/\\\/cercledeconsciencia.com\\\/alquiler-de-espacios-ibiza\\\/\",\"name\":\"Alquiler de Salas y Espacios para Terapeutas en Barcelona - Cercle de Consci\u00e8ncia\",\"isPartOf\":{\"@id\":\"https:\\\/\\\/cercledeconsciencia.com\\\/#website\"},\"primaryImageOfPage\":{\"@id\":\"https:\\\/\\\/cercledeconsciencia.com\\\/alquiler-de-espacios-ibiza\\\/#primaryimage\"},\"image\":{\"@id\":\"https:\\\/\\\/cercledeconsciencia.com\\\/alquiler-de-espacios-ibiza\\\/#primaryimage\"},\"thumbnailUrl\":\"https:\\\/\\\/cercledeconsciencia.com\\\/wp-content\\\/uploads\\\/2024\\\/02\\\/icon-tel.png\",\"datePublished\":\"2024-05-21T23:07:20+00:00\",\"dateModified\":\"2024-11-15T10:23:33+00:00\",\"description\":\"Alquiler de salas en Barcelona: terapias, meditaci\u00f3n, masaje y m\u00e1s. Tambi\u00e9n espacios para conferencias, cursos, talleres, danza, teatro, yoga y pilates.\",\"breadcrumb\":{\"@id\":\"https:\\\/\\\/cercledeconsciencia.com\\\/alquiler-de-espacios-ibiza\\\/#breadcrumb\"},\"inLanguage\":\"es\",\"potentialAction\":[{\"@type\":\"ReadAction\",\"target\":[\"https:\\\/\\\/cercledeconsciencia.com\\\/alquiler-de-espacios-ibiza\\\/\"]}]},{\"@type\":\"ImageObject\",\"inLanguage\":\"es\",\"@id\":\"https:\\\/\\\/cercledeconsciencia.com\\\/alquiler-de-espacios-ibiza\\\/#primaryimage\",\"url\":\"https:\\\/\\\/cercledeconsciencia.com\\\/wp-content\\\/uploads\\\/2024\\\/02\\\/icon-tel.png\",\"contentUrl\":\"https:\\\/\\\/cercledeconsciencia.com\\\/wp-content\\\/uploads\\\/2024\\\/02\\\/icon-tel.png\"},{\"@type\":\"BreadcrumbList\",\"@id\":\"https:\\\/\\\/cercledeconsciencia.com\\\/alquiler-de-espacios-ibiza\\\/#breadcrumb\",\"itemListElement\":[{\"@type\":\"ListItem\",\"position\":1,\"name\":\"Portada\",\"item\":\"https:\\\/\\\/cercledeconsciencia.com\\\/\"},{\"@type\":\"ListItem\",\"position\":2,\"name\":\"Alquiler de espacios &#8211; Ibiza\"}]},{\"@type\":\"WebSite\",\"@id\":\"https:\\\/\\\/cercledeconsciencia.com\\\/#website\",\"url\":\"https:\\\/\\\/cercledeconsciencia.com\\\/\",\"name\":\"Cercle de Consci\u00e8ncia\",\"description\":\"Centro de Formaci\u00f3n y Terapias\",\"publisher\":{\"@id\":\"https:\\\/\\\/cercledeconsciencia.com\\\/#organization\"},\"potentialAction\":[{\"@type\":\"SearchAction\",\"target\":{\"@type\":\"EntryPoint\",\"urlTemplate\":\"https:\\\/\\\/cercledeconsciencia.com\\\/?s={search_term_string}\"},\"query-input\":{\"@type\":\"PropertyValueSpecification\",\"valueRequired\":true,\"valueName\":\"search_term_string\"}}],\"inLanguage\":\"es\"},{\"@type\":\"Organization\",\"@id\":\"https:\\\/\\\/cercledeconsciencia.com\\\/#organization\",\"name\":\"Cercle de Consci\u00e8ncia\",\"url\":\"https:\\\/\\\/cercledeconsciencia.com\\\/\",\"logo\":{\"@type\":\"ImageObject\",\"inLanguage\":\"es\",\"@id\":\"https:\\\/\\\/cercledeconsciencia.com\\\/#\\\/schema\\\/logo\\\/image\\\/\",\"url\":\"https:\\\/\\\/cercledeconsciencia.com\\\/wp-content\\\/uploads\\\/2023\\\/07\\\/logo.png\",\"contentUrl\":\"https:\\\/\\\/cercledeconsciencia.com\\\/wp-content\\\/uploads\\\/2023\\\/07\\\/logo.png\",\"width\":239,\"height\":68,\"caption\":\"Cercle de Consci\u00e8ncia\"},\"image\":{\"@id\":\"https:\\\/\\\/cercledeconsciencia.com\\\/#\\\/schema\\\/logo\\\/image\\\/\"},\"sameAs\":[\"https:\\\/\\\/www.facebook.com\\\/Cercledeconscienciabarcelona?_rdr\",\"https:\\\/\\\/www.instagram.com\\\/cercledeconsciencia\\\/\",\"https:\\\/\\\/www.youtube.com\\\/c\\\/cercledeconsciencia\"]}]}<\/script>\n<!-- \/ Yoast SEO plugin. -->","yoast_head_json":{"title":"Alquiler de Salas y Espacios para Terapeutas en Barcelona - Cercle de Consci\u00e8ncia","description":"Alquiler de salas en Barcelona: terapias, meditaci\u00f3n, masaje y m\u00e1s. Tambi\u00e9n espacios para conferencias, cursos, talleres, danza, teatro, yoga y pilates.","robots":{"index":"index","follow":"follow","max-snippet":"max-snippet:-1","max-image-preview":"max-image-preview:large","max-video-preview":"max-video-preview:-1"},"canonical":"https:\/\/cercledeconsciencia.com\/es\/alquiler-de-espacios-ibiza\/","og_locale":"es_ES","og_type":"article","og_title":"Alquiler de Salas y Espacios para Terapeutas en Barcelona - Cercle de Consci\u00e8ncia","og_description":"Alquiler de salas en Barcelona: terapias, meditaci\u00f3n, masaje y m\u00e1s. Tambi\u00e9n espacios para conferencias, cursos, talleres, danza, teatro, yoga y pilates.","og_url":"https:\/\/cercledeconsciencia.com\/es\/alquiler-de-espacios-ibiza\/","og_site_name":"Cercle de Consci\u00e8ncia","article_publisher":"https:\/\/www.facebook.com\/Cercledeconscienciabarcelona?_rdr","article_modified_time":"2024-11-15T10:23:33+00:00","og_image":[{"url":"https:\/\/cercledeconsciencia.com\/wp-content\/uploads\/2024\/02\/icon-tel.png","type":"","width":"","height":""}],"twitter_card":"summary_large_image","twitter_misc":{"Tiempo de lectura":"11 minutos"},"schema":{"@context":"https:\/\/schema.org","@graph":[{"@type":"WebPage","@id":"https:\/\/cercledeconsciencia.com\/alquiler-de-espacios-ibiza\/","url":"https:\/\/cercledeconsciencia.com\/alquiler-de-espacios-ibiza\/","name":"Alquiler de Salas y Espacios para Terapeutas en Barcelona - Cercle de Consci\u00e8ncia","isPartOf":{"@id":"https:\/\/cercledeconsciencia.com\/#website"},"primaryImageOfPage":{"@id":"https:\/\/cercledeconsciencia.com\/alquiler-de-espacios-ibiza\/#primaryimage"},"image":{"@id":"https:\/\/cercledeconsciencia.com\/alquiler-de-espacios-ibiza\/#primaryimage"},"thumbnailUrl":"https:\/\/cercledeconsciencia.com\/wp-content\/uploads\/2024\/02\/icon-tel.png","datePublished":"2024-05-21T23:07:20+00:00","dateModified":"2024-11-15T10:23:33+00:00","description":"Alquiler de salas en Barcelona: terapias, meditaci\u00f3n, masaje y m\u00e1s. Tambi\u00e9n espacios para conferencias, cursos, talleres, danza, teatro, yoga y pilates.","breadcrumb":{"@id":"https:\/\/cercledeconsciencia.com\/alquiler-de-espacios-ibiza\/#breadcrumb"},"inLanguage":"es","potentialAction":[{"@type":"ReadAction","target":["https:\/\/cercledeconsciencia.com\/alquiler-de-espacios-ibiza\/"]}]},{"@type":"ImageObject","inLanguage":"es","@id":"https:\/\/cercledeconsciencia.com\/alquiler-de-espacios-ibiza\/#primaryimage","url":"https:\/\/cercledeconsciencia.com\/wp-content\/uploads\/2024\/02\/icon-tel.png","contentUrl":"https:\/\/cercledeconsciencia.com\/wp-content\/uploads\/2024\/02\/icon-tel.png"},{"@type":"BreadcrumbList","@id":"https:\/\/cercledeconsciencia.com\/alquiler-de-espacios-ibiza\/#breadcrumb","itemListElement":[{"@type":"ListItem","position":1,"name":"Portada","item":"https:\/\/cercledeconsciencia.com\/"},{"@type":"ListItem","position":2,"name":"Alquiler de espacios &#8211; Ibiza"}]},{"@type":"WebSite","@id":"https:\/\/cercledeconsciencia.com\/#website","url":"https:\/\/cercledeconsciencia.com\/","name":"Cercle de Consci\u00e8ncia","description":"Centro de Formaci\u00f3n y Terapias","publisher":{"@id":"https:\/\/cercledeconsciencia.com\/#organization"},"potentialAction":[{"@type":"SearchAction","target":{"@type":"EntryPoint","urlTemplate":"https:\/\/cercledeconsciencia.com\/?s={search_term_string}"},"query-input":{"@type":"PropertyValueSpecification","valueRequired":true,"valueName":"search_term_string"}}],"inLanguage":"es"},{"@type":"Organization","@id":"https:\/\/cercledeconsciencia.com\/#organization","name":"Cercle de Consci\u00e8ncia","url":"https:\/\/cercledeconsciencia.com\/","logo":{"@type":"ImageObject","inLanguage":"es","@id":"https:\/\/cercledeconsciencia.com\/#\/schema\/logo\/image\/","url":"https:\/\/cercledeconsciencia.com\/wp-content\/uploads\/2023\/07\/logo.png","contentUrl":"https:\/\/cercledeconsciencia.com\/wp-content\/uploads\/2023\/07\/logo.png","width":239,"height":68,"caption":"Cercle de Consci\u00e8ncia"},"image":{"@id":"https:\/\/cercledeconsciencia.com\/#\/schema\/logo\/image\/"},"sameAs":["https:\/\/www.facebook.com\/Cercledeconscienciabarcelona?_rdr","https:\/\/www.instagram.com\/cercledeconsciencia\/","https:\/\/www.youtube.com\/c\/cercledeconsciencia"]}]}},"_links":{"self":[{"href":"https:\/\/cercledeconsciencia.com\/es\/wp-json\/wp\/v2\/pages\/3707","targetHints":{"allow":["GET"]}}],"collection":[{"href":"https:\/\/cercledeconsciencia.com\/es\/wp-json\/wp\/v2\/pages"}],"about":[{"href":"https:\/\/cercledeconsciencia.com\/es\/wp-json\/wp\/v2\/types\/page"}],"author":[{"embeddable":true,"href":"https:\/\/cercledeconsciencia.com\/es\/wp-json\/wp\/v2\/users\/1"}],"replies":[{"embeddable":true,"href":"https:\/\/cercledeconsciencia.com\/es\/wp-json\/wp\/v2\/comments?post=3707"}],"version-history":[{"count":25,"href":"https:\/\/cercledeconsciencia.com\/es\/wp-json\/wp\/v2\/pages\/3707\/revisions"}],"predecessor-version":[{"id":5137,"href":"https:\/\/cercledeconsciencia.com\/es\/wp-json\/wp\/v2\/pages\/3707\/revisions\/5137"}],"wp:attachment":[{"href":"https:\/\/cercledeconsciencia.com\/es\/wp-json\/wp\/v2\/media?parent=3707"}],"curies":[{"name":"wp","href":"https:\/\/api.w.org\/{rel}","templated":true}]}}