{"id":3881,"date":"2024-06-05T22:59:43","date_gmt":"2024-06-05T22:59:43","guid":{"rendered":"https:\/\/cercledeconsciencia.com\/?page_id=3881"},"modified":"2026-04-27T11:31:43","modified_gmt":"2026-04-27T11:31:43","slug":"formacion-en-sexualidad-integrativa","status":"publish","type":"page","link":"https:\/\/cercledeconsciencia.com\/es\/formacion-en-sexualidad-integrativa\/","title":{"rendered":"Formaci\u00f3n en Sexualidad Integrativa"},"content":{"rendered":"<div data-vc-full-width=\"true\" data-vc-full-width-init=\"false\" data-vc-stretch-content=\"true\" class=\"vc_row wpb_row vc_row-fluid hide-mobile vc_custom_1718851261139 vc_row-has-fill vc_row-no-padding\" ><div class=\"wpb_column vc_column_container vc_col-sm-12\"><div class=\"vc_column-inner\"><div class=\"wpb_wrapper\"><div class=\"vc_empty_space\"   style=\"height: 200px\"><span class=\"vc_empty_space_inner\"><\/span><\/div><div class=\"vc_row wpb_row vc_inner vc_row-fluid vc_custom_1699443329405\" ><div class=\"bg-title-terapias wpb_column vc_column_container vc_col-sm-6\"><div class=\"vc_column-inner\"><div class=\"wpb_wrapper\"><div class=\"vc_empty_space\"   style=\"height: 30px\"><span class=\"vc_empty_space_inner\"><\/span><\/div>\n\t<div class=\"wpb_text_column wpb_content_element \" >\n\t\t<div class=\"wpb_wrapper\">\n\t\t\t<h1 class=\"font-open\"><span style=\"color: #ffffff;\">Formaci\u00f3n en <strong>Sexualidad Integrativa<\/strong><\/span><\/h1>\n\n\t\t<\/div>\n\t<\/div>\n<div class=\"vc_empty_space\"   style=\"height: 30px\"><span class=\"vc_empty_space_inner\"><\/span><\/div><\/div><\/div><\/div><div class=\"wpb_column vc_column_container vc_col-sm-6\"><div class=\"vc_column-inner\"><div class=\"wpb_wrapper\"><\/div><\/div><\/div><\/div><div class=\"vc_empty_space\"   style=\"height: 200px\"><span class=\"vc_empty_space_inner\"><\/span><\/div><\/div><\/div><\/div><\/div><div class=\"vc_row-full-width vc_clearfix\"><\/div><div data-vc-full-width=\"true\" data-vc-full-width-init=\"false\" data-vc-stretch-content=\"true\" class=\"vc_row wpb_row vc_row-fluid show-mobile vc_custom_1718851269159 vc_row-has-fill vc_row-no-padding\" ><div class=\"wpb_column vc_column_container vc_col-sm-12\"><div class=\"vc_column-inner\"><div class=\"wpb_wrapper\"><div class=\"vc_empty_space\"   style=\"height: 30px\"><span class=\"vc_empty_space_inner\"><\/span><\/div><div class=\"vc_row wpb_row vc_inner vc_row-fluid vc_custom_1699443329405\" ><div class=\"bg-title-terapias wpb_column vc_column_container vc_col-sm-6\"><div class=\"vc_column-inner\"><div class=\"wpb_wrapper\"><div class=\"vc_empty_space\"   style=\"height: 20px\"><span class=\"vc_empty_space_inner\"><\/span><\/div>\n\t<div class=\"wpb_text_column wpb_content_element \" >\n\t\t<div class=\"wpb_wrapper\">\n\t\t\t<h2 class=\"font-open\" style=\"font-size: 46px;\"><span style=\"color: #ffffff;\">Formaci\u00f3n en <strong>Sexualidad Integrativa<\/strong><\/span><\/h2>\n\n\t\t<\/div>\n\t<\/div>\n<div class=\"vc_empty_space\"   style=\"height: 20px\"><span class=\"vc_empty_space_inner\"><\/span><\/div><\/div><\/div><\/div><div class=\"wpb_column vc_column_container vc_col-sm-6\"><div class=\"vc_column-inner\"><div class=\"wpb_wrapper\"><\/div><\/div><\/div><\/div><div class=\"vc_empty_space\"   style=\"height: 50px\"><span class=\"vc_empty_space_inner\"><\/span><\/div><\/div><\/div><\/div><\/div><div class=\"vc_row-full-width vc_clearfix\"><\/div><div data-vc-full-width=\"true\" data-vc-full-width-init=\"false\" data-vc-stretch-content=\"true\" class=\"vc_row wpb_row vc_row-fluid bg-sexuality vc_row-no-padding\" ><div class=\"wpb_column vc_column_container vc_col-sm-12\"><div class=\"vc_column-inner\"><div class=\"wpb_wrapper\"><div class=\"vc_row wpb_row vc_inner vc_row-fluid vc_custom_1702980389754\" ><div class=\"wpb_column vc_column_container vc_col-sm-10\"><div class=\"vc_column-inner\"><div class=\"wpb_wrapper\">\n\t<div class=\"wpb_text_column wpb_content_element  vc_custom_1770114462430\" >\n\t\t<div class=\"wpb_wrapper\">\n\t\t\t<p class=\"title-h5\"><span style=\"color: #ffffff;\">Barcelona \u00b7 INICIO: OCTUBRE 2026 \u00b7<\/span><\/p>\n\n\t\t<\/div>\n\t<\/div>\n<div class=\"vc_empty_space\"   style=\"height: 40px\"><span class=\"vc_empty_space_inner\"><\/span><\/div><\/div><\/div><\/div><div class=\"wpb_column vc_column_container vc_col-sm-2\"><div class=\"vc_column-inner\"><div class=\"wpb_wrapper\"><div class=\"vc_empty_space\"   style=\"height: 30px\"><span class=\"vc_empty_space_inner\"><\/span><\/div><\/div><\/div><\/div><\/div><div class=\"vc_row wpb_row vc_inner vc_row-fluid vc_custom_1699304517452\" ><div class=\"borderr-white wpb_column vc_column_container vc_col-sm-12\"><div class=\"vc_column-inner vc_custom_1699304523827\"><div class=\"wpb_wrapper\"><div class=\"vc_empty_space\"   style=\"height: 100px\"><span class=\"vc_empty_space_inner\"><\/span><\/div><\/div><\/div><\/div><\/div><\/div><\/div><\/div><\/div><div class=\"vc_row-full-width vc_clearfix\"><\/div><div class=\"vc_row wpb_row vc_row-fluid\" ><div class=\"wpb_column vc_column_container vc_col-sm-12\"><div class=\"vc_column-inner\"><div class=\"wpb_wrapper\"><div class=\"vc_empty_space\"   style=\"height: 50px\"><span class=\"vc_empty_space_inner\"><\/span><\/div><div class=\"edgtf-row-grid-section-wrapper \" ><div class=\"edgtf-row-grid-section\"><div class=\"vc_row wpb_row vc_inner vc_row-fluid vc_row-o-content-middle vc_row-flex\" ><div class=\"wpb_column vc_column_container vc_col-sm-12\"><div class=\"vc_column-inner\"><div class=\"wpb_wrapper\">\n\t<div class=\"wpb_text_column wpb_content_element \" >\n\t\t<div class=\"wpb_wrapper\">\n\t\t\t<p style=\"text-align: justify;\">La Formaci\u00f3n en Sexualidad Integrativa (FSI) propone, desde un enfoque pluridisciplinar e integrativo, una mirada exploratoria y terap\u00e9utica a todos los \u00e1mbitos de la sexualidad, en sus aspectos te\u00f3ricos y vivenciales, con una especial atenci\u00f3n a territorios esenciales como la intimidad, el deseo, los tab\u00faes, los mecanismos de defensa, la represi\u00f3n sexual, la bioenerg\u00e9tica y la comprensi\u00f3n de la diversidad sexual, tanto como factores de transformaci\u00f3n social como de ampliaci\u00f3n de la conciencia.<\/p>\n<p style=\"text-align: justify;\">FSI es una formaci\u00f3n terap\u00e9utica integral acompa\u00f1ada de un proceso individual de autoconocimiento y de desarrollo de nuestras potencialidades, que incluye un amplio abanico de conocimientos en terapia corporal integrativa, gestalt, sexolog\u00eda y psicopatolog\u00eda sexual, masaje, y creatividad, sexualidad som\u00e1tica, conocimiento de pr\u00e1cticas terap\u00e9uticas en las diversidades sexuales, caracterolog\u00eda aplicada a la sexualidad y las relaciones, psicolog\u00eda transpersonal y espiritualidad.<\/p>\n\n\t\t<\/div>\n\t<\/div>\n<\/div><\/div><\/div><\/div><\/div><\/div><div class=\"vc_empty_space\"   style=\"height: 50px\"><span class=\"vc_empty_space_inner\"><\/span><\/div><div class=\"edgtf-elements-holder   edgtf-one-column  edgtf-responsive-mode-768 edgtf-one-column-alignment-center\" ><div class=\"edgtf-eh-item   edgtf-horizontal-alignment-center \"  data-item-class=\"edgtf-eh-custom-6100\">\n    <div class=\"edgtf-eh-item-inner\">\n        <div class=\"edgtf-eh-item-content edgtf-eh-custom-6100\" >\n            <a itemprop=\"url\" href=\"#solicita-informacion\" target=\"_self\" style=\"color: #ffffff;background-color: #cb2f0d;border-color: #cb2f0d;font-size: 18px\" class=\"edgtf-btn edgtf-btn-medium edgtf-btn-solid edgtf-btn-custom-hover-bg edgtf-btn-custom-border-hover edgtf-btn-custom-hover-color btn-tci\" data-hover-color=\"#cb2f0d\" data-hover-bg-color=\"#ffffff\" data-hover-border-color=\"#cb2f0d\" >\n    <span class=\"edgtf-btn-text\">Solicita informaci\u00f3n<\/span>\n        <\/a>        <\/div>\n    <\/div>\n<\/div><\/div><div class=\"vc_empty_space\"   style=\"height: 50px\"><span class=\"vc_empty_space_inner\"><\/span><\/div><\/div><\/div><\/div><\/div><div class=\"vc_row wpb_row vc_row-fluid vc_row-o-equal-height vc_row-flex\" ><div class=\"wpb_column vc_column_container vc_col-sm-8 vc_col-has-fill\"><div class=\"vc_column-inner vc_custom_1717628882060\"><div class=\"wpb_wrapper\"><div class=\"vc_row wpb_row vc_inner vc_row-fluid vc_custom_1718851388932\" ><div class=\"wpb_column vc_column_container vc_col-sm-12\"><div class=\"vc_column-inner\"><div class=\"wpb_wrapper\">\n\t<div class=\"wpb_text_column wpb_content_element \" >\n\t\t<div class=\"wpb_wrapper\">\n\t\t\t<h2 class=\"font-open\"><span style=\"font-weight: 400; color: #ffffff; font-size: 26px; line-height: 28px;\"><strong>A qui\u00e9n va dirigida la formaci\u00f3n<br \/>\n<\/strong><\/span><\/h2>\n<p style=\"text-align: left;\"><span style=\"font-weight: 400; color: #ffffff;\">La formaci\u00f3n est\u00e1 dirigida a personas interesadas en profundizar en el \u00e1mbito de la sexualidad y su integraci\u00f3n a nivel personal y\/o profesional, especialmente en el trabajo terap\u00e9utico.<br \/>\n<\/span><\/p>\n<p>&nbsp;<\/p>\n<h2 class=\"font-open\"><span style=\"font-weight: 400; color: #ffffff; font-size: 26px; line-height: 28px;\"><strong>\u00bfCu\u00e1l es el objetivo de la Formaci\u00f3n FSI?<\/strong><\/span><\/h2>\n<ol class=\"bullets-white\">\n<li><span style=\"color: #ffffff;\">Desarrollo individual como ser sexual, adquiriendo la capacidad de <b>tomar conciencia del cuerpo<\/b> en su totalidad, m\u00e1s all\u00e1 de la genitalidad.<\/span><\/li>\n<li><span style=\"color: #ffffff;\">Ampliar la mirada binaria, a una mirada expansiva e inclusiva a todas las diversidades<\/span><\/li>\n<li><span style=\"color: #ffffff;\"><b>Ampliar las fronteras de placer<\/b> transitando las creencias limitantes, bloqueos, tab\u00faes.<\/span><\/li>\n<li><span style=\"color: #ffffff;\">Reconocer <b>el cuerpo er\u00f3geno<\/b> como puerta de entrada a nuevas experiencias y conocimiento del propio ser y de la alteridad.<\/span><\/li>\n<li><span style=\"color: #ffffff;\"><b>Adquirir habilidades de comunicaci\u00f3n efectiva y asertiva <\/b>para el uso de un lenguaje com\u00fan e inclusivo que genere un espacio seguro, consensuado, \u00edntimo, responsable, de confianza, escucha y apertura desde el reconocimiento de los l\u00edmites y deseos propios y de los dem\u00e1s en el contexto de la sexualidad.<\/span><\/li>\n<li><span style=\"color: #ffffff;\">Comprender c\u00f3mo las experiencias sensoriales y corporales vibran profundamente con lo emocional, mental y espiritual<\/span><\/li>\n<li><span style=\"color: #ffffff;\">Contemplar <b>la sexualidad como algo transversal <\/b>en la vida.<\/span><\/li>\n<li><span style=\"color: #ffffff;\">Reconocer las heridas, traumas y\/o dificultades que alejan el placer, <strong>poniendo luz y actualizando nuestro ser<\/strong>.<\/span><\/li>\n<li><span style=\"color: #ffffff;\"><strong>Reconocer y gestionar las emociones<\/strong> relacionadas con el erotismo, sensualidad, sexualidad y amor.<\/span><\/li>\n<li><span style=\"color: #ffffff;\"><strong>Crear v\u00ednculo con el grupo y desarrollar habilidades terap\u00e9uticas<\/strong>, de trabajo en equipo, empat\u00eda y respeto.<\/span><\/li>\n<li><span style=\"color: #ffffff;\"><strong>Crear un espacio de confianza y apoyo mutuo,<\/strong> para facilitar el aprendizaje y la exploraci\u00f3n de la sexualidad de manera conjunta.<\/span><\/li>\n<\/ol>\n\n\t\t<\/div>\n\t<\/div>\n<div class=\"vc_empty_space\"   style=\"height: 30px\"><span class=\"vc_empty_space_inner\"><\/span><\/div><\/div><\/div><\/div><\/div><\/div><\/div><\/div><div class=\"wpb_column vc_column_container vc_col-sm-4 vc_col-has-fill\"><div class=\"vc_column-inner vc_custom_1717629144650\"><div class=\"wpb_wrapper\"><div class=\"vc_empty_space\"   style=\"height: 300px\"><span class=\"vc_empty_space_inner\"><\/span><\/div><\/div><\/div><\/div><\/div><div class=\"edgtf-row-grid-section-wrapper \"  ><div class=\"edgtf-row-grid-section\"><div class=\"vc_row wpb_row vc_row-fluid\" ><div class=\"wpb_column vc_column_container vc_col-sm-12\"><div class=\"vc_column-inner\"><div class=\"wpb_wrapper\"><div class=\"vc_empty_space\"   style=\"height: 80px\"><span class=\"vc_empty_space_inner\"><\/span><\/div><div class=\"edgtf-row-grid-section-wrapper \" ><div class=\"edgtf-row-grid-section\"><div class=\"vc_row wpb_row vc_inner vc_row-fluid\" ><div class=\"wpb_column vc_column_container vc_col-sm-12\"><div class=\"vc_column-inner\"><div class=\"wpb_wrapper\">\n\t<div class=\"wpb_text_column wpb_content_element \" >\n\t\t<div class=\"wpb_wrapper\">\n\t\t\t<h2 class=\"font-open\">Metodolog\u00eda <span class=\"font-fsi\">FSI<\/span><\/h2>\n<p style=\"text-align: justify;\">El curso se centra en el cuerpo, las sensaciones y al conocimiento de la propia sexualidad como v\u00edas fundamentales para el autoconocimiento. El enfoque grupal pone \u00e9nfasis en el potencial de las relaciones humanas, permitiendo que cada participante aborde sus asuntos personales tanto de manera colectiva como individual.<\/p>\n<p style=\"text-align: justify;\">Promovemos trabajos de respiraci\u00f3n, voz, movimiento, teatralizaci\u00f3n, meditaci\u00f3n, contacto, presencia plena. Estas actividades permitir\u00e1n a los participantes ampliar su comprensi\u00f3n y consciencia de su cuerpo y su sexualidad, as\u00ed como mejorar su capacidad de comunicaci\u00f3n y relaci\u00f3n con los dem\u00e1s en un contexto seguro y respetuoso.<\/p>\n<p style=\"text-align: justify;\">El trabajo se realiza en talleres vivenciales de fin de semana de forma grupal, con clases te\u00f3ricas online entre semana, y con el seguimiento individual y terap\u00e9utico llevado a cabo por profesionales del \u00e1mbito de la sexualidad.<\/p>\n<p>&nbsp;<\/p>\n<h3 class=\"font-open\">\u00c1reas de trabajo<\/h3>\n\n\t\t<\/div>\n\t<\/div>\n<\/div><\/div><\/div><\/div><\/div><\/div><div class=\"edgtf-row-grid-section-wrapper \" ><div class=\"edgtf-row-grid-section\"><div class=\"vc_row wpb_row vc_inner vc_row-fluid vc_custom_1717630255368 vc_row-o-content-top vc_row-flex\" ><div class=\"wpb_column vc_column_container vc_col-sm-6\"><div class=\"vc_column-inner vc_custom_1702333549031\"><div class=\"wpb_wrapper\">\n\t<div class=\"wpb_text_column wpb_content_element \" >\n\t\t<div class=\"wpb_wrapper\">\n\t\t\t<p style=\"color: #4a4a49;\"><strong>1. <\/strong> Cuerpo sexual, anatom\u00eda<\/p>\n<p style=\"color: #4a4a49;\"><strong>2.<\/strong> Caracterolog\u00eda aplicada a la sexualidad<\/p>\n<p style=\"color: #4a4a49;\"><strong>3.<\/strong> Intimidad, sensualidad, erotismo y placer<\/p>\n<p style=\"color: #4a4a49;\"><strong>4.<\/strong> Bloqueos, heridas y trauma<\/p>\n<p style=\"color: #4a4a49;\"><strong>5.<\/strong> Respiraci\u00f3n, voz, movimiento.<\/p>\n\n\t\t<\/div>\n\t<\/div>\n<\/div><\/div><\/div><div class=\"wpb_column vc_column_container vc_col-sm-6\"><div class=\"vc_column-inner vc_custom_1717630288341\"><div class=\"wpb_wrapper\">\n\t<div class=\"wpb_text_column wpb_content_element \" >\n\t\t<div class=\"wpb_wrapper\">\n\t\t\t<p style=\"color: #4a4a49;\"><strong>6.<\/strong> Contacto y atenci\u00f3n a la presencia y conciencia plena<\/p>\n<p style=\"color: #4a4a49;\"><strong>7.<\/strong> Sexualidad y espiritualidad<\/p>\n<p style=\"color: #4a4a49;\"><strong>8.<\/strong> Diversidades sexuales y de g\u00e9nero<\/p>\n<p style=\"color: #4a4a49;\"><strong>9. <\/strong> Herramientas para la terapia en sexualidad<\/p>\n<p style=\"color: #4a4a49;\"><strong>10.<\/strong> Supervisi\u00f3n individual y grupal<\/p>\n\n\t\t<\/div>\n\t<\/div>\n<\/div><\/div><\/div><\/div><\/div><\/div><div class=\"edgtf-row-grid-section-wrapper \" ><div class=\"edgtf-row-grid-section\"><div class=\"vc_row wpb_row vc_inner vc_row-fluid\" ><div class=\"wpb_column vc_column_container vc_col-sm-12\"><div class=\"vc_column-inner\"><div class=\"wpb_wrapper\">\n\t<div class=\"wpb_text_column wpb_content_element \" >\n\t\t<div class=\"wpb_wrapper\">\n\t\t\t<h2 class=\"font-open\"><b>Duraci\u00f3n<\/b><\/h2>\n<p>La formaci\u00f3n consta de:<\/p>\n<p>Un <strong>primer nivel de Aproximaci\u00f3n<\/strong> con una duraci\u00f3n de 9 meses, en los que se realizar\u00e1n 7 talleres experienciales de fin de semana, 2 residenciales y 9 clases te\u00f3ricas online entre semana.<\/p>\n<p>Un <strong>segundo nivel<\/strong> <strong>de<\/strong> <strong>Profundizaci\u00f3n<\/strong> tiene una duraci\u00f3n de 8 meses, en los que se realizar\u00e1n 7 talleres experienciales de fin de semana, 1 residencial y 7 clases te\u00f3ricas online entre semana.<\/p>\n<p>Los talleres se impartirten de viernes a domingo y los encuentros residenciales, de jueves por la tarde a domingo al mediod\u00eda.<br \/>\nLos mi\u00e9rcoles mensuales se realizar\u00e1n las clases te\u00f3ricas online de 19.30 a 21h.<\/p>\n\n\t\t<\/div>\n\t<\/div>\n<\/div><\/div><\/div><\/div><\/div><\/div><div class=\"edgtf-row-grid-section-wrapper \" ><div class=\"edgtf-row-grid-section\"><div class=\"vc_row wpb_row vc_inner vc_row-fluid vc_custom_1702979889553\" ><div class=\"wpb_column vc_column_container vc_col-sm-6\"><div class=\"vc_column-inner vc_custom_1702333549031\"><div class=\"wpb_wrapper\">\n\t<div class=\"wpb_text_column wpb_content_element \" >\n\t\t<div class=\"wpb_wrapper\">\n\t\t\t<p><strong>Primer Curso de Aproximaci\u00f3n: <\/strong>orientado a todas aquellas personas que quieran profundizar en su proceso personal a trav\u00e9s de la conciencia del cuerpo y el contacto con sus emociones y deseos.<\/p>\n\n\t\t<\/div>\n\t<\/div>\n<\/div><\/div><\/div><div class=\"wpb_column vc_column_container vc_col-sm-6\"><div class=\"vc_column-inner vc_custom_1702333556029\"><div class=\"wpb_wrapper\">\n\t<div class=\"wpb_text_column wpb_content_element \" >\n\t\t<div class=\"wpb_wrapper\">\n\t\t\t<p><strong>Segundo Curso de Profundizaci\u00f3n:<\/strong> dirigido a todas aquellas personas que hayan completado el nivel de Aproximaci\u00f3n y que quieran seguir su proceso de autoconocimiento, profundizando en la tem\u00e1tica y\/o formarse en el acompa\u00f1amiento a personas en temas de sexualidad.<\/p>\n\n\t\t<\/div>\n\t<\/div>\n<\/div><\/div><\/div><\/div><\/div><\/div><div class=\"edgtf-row-grid-section-wrapper \" ><div class=\"edgtf-row-grid-section\"><div class=\"vc_row wpb_row vc_inner vc_row-fluid\" ><div class=\"wpb_column vc_column_container vc_col-sm-12\"><div class=\"vc_column-inner\"><div class=\"wpb_wrapper\">\n\t<div class=\"wpb_text_column wpb_content_element \" >\n\t\t<div class=\"wpb_wrapper\">\n\t\t\t<h2 class=\"font-open\"><b>Programa de estudios al completo<\/b><\/h2>\n\n\t\t<\/div>\n\t<\/div>\n<\/div><\/div><\/div><\/div><\/div><\/div><div class=\"edgtf-row-grid-section-wrapper \" ><div class=\"edgtf-row-grid-section\"><div class=\"vc_row wpb_row vc_inner vc_row-fluid vc_custom_1702979889553\" ><div class=\"wpb_column vc_column_container vc_col-sm-6\"><div class=\"vc_column-inner vc_custom_1702333549031\"><div class=\"wpb_wrapper\">\n\t<div class=\"wpb_text_column wpb_content_element \" >\n\t\t<div class=\"wpb_wrapper\">\n\t\t\t<h5>CLASES PR\u00c1CTICAS Y RESIDENCIALES<\/h5>\n<ul>\n<li>Gesti\u00f3n Sexo-Afectiva y No Monogam\u00edas<\/li>\n<li>Diversidad de G\u00e9nero y Sexual<\/li>\n<li>Sexualidad Corporal Integrativa<\/li>\n<li>Residencial Sexualidad y Trauma<\/li>\n<li>Shibari Terap\u00e9utico<\/li>\n<li>Sexolog\u00eda de los M\u00e1rgenes<\/li>\n<li>Constelaciones y Sexualidad<\/li>\n<li>Residencial Contacto con Tacto<\/li>\n<\/ul>\n\n\t\t<\/div>\n\t<\/div>\n<\/div><\/div><\/div><div class=\"wpb_column vc_column_container vc_col-sm-6\"><div class=\"vc_column-inner vc_custom_1702333556029\"><div class=\"wpb_wrapper\">\n\t<div class=\"wpb_text_column wpb_content_element \" >\n\t\t<div class=\"wpb_wrapper\">\n\t\t\t<h5>CLASES TE\u00d3RICAS ONLINE<\/h5>\n<ul>\n<li>Educaci\u00f3n Sexual<\/li>\n<li>Etapas de Crecimiento en Sexualidad I<\/li>\n<li>Etapas de Crecimiento en Sexualidad I I<\/li>\n<li>No Monogam\u00edas<\/li>\n<li>Psicolog\u00eda Lesbiana, Gay y Bisexual<\/li>\n<li>El patriarcado y Masculinidades<\/li>\n<li>Sexualidad y Espiritualidad<\/li>\n<li>Sexualizando la Diversidad Funcional<\/li>\n<li>Fantas\u00edas Sexuales<\/li>\n<\/ul>\n\n\t\t<\/div>\n\t<\/div>\n<\/div><\/div><\/div><\/div><\/div><\/div><div class=\"vc_row wpb_row vc_inner vc_row-fluid\" ><div class=\"wpb_column vc_column_container vc_col-sm-12\"><div class=\"vc_column-inner\"><div class=\"wpb_wrapper\">\n\t<div class=\"wpb_text_column wpb_content_element \" >\n\t\t<div class=\"wpb_wrapper\">\n\t\t\t<h2 class=\"font-open\">Residenciales <span class=\"font-fsi\">FSI<\/span><\/h2>\n<p style=\"text-align: justify;\">Los residenciales son una inmersi\u00f3n que complementa y profundiza en el trabajo de autoconocimiento sobre la sexualidad. Estas experiencias ofrecen una oportunidad para la comprensi\u00f3n m\u00e1s profunda y cultivan conexiones significativas, enriqueciendo la formaci\u00f3n de manera integral fortaleciendo la cohesi\u00f3n con el grupo y fomentando el desarrollo personal.<\/p>\n\n\t\t<\/div>\n\t<\/div>\n\n\t<div class=\"wpb_text_column wpb_content_element \" >\n\t\t<div class=\"wpb_wrapper\">\n\t\t\t<h3 class=\"font-black\"><strong>Residencial SEXUALIDAD Y TRAUMA I<br \/>\n<\/strong><\/h3>\n<h5>\u00abHabitar el cuerpo vivo y recursos som\u00e1ticos\u00bb<\/h5>\n<p style=\"text-align: justify;\">Trabajaremos a trav\u00e9s de la conciencia corpo-emocional. Llevaremos la atenci\u00f3n al cuerpo y a sus sensaciones, al coraz\u00f3n y a sus emociones. Con amabilidad, curiosidad y presencia, profundizaremos en los recursos para aliviar el dolor de los traumas, y as\u00ed, poder conectar con el gozo, el placer y la alegr\u00eda.<\/p>\n\n\t\t<\/div>\n\t<\/div>\n\n\t<div class=\"wpb_text_column wpb_content_element  vc_custom_1717630989538\" >\n\t\t<div class=\"wpb_wrapper\">\n\t\t\t<ul>\n<li>Sera\u0301 un recorrido amable, amoroso y seguro. Creando confianza para reducir las palabras al silencio y aprender a conectar con el lenguaje interior.<br \/>\nSaldremos de la mente para sentir, y en el sentir, encontraremos las respuestas adecuadas para el momento presente.<\/li>\n<li>A nivel te\u00f3rico hablaremos del Sistema Nervioso durante un suceso traum\u00e1tico expondremos algunos recursos pr\u00e1cticos de Auto-regulacio\u0301n y co-regulacio\u0301n: Desbloquear el cuerpo y el coraz\u00f3n y gestio\u0301n emocional<\/li>\n<\/ul>\n\n\t\t<\/div>\n\t<\/div>\n\n\t<div class=\"wpb_text_column wpb_content_element \" >\n\t\t<div class=\"wpb_wrapper\">\n\t\t\t<h3 class=\"font-black\"><strong>Residencial M\u00f3dulo final e integraci\u00f3n<\/strong><\/h3>\n<p style=\"text-align: justify;\">En este \u00faltimo m\u00f3dulo, nos dedicaremos a cerrar la formaci\u00f3n con una din\u00e1mica especial de despedida. Cada participante tendr\u00e1 la oportunidad de regalar al grupo una representaci\u00f3n creativa, ya sea a trav\u00e9s del teatro, la danza, medios audiovisuales, artes pl\u00e1sticas, poes\u00eda, u otras formas de expresi\u00f3n. Este obsequio ser\u00e1 una manifestaci\u00f3n del viaje y los aprendizajes experimentados durante el curso.<\/p>\n<p>Para concluir las din\u00e1micas corporales, nos enfocaremos en un ejercicio de conciencia y relajaci\u00f3n que involucra el ano y los esf\u00ednteres.<\/p>\n\n\t\t<\/div>\n\t<\/div>\n\n\t<div class=\"wpb_text_column wpb_content_element  vc_custom_1717631033908\" >\n\t\t<div class=\"wpb_wrapper\">\n\t\t\t<ul>\n<li>Facilitar un cierre armonioso y significativo de las din\u00e1micas corporales mediante un ejercicio de conciencia y relajaci\u00f3n enfocado en el \u00e1rea del ano y los esf\u00ednteres, promoviendo as\u00ed la integraci\u00f3n de las experiencias vividas durante el taller.<\/li>\n<li>Proporcionar un espacio de despedida en el \u00faltimo m\u00f3dulo de la formaci\u00f3n, donde cada participante pueda expresar creativamente sus aprendizajes y experiencias a trav\u00e9s de diversas formas art\u00edsticas como el teatro, la danza, medios audiovisuales, artes pl\u00e1sticas, poes\u00eda, entre otros, fortaleciendo as\u00ed el sentido de pertenencia y conexi\u00f3n grupal.<\/li>\n<li>Permitir que los participantes regalen al grupo una representaci\u00f3n creativa que refleje su viaje personal y los aprendizajes adquiridos durante el curso, fomentando la expresi\u00f3n individual y la construcci\u00f3n de v\u00ednculos emocionales entre los integrantes.<\/li>\n<li>Realizar una valoraci\u00f3n global de la formaci\u00f3n al finalizar el taller, con el fin de recoger retroalimentaci\u00f3n sobre los aspectos positivos y \u00e1reas de mejora, y as\u00ed asegurar un proceso de aprendizaje continuo y enriquecedor para todos los participantes.<\/li>\n<\/ul>\n\n\t\t<\/div>\n\t<\/div>\n<\/div><\/div><\/div><\/div><\/div><\/div><\/div><\/div><\/div><\/div><div class=\"edgtf-row-grid-section-wrapper \"  ><div class=\"edgtf-row-grid-section\"><div class=\"vc_row wpb_row vc_row-fluid\" ><div class=\"wpb_column vc_column_container vc_col-sm-12\"><div class=\"vc_column-inner\"><div class=\"wpb_wrapper\"><div class=\"vc_empty_space\"   style=\"height: 50px\"><span class=\"vc_empty_space_inner\"><\/span><\/div><div class=\"edgtf-row-grid-section-wrapper \" ><div class=\"edgtf-row-grid-section\"><div class=\"vc_row wpb_row vc_inner vc_row-fluid\" ><div class=\"wpb_column vc_column_container vc_col-sm-12\"><div class=\"vc_column-inner\"><div class=\"wpb_wrapper\">\n\t<div class=\"wpb_text_column wpb_content_element \" >\n\t\t<div class=\"wpb_wrapper\">\n\t\t\t<h2 class=\"font-open\">Acompa\u00f1amiento en la <span class=\"font-fsi\">FSI<\/span><\/h2>\n<p style=\"text-align: justify;\">Toda promoci\u00f3n dispone de una estructura de atenci\u00f3n personalizada en las figuras de un tutor o tutora y de ayudantes de tutor\u00eda, quienes supervisan directamente a los integrantes del curso en cuanto a sus necesidades y progresos.<\/p>\n<p style=\"text-align: justify;\">Alrededor de esta formaci\u00f3n, Cercle Sexualitat ofrece tambi\u00e9n toda una gama de actividades asociadas en forma de pr\u00e1cticas, charlas y otros cursos que son complementarios a la formaci\u00f3n y ayudan al participante a practicar y adquirir habilidades t\u00e9cnicas. Dos ejemplos destacados de estos son: el grupo de supervisi\u00f3n y el grupo de pr\u00e1cticas.<\/p>\n<h2 class=\"font-open\">La importancia del trabajo grupal en la <span class=\"font-fsi\">FSI<\/span><\/h2>\n<p style=\"text-align: justify;\">Nuestra experiencia nos permite asegurar que el trabajo grupal es un pilar b\u00e1sico de la formaci\u00f3n en sexualidad. Lo experiencial, lo vivido en los trabajos, es la forma mejor y m\u00e1s directa para integrar la informaci\u00f3n que transmitimos. En un grupo es posible reconocer al otro como alguien diferente a m\u00ed y como alguien semejante a m\u00ed. Durante esta formaci\u00f3n se llegan a establecer v\u00ednculos profundos en el grupo.<\/p>\n<p style=\"text-align: justify;\">En Cercle Sexualitat le damos suma importancia al trato, al cuidado y a c\u00f3mo nos sentimos en el grupo, es decir: la calidez del clima en el que trabajamos. Para trabajar en nosotros mismos y en los otros es imprescindible crear un espacio de respeto, y confianza.<\/p>\n\n\t\t<\/div>\n\t<\/div>\n<\/div><\/div><\/div><\/div><\/div><\/div><div class=\"vc_empty_space\"   style=\"height: 80px\"><span class=\"vc_empty_space_inner\"><\/span><\/div><\/div><\/div><\/div><\/div><\/div><\/div><div class=\"vc_row wpb_row vc_row-fluid\" ><div class=\"wpb_column vc_column_container vc_col-sm-12\"><div class=\"vc_column-inner\"><div class=\"wpb_wrapper\">\n\t<div  class=\"wpb_single_image wpb_content_element vc_align_center\">\n\t\t\n\t\t<figure class=\"wpb_wrapper vc_figure\">\n\t\t\t<div class=\"vc_single_image-wrapper   vc_box_border_grey\"><img loading=\"lazy\" decoding=\"async\" width=\"2560\" height=\"1713\" src=\"https:\/\/cercledeconsciencia.com\/wp-content\/uploads\/2024\/06\/Donde-estudiar-sexualidad-sexologia-scaled.jpg\" class=\"vc_single_image-img attachment-full\" alt=\"\" title=\"Donde-estudiar-sexualidad-sexologia\" srcset=\"https:\/\/cercledeconsciencia.com\/wp-content\/uploads\/2024\/06\/Donde-estudiar-sexualidad-sexologia-scaled.jpg 2560w, https:\/\/cercledeconsciencia.com\/wp-content\/uploads\/2024\/06\/Donde-estudiar-sexualidad-sexologia-300x201.jpg 300w, https:\/\/cercledeconsciencia.com\/wp-content\/uploads\/2024\/06\/Donde-estudiar-sexualidad-sexologia-1024x685.jpg 1024w, https:\/\/cercledeconsciencia.com\/wp-content\/uploads\/2024\/06\/Donde-estudiar-sexualidad-sexologia-768x514.jpg 768w, https:\/\/cercledeconsciencia.com\/wp-content\/uploads\/2024\/06\/Donde-estudiar-sexualidad-sexologia-1536x1028.jpg 1536w\" sizes=\"auto, (max-width: 2560px) 100vw, 2560px\" \/><\/div>\n\t\t<\/figure>\n\t<\/div>\n<div class=\"vc_row wpb_row vc_inner vc_row-fluid vc_custom_1702979223365 vc_row-has-fill vc_row-o-equal-height vc_row-flex\" ><div class=\"wpb_column vc_column_container vc_col-sm-2 vc_col-has-fill\"><div class=\"vc_column-inner vc_custom_1702346048903\"><div class=\"wpb_wrapper\"><div class=\"vc_empty_space\"   style=\"height: 40px\"><span class=\"vc_empty_space_inner\"><\/span><\/div><\/div><\/div><\/div><div class=\"wpb_column vc_column_container vc_col-sm-8 vc_col-has-fill\"><div class=\"vc_column-inner vc_custom_1718851483953\"><div class=\"wpb_wrapper\">\n\t<div class=\"wpb_text_column wpb_content_element  vc_custom_1717631377713\" >\n\t\t<div class=\"wpb_wrapper\">\n\t\t\t<p class=\"title-h5\"><span style=\"color: #cb2f0d;\"><strong>Equipo Formaci\u00f3n Sexualidad Integrativa<\/strong><\/span><\/p>\n\n\t\t<\/div>\n\t<\/div>\n<\/div><\/div><\/div><div class=\"wpb_column vc_column_container vc_col-sm-2 vc_col-has-fill\"><div class=\"vc_column-inner vc_custom_1702979397220\"><div class=\"wpb_wrapper\"><div class=\"vc_empty_space\"   style=\"height: 40px\"><span class=\"vc_empty_space_inner\"><\/span><\/div><\/div><\/div><\/div><\/div><\/div><\/div><\/div><\/div><div class=\"edgtf-row-grid-section-wrapper \"  ><div class=\"edgtf-row-grid-section\"><div class=\"vc_row wpb_row vc_row-fluid\" ><div class=\"wpb_column vc_column_container vc_col-sm-12\"><div class=\"vc_column-inner\"><div class=\"wpb_wrapper\"><div class=\"vc_empty_space\"   style=\"height: 100px\"><span class=\"vc_empty_space_inner\"><\/span><\/div>\n\t<div class=\"wpb_text_column wpb_content_element \" >\n\t\t<div class=\"wpb_wrapper\">\n\t\t\t<p class=\"p1\" style=\"text-align: justify;\">Formado por algunos de los m\u00e1s destacados profesionales y expertos en el \u00e1mbito de la psicoterapia y la sexualidad, los docentes y colaboradores de la FSI re\u00fanen un semillero de conocimientos espec\u00edficos, talento humano y experiencia profesional adecuada al objetivo de que nuestros alumnos realicen progresos espec\u00edficos en autoconciencia corporal, proceso terap\u00e9utico y t\u00e9cnicas de encuadre cl\u00ednico.<\/p>\n\n\t\t<\/div>\n\t<\/div>\n<div class=\"vc_empty_space\"   style=\"height: 50px\"><span class=\"vc_empty_space_inner\"><\/span><\/div><div class=\"edgtf-row-grid-section-wrapper \" ><div class=\"edgtf-row-grid-section\"><div class=\"vc_row wpb_row vc_inner vc_row-fluid\" ><div class=\"wpb_column vc_column_container vc_col-sm-4\"><div class=\"vc_column-inner\"><div class=\"wpb_wrapper\">\n\t<div  class=\"wpb_single_image wpb_content_element vc_align_center\">\n\t\t\n\t\t<figure class=\"wpb_wrapper vc_figure\">\n\t\t\t<div class=\"vc_single_image-wrapper   vc_box_border_grey\"><img loading=\"lazy\" decoding=\"async\" width=\"400\" height=\"455\" src=\"https:\/\/cercledeconsciencia.com\/wp-content\/uploads\/2023\/12\/Antoni-Aguilar-Chastellain-Director-cercle.jpg\" class=\"vc_single_image-img attachment-full\" alt=\"\" title=\"Newsletter FTI\" srcset=\"https:\/\/cercledeconsciencia.com\/wp-content\/uploads\/2023\/12\/Antoni-Aguilar-Chastellain-Director-cercle.jpg 400w, https:\/\/cercledeconsciencia.com\/wp-content\/uploads\/2023\/12\/Antoni-Aguilar-Chastellain-Director-cercle-264x300.jpg 264w\" sizes=\"auto, (max-width: 400px) 100vw, 400px\" \/><\/div>\n\t\t<\/figure>\n\t<\/div>\n<\/div><\/div><\/div><div class=\"wpb_column vc_column_container vc_col-sm-8\"><div class=\"vc_column-inner\"><div class=\"wpb_wrapper\">\n\t<div class=\"wpb_text_column wpb_content_element \" >\n\t\t<div class=\"wpb_wrapper\">\n\t\t\t<p><strong>Dr. Antoni Aguilar Chastellain<\/strong><br \/>\nDirector Cercle Sexualitat<\/p>\n<p>Licenciado en medicina y cirug\u00eda. Terapeuta Gestalt y Corporal Integrativo. Psicoterapeuta transpersonal (Eurotas), Instructor de meditaci\u00f3n Vipassana, Disc\u00edpulo y colaborador de Claudio Naranjo docente del SAT. Fundador y Director de la formaci\u00f3n Transpersonal Integrativa avalada por Claudio Naranjo y de la formaci\u00f3n en Sexualidad Integrativa. Formado en tao\u00edsmo sexual por el maestro Juan li. Formado en Sexualidad Som\u00e1tica.<\/p>\n\n\t\t<\/div>\n\t<\/div>\n<\/div><\/div><\/div><\/div><\/div><\/div><div class=\"vc_empty_space\"   style=\"height: 50px\"><span class=\"vc_empty_space_inner\"><\/span><\/div><div class=\"edgtf-row-grid-section-wrapper \" ><div class=\"edgtf-row-grid-section\"><div class=\"vc_row wpb_row vc_inner vc_row-fluid\" ><div class=\"wpb_column vc_column_container vc_col-sm-4\"><div class=\"vc_column-inner\"><div class=\"wpb_wrapper\">\n\t<div  class=\"wpb_single_image wpb_content_element vc_align_center\">\n\t\t\n\t\t<figure class=\"wpb_wrapper vc_figure\">\n\t\t\t<div class=\"vc_single_image-wrapper   vc_box_border_grey\"><img loading=\"lazy\" decoding=\"async\" width=\"409\" height=\"484\" src=\"https:\/\/cercledeconsciencia.com\/wp-content\/uploads\/2024\/07\/MArio.jpg\" class=\"vc_single_image-img attachment-full\" alt=\"\" title=\"Mario S\u00e1nchez\" srcset=\"https:\/\/cercledeconsciencia.com\/wp-content\/uploads\/2024\/07\/MArio.jpg 409w, https:\/\/cercledeconsciencia.com\/wp-content\/uploads\/2024\/07\/MArio-254x300.jpg 254w\" sizes=\"auto, (max-width: 409px) 100vw, 409px\" \/><\/div>\n\t\t<\/figure>\n\t<\/div>\n<\/div><\/div><\/div><div class=\"wpb_column vc_column_container vc_col-sm-8\"><div class=\"vc_column-inner\"><div class=\"wpb_wrapper\">\n\t<div class=\"wpb_text_column wpb_content_element \" >\n\t\t<div class=\"wpb_wrapper\">\n\t\t\t<p><strong>Mario S\u00e1nchez<\/strong><br \/>\nDirector pedag\u00f3gico de la Formaci\u00f3n en Sexualidad Integrativa<\/p>\n<p>Terapeuta Corporal, Director Pedag\u00f3gico y docente en la Formaci\u00f3n en Sexualidad Integrativa. Terapeuta Sexual, Postgrado en \u201cShiatsu i Moviment\u201d (Escola de Shiatsu i Moviment de Barcelona). Formado en Sexualidad Som\u00e1tica (Instituto Cuerpo y Sexualidad), Sexological Bodywork (Sexological Body Work Espa\u00f1a) y Tao Sexual e Hipnosis Ericksoniana (Escuela Milton Erickson de Madrid). Hipnosis Cl\u00ednica (Media Hipnosis Barcelona). Abhianga Yoga (Formador y Terapeuta).<\/p>\n\n\t\t<\/div>\n\t<\/div>\n<\/div><\/div><\/div><\/div><\/div><\/div><div class=\"vc_empty_space\"   style=\"height: 80px\"><span class=\"vc_empty_space_inner\"><\/span><\/div><\/div><\/div><\/div><\/div><\/div><\/div><div data-vc-full-width=\"true\" data-vc-full-width-init=\"false\" data-vc-stretch-content=\"true\" class=\"vc_row wpb_row vc_row-fluid bg-sexuality vc_row-no-padding\" ><div class=\"wpb_column vc_column_container vc_col-sm-12\"><div class=\"vc_column-inner\"><div class=\"wpb_wrapper\"><div class=\"edgtf-row-grid-section-wrapper \" ><div class=\"edgtf-row-grid-section\"><div class=\"vc_row wpb_row vc_inner vc_row-fluid vc_custom_1702978919397\" ><div class=\"wpb_column vc_column_container vc_col-sm-10\"><div class=\"vc_column-inner\"><div class=\"wpb_wrapper\">\n\t<div class=\"wpb_text_column wpb_content_element  vc_custom_1717632013125\" >\n\t\t<div class=\"wpb_wrapper\">\n\t\t\t<p class=\"title-h5\"><span style=\"color: #ffffff;\"><strong>Docentes Formaci\u00f3n en Sexualidad Integrativa<\/strong><\/span><\/p>\n\n\t\t<\/div>\n\t<\/div>\n<\/div><\/div><\/div><div class=\"wpb_column vc_column_container vc_col-sm-2\"><div class=\"vc_column-inner\"><div class=\"wpb_wrapper\"><div class=\"vc_empty_space\"   style=\"height: 50px\"><span class=\"vc_empty_space_inner\"><\/span><\/div><\/div><\/div><\/div><\/div><\/div><\/div><div class=\"vc_row wpb_row vc_inner vc_row-fluid vc_custom_1699304517452\" ><div class=\"borderr-white wpb_column vc_column_container vc_col-sm-12\"><div class=\"vc_column-inner vc_custom_1699304523827\"><div class=\"wpb_wrapper\"><div class=\"vc_empty_space\"   style=\"height: 100px\"><span class=\"vc_empty_space_inner\"><\/span><\/div><\/div><\/div><\/div><\/div><\/div><\/div><\/div><\/div><div class=\"vc_row-full-width vc_clearfix\"><\/div><div class=\"edgtf-row-grid-section-wrapper \"  ><div class=\"edgtf-row-grid-section\"><div class=\"vc_row wpb_row vc_row-fluid\" ><div class=\"wpb_column vc_column_container vc_col-sm-12\"><div class=\"vc_column-inner\"><div class=\"wpb_wrapper\"><div class=\"vc_empty_space\"   style=\"height: 50px\"><span class=\"vc_empty_space_inner\"><\/span><\/div><div class=\"vc_row wpb_row vc_inner vc_row-fluid\" ><div class=\"wpb_column vc_column_container vc_col-sm-4\"><div class=\"vc_column-inner\"><div class=\"wpb_wrapper\">\n\t<div class=\"wpb_text_column wpb_content_element \" >\n\t\t<div class=\"wpb_wrapper\">\n\t\t\t<p>Toni Aguilar<\/p>\n<p><span class=\"popmake-3926\" style=\"font-weight: 500;\">Nuria Costa<\/span><\/p>\n<p><span class=\"popmake-3111\" style=\"font-weight: 500;\">Mar\u00eda Saura<\/span><\/p>\n<p><span class=\"popmake-3928\" style=\"font-weight: 500;\">Ignasi Puig<\/span><\/p>\n<p><span class=\"popmake-3932\" style=\"font-weight: 500;\">Claudia K\u00f6sler<\/span><\/p>\n<p><span class=\"popmake-3934\" style=\"font-weight: 500;\">Irene forza<\/span><\/p>\n<p>Francesca Rauchi<\/p>\n\n\t\t<\/div>\n\t<\/div>\n<\/div><\/div><\/div><div class=\"wpb_column vc_column_container vc_col-sm-4\"><div class=\"vc_column-inner\"><div class=\"wpb_wrapper\">\n\t<div class=\"wpb_text_column wpb_content_element \" >\n\t\t<div class=\"wpb_wrapper\">\n\t\t\t<p><span class=\"popmake-3104\" style=\"font-weight: 500;\">Rai Crespi<\/span><\/p>\n<p><span class=\"popmake-3941\" style=\"font-weight: 500;\">Arola Poch <\/span><\/p>\n<p><span class=\"popmake-3943\" style=\"font-weight: 500;\">Val\u00e9rie Tasso<\/span><\/p>\n<p><span class=\"popmake-3945\" style=\"font-weight: 500;\">Sandra Bravo<\/span><\/p>\n<p><span class=\"popmake-3947\" style=\"font-weight: 500;\">Paula Alcaide<\/span><\/p>\n<p>Toni Riera<\/p>\n<p>Sore Vega<\/p>\n\n\t\t<\/div>\n\t<\/div>\n<\/div><\/div><\/div><div class=\"wpb_column vc_column_container vc_col-sm-4\"><div class=\"vc_column-inner\"><div class=\"wpb_wrapper\">\n\t<div class=\"wpb_text_column wpb_content_element \" >\n\t\t<div class=\"wpb_wrapper\">\n\t\t\t<p><span class=\"popmake-3952\" style=\"font-weight: 500;\">Anadi<\/span><\/p>\n<p><span class=\"popmake-3106\" style=\"font-weight: 500;\">Ra\u00fal Andreu<\/span><\/p>\n<p><span class=\"popmake-3954\" style=\"font-weight: 500;\">Charo Ricart<\/span><\/p>\n<p><span class=\"popmake-3956\" style=\"font-weight: 500;\">Gloria Solsona<br \/>\n<\/span><\/p>\n<p>Chelo Moreno<\/p>\n\n\t\t<\/div>\n\t<\/div>\n<\/div><\/div><\/div><\/div><div class=\"vc_empty_space\"   style=\"height: 80px\"><span class=\"vc_empty_space_inner\"><\/span><\/div><div class=\"vc_row wpb_row vc_inner vc_row-fluid vc_row-o-content-middle vc_row-flex\" ><div class=\"wpb_column vc_column_container vc_col-sm-4\"><div class=\"vc_column-inner\"><div class=\"wpb_wrapper\">\n\t<div class=\"wpb_text_column wpb_content_element \" >\n\t\t<div class=\"wpb_wrapper\">\n\t\t\t<h3 class=\"p1\"><span style=\"color: #cb2f0d;\">\u201cToda rigidez muscular contiene la historia y el significado de su origen\u201d.<\/span><\/h3>\n<h3><\/h3>\n<h3 class=\"p2\"><span style=\"color: #cb2f0d;\">~Wilhelm Reich.<\/span><\/h3>\n\n\t\t<\/div>\n\t<\/div>\n<\/div><\/div><\/div><div class=\"wpb_column vc_column_container vc_col-sm-8\"><div class=\"vc_column-inner\"><div class=\"wpb_wrapper\">\n\t<div  class=\"wpb_single_image wpb_content_element vc_align_center\">\n\t\t\n\t\t<figure class=\"wpb_wrapper vc_figure\">\n\t\t\t<div class=\"vc_single_image-wrapper   vc_box_border_grey\"><img loading=\"lazy\" decoding=\"async\" width=\"600\" height=\"467\" src=\"https:\/\/cercledeconsciencia.com\/wp-content\/uploads\/2024\/06\/CitaSexualidad.png\" class=\"vc_single_image-img attachment-full\" alt=\"\" title=\"CitaSexualidad\" srcset=\"https:\/\/cercledeconsciencia.com\/wp-content\/uploads\/2024\/06\/CitaSexualidad.png 600w, https:\/\/cercledeconsciencia.com\/wp-content\/uploads\/2024\/06\/CitaSexualidad-300x234.png 300w\" sizes=\"auto, (max-width: 600px) 100vw, 600px\" \/><\/div>\n\t\t<\/figure>\n\t<\/div>\n<\/div><\/div><\/div><\/div><div class=\"vc_empty_space\"   style=\"height: 80px\"><span class=\"vc_empty_space_inner\"><\/span><\/div><div class=\"vc_row wpb_row vc_inner vc_row-fluid\" ><div class=\"wpb_column vc_column_container vc_col-sm-12\"><div class=\"vc_column-inner\"><div class=\"wpb_wrapper\">\n\t<div class=\"wpb_text_column wpb_content_element \" >\n\t\t<div class=\"wpb_wrapper\">\n\t\t\t<h2 class=\"font-open\">Diploma Acreditativo <span class=\"font-fsi\">FSI<\/span><\/h2>\n<p style=\"text-align: justify;\">Al finalizar la formaci\u00f3n se entregar\u00e1 un t\u00edtulo en Sexualidad Integrativa a cada alumna\/o con el certificado de haberlo cursado en la escuela Cercle de Conci\u00e8ncia<\/p>\n\n\t\t<\/div>\n\t<\/div>\n<\/div><\/div><\/div><\/div><div class=\"vc_empty_space\"   style=\"height: 80px\"><span class=\"vc_empty_space_inner\"><\/span><\/div><\/div><\/div><\/div><\/div><\/div><\/div><div class=\"edgtf-row-grid-section-wrapper \"  style=\"background-color:#ededed\"><div class=\"edgtf-row-grid-section\"><div class=\"vc_row wpb_row vc_row-fluid\" ><div class=\"wpb_column vc_column_container vc_col-sm-12\"><div class=\"vc_column-inner\"><div class=\"wpb_wrapper\"><div class=\"vc_empty_space\"   style=\"height: 80px\"><span class=\"vc_empty_space_inner\"><\/span><\/div><div class=\"vc_row wpb_row vc_inner vc_row-fluid\" style=\"background-color:#ededed\"><div class=\"wpb_column vc_column_container vc_col-sm-12\"><div class=\"vc_column-inner\"><div class=\"wpb_wrapper\">\n\t<div class=\"wpb_text_column wpb_content_element \" >\n\t\t<div class=\"wpb_wrapper\">\n\t\t\t<h5>INICIO DE NUEVO GRUPO: OCTUBRE 2026<\/h5>\n<p class=\"title-h5\" style=\"color: #4a4a49; font-size: 28px;\"><strong>Precio y condiciones de pago<\/strong><\/p>\n<p>&nbsp;<\/p>\n<p style=\"color: #4a4a49; font-size: 24px;\">Precio del Curso de Aproximaci\u00f3n: 2.300 \u20ac | Matr\u00edcula: 230 \u20ac<\/p>\n<p>Consulta precio para Mallorca y Madrid<\/p>\n<p>El precio que se informa aqu\u00ed es para el Curso de Aproximaci\u00f3n. Para el curso de Profundizaci\u00f3n, por favor, ponte en contacto con nosotros.<\/p>\n<p class=\"title-h5\" style=\"color: #4a4a49; font-size: 24px;\"><strong>Descuentos:<\/strong><\/p>\n<p class=\"p3\"><span style=\"color: #4a4a49;\"><strong><img loading=\"lazy\" decoding=\"async\" class=\"alignnone size-full wp-image-2376\" src=\"https:\/\/cercledeconsciencia.com\/wp-content\/uploads\/2024\/06\/icon-check-fsi.png\" alt=\"\" width=\"30\" height=\"30\" \/>\u00a0 20 % sobre la matr\u00edcula:<\/strong> si se realiza dos meses antes del inicio del curso.<\/span><\/p>\n<p class=\"p3\"><span style=\"color: #4a4a49;\"><strong><img loading=\"lazy\" decoding=\"async\" class=\"alignnone size-full wp-image-2376\" src=\"https:\/\/cercledeconsciencia.com\/wp-content\/uploads\/2024\/06\/icon-check-fsi.png\" alt=\"\" width=\"30\" height=\"30\" \/>\u00a0 5 % de descuento:<\/strong> sobre el precio de la Formaci\u00f3n si se abona en formato pago \u00fanico antes del inicio del curso.<\/span><\/p>\n<p class=\"title-h5\" style=\"color: #4a4a49; font-size: 24px;\"><strong>Otras Ventajas:<\/strong><\/p>\n<p class=\"p3\"><span style=\"color: #4a4a49;\"><strong><img loading=\"lazy\" decoding=\"async\" class=\"alignnone size-full wp-image-2376\" src=\"https:\/\/cercledeconsciencia.com\/wp-content\/uploads\/2024\/06\/icon-check-fsi.png\" alt=\"\" width=\"30\" height=\"30\" \/>\u00a0 Pago fraccionado:<\/strong> puedes pagar de forma fraccionada, con nuestra <strong>financiaci\u00f3n propia.<\/strong><\/span><\/p>\n<p class=\"title-h5\" style=\"color: #4a4a49; font-size: 24px;\"><strong>Convenios y Colaboraciones:<\/strong><\/p>\n<p class=\"p3\"><span style=\"color: #4a4a49;\"><strong><img loading=\"lazy\" decoding=\"async\" class=\"alignnone size-full wp-image-2376\" src=\"https:\/\/cercledeconsciencia.com\/wp-content\/uploads\/2024\/06\/icon-check-fsi.png\" alt=\"\" width=\"30\" height=\"30\" \/>\u00a0 CEESC: 15% sobre el precio anual<\/strong> para personas colegiadas y amigas del CEESC para Catalu\u00f1a.<\/span><\/p>\n<p class=\"p3\"><span style=\"color: #4a4a49;\"><strong><img loading=\"lazy\" decoding=\"async\" class=\"alignnone size-full wp-image-2376\" src=\"https:\/\/cercledeconsciencia.com\/wp-content\/uploads\/2024\/06\/icon-check-fsi.png\" alt=\"\" width=\"30\" height=\"30\" \/>\u00a0 CEESIB: 15% sobre el precio anual<\/strong> para personas colegiadas y amigas del CEESIB, para Baleares.<\/span><\/p>\n<p class=\"p3\"><span style=\"color: #4a4a49;\"><strong><img loading=\"lazy\" decoding=\"async\" class=\"alignnone size-full wp-image-2376\" src=\"https:\/\/cercledeconsciencia.com\/wp-content\/uploads\/2024\/06\/icon-check-fsi.png\" alt=\"\" width=\"30\" height=\"30\" \/>\u00a0 \u00c1rea Social: programa propio de ayuda<\/strong> a personas con recursos econ\u00f3micos limitados.<\/span><\/p>\n<p style=\"color: #4a4a49;\"><strong><img loading=\"lazy\" decoding=\"async\" class=\"alignnone size-full wp-image-2376\" src=\"https:\/\/cercledeconsciencia.com\/wp-content\/uploads\/2024\/06\/icon-check-fsi.png\" alt=\"\" width=\"30\" height=\"30\" \/>\u00a0 Programa Alumni: 0\u20ac en la matr\u00edcula,<\/strong> para las personas que han finalizado en los \u00faltimos tres a\u00f1os otras de nuestras formaciones.<\/p>\n\n\t\t<\/div>\n\t<\/div>\n<\/div><\/div><\/div><\/div><div class=\"vc_empty_space\"   style=\"height: 80px\"><span class=\"vc_empty_space_inner\"><\/span><\/div><\/div><\/div><\/div><\/div><\/div><\/div><div class=\"edgtf-row-grid-section-wrapper \"  ><div class=\"edgtf-row-grid-section\"><div id=\"solicita-informacion\" class=\"vc_row wpb_row vc_row-fluid\" ><div class=\"wpb_column vc_column_container vc_col-sm-12\"><div class=\"vc_column-inner\"><div class=\"wpb_wrapper\"><div class=\"vc_empty_space\"   style=\"height: 80px\"><span class=\"vc_empty_space_inner\"><\/span><\/div>\n\t<div class=\"wpb_text_column wpb_content_element \" >\n\t\t<div class=\"wpb_wrapper\">\n\t\t\t<h2 class=\"font-open\" style=\"color: #cb2f0d;\">Solicita m\u00e1s Informaci\u00f3n<\/h2>\n\n\t\t<\/div>\n\t<\/div>\n\n\t<div class=\"wpb_text_column wpb_content_element \" >\n\t\t<div class=\"wpb_wrapper\">\n\t\t\t<p>Completa el formulario y recibe el dossier con la informaci\u00f3n detallada en formato PDF.<\/p>\n\n\t\t<\/div>\n\t<\/div>\n<div class=\"vc_empty_space\"   style=\"height: 50px\"><span class=\"vc_empty_space_inner\"><\/span><\/div>\n<div class=\"wpcf7 no-js\" id=\"wpcf7-f3919-o1\" lang=\"es-ES\" dir=\"ltr\" data-wpcf7-id=\"3919\">\n<div class=\"screen-reader-response\"><p role=\"status\" aria-live=\"polite\" aria-atomic=\"true\"><\/p> <ul><\/ul><\/div>\n<form action=\"\/es\/wp-json\/wp\/v2\/pages\/3881#wpcf7-f3919-o1\" method=\"post\" class=\"wpcf7-form init\" aria-label=\"Formulario de contacto\" novalidate=\"novalidate\" data-status=\"init\">\n<fieldset class=\"hidden-fields-container\"><input type=\"hidden\" name=\"_wpcf7\" value=\"3919\" \/><input type=\"hidden\" name=\"_wpcf7_version\" value=\"6.1.5\" \/><input type=\"hidden\" name=\"_wpcf7_locale\" value=\"es_ES\" \/><input type=\"hidden\" name=\"_wpcf7_unit_tag\" value=\"wpcf7-f3919-o1\" \/><input type=\"hidden\" name=\"_wpcf7_container_post\" value=\"0\" \/><input type=\"hidden\" name=\"_wpcf7_posted_data_hash\" value=\"\" \/>\n<\/fieldset>\n<div class=\"form-fsi\">\n\t<div class=\"edgtf-grid-row \">\n\t\t<div class=\"edgtf-grid-col-12\">\n\t\t\t<p><span id=\"wpcf7-69f3b888e6bd5-wrapper\" class=\"wpcf7-form-control-wrap honeypot-field-wrap\" style=\"display:none !important; visibility:hidden !important;\"><label for=\"wpcf7-69f3b888e6bd5-field\" class=\"hp-message\">Por favor, deja este campo vac\u00edo.<\/label><input id=\"wpcf7-69f3b888e6bd5-field\"  class=\"wpcf7-form-control wpcf7-text\" type=\"text\" name=\"honeypot-field\" value=\"\" size=\"40\" tabindex=\"-1\" autocomplete=\"new-password\" \/><\/span>\n\t\t\t<\/p>\n\t\t<\/div>\n\t<\/div>\n\t<div class=\"edgtf-grid-row \">\n\t\t<div class=\"edgtf-grid-col-4\">\n\t\t\t<p><span id=\"wpcf7-69f3b888e6cc9-wrapper\" class=\"wpcf7-form-control-wrap honeypot-field-wrap\" style=\"display:none !important; visibility:hidden !important;\"><label for=\"wpcf7-69f3b888e6cc9-field\" class=\"hp-message\">Por favor, deja este campo vac\u00edo.<\/label><input id=\"wpcf7-69f3b888e6cc9-field\"  class=\"wpcf7-form-control wpcf7-text\" type=\"text\" name=\"honeypot-field\" value=\"\" size=\"40\" tabindex=\"-1\" autocomplete=\"new-password\" \/><\/span><br \/>\n<label> Nombre<br \/>\n<span class=\"wpcf7-form-control-wrap\" data-name=\"your-name\"><input size=\"40\" maxlength=\"400\" class=\"wpcf7-form-control wpcf7-text wpcf7-validates-as-required\" autocomplete=\"name\" aria-required=\"true\" aria-invalid=\"false\" value=\"\" type=\"text\" name=\"your-name\" \/><\/span> <\/label>\n\t\t\t<\/p>\n\t\t<\/div>\n\t\t<div class=\"edgtf-grid-col-4\">\n\t\t\t<p><label> Tel\u00e9fono<br \/>\n<span class=\"wpcf7-form-control-wrap\" data-name=\"your-phone\"><input size=\"40\" maxlength=\"400\" class=\"wpcf7-form-control wpcf7-text wpcf7-validates-as-required\" autocomplete=\"name\" aria-required=\"true\" aria-invalid=\"false\" value=\"\" type=\"text\" name=\"your-phone\" \/><\/span> <\/label>\n\t\t\t<\/p>\n\t\t<\/div>\n\t\t<div class=\"edgtf-grid-col-4\">\n\t\t\t<p><label> Mail<br \/>\n<span class=\"wpcf7-form-control-wrap\" data-name=\"your-email\"><input size=\"40\" maxlength=\"400\" class=\"wpcf7-form-control wpcf7-email wpcf7-validates-as-required wpcf7-text wpcf7-validates-as-email\" autocomplete=\"email\" aria-required=\"true\" aria-invalid=\"false\" value=\"\" type=\"email\" name=\"your-email\" \/><\/span> <\/label>\n\t\t\t<\/p>\n\t\t<\/div>\n\t<\/div>\n\t<div class=\"edgtf-grid-row\">\n\t\t<div class=\"edgtf-grid-col-12\">\n\t\t\t<p>Quisiera informaci\u00f3n para la sede de:\n\t\t\t<\/p>\n\t\t<\/div>\n\t<\/div>\n\t<div class=\"edgtf-grid-row pt-4\">\n\t\t<div class=\"edgtf-grid-col-2\">\n\t\t\t<p><span class=\"wpcf7-form-control-wrap\" data-name=\"sede1\"><span class=\"wpcf7-form-control wpcf7-checkbox mycheck2\"><span class=\"wpcf7-list-item first last\"><input type=\"checkbox\" name=\"sede1[]\" value=\"Barcelona\" \/><span class=\"wpcf7-list-item-label\">Barcelona<\/span><\/span><\/span><\/span>\n\t\t\t<\/p>\n\t\t<\/div>\n\t\t<div class=\"edgtf-grid-col-2\">\n\t\t\t<p><span class=\"wpcf7-form-control-wrap\" data-name=\"sede2\"><span class=\"wpcf7-form-control wpcf7-checkbox mycheck2\"><span class=\"wpcf7-list-item first last\"><input type=\"checkbox\" name=\"sede2[]\" value=\"Ibiza\" \/><span class=\"wpcf7-list-item-label\">Ibiza<\/span><\/span><\/span><\/span>\n\t\t\t<\/p>\n\t\t<\/div>\n\t\t<div class=\"edgtf-grid-col-2\">\n\t\t\t<p><span class=\"wpcf7-form-control-wrap\" data-name=\"sede3\"><span class=\"wpcf7-form-control wpcf7-checkbox mycheck2\"><span class=\"wpcf7-list-item first last\"><input type=\"checkbox\" name=\"sede3[]\" value=\"Mallorca\" \/><span class=\"wpcf7-list-item-label\">Mallorca<\/span><\/span><\/span><\/span>\n\t\t\t<\/p>\n\t\t<\/div>\n\t\t<div class=\"edgtf-grid-col-2\">\n\t\t\t<p><span class=\"wpcf7-form-control-wrap\" data-name=\"sede4\"><span class=\"wpcf7-form-control wpcf7-checkbox mycheck2\"><span class=\"wpcf7-list-item first last\"><input type=\"checkbox\" name=\"sede4[]\" value=\"Tarragona\" \/><span class=\"wpcf7-list-item-label\">Tarragona<\/span><\/span><\/span><\/span>\n\t\t\t<\/p>\n\t\t<\/div>\n\t\t<div class=\"edgtf-grid-col-2\">\n\t\t\t<p><span class=\"wpcf7-form-control-wrap\" data-name=\"sede5\"><span class=\"wpcf7-form-control wpcf7-checkbox mycheck2\"><span class=\"wpcf7-list-item first last\"><input type=\"checkbox\" name=\"sede5[]\" value=\"Madrid\" \/><span class=\"wpcf7-list-item-label\">Madrid<\/span><\/span><\/span><\/span>\n\t\t\t<\/p>\n\t\t<\/div>\n\t<\/div>\n\t<div class=\"edgtf-grid-row\">\n\t\t<div class=\"edgtf-grid-col-12 text-right\">\n\t\t\t<p><input class=\"wpcf7-form-control wpcf7-submit has-spinner\" type=\"submit\" value=\"Enviar\" \/>\n\t\t\t<\/p>\n\t\t<\/div>\n\t<\/div>\n<\/div><p style=\"display: none !important;\" class=\"akismet-fields-container\" data-prefix=\"_wpcf7_ak_\"><label>&#916;<textarea name=\"_wpcf7_ak_hp_textarea\" cols=\"45\" rows=\"8\" maxlength=\"100\"><\/textarea><\/label><input type=\"hidden\" id=\"ak_js_1\" name=\"_wpcf7_ak_js\" value=\"74\"\/><script type=\"text\/javascript\">\n\/* <![CDATA[ *\/\ndocument.getElementById( \"ak_js_1\" ).setAttribute( \"value\", ( new Date() ).getTime() );\n\/* ]]> *\/\n<\/script>\n<\/p><input type='hidden' class='wpcf7-pum' value='{\"closepopup\":false,\"closedelay\":0,\"openpopup\":false,\"openpopup_id\":0}' \/><div class=\"wpcf7-response-output\" aria-hidden=\"true\"><\/div>\n<\/form>\n<\/div>\n<\/div><\/div><\/div><\/div><\/div><\/div><div data-vc-full-width=\"true\" data-vc-full-width-init=\"false\" data-vc-stretch-content=\"true\" class=\"vc_row wpb_row vc_row-fluid #384a93 vc_custom_1717114363768 vc_row-no-padding\" ><div class=\"wpb_column vc_column_container vc_col-sm-12\"><div class=\"vc_column-inner vc_custom_1699443883622\"><div class=\"wpb_wrapper\"><div class=\"vc_row wpb_row vc_inner vc_row-fluid vc_custom_1699304517452\" ><div class=\"borderlb-white wpb_column vc_column_container vc_col-sm-12\"><div class=\"vc_column-inner vc_custom_1699443840756\"><div class=\"wpb_wrapper\"><div class=\"vc_empty_space\"   style=\"height: 100px\"><span class=\"vc_empty_space_inner\"><\/span><\/div><\/div><\/div><\/div><\/div><div class=\"vc_empty_space\"   style=\"height: 20px\"><span class=\"vc_empty_space_inner\"><\/span><\/div><\/div><\/div><\/div><\/div><div class=\"vc_row-full-width vc_clearfix\"><\/div><div data-vc-full-width=\"true\" data-vc-full-width-init=\"false\" class=\"vc_row wpb_row vc_row-fluid bg-sexuality\" ><div class=\"wpb_column vc_column_container vc_col-sm-12\"><div class=\"vc_column-inner\"><div class=\"wpb_wrapper\"><div class=\"vc_empty_space\"   style=\"height: 60px\"><span class=\"vc_empty_space_inner\"><\/span><\/div><div class=\"edgtf-row-grid-section-wrapper \" ><div class=\"edgtf-row-grid-section\"><div class=\"vc_row wpb_row vc_inner vc_row-fluid\" ><div class=\"wpb_column vc_column_container vc_col-sm-4\"><div class=\"vc_column-inner\"><div class=\"wpb_wrapper\">\n\t<div  class=\"wpb_single_image wpb_content_element vc_align_center\">\n\t\t\n\t\t<figure class=\"wpb_wrapper vc_figure\">\n\t\t\t<div class=\"vc_single_image-wrapper   vc_box_border_grey\"><img loading=\"lazy\" decoding=\"async\" width=\"96\" height=\"93\" src=\"https:\/\/cercledeconsciencia.com\/wp-content\/uploads\/2024\/01\/icon-certificado.png\" class=\"vc_single_image-img attachment-full\" alt=\"\" title=\"icon-certificado\" \/><\/div>\n\t\t<\/figure>\n\t<\/div>\n\n\t<div class=\"wpb_text_column wpb_content_element \" >\n\t\t<div class=\"wpb_wrapper\">\n\t\t\t<p style=\"text-align: center; font-size: 16px; line-height: 18px;\"><span style=\"color: #ffffff;\">CONTENIDOS<br \/>\n<strong>ACTUALIZADOS<\/strong><\/span><\/p>\n\n\t\t<\/div>\n\t<\/div>\n<div class=\"vc_empty_space\"   style=\"height: 30px\"><span class=\"vc_empty_space_inner\"><\/span><\/div><\/div><\/div><\/div><div class=\"wpb_column vc_column_container vc_col-sm-4\"><div class=\"vc_column-inner\"><div class=\"wpb_wrapper\">\n\t<div  class=\"wpb_single_image wpb_content_element vc_align_center\">\n\t\t\n\t\t<figure class=\"wpb_wrapper vc_figure\">\n\t\t\t<div class=\"vc_single_image-wrapper   vc_box_border_grey\"><img loading=\"lazy\" decoding=\"async\" width=\"96\" height=\"93\" src=\"https:\/\/cercledeconsciencia.com\/wp-content\/uploads\/2024\/01\/icon-estrella.png\" class=\"vc_single_image-img attachment-full\" alt=\"\" title=\"icon-estrella\" \/><\/div>\n\t\t<\/figure>\n\t<\/div>\n\n\t<div class=\"wpb_text_column wpb_content_element \" >\n\t\t<div class=\"wpb_wrapper\">\n\t\t\t<p style=\"text-align: center; font-size: 16px; line-height: 18px;\"><span style=\"color: #ffffff;\"><strong>EXCELENCIA<\/strong><br \/>\nFORMATIVA<\/span><\/p>\n\n\t\t<\/div>\n\t<\/div>\n<div class=\"vc_empty_space\"   style=\"height: 30px\"><span class=\"vc_empty_space_inner\"><\/span><\/div><\/div><\/div><\/div><div class=\"wpb_column vc_column_container vc_col-sm-4\"><div class=\"vc_column-inner\"><div class=\"wpb_wrapper\">\n\t<div  class=\"wpb_single_image wpb_content_element vc_align_center\">\n\t\t\n\t\t<figure class=\"wpb_wrapper vc_figure\">\n\t\t\t<div class=\"vc_single_image-wrapper   vc_box_border_grey\"><img loading=\"lazy\" decoding=\"async\" width=\"96\" height=\"93\" src=\"https:\/\/cercledeconsciencia.com\/wp-content\/uploads\/2024\/01\/icon-educacion.png\" class=\"vc_single_image-img attachment-full\" alt=\"\" title=\"icon-educacion\" \/><\/div>\n\t\t<\/figure>\n\t<\/div>\n\n\t<div class=\"wpb_text_column wpb_content_element \" >\n\t\t<div class=\"wpb_wrapper\">\n\t\t\t<p style=\"text-align: center; font-size: 16px; line-height: 18px;\"><span style=\"color: #ffffff;\">M\u00c1S DE <strong>20.000<\/strong><br \/>\nALUMNOS <strong>GRADUADOS<\/strong><\/span><\/p>\n\n\t\t<\/div>\n\t<\/div>\n<div class=\"vc_empty_space\"   style=\"height: 30px\"><span class=\"vc_empty_space_inner\"><\/span><\/div><\/div><\/div><\/div><\/div><\/div><\/div><div class=\"vc_empty_space\"   style=\"height: 50px\"><span class=\"vc_empty_space_inner\"><\/span><\/div><\/div><\/div><\/div><\/div><div class=\"vc_row-full-width vc_clearfix\"><\/div><div class=\"vc_row wpb_row vc_row-fluid\" ><div class=\"wpb_column vc_column_container vc_col-sm-12\"><div class=\"vc_column-inner\"><div class=\"wpb_wrapper\"><div class=\"vc_empty_space\"   style=\"height: 10px\"><span class=\"vc_empty_space_inner\"><\/span><\/div><\/div><\/div><\/div><\/div>\n","protected":false},"excerpt":{"rendered":"Formaci\u00f3n en Sexualidad Integrativa Formaci\u00f3n en Sexualidad Integrativa Barcelona \u00b7 INICIO: OCTUBRE 2026 \u00b7 La Formaci\u00f3n en Sexualidad Integrativa (FSI) propone, desde un enfoque pluridisciplinar e integrativo, una mirada exploratoria [...]","protected":false},"author":1,"featured_media":0,"parent":0,"menu_order":0,"comment_status":"closed","ping_status":"closed","template":"full-width.php","meta":{"footnotes":""},"class_list":["post-3881","page","type-page","status-publish","hentry"],"yoast_head":"<!-- This site is optimized with the Yoast SEO plugin v27.4 - https:\/\/yoast.com\/product\/yoast-seo-wordpress\/ -->\n<title>Formaci\u00f3n en Sexualidad Integrativa FSI \u2013 Barcelona, Mallorca, Ibiza<\/title>\n<meta name=\"description\" content=\"Formaci\u00f3n en Sexualidad Integrativa FSI - Consulta nuestro programa formativo, metodolog\u00eda e inicio de las clases en Barcelona, Madrid, Ibiza y Mallorca.\" \/>\n<meta name=\"robots\" content=\"index, follow, max-snippet:-1, max-image-preview:large, max-video-preview:-1\" \/>\n<link rel=\"canonical\" href=\"https:\/\/cercledeconsciencia.com\/es\/formacion-en-sexualidad-integrativa\/\" \/>\n<meta property=\"og:locale\" content=\"es_ES\" \/>\n<meta property=\"og:type\" content=\"article\" \/>\n<meta property=\"og:title\" content=\"Formaci\u00f3n en Sexualidad Integrativa FSI \u2013 Barcelona, Mallorca, Ibiza\" \/>\n<meta property=\"og:description\" content=\"Formaci\u00f3n en Sexualidad Integrativa FSI - Consulta nuestro programa formativo, metodolog\u00eda e inicio de las clases en Barcelona, Madrid, Ibiza y Mallorca.\" \/>\n<meta property=\"og:url\" content=\"https:\/\/cercledeconsciencia.com\/es\/formacion-en-sexualidad-integrativa\/\" \/>\n<meta property=\"og:site_name\" content=\"Cercle de Consci\u00e8ncia\" \/>\n<meta property=\"article:publisher\" content=\"https:\/\/www.facebook.com\/Cercledeconscienciabarcelona?_rdr\" \/>\n<meta property=\"article:modified_time\" content=\"2026-04-27T11:31:43+00:00\" \/>\n<meta property=\"og:image\" content=\"https:\/\/cercledeconsciencia.com\/wp-content\/uploads\/2024\/06\/icon-check-fsi.png\" \/>\n<meta name=\"twitter:card\" content=\"summary_large_image\" \/>\n<meta name=\"twitter:label1\" content=\"Tiempo de lectura\" \/>\n\t<meta name=\"twitter:data1\" content=\"18 minutos\" \/>\n<script type=\"application\/ld+json\" class=\"yoast-schema-graph\">{\"@context\":\"https:\\\/\\\/schema.org\",\"@graph\":[{\"@type\":\"WebPage\",\"@id\":\"https:\\\/\\\/cercledeconsciencia.com\\\/formacion-en-sexualidad-integrativa\\\/\",\"url\":\"https:\\\/\\\/cercledeconsciencia.com\\\/formacion-en-sexualidad-integrativa\\\/\",\"name\":\"Formaci\u00f3n en Sexualidad Integrativa FSI \u2013 Barcelona, Mallorca, Ibiza\",\"isPartOf\":{\"@id\":\"https:\\\/\\\/cercledeconsciencia.com\\\/#website\"},\"primaryImageOfPage\":{\"@id\":\"https:\\\/\\\/cercledeconsciencia.com\\\/formacion-en-sexualidad-integrativa\\\/#primaryimage\"},\"image\":{\"@id\":\"https:\\\/\\\/cercledeconsciencia.com\\\/formacion-en-sexualidad-integrativa\\\/#primaryimage\"},\"thumbnailUrl\":\"https:\\\/\\\/cercledeconsciencia.com\\\/wp-content\\\/uploads\\\/2024\\\/06\\\/icon-check-fsi.png\",\"datePublished\":\"2024-06-05T22:59:43+00:00\",\"dateModified\":\"2026-04-27T11:31:43+00:00\",\"description\":\"Formaci\u00f3n en Sexualidad Integrativa FSI - Consulta nuestro programa formativo, metodolog\u00eda e inicio de las clases en Barcelona, Madrid, Ibiza y Mallorca.\",\"breadcrumb\":{\"@id\":\"https:\\\/\\\/cercledeconsciencia.com\\\/formacion-en-sexualidad-integrativa\\\/#breadcrumb\"},\"inLanguage\":\"es\",\"potentialAction\":[{\"@type\":\"ReadAction\",\"target\":[\"https:\\\/\\\/cercledeconsciencia.com\\\/formacion-en-sexualidad-integrativa\\\/\"]}]},{\"@type\":\"ImageObject\",\"inLanguage\":\"es\",\"@id\":\"https:\\\/\\\/cercledeconsciencia.com\\\/formacion-en-sexualidad-integrativa\\\/#primaryimage\",\"url\":\"https:\\\/\\\/cercledeconsciencia.com\\\/wp-content\\\/uploads\\\/2024\\\/06\\\/icon-check-fsi.png\",\"contentUrl\":\"https:\\\/\\\/cercledeconsciencia.com\\\/wp-content\\\/uploads\\\/2024\\\/06\\\/icon-check-fsi.png\"},{\"@type\":\"BreadcrumbList\",\"@id\":\"https:\\\/\\\/cercledeconsciencia.com\\\/formacion-en-sexualidad-integrativa\\\/#breadcrumb\",\"itemListElement\":[{\"@type\":\"ListItem\",\"position\":1,\"name\":\"Portada\",\"item\":\"https:\\\/\\\/cercledeconsciencia.com\\\/\"},{\"@type\":\"ListItem\",\"position\":2,\"name\":\"Formaci\u00f3n en Sexualidad Integrativa\"}]},{\"@type\":\"WebSite\",\"@id\":\"https:\\\/\\\/cercledeconsciencia.com\\\/#website\",\"url\":\"https:\\\/\\\/cercledeconsciencia.com\\\/\",\"name\":\"Cercle de Consci\u00e8ncia\",\"description\":\"Centro de Formaci\u00f3n y Terapias\",\"publisher\":{\"@id\":\"https:\\\/\\\/cercledeconsciencia.com\\\/#organization\"},\"potentialAction\":[{\"@type\":\"SearchAction\",\"target\":{\"@type\":\"EntryPoint\",\"urlTemplate\":\"https:\\\/\\\/cercledeconsciencia.com\\\/?s={search_term_string}\"},\"query-input\":{\"@type\":\"PropertyValueSpecification\",\"valueRequired\":true,\"valueName\":\"search_term_string\"}}],\"inLanguage\":\"es\"},{\"@type\":\"Organization\",\"@id\":\"https:\\\/\\\/cercledeconsciencia.com\\\/#organization\",\"name\":\"Cercle de Consci\u00e8ncia\",\"url\":\"https:\\\/\\\/cercledeconsciencia.com\\\/\",\"logo\":{\"@type\":\"ImageObject\",\"inLanguage\":\"es\",\"@id\":\"https:\\\/\\\/cercledeconsciencia.com\\\/#\\\/schema\\\/logo\\\/image\\\/\",\"url\":\"https:\\\/\\\/cercledeconsciencia.com\\\/wp-content\\\/uploads\\\/2023\\\/07\\\/logo.png\",\"contentUrl\":\"https:\\\/\\\/cercledeconsciencia.com\\\/wp-content\\\/uploads\\\/2023\\\/07\\\/logo.png\",\"width\":239,\"height\":68,\"caption\":\"Cercle de Consci\u00e8ncia\"},\"image\":{\"@id\":\"https:\\\/\\\/cercledeconsciencia.com\\\/#\\\/schema\\\/logo\\\/image\\\/\"},\"sameAs\":[\"https:\\\/\\\/www.facebook.com\\\/Cercledeconscienciabarcelona?_rdr\",\"https:\\\/\\\/www.instagram.com\\\/cercledeconsciencia\\\/\",\"https:\\\/\\\/www.youtube.com\\\/c\\\/cercledeconsciencia\"]}]}<\/script>\n<!-- \/ Yoast SEO plugin. -->","yoast_head_json":{"title":"Formaci\u00f3n en Sexualidad Integrativa FSI \u2013 Barcelona, Mallorca, Ibiza","description":"Formaci\u00f3n en Sexualidad Integrativa FSI - Consulta nuestro programa formativo, metodolog\u00eda e inicio de las clases en Barcelona, Madrid, Ibiza y Mallorca.","robots":{"index":"index","follow":"follow","max-snippet":"max-snippet:-1","max-image-preview":"max-image-preview:large","max-video-preview":"max-video-preview:-1"},"canonical":"https:\/\/cercledeconsciencia.com\/es\/formacion-en-sexualidad-integrativa\/","og_locale":"es_ES","og_type":"article","og_title":"Formaci\u00f3n en Sexualidad Integrativa FSI \u2013 Barcelona, Mallorca, Ibiza","og_description":"Formaci\u00f3n en Sexualidad Integrativa FSI - Consulta nuestro programa formativo, metodolog\u00eda e inicio de las clases en Barcelona, Madrid, Ibiza y Mallorca.","og_url":"https:\/\/cercledeconsciencia.com\/es\/formacion-en-sexualidad-integrativa\/","og_site_name":"Cercle de Consci\u00e8ncia","article_publisher":"https:\/\/www.facebook.com\/Cercledeconscienciabarcelona?_rdr","article_modified_time":"2026-04-27T11:31:43+00:00","og_image":[{"url":"https:\/\/cercledeconsciencia.com\/wp-content\/uploads\/2024\/06\/icon-check-fsi.png","type":"","width":"","height":""}],"twitter_card":"summary_large_image","twitter_misc":{"Tiempo de lectura":"18 minutos"},"schema":{"@context":"https:\/\/schema.org","@graph":[{"@type":"WebPage","@id":"https:\/\/cercledeconsciencia.com\/formacion-en-sexualidad-integrativa\/","url":"https:\/\/cercledeconsciencia.com\/formacion-en-sexualidad-integrativa\/","name":"Formaci\u00f3n en Sexualidad Integrativa FSI \u2013 Barcelona, Mallorca, Ibiza","isPartOf":{"@id":"https:\/\/cercledeconsciencia.com\/#website"},"primaryImageOfPage":{"@id":"https:\/\/cercledeconsciencia.com\/formacion-en-sexualidad-integrativa\/#primaryimage"},"image":{"@id":"https:\/\/cercledeconsciencia.com\/formacion-en-sexualidad-integrativa\/#primaryimage"},"thumbnailUrl":"https:\/\/cercledeconsciencia.com\/wp-content\/uploads\/2024\/06\/icon-check-fsi.png","datePublished":"2024-06-05T22:59:43+00:00","dateModified":"2026-04-27T11:31:43+00:00","description":"Formaci\u00f3n en Sexualidad Integrativa FSI - Consulta nuestro programa formativo, metodolog\u00eda e inicio de las clases en Barcelona, Madrid, Ibiza y Mallorca.","breadcrumb":{"@id":"https:\/\/cercledeconsciencia.com\/formacion-en-sexualidad-integrativa\/#breadcrumb"},"inLanguage":"es","potentialAction":[{"@type":"ReadAction","target":["https:\/\/cercledeconsciencia.com\/formacion-en-sexualidad-integrativa\/"]}]},{"@type":"ImageObject","inLanguage":"es","@id":"https:\/\/cercledeconsciencia.com\/formacion-en-sexualidad-integrativa\/#primaryimage","url":"https:\/\/cercledeconsciencia.com\/wp-content\/uploads\/2024\/06\/icon-check-fsi.png","contentUrl":"https:\/\/cercledeconsciencia.com\/wp-content\/uploads\/2024\/06\/icon-check-fsi.png"},{"@type":"BreadcrumbList","@id":"https:\/\/cercledeconsciencia.com\/formacion-en-sexualidad-integrativa\/#breadcrumb","itemListElement":[{"@type":"ListItem","position":1,"name":"Portada","item":"https:\/\/cercledeconsciencia.com\/"},{"@type":"ListItem","position":2,"name":"Formaci\u00f3n en Sexualidad Integrativa"}]},{"@type":"WebSite","@id":"https:\/\/cercledeconsciencia.com\/#website","url":"https:\/\/cercledeconsciencia.com\/","name":"Cercle de Consci\u00e8ncia","description":"Centro de Formaci\u00f3n y Terapias","publisher":{"@id":"https:\/\/cercledeconsciencia.com\/#organization"},"potentialAction":[{"@type":"SearchAction","target":{"@type":"EntryPoint","urlTemplate":"https:\/\/cercledeconsciencia.com\/?s={search_term_string}"},"query-input":{"@type":"PropertyValueSpecification","valueRequired":true,"valueName":"search_term_string"}}],"inLanguage":"es"},{"@type":"Organization","@id":"https:\/\/cercledeconsciencia.com\/#organization","name":"Cercle de Consci\u00e8ncia","url":"https:\/\/cercledeconsciencia.com\/","logo":{"@type":"ImageObject","inLanguage":"es","@id":"https:\/\/cercledeconsciencia.com\/#\/schema\/logo\/image\/","url":"https:\/\/cercledeconsciencia.com\/wp-content\/uploads\/2023\/07\/logo.png","contentUrl":"https:\/\/cercledeconsciencia.com\/wp-content\/uploads\/2023\/07\/logo.png","width":239,"height":68,"caption":"Cercle de Consci\u00e8ncia"},"image":{"@id":"https:\/\/cercledeconsciencia.com\/#\/schema\/logo\/image\/"},"sameAs":["https:\/\/www.facebook.com\/Cercledeconscienciabarcelona?_rdr","https:\/\/www.instagram.com\/cercledeconsciencia\/","https:\/\/www.youtube.com\/c\/cercledeconsciencia"]}]}},"_links":{"self":[{"href":"https:\/\/cercledeconsciencia.com\/es\/wp-json\/wp\/v2\/pages\/3881","targetHints":{"allow":["GET"]}}],"collection":[{"href":"https:\/\/cercledeconsciencia.com\/es\/wp-json\/wp\/v2\/pages"}],"about":[{"href":"https:\/\/cercledeconsciencia.com\/es\/wp-json\/wp\/v2\/types\/page"}],"author":[{"embeddable":true,"href":"https:\/\/cercledeconsciencia.com\/es\/wp-json\/wp\/v2\/users\/1"}],"replies":[{"embeddable":true,"href":"https:\/\/cercledeconsciencia.com\/es\/wp-json\/wp\/v2\/comments?post=3881"}],"version-history":[{"count":86,"href":"https:\/\/cercledeconsciencia.com\/es\/wp-json\/wp\/v2\/pages\/3881\/revisions"}],"predecessor-version":[{"id":5604,"href":"https:\/\/cercledeconsciencia.com\/es\/wp-json\/wp\/v2\/pages\/3881\/revisions\/5604"}],"wp:attachment":[{"href":"https:\/\/cercledeconsciencia.com\/es\/wp-json\/wp\/v2\/media?parent=3881"}],"curies":[{"name":"wp","href":"https:\/\/api.w.org\/{rel}","templated":true}]}}