{"id":4591,"date":"2024-07-24T12:33:17","date_gmt":"2024-07-24T12:33:17","guid":{"rendered":"https:\/\/cercledeconsciencia.com\/?page_id=4591"},"modified":"2025-05-29T21:00:15","modified_gmt":"2025-05-29T21:00:15","slug":"claudio-naranjo","status":"publish","type":"page","link":"https:\/\/cercledeconsciencia.com\/es\/claudio-naranjo\/","title":{"rendered":"Claudio Naranjo"},"content":{"rendered":"<div data-vc-full-width=\"true\" data-vc-full-width-init=\"false\" data-vc-stretch-content=\"true\" class=\"vc_row wpb_row vc_row-fluid hide-mobile vc_custom_1721824439212 vc_row-has-fill vc_row-no-padding\" ><div class=\"wpb_column vc_column_container vc_col-sm-12\"><div class=\"vc_column-inner\"><div class=\"wpb_wrapper\"><div class=\"vc_empty_space\"   style=\"height: 200px\"><span class=\"vc_empty_space_inner\"><\/span><\/div><div class=\"vc_row wpb_row vc_inner vc_row-fluid vc_custom_1699443329405\" ><div class=\"bg-title-terapias wpb_column vc_column_container vc_col-sm-6\"><div class=\"vc_column-inner\"><div class=\"wpb_wrapper\"><div class=\"vc_empty_space\"   style=\"height: 30px\"><span class=\"vc_empty_space_inner\"><\/span><\/div>\n\t<div class=\"wpb_text_column wpb_content_element \" >\n\t\t<div class=\"wpb_wrapper\">\n\t\t\t<h1><span style=\"color: #ffffff;\">Claudio Naranjo<br \/>\n<\/span><\/h1>\n<h2><span style=\"color: #ffffff;\">El arte de la transformaci\u00f3n humana<\/span><\/h2>\n\n\t\t<\/div>\n\t<\/div>\n<div class=\"vc_empty_space\"   style=\"height: 30px\"><span class=\"vc_empty_space_inner\"><\/span><\/div><\/div><\/div><\/div><div class=\"wpb_column vc_column_container vc_col-sm-6\"><div class=\"vc_column-inner\"><div class=\"wpb_wrapper\"><\/div><\/div><\/div><\/div><div class=\"vc_empty_space\"   style=\"height: 260px\"><span class=\"vc_empty_space_inner\"><\/span><\/div><div class=\"vc_row wpb_row vc_inner vc_row-fluid vc_custom_1699304517452\" ><div class=\"borderr-white wpb_column vc_column_container vc_col-sm-12\"><div class=\"vc_column-inner vc_custom_1699304523827\"><div class=\"wpb_wrapper\"><div class=\"vc_empty_space\"   style=\"height: 100px\"><span class=\"vc_empty_space_inner\"><\/span><\/div><\/div><\/div><\/div><\/div><\/div><\/div><\/div><\/div><div class=\"vc_row-full-width vc_clearfix\"><\/div><div data-vc-full-width=\"true\" data-vc-full-width-init=\"false\" data-vc-stretch-content=\"true\" class=\"vc_row wpb_row vc_row-fluid show-mobile vc_custom_1721824730292 vc_row-has-fill vc_row-no-padding\" ><div class=\"wpb_column vc_column_container vc_col-sm-12\"><div class=\"vc_column-inner\"><div class=\"wpb_wrapper\"><div class=\"vc_empty_space\"   style=\"height: 30px\"><span class=\"vc_empty_space_inner\"><\/span><\/div><div class=\"vc_row wpb_row vc_inner vc_row-fluid vc_custom_1699443329405\" ><div class=\"bg-title-terapias wpb_column vc_column_container vc_col-sm-6\"><div class=\"vc_column-inner\"><div class=\"wpb_wrapper\"><div class=\"vc_empty_space\"   style=\"height: 20px\"><span class=\"vc_empty_space_inner\"><\/span><\/div>\n\t<div class=\"wpb_text_column wpb_content_element \" >\n\t\t<div class=\"wpb_wrapper\">\n\t\t\t<h1><span style=\"font-size: 46px;\"><span style=\"color: #ffffff;\">Claudio Naranjo<\/span><br \/>\n<\/span><\/h1>\n<h2><span style=\"color: #ffffff;\">El arte de la transformaci\u00f3n humana<\/span><\/h2>\n\n\t\t<\/div>\n\t<\/div>\n<div class=\"vc_empty_space\"   style=\"height: 20px\"><span class=\"vc_empty_space_inner\"><\/span><\/div><\/div><\/div><\/div><div class=\"wpb_column vc_column_container vc_col-sm-6\"><div class=\"vc_column-inner\"><div class=\"wpb_wrapper\"><\/div><\/div><\/div><\/div><div class=\"vc_empty_space\"   style=\"height: 100px\"><span class=\"vc_empty_space_inner\"><\/span><\/div><div class=\"vc_row wpb_row vc_inner vc_row-fluid vc_custom_1699304517452\" ><div class=\"borderr-white wpb_column vc_column_container vc_col-sm-12\"><div class=\"vc_column-inner vc_custom_1699304523827\"><div class=\"wpb_wrapper\"><div class=\"vc_empty_space\"   style=\"height: 100px\"><span class=\"vc_empty_space_inner\"><\/span><\/div><\/div><\/div><\/div><\/div><\/div><\/div><\/div><\/div><div class=\"vc_row-full-width vc_clearfix\"><\/div><div class=\"vc_row wpb_row vc_row-fluid\" ><div class=\"wpb_column vc_column_container vc_col-sm-12\"><div class=\"vc_column-inner\"><div class=\"wpb_wrapper\"><div class=\"edgtf-row-grid-section-wrapper \" ><div class=\"edgtf-row-grid-section\"><div class=\"vc_row wpb_row vc_inner vc_row-fluid vc_row-o-content-middle vc_row-flex\" ><div class=\"wpb_column vc_column_container vc_col-sm-12\"><div class=\"vc_column-inner\"><div class=\"wpb_wrapper\">\n\t<div class=\"wpb_text_column wpb_content_element \" >\n\t\t<div class=\"wpb_wrapper\">\n\t\t\t<p style=\"text-align: justify;\">El Dr Claudio Naranjo, psiquiatra chileno y maestro espiritual de nuestro tiempo, es c\u00e9lebre por sus innumerables contribuciones a la psicoterapia del siglo XXI. Disc\u00edpulo directo de Fritz Perls, es un referente mundial tanto de la terapia Gestalt, como de la <a href=\"https:\/\/cercledeconsciencia.com\/es\/formacion-transpersonal-integrativa\/\">Psicolog\u00eda Transpersonal<\/a>. Investigador incansable, escritor y conferenciante de renombre internacional. Con m\u00e1s de 30 t\u00edtulos publicados, su amplio conocimiento abarca varias \u00e1reas de influencia.<\/p>\n<p style=\"text-align: justify;\">Claudio Naranjo ha sido el mayor divulgador de la <a href=\"https:\/\/cercledeconsciencia.com\/formacion-gestalt-integrativa\/\"><strong>terapia Gestalt<\/strong><\/a> tanto en el mundo de habla hispana, como anglosajona, constituyendo a lo largo del tiempo un enfoque gest\u00e1ltico-transpersonal, una perspectiva personal con aportaciones novedosas, aparte de recoger el esp\u00edritu libre de Perls.<\/p>\n<p style=\"text-align: justify;\">Tambi\u00e9n ha sido un gran divulgador de la meditaci\u00f3n y los conocimientos de las tradiciones espirituales contemplativas tanto de Oriente como de Occidente, tendiendo puentes y actualizando estas sabidur\u00edas milenarias para su utilizaci\u00f3n en psicoterapia. Ha integrado la meditaci\u00f3n como una herramienta psicoterap\u00e9utica descubriendo el potencial de la meditaci\u00f3n interpersonal, as\u00ed como la utilizaci\u00f3n de la m\u00fasica como herramienta movilizadora y comunicativa en la terapia. Entendiendo la m\u00fasica como un alimento para el alma y la escucha musical como un acto meditativo capaz de acompa\u00f1arte a las esferas m\u00e1s profundas de tu ser.<\/p>\n\n\t\t<\/div>\n\t<\/div>\n<\/div><\/div><\/div><\/div><\/div><\/div><\/div><\/div><\/div><\/div><div class=\"edgtf-row-grid-section-wrapper \"  ><div class=\"edgtf-row-grid-section\"><div class=\"vc_row wpb_row vc_row-fluid\" ><div class=\"wpb_column vc_column_container vc_col-sm-12\"><div class=\"vc_column-inner\"><div class=\"wpb_wrapper\"><div class=\"vc_empty_space\"   style=\"height: 50px\"><span class=\"vc_empty_space_inner\"><\/span><\/div><div class=\"vc_row wpb_row vc_inner vc_row-fluid\" ><div class=\"wpb_column vc_column_container vc_col-sm-12\"><div class=\"vc_column-inner\"><div class=\"wpb_wrapper\">\n\t<div class=\"wpb_text_column wpb_content_element \" >\n\t\t<div class=\"wpb_wrapper\">\n\t\t\t<h2>Creador de la Psicolog\u00eda de los Eneatipos (Eneagrama)<\/h2>\n<p style=\"text-align: justify;\">Creador de la Psicolog\u00eda de los Eneatipos (Eneagrama), un profundo y exhaustivo estudio de los diferentes caracteres psicol\u00f3gicos -descritos principalmente en su libro \u201cCar\u00e1cter y neurosis\u201d y profundizado en \u201c27 personajes en busca del ser\u201d- que el Dr. Naranjo ha convertido en una gran herramienta de autoconocimiento.<\/p>\n<p style=\"text-align: justify;\">Tambi\u00e9n ha desarrollado el SAT, un programa de autoconocimiento y transformaci\u00f3n individual, basado en la Psicolog\u00eda de los Eneatipos, que ha beneficiado a miles de personas, dejando su impronta en varias generaciones de gestaltistas tanto en Espa\u00f1a, como en Italia, Alemania, Francia, Rusia, M\u00e9xico, Argentina, Colombia, Chile, Brasil y Uruguay, etc&#8230; En el a\u00f1o 2007 cre\u00f3 la Fundaci\u00f3n Claudio Naranjo con el objetivo de abarcar todas las propuestas, tanto educativas como terap\u00e9uticas y preservar el legado de su enfoque.<\/p>\n<p style=\"text-align: justify;\">Es tambi\u00e9n un referente de la Psicolog\u00eda Transpersonal, siendo \u201cLa \u00fanica b\u00fasqueda\u201d uno de los primeros libros de lo que se considera hoy en d\u00eda la 4\u00aa fuerza de la Psicolog\u00eda. Asimismo, ha sido pionero en la investigaci\u00f3n de la terapia asistida con psicod\u00e9licos utilizados como un catalizador de los procesos transformativos.<\/p>\n<p style=\"text-align: justify;\">Todos sus conocimientos han cristalizado en una propuesta de cambio de la educaci\u00f3n para cambiar el mundo. A finales de los a\u00f1os 90 se implic\u00f3 en transformar la educaci\u00f3n a trav\u00e9s de la utilizaci\u00f3n de las competencias existenciales, una propuesta que defiende como a trav\u00e9s del autoconocimiento y el amor se llega a la transformaci\u00f3n individual; y desde ah\u00ed a cambiar los valores en las aulas y en la sociedad.<\/p>\n<p style=\"text-align: justify;\">En definitiva ha sido un gran integrador de Psicolog\u00eda y Espiritualidad promoviendo la transformaci\u00f3n del individuo y la sociedad. Por su extensa trayectoria y la amplitud de su trabajo ha recibido tres doctorados honoris causa en universidades de Italia y M\u00e9xico. As\u00ed como la nominaci\u00f3n en 2015 al premio Nobel de la paz, en reconocimiento a su vida dedicada a la superaci\u00f3n de la persona y la mejora de la sociedad.<\/p>\n\n\t\t<\/div>\n\t<\/div>\n<\/div><\/div><\/div><\/div><\/div><\/div><\/div><\/div><\/div><\/div><div class=\"edgtf-row-grid-section-wrapper \"  ><div class=\"edgtf-row-grid-section\"><div class=\"vc_row wpb_row vc_row-fluid\" ><div class=\"wpb_column vc_column_container vc_col-sm-12\"><div class=\"vc_column-inner\"><div class=\"wpb_wrapper\"><div class=\"vc_empty_space\"   style=\"height: 50px\"><span class=\"vc_empty_space_inner\"><\/span><\/div><div class=\"vc_row wpb_row vc_inner vc_row-fluid vc_row-o-content-middle vc_row-flex\" ><div class=\"wpb_column vc_column_container vc_col-sm-4\"><div class=\"vc_column-inner\"><div class=\"wpb_wrapper\">\n\t<div class=\"wpb_text_column wpb_content_element \" >\n\t\t<div class=\"wpb_wrapper\">\n\t\t\t<h3 class=\"p1\"><span style=\"color: #384a93;\">\u201c\u00bfPor qu\u00e9 temer a las sombras? Donde veas sombra significa que en un lugar cercano la luz resplandece.\u201d<\/span><\/h3>\n<h3><\/h3>\n<h3 class=\"p2\"><span style=\"color: #384a93;\">~Claudio Naranjo.<\/span><\/h3>\n\n\t\t<\/div>\n\t<\/div>\n<\/div><\/div><\/div><div class=\"wpb_column vc_column_container vc_col-sm-8\"><div class=\"vc_column-inner\"><div class=\"wpb_wrapper\">\n\t<div  class=\"wpb_single_image wpb_content_element vc_align_center\">\n\t\t\n\t\t<figure class=\"wpb_wrapper vc_figure\">\n\t\t\t<div class=\"vc_single_image-wrapper   vc_box_border_grey\"><img loading=\"lazy\" decoding=\"async\" width=\"600\" height=\"467\" src=\"https:\/\/cercledeconsciencia.com\/wp-content\/uploads\/2024\/05\/ClaudioNaranjo.png\" class=\"vc_single_image-img attachment-full\" alt=\"\" title=\"ClaudioNaranjo\" srcset=\"https:\/\/cercledeconsciencia.com\/wp-content\/uploads\/2024\/05\/ClaudioNaranjo.png 600w, https:\/\/cercledeconsciencia.com\/wp-content\/uploads\/2024\/05\/ClaudioNaranjo-300x234.png 300w\" sizes=\"auto, (max-width: 600px) 100vw, 600px\" \/><\/div>\n\t\t<\/figure>\n\t<\/div>\n<\/div><\/div><\/div><\/div><div class=\"vc_empty_space\"   style=\"height: 50px\"><span class=\"vc_empty_space_inner\"><\/span><\/div><\/div><\/div><\/div><\/div><\/div><\/div><div class=\"edgtf-row-grid-section-wrapper \"  ><div class=\"edgtf-row-grid-section\"><div class=\"vc_row wpb_row vc_row-fluid\" ><div class=\"wpb_column vc_column_container vc_col-sm-12\"><div class=\"vc_column-inner\"><div class=\"wpb_wrapper\"><div class=\"vc_row wpb_row vc_inner vc_row-fluid\" ><div class=\"wpb_column vc_column_container vc_col-sm-12\"><div class=\"vc_column-inner\"><div class=\"wpb_wrapper\">\n\t<div class=\"wpb_text_column wpb_content_element \" >\n\t\t<div class=\"wpb_wrapper\">\n\t\t\t<h2>El legado de Claudio en el Cercle Conci\u00e8ncia<\/h2>\n<p style=\"text-align: justify;\">Nuestra relaci\u00f3n con Claudio Naranjo es una relaci\u00f3n de aprendizaje y estrecha colaboraci\u00f3n. Antoni Aguilar, director del Cercle de Consci\u00e8ncia form\u00f3 parte de su equipo durante m\u00e1s de 20 a\u00f1os, coordinando y participando como didacta en los programas SAT en varios pa\u00edses de Europa, M\u00e9xico, Uruguay y EEUU. Montse Coll, cofundadora de Cercle de Consci\u00e8ncia, tambi\u00e9n ha formado parte como coordinadora de los equipos del programa SAT en Espa\u00f1a en diversas ocasiones.<\/p>\n<p style=\"text-align: justify;\">Tambi\u00e9n muchos terapeutas del Cercle han formado parte de los equipos docentes de los programas SAT, bebiendo directamente de la fuente de conocimiento de Claudio Naranjo; e igualmente contribuyendo al estudio y realizaci\u00f3n de los caracteres descritos en esta gran enciclopedia de referencia en el estudio de la personalidad que es la \u201cPsicolog\u00eda de los Eneatipos\u201d de Editorial La llave.<\/p>\n<p style=\"text-align: justify;\">En Cercle de Consci\u00e8ncia tenemos la \u00fanica <a href=\"https:\/\/cercledeconsciencia.com\/formacion-transpersonal-integrativa\/\"><strong>formaci\u00f3n transpersonal integrativa <\/strong><\/a>avalada por Claudio Naranjo. Los docentes y tem\u00e1ticas, as\u00ed como la direcci\u00f3n y profesorado han sido escogidos por Claudio Naranjo en colaboraci\u00f3n con Antoni Aguilar, siendo el modelo Ego\/Esencia la principal referencia de esta formaci\u00f3n.<\/p>\n\n\t\t<\/div>\n\t<\/div>\n<\/div><\/div><\/div><\/div><div class=\"vc_empty_space\"   style=\"height: 100px\"><span class=\"vc_empty_space_inner\"><\/span><\/div><\/div><\/div><\/div><\/div><\/div><\/div>\n","protected":false},"excerpt":{"rendered":"Claudio Naranjo El arte de la transformaci\u00f3n humana Claudio Naranjo El arte de la transformaci\u00f3n humana El Dr Claudio Naranjo, psiquiatra chileno y maestro espiritual de nuestro tiempo, es c\u00e9lebre [...]","protected":false},"author":1,"featured_media":3839,"parent":0,"menu_order":0,"comment_status":"closed","ping_status":"closed","template":"full-width.php","meta":{"footnotes":""},"class_list":["post-4591","page","type-page","status-publish","has-post-thumbnail","hentry"],"yoast_head":"<!-- This site is optimized with the Yoast SEO plugin v27.4 - https:\/\/yoast.com\/product\/yoast-seo-wordpress\/ -->\n<title>Claudio Naranjo - Cercle de Consci\u00e8ncia<\/title>\n<meta name=\"description\" content=\"Explora las formaciones en Terapia Gestalt y Terapia Corporal Integrativa. Adem\u00e1s, talleres y cursos dise\u00f1ados para tu crecimiento y plenitud en Tarragona.Claudio Naranjo ha sido el mayor divulgador de la terapia Gestalt tanto en el mundo de habla hispana, como anglosajona, constituyendo a lo largo del tiempo un enfoque gest\u00e1ltico-transpersonal, una perspectiva personal con aportaciones novedosas, aparte de recoger el esp\u00edritu libre de Perls.\" \/>\n<meta name=\"robots\" content=\"index, follow, max-snippet:-1, max-image-preview:large, max-video-preview:-1\" \/>\n<link rel=\"canonical\" href=\"https:\/\/cercledeconsciencia.com\/es\/claudio-naranjo\/\" \/>\n<meta property=\"og:locale\" content=\"es_ES\" \/>\n<meta property=\"og:type\" content=\"article\" \/>\n<meta property=\"og:title\" content=\"Claudio Naranjo - Cercle de Consci\u00e8ncia\" \/>\n<meta property=\"og:description\" content=\"Explora las formaciones en Terapia Gestalt y Terapia Corporal Integrativa. Adem\u00e1s, talleres y cursos dise\u00f1ados para tu crecimiento y plenitud en Tarragona.Claudio Naranjo ha sido el mayor divulgador de la terapia Gestalt tanto en el mundo de habla hispana, como anglosajona, constituyendo a lo largo del tiempo un enfoque gest\u00e1ltico-transpersonal, una perspectiva personal con aportaciones novedosas, aparte de recoger el esp\u00edritu libre de Perls.\" \/>\n<meta property=\"og:url\" content=\"https:\/\/cercledeconsciencia.com\/es\/claudio-naranjo\/\" \/>\n<meta property=\"og:site_name\" content=\"Cercle de Consci\u00e8ncia\" \/>\n<meta property=\"article:publisher\" content=\"https:\/\/www.facebook.com\/Cercledeconscienciabarcelona?_rdr\" \/>\n<meta property=\"article:modified_time\" content=\"2025-05-29T21:00:15+00:00\" \/>\n<meta property=\"og:image\" content=\"https:\/\/cercledeconsciencia.com\/wp-content\/uploads\/2024\/05\/ClaudioNaranjo.png\" \/>\n\t<meta property=\"og:image:width\" content=\"600\" \/>\n\t<meta property=\"og:image:height\" content=\"467\" \/>\n\t<meta property=\"og:image:type\" content=\"image\/png\" \/>\n<meta name=\"twitter:card\" content=\"summary_large_image\" \/>\n<meta name=\"twitter:label1\" content=\"Tiempo de lectura\" \/>\n\t<meta name=\"twitter:data1\" content=\"5 minutos\" \/>\n<script type=\"application\/ld+json\" class=\"yoast-schema-graph\">{\"@context\":\"https:\\\/\\\/schema.org\",\"@graph\":[{\"@type\":\"WebPage\",\"@id\":\"https:\\\/\\\/cercledeconsciencia.com\\\/claudio-naranjo\\\/\",\"url\":\"https:\\\/\\\/cercledeconsciencia.com\\\/claudio-naranjo\\\/\",\"name\":\"Claudio Naranjo - Cercle de Consci\u00e8ncia\",\"isPartOf\":{\"@id\":\"https:\\\/\\\/cercledeconsciencia.com\\\/#website\"},\"primaryImageOfPage\":{\"@id\":\"https:\\\/\\\/cercledeconsciencia.com\\\/claudio-naranjo\\\/#primaryimage\"},\"image\":{\"@id\":\"https:\\\/\\\/cercledeconsciencia.com\\\/claudio-naranjo\\\/#primaryimage\"},\"thumbnailUrl\":\"https:\\\/\\\/cercledeconsciencia.com\\\/wp-content\\\/uploads\\\/2024\\\/05\\\/ClaudioNaranjo.png\",\"datePublished\":\"2024-07-24T12:33:17+00:00\",\"dateModified\":\"2025-05-29T21:00:15+00:00\",\"description\":\"Explora las formaciones en Terapia Gestalt y Terapia Corporal Integrativa. Adem\u00e1s, talleres y cursos dise\u00f1ados para tu crecimiento y plenitud en Tarragona.Claudio Naranjo ha sido el mayor divulgador de la terapia Gestalt tanto en el mundo de habla hispana, como anglosajona, constituyendo a lo largo del tiempo un enfoque gest\u00e1ltico-transpersonal, una perspectiva personal con aportaciones novedosas, aparte de recoger el esp\u00edritu libre de Perls.\",\"breadcrumb\":{\"@id\":\"https:\\\/\\\/cercledeconsciencia.com\\\/claudio-naranjo\\\/#breadcrumb\"},\"inLanguage\":\"es\",\"potentialAction\":[{\"@type\":\"ReadAction\",\"target\":[\"https:\\\/\\\/cercledeconsciencia.com\\\/claudio-naranjo\\\/\"]}]},{\"@type\":\"ImageObject\",\"inLanguage\":\"es\",\"@id\":\"https:\\\/\\\/cercledeconsciencia.com\\\/claudio-naranjo\\\/#primaryimage\",\"url\":\"https:\\\/\\\/cercledeconsciencia.com\\\/wp-content\\\/uploads\\\/2024\\\/05\\\/ClaudioNaranjo.png\",\"contentUrl\":\"https:\\\/\\\/cercledeconsciencia.com\\\/wp-content\\\/uploads\\\/2024\\\/05\\\/ClaudioNaranjo.png\",\"width\":600,\"height\":467},{\"@type\":\"BreadcrumbList\",\"@id\":\"https:\\\/\\\/cercledeconsciencia.com\\\/claudio-naranjo\\\/#breadcrumb\",\"itemListElement\":[{\"@type\":\"ListItem\",\"position\":1,\"name\":\"Portada\",\"item\":\"https:\\\/\\\/cercledeconsciencia.com\\\/\"},{\"@type\":\"ListItem\",\"position\":2,\"name\":\"Claudio Naranjo\"}]},{\"@type\":\"WebSite\",\"@id\":\"https:\\\/\\\/cercledeconsciencia.com\\\/#website\",\"url\":\"https:\\\/\\\/cercledeconsciencia.com\\\/\",\"name\":\"Cercle de Consci\u00e8ncia\",\"description\":\"Centro de Formaci\u00f3n y Terapias\",\"publisher\":{\"@id\":\"https:\\\/\\\/cercledeconsciencia.com\\\/#organization\"},\"potentialAction\":[{\"@type\":\"SearchAction\",\"target\":{\"@type\":\"EntryPoint\",\"urlTemplate\":\"https:\\\/\\\/cercledeconsciencia.com\\\/?s={search_term_string}\"},\"query-input\":{\"@type\":\"PropertyValueSpecification\",\"valueRequired\":true,\"valueName\":\"search_term_string\"}}],\"inLanguage\":\"es\"},{\"@type\":\"Organization\",\"@id\":\"https:\\\/\\\/cercledeconsciencia.com\\\/#organization\",\"name\":\"Cercle de Consci\u00e8ncia\",\"url\":\"https:\\\/\\\/cercledeconsciencia.com\\\/\",\"logo\":{\"@type\":\"ImageObject\",\"inLanguage\":\"es\",\"@id\":\"https:\\\/\\\/cercledeconsciencia.com\\\/#\\\/schema\\\/logo\\\/image\\\/\",\"url\":\"https:\\\/\\\/cercledeconsciencia.com\\\/wp-content\\\/uploads\\\/2023\\\/07\\\/logo.png\",\"contentUrl\":\"https:\\\/\\\/cercledeconsciencia.com\\\/wp-content\\\/uploads\\\/2023\\\/07\\\/logo.png\",\"width\":239,\"height\":68,\"caption\":\"Cercle de Consci\u00e8ncia\"},\"image\":{\"@id\":\"https:\\\/\\\/cercledeconsciencia.com\\\/#\\\/schema\\\/logo\\\/image\\\/\"},\"sameAs\":[\"https:\\\/\\\/www.facebook.com\\\/Cercledeconscienciabarcelona?_rdr\",\"https:\\\/\\\/www.instagram.com\\\/cercledeconsciencia\\\/\",\"https:\\\/\\\/www.youtube.com\\\/c\\\/cercledeconsciencia\"]}]}<\/script>\n<!-- \/ Yoast SEO plugin. -->","yoast_head_json":{"title":"Claudio Naranjo - Cercle de Consci\u00e8ncia","description":"Explora las formaciones en Terapia Gestalt y Terapia Corporal Integrativa. Adem\u00e1s, talleres y cursos dise\u00f1ados para tu crecimiento y plenitud en Tarragona.Claudio Naranjo ha sido el mayor divulgador de la terapia Gestalt tanto en el mundo de habla hispana, como anglosajona, constituyendo a lo largo del tiempo un enfoque gest\u00e1ltico-transpersonal, una perspectiva personal con aportaciones novedosas, aparte de recoger el esp\u00edritu libre de Perls.","robots":{"index":"index","follow":"follow","max-snippet":"max-snippet:-1","max-image-preview":"max-image-preview:large","max-video-preview":"max-video-preview:-1"},"canonical":"https:\/\/cercledeconsciencia.com\/es\/claudio-naranjo\/","og_locale":"es_ES","og_type":"article","og_title":"Claudio Naranjo - Cercle de Consci\u00e8ncia","og_description":"Explora las formaciones en Terapia Gestalt y Terapia Corporal Integrativa. Adem\u00e1s, talleres y cursos dise\u00f1ados para tu crecimiento y plenitud en Tarragona.Claudio Naranjo ha sido el mayor divulgador de la terapia Gestalt tanto en el mundo de habla hispana, como anglosajona, constituyendo a lo largo del tiempo un enfoque gest\u00e1ltico-transpersonal, una perspectiva personal con aportaciones novedosas, aparte de recoger el esp\u00edritu libre de Perls.","og_url":"https:\/\/cercledeconsciencia.com\/es\/claudio-naranjo\/","og_site_name":"Cercle de Consci\u00e8ncia","article_publisher":"https:\/\/www.facebook.com\/Cercledeconscienciabarcelona?_rdr","article_modified_time":"2025-05-29T21:00:15+00:00","og_image":[{"width":600,"height":467,"url":"https:\/\/cercledeconsciencia.com\/wp-content\/uploads\/2024\/05\/ClaudioNaranjo.png","type":"image\/png"}],"twitter_card":"summary_large_image","twitter_misc":{"Tiempo de lectura":"5 minutos"},"schema":{"@context":"https:\/\/schema.org","@graph":[{"@type":"WebPage","@id":"https:\/\/cercledeconsciencia.com\/claudio-naranjo\/","url":"https:\/\/cercledeconsciencia.com\/claudio-naranjo\/","name":"Claudio Naranjo - Cercle de Consci\u00e8ncia","isPartOf":{"@id":"https:\/\/cercledeconsciencia.com\/#website"},"primaryImageOfPage":{"@id":"https:\/\/cercledeconsciencia.com\/claudio-naranjo\/#primaryimage"},"image":{"@id":"https:\/\/cercledeconsciencia.com\/claudio-naranjo\/#primaryimage"},"thumbnailUrl":"https:\/\/cercledeconsciencia.com\/wp-content\/uploads\/2024\/05\/ClaudioNaranjo.png","datePublished":"2024-07-24T12:33:17+00:00","dateModified":"2025-05-29T21:00:15+00:00","description":"Explora las formaciones en Terapia Gestalt y Terapia Corporal Integrativa. Adem\u00e1s, talleres y cursos dise\u00f1ados para tu crecimiento y plenitud en Tarragona.Claudio Naranjo ha sido el mayor divulgador de la terapia Gestalt tanto en el mundo de habla hispana, como anglosajona, constituyendo a lo largo del tiempo un enfoque gest\u00e1ltico-transpersonal, una perspectiva personal con aportaciones novedosas, aparte de recoger el esp\u00edritu libre de Perls.","breadcrumb":{"@id":"https:\/\/cercledeconsciencia.com\/claudio-naranjo\/#breadcrumb"},"inLanguage":"es","potentialAction":[{"@type":"ReadAction","target":["https:\/\/cercledeconsciencia.com\/claudio-naranjo\/"]}]},{"@type":"ImageObject","inLanguage":"es","@id":"https:\/\/cercledeconsciencia.com\/claudio-naranjo\/#primaryimage","url":"https:\/\/cercledeconsciencia.com\/wp-content\/uploads\/2024\/05\/ClaudioNaranjo.png","contentUrl":"https:\/\/cercledeconsciencia.com\/wp-content\/uploads\/2024\/05\/ClaudioNaranjo.png","width":600,"height":467},{"@type":"BreadcrumbList","@id":"https:\/\/cercledeconsciencia.com\/claudio-naranjo\/#breadcrumb","itemListElement":[{"@type":"ListItem","position":1,"name":"Portada","item":"https:\/\/cercledeconsciencia.com\/"},{"@type":"ListItem","position":2,"name":"Claudio Naranjo"}]},{"@type":"WebSite","@id":"https:\/\/cercledeconsciencia.com\/#website","url":"https:\/\/cercledeconsciencia.com\/","name":"Cercle de Consci\u00e8ncia","description":"Centro de Formaci\u00f3n y Terapias","publisher":{"@id":"https:\/\/cercledeconsciencia.com\/#organization"},"potentialAction":[{"@type":"SearchAction","target":{"@type":"EntryPoint","urlTemplate":"https:\/\/cercledeconsciencia.com\/?s={search_term_string}"},"query-input":{"@type":"PropertyValueSpecification","valueRequired":true,"valueName":"search_term_string"}}],"inLanguage":"es"},{"@type":"Organization","@id":"https:\/\/cercledeconsciencia.com\/#organization","name":"Cercle de Consci\u00e8ncia","url":"https:\/\/cercledeconsciencia.com\/","logo":{"@type":"ImageObject","inLanguage":"es","@id":"https:\/\/cercledeconsciencia.com\/#\/schema\/logo\/image\/","url":"https:\/\/cercledeconsciencia.com\/wp-content\/uploads\/2023\/07\/logo.png","contentUrl":"https:\/\/cercledeconsciencia.com\/wp-content\/uploads\/2023\/07\/logo.png","width":239,"height":68,"caption":"Cercle de Consci\u00e8ncia"},"image":{"@id":"https:\/\/cercledeconsciencia.com\/#\/schema\/logo\/image\/"},"sameAs":["https:\/\/www.facebook.com\/Cercledeconscienciabarcelona?_rdr","https:\/\/www.instagram.com\/cercledeconsciencia\/","https:\/\/www.youtube.com\/c\/cercledeconsciencia"]}]}},"_links":{"self":[{"href":"https:\/\/cercledeconsciencia.com\/es\/wp-json\/wp\/v2\/pages\/4591","targetHints":{"allow":["GET"]}}],"collection":[{"href":"https:\/\/cercledeconsciencia.com\/es\/wp-json\/wp\/v2\/pages"}],"about":[{"href":"https:\/\/cercledeconsciencia.com\/es\/wp-json\/wp\/v2\/types\/page"}],"author":[{"embeddable":true,"href":"https:\/\/cercledeconsciencia.com\/es\/wp-json\/wp\/v2\/users\/1"}],"replies":[{"embeddable":true,"href":"https:\/\/cercledeconsciencia.com\/es\/wp-json\/wp\/v2\/comments?post=4591"}],"version-history":[{"count":15,"href":"https:\/\/cercledeconsciencia.com\/es\/wp-json\/wp\/v2\/pages\/4591\/revisions"}],"predecessor-version":[{"id":5365,"href":"https:\/\/cercledeconsciencia.com\/es\/wp-json\/wp\/v2\/pages\/4591\/revisions\/5365"}],"wp:featuredmedia":[{"embeddable":true,"href":"https:\/\/cercledeconsciencia.com\/es\/wp-json\/wp\/v2\/media\/3839"}],"wp:attachment":[{"href":"https:\/\/cercledeconsciencia.com\/es\/wp-json\/wp\/v2\/media?parent=4591"}],"curies":[{"name":"wp","href":"https:\/\/api.w.org\/{rel}","templated":true}]}}