{"id":577,"date":"2016-05-09T09:19:12","date_gmt":"2016-05-09T09:19:12","guid":{"rendered":"http:\/\/wp.nootheme.com\/hermosa\/dummy\/?page_id=577"},"modified":"2026-04-23T15:23:02","modified_gmt":"2026-04-23T15:23:02","slug":"inicio","status":"publish","type":"page","link":"https:\/\/cercledeconsciencia.com\/es\/","title":{"rendered":"Inicio"},"content":{"rendered":"<div data-vc-full-width=\"true\" data-vc-full-width-init=\"false\" data-vc-stretch-content=\"true\" class=\"vc_row wpb_row vc_row-fluid bg-hero hide-mobile vc_row-no-padding\" ><div class=\"wpb_column vc_column_container vc_col-sm-12\"><div class=\"vc_column-inner\"><div class=\"wpb_wrapper\"><div class=\"vc_empty_space\"   style=\"height: 100px\"><span class=\"vc_empty_space_inner\"><\/span><\/div><div class=\"vc_row wpb_row vc_inner vc_row-fluid vc_custom_1699443329405\" ><div class=\"wpb_column vc_column_container vc_col-sm-6\"><div class=\"vc_column-inner\"><div class=\"wpb_wrapper\">\n\t<div class=\"wpb_text_column wpb_content_element \" >\n\t\t<div class=\"wpb_wrapper\">\n\t\t\t<h1><span style=\"color: #ffffff;\">\u201cPasar del reflejo<\/span><br \/>\n<span style=\"color: #ffffff;\">\u00a0del agua a SER<\/span><br \/>\n<span style=\"color: #ffffff;\">\u00a0el agua misma\u201d<\/span><\/h1>\n\n\t\t<\/div>\n\t<\/div>\n\n\t<div class=\"wpb_text_column wpb_content_element  vc_custom_1699444027498\" >\n\t\t<div class=\"wpb_wrapper\">\n\t\t\t<h4><span style=\"color: #ffffff;\"><strong>La consciencia de la consciencia.<\/strong><\/span><br \/>\n<span style=\"color: #ffffff; font-size: 18px;\">Claudio Naranjo.<\/span><\/h4>\n\n\t\t<\/div>\n\t<\/div>\n<\/div><\/div><\/div><div class=\"wpb_column vc_column_container vc_col-sm-6\"><div class=\"vc_column-inner\"><div class=\"wpb_wrapper\"><\/div><\/div><\/div><\/div><div class=\"vc_empty_space\"   style=\"height: 100px\"><span class=\"vc_empty_space_inner\"><\/span><\/div><div class=\"vc_row wpb_row vc_inner vc_row-fluid vc_custom_1699304517452\" ><div class=\"borderr-white wpb_column vc_column_container vc_col-sm-12\"><div class=\"vc_column-inner vc_custom_1699304523827\"><div class=\"wpb_wrapper\"><div class=\"vc_empty_space\"   style=\"height: 100px\"><span class=\"vc_empty_space_inner\"><\/span><\/div><\/div><\/div><\/div><\/div><\/div><\/div><\/div><\/div><div class=\"vc_row-full-width vc_clearfix\"><\/div><div data-vc-full-width=\"true\" data-vc-full-width-init=\"false\" data-vc-stretch-content=\"true\" class=\"vc_row wpb_row vc_row-fluid show-mobile vc_custom_1718711729858 vc_row-has-fill vc_row-no-padding\" ><div class=\"wpb_column vc_column_container vc_col-sm-12\"><div class=\"vc_column-inner\"><div class=\"wpb_wrapper\"><div class=\"vc_empty_space\"   style=\"height: 50px\"><span class=\"vc_empty_space_inner\"><\/span><\/div><div class=\"vc_row wpb_row vc_inner vc_row-fluid vc_custom_1699443329405\" ><div class=\"wpb_column vc_column_container vc_col-sm-12\"><div class=\"vc_column-inner\"><div class=\"wpb_wrapper\">\n\t<div class=\"wpb_text_column wpb_content_element \" >\n\t\t<div class=\"wpb_wrapper\">\n\t\t\t<h1 style=\"font-size: 40px;\"><span style=\"color: #ffffff;\">\u201cPasar del reflejo<\/span><br \/>\n<span style=\"color: #ffffff;\">\u00a0del agua a SER<\/span><br \/>\n<span style=\"color: #ffffff;\">\u00a0el agua misma\u201d<\/span><\/h1>\n\n\t\t<\/div>\n\t<\/div>\n\n\t<div class=\"wpb_text_column wpb_content_element  vc_custom_1699444027498\" >\n\t\t<div class=\"wpb_wrapper\">\n\t\t\t<h4><span style=\"color: #ffffff;\"><strong>La consciencia de la consciencia.<\/strong><\/span><br \/>\n<span style=\"color: #ffffff; font-size: 18px;\">Claudio Naranjo.<\/span><\/h4>\n\n\t\t<\/div>\n\t<\/div>\n<\/div><\/div><\/div><\/div><div class=\"vc_empty_space\"   style=\"height: 100px\"><span class=\"vc_empty_space_inner\"><\/span><\/div><div class=\"vc_row wpb_row vc_inner vc_row-fluid vc_custom_1699304517452\" ><div class=\"borderr-white wpb_column vc_column_container vc_col-sm-12\"><div class=\"vc_column-inner vc_custom_1699304523827\"><div class=\"wpb_wrapper\"><div class=\"vc_empty_space\"   style=\"height: 50px\"><span class=\"vc_empty_space_inner\"><\/span><\/div><\/div><\/div><\/div><\/div><\/div><\/div><\/div><\/div><div class=\"vc_row-full-width vc_clearfix\"><\/div><div class=\"edgtf-row-grid-section-wrapper \"  ><div class=\"edgtf-row-grid-section\"><div class=\"vc_row wpb_row vc_row-fluid\" ><div class=\"wpb_column vc_column_container vc_col-sm-12\"><div class=\"vc_column-inner\"><div class=\"wpb_wrapper\">\n\t<div  class=\"wpb_single_image wpb_content_element vc_align_center\">\n\t\t\n\t\t<figure class=\"wpb_wrapper vc_figure\">\n\t\t\t<a href=\"\/quienes-somos\/puertas-abiertas\/\" target=\"_self\" class=\"vc_single_image-wrapper   vc_box_border_grey\"><img loading=\"lazy\" decoding=\"async\" width=\"1240\" height=\"301\" src=\"https:\/\/cercledeconsciencia.com\/wp-content\/uploads\/2026\/04\/banner-UP-Puertas-Abiertas.jpg\" class=\"vc_single_image-img attachment-full\" alt=\"\" title=\"banner UP Puertas Abiertas\" srcset=\"https:\/\/cercledeconsciencia.com\/wp-content\/uploads\/2026\/04\/banner-UP-Puertas-Abiertas.jpg 1240w, https:\/\/cercledeconsciencia.com\/wp-content\/uploads\/2026\/04\/banner-UP-Puertas-Abiertas-300x73.jpg 300w, https:\/\/cercledeconsciencia.com\/wp-content\/uploads\/2026\/04\/banner-UP-Puertas-Abiertas-1024x249.jpg 1024w, https:\/\/cercledeconsciencia.com\/wp-content\/uploads\/2026\/04\/banner-UP-Puertas-Abiertas-768x186.jpg 768w, https:\/\/cercledeconsciencia.com\/wp-content\/uploads\/2026\/04\/banner-UP-Puertas-Abiertas-18x4.jpg 18w\" sizes=\"auto, (max-width: 1240px) 100vw, 1240px\" \/><\/a>\n\t\t<\/figure>\n\t<\/div>\n<div class=\"vc_empty_space\"   style=\"height: 50px\"><span class=\"vc_empty_space_inner\"><\/span><\/div><\/div><\/div><\/div><\/div><\/div><\/div><div class=\"vc_row wpb_row vc_row-fluid vc_custom_1699305060112\" ><div class=\"wpb_column vc_column_container vc_col-sm-12\"><div class=\"vc_column-inner\"><div class=\"wpb_wrapper\"><div class=\"vc_empty_space\"   style=\"height: 60px\"><span class=\"vc_empty_space_inner\"><\/span><\/div><div class=\"vc_row wpb_row vc_inner vc_row-fluid vc_row-o-content-middle vc_row-flex\" ><div class=\"wpb_column vc_column_container vc_col-sm-8\"><div class=\"vc_column-inner\"><div class=\"wpb_wrapper\">\n\t<div class=\"wpb_text_column wpb_content_element \" >\n\t\t<div class=\"wpb_wrapper\">\n\t\t\t<h2>Cercle de Consci\u00e8ncia<\/h2>\n\n\t\t<\/div>\n\t<\/div>\n<div class=\"vc_empty_space\"   style=\"height: 50px\"><span class=\"vc_empty_space_inner\"><\/span><\/div>\n\t<div class=\"wpb_text_column wpb_content_element \" >\n\t\t<div class=\"wpb_wrapper\">\n\t\t\t<p style=\"text-align: justify;\">En Cercle de Consci\u00e8ncia ofrecemos un conjunto de herramientas y recursos para que las personas puedan ampliar su conciencia y liberarse de las limitaciones que les impiden experimentar una vida m\u00e1s plena y satisfactoria. Si te interesa explorar nuevas posibilidades en tu desarrollo personal, te invitamos a unirte a nosotros en este viaje de descubrimiento y transformaci\u00f3n. Para lograrlo, trazamos mapas que permiten explorar diferentes \u00e1reas del ser humano como son Cercle Gestalt, Espai TCI, Cercle de Sexualitat y Cercle Transpersonal.<\/p>\n\n\t\t<\/div>\n\t<\/div>\n<div class=\"vc_empty_space\"   style=\"height: 50px\"><span class=\"vc_empty_space_inner\"><\/span><\/div><\/div><\/div><\/div><div class=\"wpb_column vc_column_container vc_col-sm-4\"><div class=\"vc_column-inner\"><div class=\"wpb_wrapper\">\n\t<div  class=\"wpb_single_image wpb_content_element vc_align_left\">\n\t\t\n\t\t<figure class=\"wpb_wrapper vc_figure\">\n\t\t\t<a href=\"\/antoni-aguilar-director\/\" target=\"_self\" class=\"vc_single_image-wrapper   vc_box_border_grey\"><img loading=\"lazy\" decoding=\"async\" width=\"400\" height=\"530\" src=\"https:\/\/cercledeconsciencia.com\/wp-content\/uploads\/2023\/11\/Tony.png\" class=\"vc_single_image-img attachment-full\" alt=\"\" title=\"Tony\" srcset=\"https:\/\/cercledeconsciencia.com\/wp-content\/uploads\/2023\/11\/Tony.png 400w, https:\/\/cercledeconsciencia.com\/wp-content\/uploads\/2023\/11\/Tony-226x300.png 226w\" sizes=\"auto, (max-width: 400px) 100vw, 400px\" \/><\/a>\n\t\t<\/figure>\n\t<\/div>\n<\/div><\/div><\/div><\/div><div class=\"vc_empty_space\"   style=\"height: 100px\"><span class=\"vc_empty_space_inner\"><\/span><\/div><\/div><\/div><\/div><\/div><div class=\"vc_row wpb_row vc_row-fluid hide-mobile vc_custom_1718712068135\" ><div class=\"wpb_column vc_column_container vc_col-sm-12\"><div class=\"vc_column-inner\"><div class=\"wpb_wrapper\">\n\t<div class=\"wpb_text_column wpb_content_element \" >\n\t\t<div class=\"wpb_wrapper\">\n\t\t\t<h2 style=\"text-align: center;\">Descubre nuestros Cercles<\/h2>\n\n\t\t<\/div>\n\t<\/div>\n<div class=\"edgtf-row-grid-section-wrapper \" ><div class=\"edgtf-row-grid-section\"><div class=\"vc_row wpb_row vc_inner vc_row-fluid\" ><div class=\"wpb_column vc_column_container vc_col-sm-12\"><div class=\"vc_column-inner\"><div class=\"wpb_wrapper\">\n\t<div class=\"wpb_video_widget wpb_content_element vc_clearfix   vc_video-aspect-ratio-169 vc_video-el-width-100 vc_video-align-center\" >\n\t\t<div class=\"wpb_wrapper\">\n\t\t\t\n\t\t\t<div class=\"wpb_video_wrapper\"><iframe loading=\"lazy\" title=\"ELLA\" src=\"https:\/\/player.vimeo.com\/video\/894020095?dnt=1&amp;app_id=122963\" width=\"1100\" height=\"619\" frameborder=\"0\" allow=\"autoplay; fullscreen; picture-in-picture; clipboard-write\"><\/iframe><\/div>\n\t\t<\/div>\n\t<\/div>\n<\/div><\/div><\/div><\/div><\/div><\/div><div class=\"vc_empty_space\"   style=\"height: 30px\"><span class=\"vc_empty_space_inner\"><\/span><\/div><div class=\"edgtf-row-grid-section-wrapper \" ><div class=\"edgtf-row-grid-section\"><div class=\"vc_row wpb_row vc_inner vc_row-fluid\" ><div class=\"wpb_column vc_column_container vc_col-sm-3 vc_col-xs-6\"><div class=\"vc_column-inner\"><div class=\"wpb_wrapper\">\n\t<div  class=\"wpb_single_image wpb_content_element vc_align_left\">\n\t\t\n\t\t<figure class=\"wpb_wrapper vc_figure\">\n\t\t\t<a href=\"\/formacion-gestalt-integrativa\/\" target=\"_self\" class=\"vc_single_image-wrapper   vc_box_border_grey\"><img loading=\"lazy\" decoding=\"async\" width=\"904\" height=\"308\" src=\"https:\/\/cercledeconsciencia.com\/wp-content\/uploads\/2024\/01\/Boton-home-FGI.jpg\" class=\"vc_single_image-img attachment-full\" alt=\"\" title=\"Boton home FGI\" srcset=\"https:\/\/cercledeconsciencia.com\/wp-content\/uploads\/2024\/01\/Boton-home-FGI.jpg 904w, https:\/\/cercledeconsciencia.com\/wp-content\/uploads\/2024\/01\/Boton-home-FGI-300x102.jpg 300w, https:\/\/cercledeconsciencia.com\/wp-content\/uploads\/2024\/01\/Boton-home-FGI-768x262.jpg 768w\" sizes=\"auto, (max-width: 904px) 100vw, 904px\" \/><\/a>\n\t\t<\/figure>\n\t<\/div>\n<\/div><\/div><\/div><div class=\"wpb_column vc_column_container vc_col-sm-3 vc_col-xs-6\"><div class=\"vc_column-inner\"><div class=\"wpb_wrapper\">\n\t<div  class=\"wpb_single_image wpb_content_element vc_align_left\">\n\t\t\n\t\t<figure class=\"wpb_wrapper vc_figure\">\n\t\t\t<a href=\"\/formacion-en-terapia-corporal-integrativa\/\" target=\"_self\" class=\"vc_single_image-wrapper   vc_box_border_grey\"><img loading=\"lazy\" decoding=\"async\" width=\"908\" height=\"308\" src=\"https:\/\/cercledeconsciencia.com\/wp-content\/uploads\/2024\/01\/Boton-home-TCI.jpg\" class=\"vc_single_image-img attachment-full\" alt=\"\" title=\"Boton home TCI\" srcset=\"https:\/\/cercledeconsciencia.com\/wp-content\/uploads\/2024\/01\/Boton-home-TCI.jpg 908w, https:\/\/cercledeconsciencia.com\/wp-content\/uploads\/2024\/01\/Boton-home-TCI-300x102.jpg 300w, https:\/\/cercledeconsciencia.com\/wp-content\/uploads\/2024\/01\/Boton-home-TCI-768x261.jpg 768w\" sizes=\"auto, (max-width: 908px) 100vw, 908px\" \/><\/a>\n\t\t<\/figure>\n\t<\/div>\n<\/div><\/div><\/div><div class=\"wpb_column vc_column_container vc_col-sm-3 vc_col-xs-6\"><div class=\"vc_column-inner\"><div class=\"wpb_wrapper\">\n\t<div  class=\"wpb_single_image wpb_content_element vc_align_left\">\n\t\t\n\t\t<figure class=\"wpb_wrapper vc_figure\">\n\t\t\t<a href=\"\/formacion-en-sexualidad-integrativa\/\" target=\"_self\" class=\"vc_single_image-wrapper   vc_box_border_grey\"><img loading=\"lazy\" decoding=\"async\" width=\"908\" height=\"308\" src=\"https:\/\/cercledeconsciencia.com\/wp-content\/uploads\/2024\/01\/Boton-home-FSI.jpg\" class=\"vc_single_image-img attachment-full\" alt=\"\" title=\"Boto\u0301n home FSI\" srcset=\"https:\/\/cercledeconsciencia.com\/wp-content\/uploads\/2024\/01\/Boton-home-FSI.jpg 908w, https:\/\/cercledeconsciencia.com\/wp-content\/uploads\/2024\/01\/Boton-home-FSI-300x102.jpg 300w, https:\/\/cercledeconsciencia.com\/wp-content\/uploads\/2024\/01\/Boton-home-FSI-768x261.jpg 768w\" sizes=\"auto, (max-width: 908px) 100vw, 908px\" \/><\/a>\n\t\t<\/figure>\n\t<\/div>\n<\/div><\/div><\/div><div class=\"wpb_column vc_column_container vc_col-sm-3 vc_col-xs-6\"><div class=\"vc_column-inner\"><div class=\"wpb_wrapper\">\n\t<div  class=\"wpb_single_image wpb_content_element vc_align_left\">\n\t\t\n\t\t<figure class=\"wpb_wrapper vc_figure\">\n\t\t\t<a href=\"\/formacion-transpersonal-integrativa\/\" target=\"_self\" class=\"vc_single_image-wrapper   vc_box_border_grey\"><img loading=\"lazy\" decoding=\"async\" width=\"904\" height=\"308\" src=\"https:\/\/cercledeconsciencia.com\/wp-content\/uploads\/2024\/01\/Boton-home-FTI.jpg\" class=\"vc_single_image-img attachment-full\" alt=\"\" title=\"Boton home FTI\" srcset=\"https:\/\/cercledeconsciencia.com\/wp-content\/uploads\/2024\/01\/Boton-home-FTI.jpg 904w, https:\/\/cercledeconsciencia.com\/wp-content\/uploads\/2024\/01\/Boton-home-FTI-300x102.jpg 300w, https:\/\/cercledeconsciencia.com\/wp-content\/uploads\/2024\/01\/Boton-home-FTI-768x262.jpg 768w\" sizes=\"auto, (max-width: 904px) 100vw, 904px\" \/><\/a>\n\t\t<\/figure>\n\t<\/div>\n<\/div><\/div><\/div><\/div><\/div><\/div><div class=\"vc_empty_space\"   style=\"height: 160px\"><span class=\"vc_empty_space_inner\"><\/span><\/div><\/div><\/div><\/div><\/div><div class=\"vc_row wpb_row vc_row-fluid show-mobile vc_custom_1718712080907\" ><div class=\"wpb_column vc_column_container vc_col-sm-12\"><div class=\"vc_column-inner\"><div class=\"wpb_wrapper\">\n\t<div class=\"wpb_text_column wpb_content_element \" >\n\t\t<div class=\"wpb_wrapper\">\n\t\t\t<h2 style=\"text-align: center;\">Descubre nuestros Cercles<\/h2>\n\n\t\t<\/div>\n\t<\/div>\n<div class=\"vc_empty_space\"   style=\"height: 20px\"><span class=\"vc_empty_space_inner\"><\/span><\/div>\n\t<div class=\"wpb_video_widget wpb_content_element vc_clearfix   vc_video-aspect-ratio-169 vc_video-el-width-100 vc_video-align-center\" >\n\t\t<div class=\"wpb_wrapper\">\n\t\t\t\n\t\t\t<div class=\"wpb_video_wrapper\"><iframe loading=\"lazy\" title=\"ELLA\" src=\"https:\/\/player.vimeo.com\/video\/894020095?dnt=1&amp;app_id=122963\" width=\"1100\" height=\"619\" frameborder=\"0\" allow=\"autoplay; fullscreen; picture-in-picture; clipboard-write\"><\/iframe><\/div>\n\t\t<\/div>\n\t<\/div>\n<div class=\"vc_empty_space\"   style=\"height: 20px\"><span class=\"vc_empty_space_inner\"><\/span><\/div><div class=\"vc_row wpb_row vc_inner vc_row-fluid vc_column-gap-20\" ><div class=\"wpb_column vc_column_container vc_col-sm-3\"><div class=\"vc_column-inner\"><div class=\"wpb_wrapper\">\n\t<div  class=\"wpb_single_image wpb_content_element vc_align_center\">\n\t\t\n\t\t<figure class=\"wpb_wrapper vc_figure\">\n\t\t\t<a href=\"\/formacion-gestalt-integrativa\/\" target=\"_self\" class=\"vc_single_image-wrapper   vc_box_border_grey\"><img loading=\"lazy\" decoding=\"async\" width=\"904\" height=\"308\" src=\"https:\/\/cercledeconsciencia.com\/wp-content\/uploads\/2024\/01\/Boton-home-FGI.jpg\" class=\"vc_single_image-img attachment-full\" alt=\"\" title=\"Boton home FGI\" srcset=\"https:\/\/cercledeconsciencia.com\/wp-content\/uploads\/2024\/01\/Boton-home-FGI.jpg 904w, https:\/\/cercledeconsciencia.com\/wp-content\/uploads\/2024\/01\/Boton-home-FGI-300x102.jpg 300w, https:\/\/cercledeconsciencia.com\/wp-content\/uploads\/2024\/01\/Boton-home-FGI-768x262.jpg 768w\" sizes=\"auto, (max-width: 904px) 100vw, 904px\" \/><\/a>\n\t\t<\/figure>\n\t<\/div>\n<\/div><\/div><\/div><div class=\"wpb_column vc_column_container vc_col-sm-3\"><div class=\"vc_column-inner\"><div class=\"wpb_wrapper\">\n\t<div  class=\"wpb_single_image wpb_content_element vc_align_center\">\n\t\t\n\t\t<figure class=\"wpb_wrapper vc_figure\">\n\t\t\t<a href=\"\/formacion-en-terapia-corporal-integrativa\/\" target=\"_self\" class=\"vc_single_image-wrapper   vc_box_border_grey\"><img loading=\"lazy\" decoding=\"async\" width=\"908\" height=\"308\" src=\"https:\/\/cercledeconsciencia.com\/wp-content\/uploads\/2024\/01\/Boton-home-TCI.jpg\" class=\"vc_single_image-img attachment-full\" alt=\"\" title=\"Boton home TCI\" srcset=\"https:\/\/cercledeconsciencia.com\/wp-content\/uploads\/2024\/01\/Boton-home-TCI.jpg 908w, https:\/\/cercledeconsciencia.com\/wp-content\/uploads\/2024\/01\/Boton-home-TCI-300x102.jpg 300w, https:\/\/cercledeconsciencia.com\/wp-content\/uploads\/2024\/01\/Boton-home-TCI-768x261.jpg 768w\" sizes=\"auto, (max-width: 908px) 100vw, 908px\" \/><\/a>\n\t\t<\/figure>\n\t<\/div>\n<\/div><\/div><\/div><div class=\"wpb_column vc_column_container vc_col-sm-3\"><div class=\"vc_column-inner\"><div class=\"wpb_wrapper\">\n\t<div  class=\"wpb_single_image wpb_content_element vc_align_center\">\n\t\t\n\t\t<figure class=\"wpb_wrapper vc_figure\">\n\t\t\t<a href=\"\/formacion-en-sexualidad-integrativa\/\" target=\"_self\" class=\"vc_single_image-wrapper   vc_box_border_grey\"><img loading=\"lazy\" decoding=\"async\" width=\"908\" height=\"308\" src=\"https:\/\/cercledeconsciencia.com\/wp-content\/uploads\/2024\/01\/Boton-home-FSI.jpg\" class=\"vc_single_image-img attachment-full\" alt=\"\" title=\"Boto\u0301n home FSI\" srcset=\"https:\/\/cercledeconsciencia.com\/wp-content\/uploads\/2024\/01\/Boton-home-FSI.jpg 908w, https:\/\/cercledeconsciencia.com\/wp-content\/uploads\/2024\/01\/Boton-home-FSI-300x102.jpg 300w, https:\/\/cercledeconsciencia.com\/wp-content\/uploads\/2024\/01\/Boton-home-FSI-768x261.jpg 768w\" sizes=\"auto, (max-width: 908px) 100vw, 908px\" \/><\/a>\n\t\t<\/figure>\n\t<\/div>\n<\/div><\/div><\/div><div class=\"wpb_column vc_column_container vc_col-sm-3\"><div class=\"vc_column-inner\"><div class=\"wpb_wrapper\">\n\t<div  class=\"wpb_single_image wpb_content_element vc_align_center\">\n\t\t\n\t\t<figure class=\"wpb_wrapper vc_figure\">\n\t\t\t<a href=\"\/formacion-transpersonal-integrativa\/\" target=\"_self\" class=\"vc_single_image-wrapper   vc_box_border_grey\"><img loading=\"lazy\" decoding=\"async\" width=\"904\" height=\"308\" src=\"https:\/\/cercledeconsciencia.com\/wp-content\/uploads\/2024\/01\/Boton-home-FTI.jpg\" class=\"vc_single_image-img attachment-full\" alt=\"\" title=\"Boton home FTI\" srcset=\"https:\/\/cercledeconsciencia.com\/wp-content\/uploads\/2024\/01\/Boton-home-FTI.jpg 904w, https:\/\/cercledeconsciencia.com\/wp-content\/uploads\/2024\/01\/Boton-home-FTI-300x102.jpg 300w, https:\/\/cercledeconsciencia.com\/wp-content\/uploads\/2024\/01\/Boton-home-FTI-768x262.jpg 768w\" sizes=\"auto, (max-width: 904px) 100vw, 904px\" \/><\/a>\n\t\t<\/figure>\n\t<\/div>\n<\/div><\/div><\/div><\/div><div class=\"vc_empty_space\"   style=\"height: 100px\"><span class=\"vc_empty_space_inner\"><\/span><\/div><\/div><\/div><\/div><\/div><div class=\"vc_row wpb_row vc_row-fluid vc_custom_1699305108292\" ><div class=\"wpb_column vc_column_container vc_col-sm-12\"><div class=\"vc_column-inner\"><div class=\"wpb_wrapper\"><div class=\"vc_empty_space\"   style=\"height: 60px\"><span class=\"vc_empty_space_inner\"><\/span><\/div><div class=\"vc_row wpb_row vc_inner vc_row-fluid vc_row-o-content-middle vc_row-flex\" ><div class=\"wpb_column vc_column_container vc_col-sm-8\"><div class=\"vc_column-inner\"><div class=\"wpb_wrapper\">\n\t<div class=\"wpb_text_column wpb_content_element \" >\n\t\t<div class=\"wpb_wrapper\">\n\t\t\t<h2>\u00bfBuscas terapia?<\/h2>\n\n\t\t<\/div>\n\t<\/div>\n<div class=\"vc_empty_space\"   style=\"height: 50px\"><span class=\"vc_empty_space_inner\"><\/span><\/div>\n\t<div class=\"wpb_text_column wpb_content_element \" >\n\t\t<div class=\"wpb_wrapper\">\n\t\t\t<p style=\"text-align: justify;\">Sabemos que buscar ayuda puede ser un proceso dif\u00edcil, y queremos que sepas que est\u00e1s dando el primer paso hacia una vida m\u00e1s saludable y feliz. Te ofrecemos una gran variedad de terapias para que encuentres la que mejor se adapte a tus necesidades. Nuestros terapeutas son profesionales que te ayudar\u00e1n a explorar tus emociones y pensamientos, a identificar patrones de comportamiento y a desarrollar herramientas y estrategias para abordar los desaf\u00edos que est\u00e1s enfrentando.<\/p>\n\n\t\t<\/div>\n\t<\/div>\n<div class=\"vc_empty_space\"   style=\"height: 32px\"><span class=\"vc_empty_space_inner\"><\/span><\/div>\n\t<div  class=\"wpb_single_image wpb_content_element vc_align_right  vc_custom_1718235000086\">\n\t\t\n\t\t<figure class=\"wpb_wrapper vc_figure\">\n\t\t\t<a href=\"\/terapias\/\" target=\"_self\" class=\"vc_single_image-wrapper   vc_box_border_grey\"><img loading=\"lazy\" decoding=\"async\" width=\"72\" height=\"72\" src=\"https:\/\/cercledeconsciencia.com\/wp-content\/uploads\/2023\/07\/btn.png\" class=\"vc_single_image-img attachment-full\" alt=\"\" title=\"btn\" \/><\/a>\n\t\t<\/figure>\n\t<\/div>\n<div class=\"vc_empty_space\"   style=\"height: 32px\"><span class=\"vc_empty_space_inner\"><\/span><\/div><\/div><\/div><\/div><div class=\"wpb_column vc_column_container vc_col-sm-4\"><div class=\"vc_column-inner\"><div class=\"wpb_wrapper\">\n\t<div  class=\"wpb_single_image wpb_content_element vc_align_left\">\n\t\t\n\t\t<figure class=\"wpb_wrapper vc_figure\">\n\t\t\t<div class=\"vc_single_image-wrapper   vc_box_border_grey\"><img loading=\"lazy\" decoding=\"async\" width=\"324\" height=\"430\" src=\"https:\/\/cercledeconsciencia.com\/wp-content\/uploads\/2023\/09\/terapia1.png\" class=\"vc_single_image-img attachment-full\" alt=\"\" title=\"terapia1\" srcset=\"https:\/\/cercledeconsciencia.com\/wp-content\/uploads\/2023\/09\/terapia1.png 324w, https:\/\/cercledeconsciencia.com\/wp-content\/uploads\/2023\/09\/terapia1-226x300.png 226w\" sizes=\"auto, (max-width: 324px) 100vw, 324px\" \/><\/div>\n\t\t<\/figure>\n\t<\/div>\n<\/div><\/div><\/div><\/div><div class=\"vc_empty_space\"   style=\"height: 100px\"><span class=\"vc_empty_space_inner\"><\/span><\/div><\/div><\/div><\/div><\/div><div class=\"vc_row wpb_row vc_row-fluid vc_custom_1689090462594\" ><div class=\"wpb_column vc_column_container vc_col-sm-12\"><div class=\"vc_column-inner\"><div class=\"wpb_wrapper\">\n\t<div class=\"wpb_text_column wpb_content_element \" >\n\t\t<div class=\"wpb_wrapper\">\n\t\t\t<h2 style=\"text-align: center;\">Agenda de actividades<\/h2>\n\n\t\t<\/div>\n\t<\/div>\n<div class=\"vc_empty_space\"   style=\"height: 80px\"><span class=\"vc_empty_space_inner\"><\/span><\/div>\n\t<div class=\"wpb_raw_code wpb_content_element wpb_raw_html\" >\n\t\t<div class=\"wpb_wrapper\">\n\t\t\t<div class=\"mec-wrap mec-skin-carousel-container  \" id=\"mec_skin_5319\">\r\n        <div class=\"mec-skin-carousel-events-container\" id=\"mec_skin_events_5319\">\r\n        <div class=\"mec-wrap colorskin-custom\">\r\n    <div class=\"mec-event-carousel-type3\">\r\n                <div class='mec-owl-crousel-skin-type2 mec-owl-carousel mec-owl-theme'>\r\n                        <article class=\"mec-past-event mec-event-article  mec-clear \" itemscope>\r\n                                        <div class=\"event-carousel-type3-head clearfix\">\r\n                    <div class=\"mec-event-image\">\r\n                        <a data-event-id=\"2273\" href=\"https:\/\/cercledeconsciencia.com\/es\/actividades\/terapia-corporal-y-respiratoria\/\" target=\"_blank\" rel=\"noopener\"><img loading=\"lazy\" decoding=\"async\" width=\"474\" height=\"324\" src=\"https:\/\/cercledeconsciencia.com\/wp-content\/uploads\/2023\/11\/IMG_TERAPIA-CORPORAL-y-RESPIRATORIA-474x324.jpg\" class=\"attachment-meccarouselthumb size-meccarouselthumb wp-post-image\" alt=\"\" data-mec-postid=\"2273\" \/><\/a>                                            <\/div>\r\n                    <div class=\"mec-event-footer-carousel-type3\">\r\n                                                    <span class=\"mec-event-date-info\"><span class=\"mec-start-date-label\">Abr 29, 2026<\/span><\/span>\r\n                                                                                                                        <h4 class=\"mec-event-carousel-title\"><a class=\"mec-color-hover\" data-event-id=\"2273\" href=\"https:\/\/cercledeconsciencia.com\/es\/actividades\/terapia-corporal-y-respiratoria\/\" target=\"_blank\" rel=\"noopener\">Terapia Corporal y Respiratoria<\/a><\/h4>\r\n                                                <p class=\"mec-carousel-event-location\"><span>Espai TCI de Barcelona<\/span><br>Carrer de Pau Alsina, 35 Gracia - Barcelona<\/p>\r\n                                                    <ul class=\"mec-event-sharing-wrap\">\r\n                                <li class=\"mec-event-share\">\r\n                                    <a href=\"#\" class=\"mec-event-share-icon\">\r\n                                        <i class=\"mec-sl-share mec-bg-color-hover mec-border-color-hover\" title=\"Share\" alt=\"Share\"><\/i>\r\n                                    <\/a>\r\n                                <\/li>\r\n                                <li>\r\n                                    <ul class=\"mec-event-sharing\">\r\n                                        <li class=\"mec-event-social-icon\"><a class=\"facebook\" href=\"https:\/\/www.facebook.com\/sharer\/sharer.php?u=https%3A%2F%2Fcercledeconsciencia.com%2Fes%2Factividades%2Fterapia-corporal-y-respiratoria%2F\" onclick=\"javascript:window.open(this.href, '', 'menubar=no,toolbar=no,resizable=yes,scrollbars=yes,height=500,width=600'); return false;\" target=\"_blank\" title=\"Compartir en Facebook\"><i class=\"mec-fa-facebook\"><\/i><span class=\"mec-social-title\">Facebook<\/span><\/a><\/li><li class=\"mec-event-social-icon\"><a class=\"twitter\" href=\"https:\/\/x.com\/intent\/tweet?url=https%3A%2F%2Fcercledeconsciencia.com%2Fes%2Factividades%2Fterapia-corporal-y-respiratoria%2F\" onclick=\"javascript:window.open(this.href, '', 'menubar=no,toolbar=no,resizable=yes,scrollbars=yes,height=600,width=500'); return false;\" target=\"_blank\" title=\"X Social Network\"><svg xmlns=\"http:\/\/www.w3.org\/2000\/svg\" shape-rendering=\"geometricPrecision\" text-rendering=\"geometricPrecision\" image-rendering=\"optimizeQuality\" fill-rule=\"evenodd\" clip-rule=\"evenodd\" viewBox=\"0 0 512 462.799\"><path fill-rule=\"nonzero\" d=\"M403.229 0h78.506L310.219 196.04 512 462.799H354.002L230.261 301.007 88.669 462.799h-78.56l183.455-209.683L0 0h161.999l111.856 147.88L403.229 0zm-27.556 415.805h43.505L138.363 44.527h-46.68l283.99 371.278z\"\/><\/svg><span class=\"mec-social-title\">Twitter<\/span><\/a><\/li><li class=\"mec-event-social-icon\"><a class=\"linkedin\" href=\"https:\/\/www.linkedin.com\/shareArticle?mini=true&url=https%3A%2F%2Fcercledeconsciencia.com%2Fes%2Factividades%2Fterapia-corporal-y-respiratoria%2F\" onclick=\"javascript:window.open(this.href, '', 'menubar=no,toolbar=no,resizable=yes,scrollbars=yes,height=600,width=500'); return false;\" target=\"_blank\" title=\"LinkedIn\"><i class=\"mec-fa-linkedin\"><\/i><span class=\"mec-social-title\">LinkedIn<\/span><\/a><\/li><li class=\"mec-event-social-icon\"><a class=\"pinterest\" href=\"http:\/\/pinterest.com\/pin\/create\/button\/?url=https%3A%2F%2Fcercledeconsciencia.com%2Fes%2Factividades%2Fterapia-corporal-y-respiratoria%2F\" target=\"_blank\" title=\"Compartir en Pinterest\"><i class=\"mec-fa-pinterest\"><\/i><span class=\"mec-social-title\">Pitnerest<\/span><\/a><\/li><li class=\"mec-event-social-icon\"><a class=\"whatsapp\" href=\"https:\/\/api.whatsapp.com\/send?text=https%3A%2F%2Fcercledeconsciencia.com%2Fes%2Factividades%2Fterapia-corporal-y-respiratoria%2F\" target=\"_blank\" title=\"Compartir en WhatsApp\"><i class=\"mec-fa-whatsapp\"><\/i><span class=\"mec-social-title\">WhatsApp<\/span><\/a><\/li><li class=\"mec-event-social-icon\"><a class=\"telegram\" href=\"https:\/\/telegram.me\/share\/url?url=https%3A%2F%2Fcercledeconsciencia.com%2Fes%2Factividades%2Fterapia-corporal-y-respiratoria%2F&text=Terapia Corporal y Respiratoria\" target=\"_blank\" title=\"Compartir en Telegram\">\r\n            <i><svg aria-hidden=\"true\" focusable=\"false\" data-prefix=\"fab\" data-icon=\"telegram\" class=\"svg-inline--fa fa-telegram fa-w-16\" role=\"img\" xmlns=\"http:\/\/www.w3.org\/2000\/svg\" viewBox=\"0 0 496 512\"><path fill=\"currentColor\" d=\"M248 8C111 8 0 119 0 256s111 248 248 248 248-111 248-248S385 8 248 8zm121.8 169.9l-40.7 191.8c-3 13.6-11.1 16.9-22.4 10.5l-62-45.7-29.9 28.8c-3.3 3.3-6.1 6.1-12.5 6.1l4.4-63.1 114.9-103.8c5-4.4-1.1-6.9-7.7-2.5l-142 89.4-61.2-19.1c-13.3-4.2-13.6-13.3 2.8-19.7l239.1-92.2c11.1-4 20.8 2.7 17.2 19.5z\"><\/path><\/svg><\/i>\r\n            <span class=\"mec-social-title\">Telegram<\/span>\r\n        <\/a><\/li>                                    <\/ul>\r\n                                <\/li>\r\n                            <\/ul>\r\n                                                <a class=\"mec-booking-button mec-bg-color-hover mec-border-color-hover\" data-event-id=\"2273\" href=\"https:\/\/cercledeconsciencia.com\/es\/actividades\/terapia-corporal-y-respiratoria\/\" target=\"_blank\" rel=\"noopener\">Ver detalle<\/a>                                            <\/div>\r\n                <\/div>\r\n                            <\/article>\r\n                        <article class=\"mec-past-event mec-event-article  mec-clear \" itemscope>\r\n                                        <div class=\"event-carousel-type3-head clearfix\">\r\n                    <div class=\"mec-event-image\">\r\n                        <a data-event-id=\"4654\" href=\"https:\/\/cercledeconsciencia.com\/es\/actividades\/entre-mujeres-grupo-mallorca\/\" target=\"_blank\" rel=\"noopener\"><img loading=\"lazy\" decoding=\"async\" width=\"474\" height=\"324\" src=\"https:\/\/cercledeconsciencia.com\/wp-content\/uploads\/2024\/07\/Captura-de-pantalla-2025-09-23-a-las-11.55.27-474x324.png\" class=\"attachment-meccarouselthumb size-meccarouselthumb wp-post-image\" alt=\"\" data-mec-postid=\"4654\" \/><\/a>                                            <\/div>\r\n                    <div class=\"mec-event-footer-carousel-type3\">\r\n                                                    <span class=\"mec-event-date-info\"><span class=\"mec-start-date-label\">Abr 29, 2026<\/span><\/span>\r\n                                                                                                                        <h4 class=\"mec-event-carousel-title\"><a class=\"mec-color-hover\" data-event-id=\"4654\" href=\"https:\/\/cercledeconsciencia.com\/es\/actividades\/entre-mujeres-grupo-mallorca\/\" target=\"_blank\" rel=\"noopener\">Entre Mujeres &#8211; Grupo Terap\u00e9utico Mallorca<\/a><\/h4>\r\n                                                <p class=\"mec-carousel-event-location\"><span>Mallorca<\/span><br>Carrer Ciutat de Quer\u00e9taro, 6, 2.\u00ba 1.\u00aa Palma<\/p>\r\n                                                    <ul class=\"mec-event-sharing-wrap\">\r\n                                <li class=\"mec-event-share\">\r\n                                    <a href=\"#\" class=\"mec-event-share-icon\">\r\n                                        <i class=\"mec-sl-share mec-bg-color-hover mec-border-color-hover\" title=\"Share\" alt=\"Share\"><\/i>\r\n                                    <\/a>\r\n                                <\/li>\r\n                                <li>\r\n                                    <ul class=\"mec-event-sharing\">\r\n                                        <li class=\"mec-event-social-icon\"><a class=\"facebook\" href=\"https:\/\/www.facebook.com\/sharer\/sharer.php?u=https%3A%2F%2Fcercledeconsciencia.com%2Fes%2Factividades%2Fentre-mujeres-grupo-mallorca%2F\" onclick=\"javascript:window.open(this.href, '', 'menubar=no,toolbar=no,resizable=yes,scrollbars=yes,height=500,width=600'); return false;\" target=\"_blank\" title=\"Compartir en Facebook\"><i class=\"mec-fa-facebook\"><\/i><span class=\"mec-social-title\">Facebook<\/span><\/a><\/li><li class=\"mec-event-social-icon\"><a class=\"twitter\" href=\"https:\/\/x.com\/intent\/tweet?url=https%3A%2F%2Fcercledeconsciencia.com%2Fes%2Factividades%2Fentre-mujeres-grupo-mallorca%2F\" onclick=\"javascript:window.open(this.href, '', 'menubar=no,toolbar=no,resizable=yes,scrollbars=yes,height=600,width=500'); return false;\" target=\"_blank\" title=\"X Social Network\"><svg xmlns=\"http:\/\/www.w3.org\/2000\/svg\" shape-rendering=\"geometricPrecision\" text-rendering=\"geometricPrecision\" image-rendering=\"optimizeQuality\" fill-rule=\"evenodd\" clip-rule=\"evenodd\" viewBox=\"0 0 512 462.799\"><path fill-rule=\"nonzero\" d=\"M403.229 0h78.506L310.219 196.04 512 462.799H354.002L230.261 301.007 88.669 462.799h-78.56l183.455-209.683L0 0h161.999l111.856 147.88L403.229 0zm-27.556 415.805h43.505L138.363 44.527h-46.68l283.99 371.278z\"\/><\/svg><span class=\"mec-social-title\">Twitter<\/span><\/a><\/li><li class=\"mec-event-social-icon\"><a class=\"linkedin\" href=\"https:\/\/www.linkedin.com\/shareArticle?mini=true&url=https%3A%2F%2Fcercledeconsciencia.com%2Fes%2Factividades%2Fentre-mujeres-grupo-mallorca%2F\" onclick=\"javascript:window.open(this.href, '', 'menubar=no,toolbar=no,resizable=yes,scrollbars=yes,height=600,width=500'); return false;\" target=\"_blank\" title=\"LinkedIn\"><i class=\"mec-fa-linkedin\"><\/i><span class=\"mec-social-title\">LinkedIn<\/span><\/a><\/li><li class=\"mec-event-social-icon\"><a class=\"pinterest\" href=\"http:\/\/pinterest.com\/pin\/create\/button\/?url=https%3A%2F%2Fcercledeconsciencia.com%2Fes%2Factividades%2Fentre-mujeres-grupo-mallorca%2F\" target=\"_blank\" title=\"Compartir en Pinterest\"><i class=\"mec-fa-pinterest\"><\/i><span class=\"mec-social-title\">Pitnerest<\/span><\/a><\/li><li class=\"mec-event-social-icon\"><a class=\"whatsapp\" href=\"https:\/\/api.whatsapp.com\/send?text=https%3A%2F%2Fcercledeconsciencia.com%2Fes%2Factividades%2Fentre-mujeres-grupo-mallorca%2F\" target=\"_blank\" title=\"Compartir en WhatsApp\"><i class=\"mec-fa-whatsapp\"><\/i><span class=\"mec-social-title\">WhatsApp<\/span><\/a><\/li><li class=\"mec-event-social-icon\"><a class=\"telegram\" href=\"https:\/\/telegram.me\/share\/url?url=https%3A%2F%2Fcercledeconsciencia.com%2Fes%2Factividades%2Fentre-mujeres-grupo-mallorca%2F&text=Entre Mujeres &#8211; Grupo Terap\u00e9utico Mallorca\" target=\"_blank\" title=\"Compartir en Telegram\">\r\n            <i><svg aria-hidden=\"true\" focusable=\"false\" data-prefix=\"fab\" data-icon=\"telegram\" class=\"svg-inline--fa fa-telegram fa-w-16\" role=\"img\" xmlns=\"http:\/\/www.w3.org\/2000\/svg\" viewBox=\"0 0 496 512\"><path fill=\"currentColor\" d=\"M248 8C111 8 0 119 0 256s111 248 248 248 248-111 248-248S385 8 248 8zm121.8 169.9l-40.7 191.8c-3 13.6-11.1 16.9-22.4 10.5l-62-45.7-29.9 28.8c-3.3 3.3-6.1 6.1-12.5 6.1l4.4-63.1 114.9-103.8c5-4.4-1.1-6.9-7.7-2.5l-142 89.4-61.2-19.1c-13.3-4.2-13.6-13.3 2.8-19.7l239.1-92.2c11.1-4 20.8 2.7 17.2 19.5z\"><\/path><\/svg><\/i>\r\n            <span class=\"mec-social-title\">Telegram<\/span>\r\n        <\/a><\/li>                                    <\/ul>\r\n                                <\/li>\r\n                            <\/ul>\r\n                                                <a class=\"mec-booking-button mec-bg-color-hover mec-border-color-hover\" data-event-id=\"4654\" href=\"https:\/\/cercledeconsciencia.com\/es\/actividades\/entre-mujeres-grupo-mallorca\/\" target=\"_blank\" rel=\"noopener\">Ver detalle<\/a>                                            <\/div>\r\n                <\/div>\r\n                            <\/article>\r\n                        <article class=\"mec-past-event mec-event-article  mec-clear \" itemscope>\r\n                                        <div class=\"event-carousel-type3-head clearfix\">\r\n                    <div class=\"mec-event-image\">\r\n                        <a data-event-id=\"2276\" href=\"https:\/\/cercledeconsciencia.com\/es\/actividades\/teatro-terapeutico\/\" target=\"_blank\" rel=\"noopener\"><img loading=\"lazy\" decoding=\"async\" width=\"474\" height=\"324\" src=\"https:\/\/cercledeconsciencia.com\/wp-content\/uploads\/2023\/11\/Imagen_SK_Curso_AC_TETE_2023-2024-474x324.jpg\" class=\"attachment-meccarouselthumb size-meccarouselthumb wp-post-image\" alt=\"\" data-mec-postid=\"2276\" \/><\/a>                                            <\/div>\r\n                    <div class=\"mec-event-footer-carousel-type3\">\r\n                                                    <span class=\"mec-event-date-info\"><span class=\"mec-start-date-label\">Abr 29, 2026<\/span><\/span>\r\n                                                                                                                        <h4 class=\"mec-event-carousel-title\"><a class=\"mec-color-hover\" data-event-id=\"2276\" href=\"https:\/\/cercledeconsciencia.com\/es\/actividades\/teatro-terapeutico\/\" target=\"_blank\" rel=\"noopener\">Teatro Terap\u00e9utico<\/a><\/h4>\r\n                                                <p class=\"mec-carousel-event-location\"><span>Cercle Gestalt Barcelona<\/span><br>Carrer de Pau Alsina, 16, Gracia Barcelona<\/p>\r\n                                                    <ul class=\"mec-event-sharing-wrap\">\r\n                                <li class=\"mec-event-share\">\r\n                                    <a href=\"#\" class=\"mec-event-share-icon\">\r\n                                        <i class=\"mec-sl-share mec-bg-color-hover mec-border-color-hover\" title=\"Share\" alt=\"Share\"><\/i>\r\n                                    <\/a>\r\n                                <\/li>\r\n                                <li>\r\n                                    <ul class=\"mec-event-sharing\">\r\n                                        <li class=\"mec-event-social-icon\"><a class=\"facebook\" href=\"https:\/\/www.facebook.com\/sharer\/sharer.php?u=https%3A%2F%2Fcercledeconsciencia.com%2Fes%2Factividades%2Fteatro-terapeutico%2F\" onclick=\"javascript:window.open(this.href, '', 'menubar=no,toolbar=no,resizable=yes,scrollbars=yes,height=500,width=600'); return false;\" target=\"_blank\" title=\"Compartir en Facebook\"><i class=\"mec-fa-facebook\"><\/i><span class=\"mec-social-title\">Facebook<\/span><\/a><\/li><li class=\"mec-event-social-icon\"><a class=\"twitter\" href=\"https:\/\/x.com\/intent\/tweet?url=https%3A%2F%2Fcercledeconsciencia.com%2Fes%2Factividades%2Fteatro-terapeutico%2F\" onclick=\"javascript:window.open(this.href, '', 'menubar=no,toolbar=no,resizable=yes,scrollbars=yes,height=600,width=500'); return false;\" target=\"_blank\" title=\"X Social Network\"><svg xmlns=\"http:\/\/www.w3.org\/2000\/svg\" shape-rendering=\"geometricPrecision\" text-rendering=\"geometricPrecision\" image-rendering=\"optimizeQuality\" fill-rule=\"evenodd\" clip-rule=\"evenodd\" viewBox=\"0 0 512 462.799\"><path fill-rule=\"nonzero\" d=\"M403.229 0h78.506L310.219 196.04 512 462.799H354.002L230.261 301.007 88.669 462.799h-78.56l183.455-209.683L0 0h161.999l111.856 147.88L403.229 0zm-27.556 415.805h43.505L138.363 44.527h-46.68l283.99 371.278z\"\/><\/svg><span class=\"mec-social-title\">Twitter<\/span><\/a><\/li><li class=\"mec-event-social-icon\"><a class=\"linkedin\" href=\"https:\/\/www.linkedin.com\/shareArticle?mini=true&url=https%3A%2F%2Fcercledeconsciencia.com%2Fes%2Factividades%2Fteatro-terapeutico%2F\" onclick=\"javascript:window.open(this.href, '', 'menubar=no,toolbar=no,resizable=yes,scrollbars=yes,height=600,width=500'); return false;\" target=\"_blank\" title=\"LinkedIn\"><i class=\"mec-fa-linkedin\"><\/i><span class=\"mec-social-title\">LinkedIn<\/span><\/a><\/li><li class=\"mec-event-social-icon\"><a class=\"pinterest\" href=\"http:\/\/pinterest.com\/pin\/create\/button\/?url=https%3A%2F%2Fcercledeconsciencia.com%2Fes%2Factividades%2Fteatro-terapeutico%2F\" target=\"_blank\" title=\"Compartir en Pinterest\"><i class=\"mec-fa-pinterest\"><\/i><span class=\"mec-social-title\">Pitnerest<\/span><\/a><\/li><li class=\"mec-event-social-icon\"><a class=\"whatsapp\" href=\"https:\/\/api.whatsapp.com\/send?text=https%3A%2F%2Fcercledeconsciencia.com%2Fes%2Factividades%2Fteatro-terapeutico%2F\" target=\"_blank\" title=\"Compartir en WhatsApp\"><i class=\"mec-fa-whatsapp\"><\/i><span class=\"mec-social-title\">WhatsApp<\/span><\/a><\/li><li class=\"mec-event-social-icon\"><a class=\"telegram\" href=\"https:\/\/telegram.me\/share\/url?url=https%3A%2F%2Fcercledeconsciencia.com%2Fes%2Factividades%2Fteatro-terapeutico%2F&text=Teatro Terap\u00e9utico\" target=\"_blank\" title=\"Compartir en Telegram\">\r\n            <i><svg aria-hidden=\"true\" focusable=\"false\" data-prefix=\"fab\" data-icon=\"telegram\" class=\"svg-inline--fa fa-telegram fa-w-16\" role=\"img\" xmlns=\"http:\/\/www.w3.org\/2000\/svg\" viewBox=\"0 0 496 512\"><path fill=\"currentColor\" d=\"M248 8C111 8 0 119 0 256s111 248 248 248 248-111 248-248S385 8 248 8zm121.8 169.9l-40.7 191.8c-3 13.6-11.1 16.9-22.4 10.5l-62-45.7-29.9 28.8c-3.3 3.3-6.1 6.1-12.5 6.1l4.4-63.1 114.9-103.8c5-4.4-1.1-6.9-7.7-2.5l-142 89.4-61.2-19.1c-13.3-4.2-13.6-13.3 2.8-19.7l239.1-92.2c11.1-4 20.8 2.7 17.2 19.5z\"><\/path><\/svg><\/i>\r\n            <span class=\"mec-social-title\">Telegram<\/span>\r\n        <\/a><\/li>                                    <\/ul>\r\n                                <\/li>\r\n                            <\/ul>\r\n                                                <a class=\"mec-booking-button mec-bg-color-hover mec-border-color-hover\" data-event-id=\"2276\" href=\"https:\/\/cercledeconsciencia.com\/es\/actividades\/teatro-terapeutico\/\" target=\"_blank\" rel=\"noopener\">Ver detalle<\/a>                                            <\/div>\r\n                <\/div>\r\n                            <\/article>\r\n                        <article class=\"mec-past-event mec-event-article  mec-clear \" itemscope>\r\n                                        <div class=\"event-carousel-type3-head clearfix\">\r\n                    <div class=\"mec-event-image\">\r\n                        <a data-event-id=\"4667\" href=\"https:\/\/cercledeconsciencia.com\/es\/actividades\/desbloqueo-corporal-tardes\/\" target=\"_blank\" rel=\"noopener\"><img loading=\"lazy\" decoding=\"async\" width=\"474\" height=\"324\" src=\"https:\/\/cercledeconsciencia.com\/wp-content\/uploads\/2024\/07\/Captura-de-pantalla-2025-10-30-a-las-9.13.46-474x324.png\" class=\"attachment-meccarouselthumb size-meccarouselthumb wp-post-image\" alt=\"\" data-mec-postid=\"4667\" \/><\/a>                                            <\/div>\r\n                    <div class=\"mec-event-footer-carousel-type3\">\r\n                                                    <span class=\"mec-event-date-info\"><span class=\"mec-start-date-label\">Abr 29, 2026<\/span><\/span>\r\n                                                                                                                        <h4 class=\"mec-event-carousel-title\"><a class=\"mec-color-hover\" data-event-id=\"4667\" href=\"https:\/\/cercledeconsciencia.com\/es\/actividades\/desbloqueo-corporal-tardes\/\" target=\"_blank\" rel=\"noopener\">Desbloqueo corporal &#8211; Grupo tardes<\/a><\/h4>\r\n                                                <p class=\"mec-carousel-event-location\"><span>Espai TCI de Barcelona<\/span><br>Carrer de Pau Alsina, 35 Gracia - Barcelona<\/p>\r\n                                                    <ul class=\"mec-event-sharing-wrap\">\r\n                                <li class=\"mec-event-share\">\r\n                                    <a href=\"#\" class=\"mec-event-share-icon\">\r\n                                        <i class=\"mec-sl-share mec-bg-color-hover mec-border-color-hover\" title=\"Share\" alt=\"Share\"><\/i>\r\n                                    <\/a>\r\n                                <\/li>\r\n                                <li>\r\n                                    <ul class=\"mec-event-sharing\">\r\n                                        <li class=\"mec-event-social-icon\"><a class=\"facebook\" href=\"https:\/\/www.facebook.com\/sharer\/sharer.php?u=https%3A%2F%2Fcercledeconsciencia.com%2Fes%2Factividades%2Fdesbloqueo-corporal-tardes%2F\" onclick=\"javascript:window.open(this.href, '', 'menubar=no,toolbar=no,resizable=yes,scrollbars=yes,height=500,width=600'); return false;\" target=\"_blank\" title=\"Compartir en Facebook\"><i class=\"mec-fa-facebook\"><\/i><span class=\"mec-social-title\">Facebook<\/span><\/a><\/li><li class=\"mec-event-social-icon\"><a class=\"twitter\" href=\"https:\/\/x.com\/intent\/tweet?url=https%3A%2F%2Fcercledeconsciencia.com%2Fes%2Factividades%2Fdesbloqueo-corporal-tardes%2F\" onclick=\"javascript:window.open(this.href, '', 'menubar=no,toolbar=no,resizable=yes,scrollbars=yes,height=600,width=500'); return false;\" target=\"_blank\" title=\"X Social Network\"><svg xmlns=\"http:\/\/www.w3.org\/2000\/svg\" shape-rendering=\"geometricPrecision\" text-rendering=\"geometricPrecision\" image-rendering=\"optimizeQuality\" fill-rule=\"evenodd\" clip-rule=\"evenodd\" viewBox=\"0 0 512 462.799\"><path fill-rule=\"nonzero\" d=\"M403.229 0h78.506L310.219 196.04 512 462.799H354.002L230.261 301.007 88.669 462.799h-78.56l183.455-209.683L0 0h161.999l111.856 147.88L403.229 0zm-27.556 415.805h43.505L138.363 44.527h-46.68l283.99 371.278z\"\/><\/svg><span class=\"mec-social-title\">Twitter<\/span><\/a><\/li><li class=\"mec-event-social-icon\"><a class=\"linkedin\" href=\"https:\/\/www.linkedin.com\/shareArticle?mini=true&url=https%3A%2F%2Fcercledeconsciencia.com%2Fes%2Factividades%2Fdesbloqueo-corporal-tardes%2F\" onclick=\"javascript:window.open(this.href, '', 'menubar=no,toolbar=no,resizable=yes,scrollbars=yes,height=600,width=500'); return false;\" target=\"_blank\" title=\"LinkedIn\"><i class=\"mec-fa-linkedin\"><\/i><span class=\"mec-social-title\">LinkedIn<\/span><\/a><\/li><li class=\"mec-event-social-icon\"><a class=\"pinterest\" href=\"http:\/\/pinterest.com\/pin\/create\/button\/?url=https%3A%2F%2Fcercledeconsciencia.com%2Fes%2Factividades%2Fdesbloqueo-corporal-tardes%2F\" target=\"_blank\" title=\"Compartir en Pinterest\"><i class=\"mec-fa-pinterest\"><\/i><span class=\"mec-social-title\">Pitnerest<\/span><\/a><\/li><li class=\"mec-event-social-icon\"><a class=\"whatsapp\" href=\"https:\/\/api.whatsapp.com\/send?text=https%3A%2F%2Fcercledeconsciencia.com%2Fes%2Factividades%2Fdesbloqueo-corporal-tardes%2F\" target=\"_blank\" title=\"Compartir en WhatsApp\"><i class=\"mec-fa-whatsapp\"><\/i><span class=\"mec-social-title\">WhatsApp<\/span><\/a><\/li><li class=\"mec-event-social-icon\"><a class=\"telegram\" href=\"https:\/\/telegram.me\/share\/url?url=https%3A%2F%2Fcercledeconsciencia.com%2Fes%2Factividades%2Fdesbloqueo-corporal-tardes%2F&text=Desbloqueo corporal &#8211; Grupo tardes\" target=\"_blank\" title=\"Compartir en Telegram\">\r\n            <i><svg aria-hidden=\"true\" focusable=\"false\" data-prefix=\"fab\" data-icon=\"telegram\" class=\"svg-inline--fa fa-telegram fa-w-16\" role=\"img\" xmlns=\"http:\/\/www.w3.org\/2000\/svg\" viewBox=\"0 0 496 512\"><path fill=\"currentColor\" d=\"M248 8C111 8 0 119 0 256s111 248 248 248 248-111 248-248S385 8 248 8zm121.8 169.9l-40.7 191.8c-3 13.6-11.1 16.9-22.4 10.5l-62-45.7-29.9 28.8c-3.3 3.3-6.1 6.1-12.5 6.1l4.4-63.1 114.9-103.8c5-4.4-1.1-6.9-7.7-2.5l-142 89.4-61.2-19.1c-13.3-4.2-13.6-13.3 2.8-19.7l239.1-92.2c11.1-4 20.8 2.7 17.2 19.5z\"><\/path><\/svg><\/i>\r\n            <span class=\"mec-social-title\">Telegram<\/span>\r\n        <\/a><\/li>                                    <\/ul>\r\n                                <\/li>\r\n                            <\/ul>\r\n                                                <a class=\"mec-booking-button mec-bg-color-hover mec-border-color-hover\" data-event-id=\"4667\" href=\"https:\/\/cercledeconsciencia.com\/es\/actividades\/desbloqueo-corporal-tardes\/\" target=\"_blank\" rel=\"noopener\">Ver detalle<\/a>                                            <\/div>\r\n                <\/div>\r\n                            <\/article>\r\n                                    <article class=\"mec-past-event mec-event-article  mec-clear \" itemscope>\r\n                                        <div class=\"event-carousel-type3-head clearfix\">\r\n                    <div class=\"mec-event-image\">\r\n                        <a data-event-id=\"5186\" href=\"https:\/\/cercledeconsciencia.com\/es\/actividades\/integrando-tus-voces\/\" target=\"_blank\" rel=\"noopener\"><img loading=\"lazy\" decoding=\"async\" width=\"474\" height=\"324\" src=\"https:\/\/cercledeconsciencia.com\/wp-content\/uploads\/2025\/01\/Captura-de-pantalla-2025-01-22-a-las-17.10.05-474x324.png\" class=\"attachment-meccarouselthumb size-meccarouselthumb wp-post-image\" alt=\"\" data-mec-postid=\"5186\" \/><\/a>                                            <\/div>\r\n                    <div class=\"mec-event-footer-carousel-type3\">\r\n                                                    <span class=\"mec-event-date-info\"><span class=\"mec-start-date-label\">Abr 30, 2026<\/span><\/span>\r\n                                                                                                                        <h4 class=\"mec-event-carousel-title\"><a class=\"mec-color-hover\" data-event-id=\"5186\" href=\"https:\/\/cercledeconsciencia.com\/es\/actividades\/integrando-tus-voces\/\" target=\"_blank\" rel=\"noopener\">Integrando tus Voces<\/a><\/h4>\r\n                                                <p class=\"mec-carousel-event-location\"><span>Espai TCI de Barcelona<\/span><br>Carrer de Pau Alsina, 35 Gracia - Barcelona<\/p>\r\n                                                    <ul class=\"mec-event-sharing-wrap\">\r\n                                <li class=\"mec-event-share\">\r\n                                    <a href=\"#\" class=\"mec-event-share-icon\">\r\n                                        <i class=\"mec-sl-share mec-bg-color-hover mec-border-color-hover\" title=\"Share\" alt=\"Share\"><\/i>\r\n                                    <\/a>\r\n                                <\/li>\r\n                                <li>\r\n                                    <ul class=\"mec-event-sharing\">\r\n                                        <li class=\"mec-event-social-icon\"><a class=\"facebook\" href=\"https:\/\/www.facebook.com\/sharer\/sharer.php?u=https%3A%2F%2Fcercledeconsciencia.com%2Fes%2Factividades%2Fintegrando-tus-voces%2F\" onclick=\"javascript:window.open(this.href, '', 'menubar=no,toolbar=no,resizable=yes,scrollbars=yes,height=500,width=600'); return false;\" target=\"_blank\" title=\"Compartir en Facebook\"><i class=\"mec-fa-facebook\"><\/i><span class=\"mec-social-title\">Facebook<\/span><\/a><\/li><li class=\"mec-event-social-icon\"><a class=\"twitter\" href=\"https:\/\/x.com\/intent\/tweet?url=https%3A%2F%2Fcercledeconsciencia.com%2Fes%2Factividades%2Fintegrando-tus-voces%2F\" onclick=\"javascript:window.open(this.href, '', 'menubar=no,toolbar=no,resizable=yes,scrollbars=yes,height=600,width=500'); return false;\" target=\"_blank\" title=\"X Social Network\"><svg xmlns=\"http:\/\/www.w3.org\/2000\/svg\" shape-rendering=\"geometricPrecision\" text-rendering=\"geometricPrecision\" image-rendering=\"optimizeQuality\" fill-rule=\"evenodd\" clip-rule=\"evenodd\" viewBox=\"0 0 512 462.799\"><path fill-rule=\"nonzero\" d=\"M403.229 0h78.506L310.219 196.04 512 462.799H354.002L230.261 301.007 88.669 462.799h-78.56l183.455-209.683L0 0h161.999l111.856 147.88L403.229 0zm-27.556 415.805h43.505L138.363 44.527h-46.68l283.99 371.278z\"\/><\/svg><span class=\"mec-social-title\">Twitter<\/span><\/a><\/li><li class=\"mec-event-social-icon\"><a class=\"linkedin\" href=\"https:\/\/www.linkedin.com\/shareArticle?mini=true&url=https%3A%2F%2Fcercledeconsciencia.com%2Fes%2Factividades%2Fintegrando-tus-voces%2F\" onclick=\"javascript:window.open(this.href, '', 'menubar=no,toolbar=no,resizable=yes,scrollbars=yes,height=600,width=500'); return false;\" target=\"_blank\" title=\"LinkedIn\"><i class=\"mec-fa-linkedin\"><\/i><span class=\"mec-social-title\">LinkedIn<\/span><\/a><\/li><li class=\"mec-event-social-icon\"><a class=\"pinterest\" href=\"http:\/\/pinterest.com\/pin\/create\/button\/?url=https%3A%2F%2Fcercledeconsciencia.com%2Fes%2Factividades%2Fintegrando-tus-voces%2F\" target=\"_blank\" title=\"Compartir en Pinterest\"><i class=\"mec-fa-pinterest\"><\/i><span class=\"mec-social-title\">Pitnerest<\/span><\/a><\/li><li class=\"mec-event-social-icon\"><a class=\"whatsapp\" href=\"https:\/\/api.whatsapp.com\/send?text=https%3A%2F%2Fcercledeconsciencia.com%2Fes%2Factividades%2Fintegrando-tus-voces%2F\" target=\"_blank\" title=\"Compartir en WhatsApp\"><i class=\"mec-fa-whatsapp\"><\/i><span class=\"mec-social-title\">WhatsApp<\/span><\/a><\/li><li class=\"mec-event-social-icon\"><a class=\"telegram\" href=\"https:\/\/telegram.me\/share\/url?url=https%3A%2F%2Fcercledeconsciencia.com%2Fes%2Factividades%2Fintegrando-tus-voces%2F&text=Integrando tus Voces\" target=\"_blank\" title=\"Compartir en Telegram\">\r\n            <i><svg aria-hidden=\"true\" focusable=\"false\" data-prefix=\"fab\" data-icon=\"telegram\" class=\"svg-inline--fa fa-telegram fa-w-16\" role=\"img\" xmlns=\"http:\/\/www.w3.org\/2000\/svg\" viewBox=\"0 0 496 512\"><path fill=\"currentColor\" d=\"M248 8C111 8 0 119 0 256s111 248 248 248 248-111 248-248S385 8 248 8zm121.8 169.9l-40.7 191.8c-3 13.6-11.1 16.9-22.4 10.5l-62-45.7-29.9 28.8c-3.3 3.3-6.1 6.1-12.5 6.1l4.4-63.1 114.9-103.8c5-4.4-1.1-6.9-7.7-2.5l-142 89.4-61.2-19.1c-13.3-4.2-13.6-13.3 2.8-19.7l239.1-92.2c11.1-4 20.8 2.7 17.2 19.5z\"><\/path><\/svg><\/i>\r\n            <span class=\"mec-social-title\">Telegram<\/span>\r\n        <\/a><\/li>                                    <\/ul>\r\n                                <\/li>\r\n                            <\/ul>\r\n                                                <a class=\"mec-booking-button mec-bg-color-hover mec-border-color-hover\" data-event-id=\"5186\" href=\"https:\/\/cercledeconsciencia.com\/es\/actividades\/integrando-tus-voces\/\" target=\"_blank\" rel=\"noopener\">Ver detalle<\/a>                                            <\/div>\r\n                <\/div>\r\n                            <\/article>\r\n                        <article class=\"mec-past-event mec-event-article  mec-clear \" itemscope>\r\n                                        <div class=\"event-carousel-type3-head clearfix\">\r\n                    <div class=\"mec-event-image\">\r\n                        <a data-event-id=\"5175\" href=\"https:\/\/cercledeconsciencia.com\/es\/actividades\/teatro-terapia-en-accion\/\" target=\"_blank\" rel=\"noopener\"><img loading=\"lazy\" decoding=\"async\" width=\"474\" height=\"324\" src=\"https:\/\/cercledeconsciencia.com\/wp-content\/uploads\/2025\/01\/Captura-de-pantalla-2025-01-07-a-las-12.22.09-474x324.png\" class=\"attachment-meccarouselthumb size-meccarouselthumb wp-post-image\" alt=\"\" data-mec-postid=\"5175\" \/><\/a>                                            <\/div>\r\n                    <div class=\"mec-event-footer-carousel-type3\">\r\n                                                    <span class=\"mec-event-date-info\"><span class=\"mec-start-date-label\">Abr 30, 2026<\/span><\/span>\r\n                                                                                                                        <h4 class=\"mec-event-carousel-title\"><a class=\"mec-color-hover\" data-event-id=\"5175\" href=\"https:\/\/cercledeconsciencia.com\/es\/actividades\/teatro-terapia-en-accion\/\" target=\"_blank\" rel=\"noopener\">Teatro Terapia en Acci\u00f3n<\/a><\/h4>\r\n                                                <p class=\"mec-carousel-event-location\"><span>Cercle Gestalt Barcelona<\/span><br>Carrer de Pau Alsina, 16, Gracia Barcelona<\/p>\r\n                                                    <ul class=\"mec-event-sharing-wrap\">\r\n                                <li class=\"mec-event-share\">\r\n                                    <a href=\"#\" class=\"mec-event-share-icon\">\r\n                                        <i class=\"mec-sl-share mec-bg-color-hover mec-border-color-hover\" title=\"Share\" alt=\"Share\"><\/i>\r\n                                    <\/a>\r\n                                <\/li>\r\n                                <li>\r\n                                    <ul class=\"mec-event-sharing\">\r\n                                        <li class=\"mec-event-social-icon\"><a class=\"facebook\" href=\"https:\/\/www.facebook.com\/sharer\/sharer.php?u=https%3A%2F%2Fcercledeconsciencia.com%2Fes%2Factividades%2Fteatro-terapia-en-accion%2F\" onclick=\"javascript:window.open(this.href, '', 'menubar=no,toolbar=no,resizable=yes,scrollbars=yes,height=500,width=600'); return false;\" target=\"_blank\" title=\"Compartir en Facebook\"><i class=\"mec-fa-facebook\"><\/i><span class=\"mec-social-title\">Facebook<\/span><\/a><\/li><li class=\"mec-event-social-icon\"><a class=\"twitter\" href=\"https:\/\/x.com\/intent\/tweet?url=https%3A%2F%2Fcercledeconsciencia.com%2Fes%2Factividades%2Fteatro-terapia-en-accion%2F\" onclick=\"javascript:window.open(this.href, '', 'menubar=no,toolbar=no,resizable=yes,scrollbars=yes,height=600,width=500'); return false;\" target=\"_blank\" title=\"X Social Network\"><svg xmlns=\"http:\/\/www.w3.org\/2000\/svg\" shape-rendering=\"geometricPrecision\" text-rendering=\"geometricPrecision\" image-rendering=\"optimizeQuality\" fill-rule=\"evenodd\" clip-rule=\"evenodd\" viewBox=\"0 0 512 462.799\"><path fill-rule=\"nonzero\" d=\"M403.229 0h78.506L310.219 196.04 512 462.799H354.002L230.261 301.007 88.669 462.799h-78.56l183.455-209.683L0 0h161.999l111.856 147.88L403.229 0zm-27.556 415.805h43.505L138.363 44.527h-46.68l283.99 371.278z\"\/><\/svg><span class=\"mec-social-title\">Twitter<\/span><\/a><\/li><li class=\"mec-event-social-icon\"><a class=\"linkedin\" href=\"https:\/\/www.linkedin.com\/shareArticle?mini=true&url=https%3A%2F%2Fcercledeconsciencia.com%2Fes%2Factividades%2Fteatro-terapia-en-accion%2F\" onclick=\"javascript:window.open(this.href, '', 'menubar=no,toolbar=no,resizable=yes,scrollbars=yes,height=600,width=500'); return false;\" target=\"_blank\" title=\"LinkedIn\"><i class=\"mec-fa-linkedin\"><\/i><span class=\"mec-social-title\">LinkedIn<\/span><\/a><\/li><li class=\"mec-event-social-icon\"><a class=\"pinterest\" href=\"http:\/\/pinterest.com\/pin\/create\/button\/?url=https%3A%2F%2Fcercledeconsciencia.com%2Fes%2Factividades%2Fteatro-terapia-en-accion%2F\" target=\"_blank\" title=\"Compartir en Pinterest\"><i class=\"mec-fa-pinterest\"><\/i><span class=\"mec-social-title\">Pitnerest<\/span><\/a><\/li><li class=\"mec-event-social-icon\"><a class=\"whatsapp\" href=\"https:\/\/api.whatsapp.com\/send?text=https%3A%2F%2Fcercledeconsciencia.com%2Fes%2Factividades%2Fteatro-terapia-en-accion%2F\" target=\"_blank\" title=\"Compartir en WhatsApp\"><i class=\"mec-fa-whatsapp\"><\/i><span class=\"mec-social-title\">WhatsApp<\/span><\/a><\/li><li class=\"mec-event-social-icon\"><a class=\"telegram\" href=\"https:\/\/telegram.me\/share\/url?url=https%3A%2F%2Fcercledeconsciencia.com%2Fes%2Factividades%2Fteatro-terapia-en-accion%2F&text=Teatro Terapia en Acci\u00f3n\" target=\"_blank\" title=\"Compartir en Telegram\">\r\n            <i><svg aria-hidden=\"true\" focusable=\"false\" data-prefix=\"fab\" data-icon=\"telegram\" class=\"svg-inline--fa fa-telegram fa-w-16\" role=\"img\" xmlns=\"http:\/\/www.w3.org\/2000\/svg\" viewBox=\"0 0 496 512\"><path fill=\"currentColor\" d=\"M248 8C111 8 0 119 0 256s111 248 248 248 248-111 248-248S385 8 248 8zm121.8 169.9l-40.7 191.8c-3 13.6-11.1 16.9-22.4 10.5l-62-45.7-29.9 28.8c-3.3 3.3-6.1 6.1-12.5 6.1l4.4-63.1 114.9-103.8c5-4.4-1.1-6.9-7.7-2.5l-142 89.4-61.2-19.1c-13.3-4.2-13.6-13.3 2.8-19.7l239.1-92.2c11.1-4 20.8 2.7 17.2 19.5z\"><\/path><\/svg><\/i>\r\n            <span class=\"mec-social-title\">Telegram<\/span>\r\n        <\/a><\/li>                                    <\/ul>\r\n                                <\/li>\r\n                            <\/ul>\r\n                                                <a class=\"mec-booking-button mec-bg-color-hover mec-border-color-hover\" data-event-id=\"5175\" href=\"https:\/\/cercledeconsciencia.com\/es\/actividades\/teatro-terapia-en-accion\/\" target=\"_blank\" rel=\"noopener\">Ver detalle<\/a>                                            <\/div>\r\n                <\/div>\r\n                            <\/article>\r\n                                    <article class=\"mec-past-event mec-event-article  mec-clear \" itemscope>\r\n                                        <div class=\"event-carousel-type3-head clearfix\">\r\n                    <div class=\"mec-event-image\">\r\n                        <a data-event-id=\"5177\" href=\"https:\/\/cercledeconsciencia.com\/es\/actividades\/espacio-de-crecimiento-grupal-para-adolescentes-de-14-a-17-anos-en-ibiza\/\" target=\"_blank\" rel=\"noopener\"><img loading=\"lazy\" decoding=\"async\" width=\"474\" height=\"324\" src=\"https:\/\/cercledeconsciencia.com\/wp-content\/uploads\/2025\/01\/Captura-de-pantalla-2025-01-09-a-las-13.54.16-474x324.png\" class=\"attachment-meccarouselthumb size-meccarouselthumb wp-post-image\" alt=\"\" data-mec-postid=\"5177\" \/><\/a>                                            <\/div>\r\n                    <div class=\"mec-event-footer-carousel-type3\">\r\n                                                    <span class=\"mec-event-date-info\"><span class=\"mec-start-date-label\">May 04, 2026<\/span><\/span>\r\n                                                                                                                        <h4 class=\"mec-event-carousel-title\"><a class=\"mec-color-hover\" data-event-id=\"5177\" href=\"https:\/\/cercledeconsciencia.com\/es\/actividades\/espacio-de-crecimiento-grupal-para-adolescentes-de-14-a-17-anos-en-ibiza\/\" target=\"_blank\" rel=\"noopener\">Espacio de crecimiento grupal para adolescentes de 14 a 17 a\u00f1os en Ibiza.<\/a><\/h4>\r\n                                                <p class=\"mec-carousel-event-location\"><span>Ibiza<\/span><br>Ibiza, Espa\u00f1a<\/p>\r\n                                                    <ul class=\"mec-event-sharing-wrap\">\r\n                                <li class=\"mec-event-share\">\r\n                                    <a href=\"#\" class=\"mec-event-share-icon\">\r\n                                        <i class=\"mec-sl-share mec-bg-color-hover mec-border-color-hover\" title=\"Share\" alt=\"Share\"><\/i>\r\n                                    <\/a>\r\n                                <\/li>\r\n                                <li>\r\n                                    <ul class=\"mec-event-sharing\">\r\n                                        <li class=\"mec-event-social-icon\"><a class=\"facebook\" href=\"https:\/\/www.facebook.com\/sharer\/sharer.php?u=https%3A%2F%2Fcercledeconsciencia.com%2Fes%2Factividades%2Fespacio-de-crecimiento-grupal-para-adolescentes-de-14-a-17-anos-en-ibiza%2F\" onclick=\"javascript:window.open(this.href, '', 'menubar=no,toolbar=no,resizable=yes,scrollbars=yes,height=500,width=600'); return false;\" target=\"_blank\" title=\"Compartir en Facebook\"><i class=\"mec-fa-facebook\"><\/i><span class=\"mec-social-title\">Facebook<\/span><\/a><\/li><li class=\"mec-event-social-icon\"><a class=\"twitter\" href=\"https:\/\/x.com\/intent\/tweet?url=https%3A%2F%2Fcercledeconsciencia.com%2Fes%2Factividades%2Fespacio-de-crecimiento-grupal-para-adolescentes-de-14-a-17-anos-en-ibiza%2F\" onclick=\"javascript:window.open(this.href, '', 'menubar=no,toolbar=no,resizable=yes,scrollbars=yes,height=600,width=500'); return false;\" target=\"_blank\" title=\"X Social Network\"><svg xmlns=\"http:\/\/www.w3.org\/2000\/svg\" shape-rendering=\"geometricPrecision\" text-rendering=\"geometricPrecision\" image-rendering=\"optimizeQuality\" fill-rule=\"evenodd\" clip-rule=\"evenodd\" viewBox=\"0 0 512 462.799\"><path fill-rule=\"nonzero\" d=\"M403.229 0h78.506L310.219 196.04 512 462.799H354.002L230.261 301.007 88.669 462.799h-78.56l183.455-209.683L0 0h161.999l111.856 147.88L403.229 0zm-27.556 415.805h43.505L138.363 44.527h-46.68l283.99 371.278z\"\/><\/svg><span class=\"mec-social-title\">Twitter<\/span><\/a><\/li><li class=\"mec-event-social-icon\"><a class=\"linkedin\" href=\"https:\/\/www.linkedin.com\/shareArticle?mini=true&url=https%3A%2F%2Fcercledeconsciencia.com%2Fes%2Factividades%2Fespacio-de-crecimiento-grupal-para-adolescentes-de-14-a-17-anos-en-ibiza%2F\" onclick=\"javascript:window.open(this.href, '', 'menubar=no,toolbar=no,resizable=yes,scrollbars=yes,height=600,width=500'); return false;\" target=\"_blank\" title=\"LinkedIn\"><i class=\"mec-fa-linkedin\"><\/i><span class=\"mec-social-title\">LinkedIn<\/span><\/a><\/li><li class=\"mec-event-social-icon\"><a class=\"pinterest\" href=\"http:\/\/pinterest.com\/pin\/create\/button\/?url=https%3A%2F%2Fcercledeconsciencia.com%2Fes%2Factividades%2Fespacio-de-crecimiento-grupal-para-adolescentes-de-14-a-17-anos-en-ibiza%2F\" target=\"_blank\" title=\"Compartir en Pinterest\"><i class=\"mec-fa-pinterest\"><\/i><span class=\"mec-social-title\">Pitnerest<\/span><\/a><\/li><li class=\"mec-event-social-icon\"><a class=\"whatsapp\" href=\"https:\/\/api.whatsapp.com\/send?text=https%3A%2F%2Fcercledeconsciencia.com%2Fes%2Factividades%2Fespacio-de-crecimiento-grupal-para-adolescentes-de-14-a-17-anos-en-ibiza%2F\" target=\"_blank\" title=\"Compartir en WhatsApp\"><i class=\"mec-fa-whatsapp\"><\/i><span class=\"mec-social-title\">WhatsApp<\/span><\/a><\/li><li class=\"mec-event-social-icon\"><a class=\"telegram\" href=\"https:\/\/telegram.me\/share\/url?url=https%3A%2F%2Fcercledeconsciencia.com%2Fes%2Factividades%2Fespacio-de-crecimiento-grupal-para-adolescentes-de-14-a-17-anos-en-ibiza%2F&text=Espacio de crecimiento grupal para adolescentes de 14 a 17 a\u00f1os en Ibiza.\" target=\"_blank\" title=\"Compartir en Telegram\">\r\n            <i><svg aria-hidden=\"true\" focusable=\"false\" data-prefix=\"fab\" data-icon=\"telegram\" class=\"svg-inline--fa fa-telegram fa-w-16\" role=\"img\" xmlns=\"http:\/\/www.w3.org\/2000\/svg\" viewBox=\"0 0 496 512\"><path fill=\"currentColor\" d=\"M248 8C111 8 0 119 0 256s111 248 248 248 248-111 248-248S385 8 248 8zm121.8 169.9l-40.7 191.8c-3 13.6-11.1 16.9-22.4 10.5l-62-45.7-29.9 28.8c-3.3 3.3-6.1 6.1-12.5 6.1l4.4-63.1 114.9-103.8c5-4.4-1.1-6.9-7.7-2.5l-142 89.4-61.2-19.1c-13.3-4.2-13.6-13.3 2.8-19.7l239.1-92.2c11.1-4 20.8 2.7 17.2 19.5z\"><\/path><\/svg><\/i>\r\n            <span class=\"mec-social-title\">Telegram<\/span>\r\n        <\/a><\/li>                                    <\/ul>\r\n                                <\/li>\r\n                            <\/ul>\r\n                                                <a class=\"mec-booking-button mec-bg-color-hover mec-border-color-hover\" data-event-id=\"5177\" href=\"https:\/\/cercledeconsciencia.com\/es\/actividades\/espacio-de-crecimiento-grupal-para-adolescentes-de-14-a-17-anos-en-ibiza\/\" target=\"_blank\" rel=\"noopener\">Ver detalle<\/a>                                            <\/div>\r\n                <\/div>\r\n                            <\/article>\r\n                                    <article class=\"mec-past-event mec-event-article  mec-clear \" itemscope>\r\n                                        <div class=\"event-carousel-type3-head clearfix\">\r\n                    <div class=\"mec-event-image\">\r\n                        <a data-event-id=\"4661\" href=\"https:\/\/cercledeconsciencia.com\/es\/actividades\/grupos-regulares-de-terapia-corporal-integrativa-tardes\/\" target=\"_blank\" rel=\"noopener\"><img loading=\"lazy\" decoding=\"async\" width=\"474\" height=\"324\" src=\"https:\/\/cercledeconsciencia.com\/wp-content\/uploads\/2024\/07\/MG_4852-con-fondo-474x324.jpg\" class=\"attachment-meccarouselthumb size-meccarouselthumb wp-post-image\" alt=\"\" data-mec-postid=\"4661\" \/><\/a>                                            <\/div>\r\n                    <div class=\"mec-event-footer-carousel-type3\">\r\n                                                    <span class=\"mec-event-date-info\"><span class=\"mec-start-date-label\">May 05, 2026<\/span><\/span>\r\n                                                                                                                        <h4 class=\"mec-event-carousel-title\"><a class=\"mec-color-hover\" data-event-id=\"4661\" href=\"https:\/\/cercledeconsciencia.com\/es\/actividades\/grupos-regulares-de-terapia-corporal-integrativa-tardes\/\" target=\"_blank\" rel=\"noopener\">Grupo regular de Terapia Corporal Integrativa Mallorca<\/a><\/h4>\r\n                                                <p class=\"mec-carousel-event-location\"><span>Mallorca<\/span><br>Carrer Ciutat de Quer\u00e9taro, 6, 2.\u00ba 1.\u00aa Palma<\/p>\r\n                                                    <ul class=\"mec-event-sharing-wrap\">\r\n                                <li class=\"mec-event-share\">\r\n                                    <a href=\"#\" class=\"mec-event-share-icon\">\r\n                                        <i class=\"mec-sl-share mec-bg-color-hover mec-border-color-hover\" title=\"Share\" alt=\"Share\"><\/i>\r\n                                    <\/a>\r\n                                <\/li>\r\n                                <li>\r\n                                    <ul class=\"mec-event-sharing\">\r\n                                        <li class=\"mec-event-social-icon\"><a class=\"facebook\" href=\"https:\/\/www.facebook.com\/sharer\/sharer.php?u=https%3A%2F%2Fcercledeconsciencia.com%2Fes%2Factividades%2Fgrupos-regulares-de-terapia-corporal-integrativa-tardes%2F\" onclick=\"javascript:window.open(this.href, '', 'menubar=no,toolbar=no,resizable=yes,scrollbars=yes,height=500,width=600'); return false;\" target=\"_blank\" title=\"Compartir en Facebook\"><i class=\"mec-fa-facebook\"><\/i><span class=\"mec-social-title\">Facebook<\/span><\/a><\/li><li class=\"mec-event-social-icon\"><a class=\"twitter\" href=\"https:\/\/x.com\/intent\/tweet?url=https%3A%2F%2Fcercledeconsciencia.com%2Fes%2Factividades%2Fgrupos-regulares-de-terapia-corporal-integrativa-tardes%2F\" onclick=\"javascript:window.open(this.href, '', 'menubar=no,toolbar=no,resizable=yes,scrollbars=yes,height=600,width=500'); return false;\" target=\"_blank\" title=\"X Social Network\"><svg xmlns=\"http:\/\/www.w3.org\/2000\/svg\" shape-rendering=\"geometricPrecision\" text-rendering=\"geometricPrecision\" image-rendering=\"optimizeQuality\" fill-rule=\"evenodd\" clip-rule=\"evenodd\" viewBox=\"0 0 512 462.799\"><path fill-rule=\"nonzero\" d=\"M403.229 0h78.506L310.219 196.04 512 462.799H354.002L230.261 301.007 88.669 462.799h-78.56l183.455-209.683L0 0h161.999l111.856 147.88L403.229 0zm-27.556 415.805h43.505L138.363 44.527h-46.68l283.99 371.278z\"\/><\/svg><span class=\"mec-social-title\">Twitter<\/span><\/a><\/li><li class=\"mec-event-social-icon\"><a class=\"linkedin\" href=\"https:\/\/www.linkedin.com\/shareArticle?mini=true&url=https%3A%2F%2Fcercledeconsciencia.com%2Fes%2Factividades%2Fgrupos-regulares-de-terapia-corporal-integrativa-tardes%2F\" onclick=\"javascript:window.open(this.href, '', 'menubar=no,toolbar=no,resizable=yes,scrollbars=yes,height=600,width=500'); return false;\" target=\"_blank\" title=\"LinkedIn\"><i class=\"mec-fa-linkedin\"><\/i><span class=\"mec-social-title\">LinkedIn<\/span><\/a><\/li><li class=\"mec-event-social-icon\"><a class=\"pinterest\" href=\"http:\/\/pinterest.com\/pin\/create\/button\/?url=https%3A%2F%2Fcercledeconsciencia.com%2Fes%2Factividades%2Fgrupos-regulares-de-terapia-corporal-integrativa-tardes%2F\" target=\"_blank\" title=\"Compartir en Pinterest\"><i class=\"mec-fa-pinterest\"><\/i><span class=\"mec-social-title\">Pitnerest<\/span><\/a><\/li><li class=\"mec-event-social-icon\"><a class=\"whatsapp\" href=\"https:\/\/api.whatsapp.com\/send?text=https%3A%2F%2Fcercledeconsciencia.com%2Fes%2Factividades%2Fgrupos-regulares-de-terapia-corporal-integrativa-tardes%2F\" target=\"_blank\" title=\"Compartir en WhatsApp\"><i class=\"mec-fa-whatsapp\"><\/i><span class=\"mec-social-title\">WhatsApp<\/span><\/a><\/li><li class=\"mec-event-social-icon\"><a class=\"telegram\" href=\"https:\/\/telegram.me\/share\/url?url=https%3A%2F%2Fcercledeconsciencia.com%2Fes%2Factividades%2Fgrupos-regulares-de-terapia-corporal-integrativa-tardes%2F&text=Grupo regular de Terapia Corporal Integrativa Mallorca\" target=\"_blank\" title=\"Compartir en Telegram\">\r\n            <i><svg aria-hidden=\"true\" focusable=\"false\" data-prefix=\"fab\" data-icon=\"telegram\" class=\"svg-inline--fa fa-telegram fa-w-16\" role=\"img\" xmlns=\"http:\/\/www.w3.org\/2000\/svg\" viewBox=\"0 0 496 512\"><path fill=\"currentColor\" d=\"M248 8C111 8 0 119 0 256s111 248 248 248 248-111 248-248S385 8 248 8zm121.8 169.9l-40.7 191.8c-3 13.6-11.1 16.9-22.4 10.5l-62-45.7-29.9 28.8c-3.3 3.3-6.1 6.1-12.5 6.1l4.4-63.1 114.9-103.8c5-4.4-1.1-6.9-7.7-2.5l-142 89.4-61.2-19.1c-13.3-4.2-13.6-13.3 2.8-19.7l239.1-92.2c11.1-4 20.8 2.7 17.2 19.5z\"><\/path><\/svg><\/i>\r\n            <span class=\"mec-social-title\">Telegram<\/span>\r\n        <\/a><\/li>                                    <\/ul>\r\n                                <\/li>\r\n                            <\/ul>\r\n                                                <a class=\"mec-booking-button mec-bg-color-hover mec-border-color-hover\" data-event-id=\"4661\" href=\"https:\/\/cercledeconsciencia.com\/es\/actividades\/grupos-regulares-de-terapia-corporal-integrativa-tardes\/\" target=\"_blank\" rel=\"noopener\">Ver detalle<\/a>                                            <\/div>\r\n                <\/div>\r\n                            <\/article>\r\n                        <article class=\"mec-past-event mec-event-article  mec-clear \" itemscope>\r\n                                        <div class=\"event-carousel-type3-head clearfix\">\r\n                    <div class=\"mec-event-image\">\r\n                        <a data-event-id=\"5471\" href=\"https:\/\/cercledeconsciencia.com\/es\/actividades\/ciclo-de-meditaciones-activas\/\" target=\"_blank\" rel=\"noopener\"><img loading=\"lazy\" decoding=\"async\" width=\"474\" height=\"324\" src=\"https:\/\/cercledeconsciencia.com\/wp-content\/uploads\/2025\/10\/Captura-de-pantalla-2025-10-23-a-las-11.42.32-474x324.png\" class=\"attachment-meccarouselthumb size-meccarouselthumb wp-post-image\" alt=\"\" data-mec-postid=\"5471\" \/><\/a>                                            <\/div>\r\n                    <div class=\"mec-event-footer-carousel-type3\">\r\n                                                    <span class=\"mec-event-date-info\"><span class=\"mec-start-date-label\">May 05, 2026<\/span><\/span>\r\n                                                                                                                        <h4 class=\"mec-event-carousel-title\"><a class=\"mec-color-hover\" data-event-id=\"5471\" href=\"https:\/\/cercledeconsciencia.com\/es\/actividades\/ciclo-de-meditaciones-activas\/\" target=\"_blank\" rel=\"noopener\">Ciclo de Meditaciones Activas<\/a><\/h4>\r\n                                                <p class=\"mec-carousel-event-location\"><span>Espai TCI de Barcelona<\/span><br>Carrer de Pau Alsina, 35 Gracia - Barcelona<\/p>\r\n                                                    <ul class=\"mec-event-sharing-wrap\">\r\n                                <li class=\"mec-event-share\">\r\n                                    <a href=\"#\" class=\"mec-event-share-icon\">\r\n                                        <i class=\"mec-sl-share mec-bg-color-hover mec-border-color-hover\" title=\"Share\" alt=\"Share\"><\/i>\r\n                                    <\/a>\r\n                                <\/li>\r\n                                <li>\r\n                                    <ul class=\"mec-event-sharing\">\r\n                                        <li class=\"mec-event-social-icon\"><a class=\"facebook\" href=\"https:\/\/www.facebook.com\/sharer\/sharer.php?u=https%3A%2F%2Fcercledeconsciencia.com%2Fes%2Factividades%2Fciclo-de-meditaciones-activas%2F\" onclick=\"javascript:window.open(this.href, '', 'menubar=no,toolbar=no,resizable=yes,scrollbars=yes,height=500,width=600'); return false;\" target=\"_blank\" title=\"Compartir en Facebook\"><i class=\"mec-fa-facebook\"><\/i><span class=\"mec-social-title\">Facebook<\/span><\/a><\/li><li class=\"mec-event-social-icon\"><a class=\"twitter\" href=\"https:\/\/x.com\/intent\/tweet?url=https%3A%2F%2Fcercledeconsciencia.com%2Fes%2Factividades%2Fciclo-de-meditaciones-activas%2F\" onclick=\"javascript:window.open(this.href, '', 'menubar=no,toolbar=no,resizable=yes,scrollbars=yes,height=600,width=500'); return false;\" target=\"_blank\" title=\"X Social Network\"><svg xmlns=\"http:\/\/www.w3.org\/2000\/svg\" shape-rendering=\"geometricPrecision\" text-rendering=\"geometricPrecision\" image-rendering=\"optimizeQuality\" fill-rule=\"evenodd\" clip-rule=\"evenodd\" viewBox=\"0 0 512 462.799\"><path fill-rule=\"nonzero\" d=\"M403.229 0h78.506L310.219 196.04 512 462.799H354.002L230.261 301.007 88.669 462.799h-78.56l183.455-209.683L0 0h161.999l111.856 147.88L403.229 0zm-27.556 415.805h43.505L138.363 44.527h-46.68l283.99 371.278z\"\/><\/svg><span class=\"mec-social-title\">Twitter<\/span><\/a><\/li><li class=\"mec-event-social-icon\"><a class=\"linkedin\" href=\"https:\/\/www.linkedin.com\/shareArticle?mini=true&url=https%3A%2F%2Fcercledeconsciencia.com%2Fes%2Factividades%2Fciclo-de-meditaciones-activas%2F\" onclick=\"javascript:window.open(this.href, '', 'menubar=no,toolbar=no,resizable=yes,scrollbars=yes,height=600,width=500'); return false;\" target=\"_blank\" title=\"LinkedIn\"><i class=\"mec-fa-linkedin\"><\/i><span class=\"mec-social-title\">LinkedIn<\/span><\/a><\/li><li class=\"mec-event-social-icon\"><a class=\"pinterest\" href=\"http:\/\/pinterest.com\/pin\/create\/button\/?url=https%3A%2F%2Fcercledeconsciencia.com%2Fes%2Factividades%2Fciclo-de-meditaciones-activas%2F\" target=\"_blank\" title=\"Compartir en Pinterest\"><i class=\"mec-fa-pinterest\"><\/i><span class=\"mec-social-title\">Pitnerest<\/span><\/a><\/li><li class=\"mec-event-social-icon\"><a class=\"whatsapp\" href=\"https:\/\/api.whatsapp.com\/send?text=https%3A%2F%2Fcercledeconsciencia.com%2Fes%2Factividades%2Fciclo-de-meditaciones-activas%2F\" target=\"_blank\" title=\"Compartir en WhatsApp\"><i class=\"mec-fa-whatsapp\"><\/i><span class=\"mec-social-title\">WhatsApp<\/span><\/a><\/li><li class=\"mec-event-social-icon\"><a class=\"telegram\" href=\"https:\/\/telegram.me\/share\/url?url=https%3A%2F%2Fcercledeconsciencia.com%2Fes%2Factividades%2Fciclo-de-meditaciones-activas%2F&text=Ciclo de Meditaciones Activas\" target=\"_blank\" title=\"Compartir en Telegram\">\r\n            <i><svg aria-hidden=\"true\" focusable=\"false\" data-prefix=\"fab\" data-icon=\"telegram\" class=\"svg-inline--fa fa-telegram fa-w-16\" role=\"img\" xmlns=\"http:\/\/www.w3.org\/2000\/svg\" viewBox=\"0 0 496 512\"><path fill=\"currentColor\" d=\"M248 8C111 8 0 119 0 256s111 248 248 248 248-111 248-248S385 8 248 8zm121.8 169.9l-40.7 191.8c-3 13.6-11.1 16.9-22.4 10.5l-62-45.7-29.9 28.8c-3.3 3.3-6.1 6.1-12.5 6.1l4.4-63.1 114.9-103.8c5-4.4-1.1-6.9-7.7-2.5l-142 89.4-61.2-19.1c-13.3-4.2-13.6-13.3 2.8-19.7l239.1-92.2c11.1-4 20.8 2.7 17.2 19.5z\"><\/path><\/svg><\/i>\r\n            <span class=\"mec-social-title\">Telegram<\/span>\r\n        <\/a><\/li>                                    <\/ul>\r\n                                <\/li>\r\n                            <\/ul>\r\n                                                <a class=\"mec-booking-button mec-bg-color-hover mec-border-color-hover\" data-event-id=\"5471\" href=\"https:\/\/cercledeconsciencia.com\/es\/actividades\/ciclo-de-meditaciones-activas\/\" target=\"_blank\" rel=\"noopener\">Ver detalle<\/a>                                            <\/div>\r\n                <\/div>\r\n                            <\/article>\r\n                                    <article class=\"mec-past-event mec-event-article  mec-clear \" itemscope>\r\n                                        <div class=\"event-carousel-type3-head clearfix\">\r\n                    <div class=\"mec-event-image\">\r\n                        <a data-event-id=\"2273\" href=\"https:\/\/cercledeconsciencia.com\/es\/actividades\/terapia-corporal-y-respiratoria\/\" target=\"_blank\" rel=\"noopener\"><img loading=\"lazy\" decoding=\"async\" width=\"474\" height=\"324\" src=\"https:\/\/cercledeconsciencia.com\/wp-content\/uploads\/2023\/11\/IMG_TERAPIA-CORPORAL-y-RESPIRATORIA-474x324.jpg\" class=\"attachment-meccarouselthumb size-meccarouselthumb wp-post-image\" alt=\"\" data-mec-postid=\"2273\" \/><\/a>                                            <\/div>\r\n                    <div class=\"mec-event-footer-carousel-type3\">\r\n                                                    <span class=\"mec-event-date-info\"><span class=\"mec-start-date-label\">May 06, 2026<\/span><\/span>\r\n                                                                                                                        <h4 class=\"mec-event-carousel-title\"><a class=\"mec-color-hover\" data-event-id=\"2273\" href=\"https:\/\/cercledeconsciencia.com\/es\/actividades\/terapia-corporal-y-respiratoria\/\" target=\"_blank\" rel=\"noopener\">Terapia Corporal y Respiratoria<\/a><\/h4>\r\n                                                <p class=\"mec-carousel-event-location\"><span>Espai TCI de Barcelona<\/span><br>Carrer de Pau Alsina, 35 Gracia - Barcelona<\/p>\r\n                                                    <ul class=\"mec-event-sharing-wrap\">\r\n                                <li class=\"mec-event-share\">\r\n                                    <a href=\"#\" class=\"mec-event-share-icon\">\r\n                                        <i class=\"mec-sl-share mec-bg-color-hover mec-border-color-hover\" title=\"Share\" alt=\"Share\"><\/i>\r\n                                    <\/a>\r\n                                <\/li>\r\n                                <li>\r\n                                    <ul class=\"mec-event-sharing\">\r\n                                        <li class=\"mec-event-social-icon\"><a class=\"facebook\" href=\"https:\/\/www.facebook.com\/sharer\/sharer.php?u=https%3A%2F%2Fcercledeconsciencia.com%2Fes%2Factividades%2Fterapia-corporal-y-respiratoria%2F\" onclick=\"javascript:window.open(this.href, '', 'menubar=no,toolbar=no,resizable=yes,scrollbars=yes,height=500,width=600'); return false;\" target=\"_blank\" title=\"Compartir en Facebook\"><i class=\"mec-fa-facebook\"><\/i><span class=\"mec-social-title\">Facebook<\/span><\/a><\/li><li class=\"mec-event-social-icon\"><a class=\"twitter\" href=\"https:\/\/x.com\/intent\/tweet?url=https%3A%2F%2Fcercledeconsciencia.com%2Fes%2Factividades%2Fterapia-corporal-y-respiratoria%2F\" onclick=\"javascript:window.open(this.href, '', 'menubar=no,toolbar=no,resizable=yes,scrollbars=yes,height=600,width=500'); return false;\" target=\"_blank\" title=\"X Social Network\"><svg xmlns=\"http:\/\/www.w3.org\/2000\/svg\" shape-rendering=\"geometricPrecision\" text-rendering=\"geometricPrecision\" image-rendering=\"optimizeQuality\" fill-rule=\"evenodd\" clip-rule=\"evenodd\" viewBox=\"0 0 512 462.799\"><path fill-rule=\"nonzero\" d=\"M403.229 0h78.506L310.219 196.04 512 462.799H354.002L230.261 301.007 88.669 462.799h-78.56l183.455-209.683L0 0h161.999l111.856 147.88L403.229 0zm-27.556 415.805h43.505L138.363 44.527h-46.68l283.99 371.278z\"\/><\/svg><span class=\"mec-social-title\">Twitter<\/span><\/a><\/li><li class=\"mec-event-social-icon\"><a class=\"linkedin\" href=\"https:\/\/www.linkedin.com\/shareArticle?mini=true&url=https%3A%2F%2Fcercledeconsciencia.com%2Fes%2Factividades%2Fterapia-corporal-y-respiratoria%2F\" onclick=\"javascript:window.open(this.href, '', 'menubar=no,toolbar=no,resizable=yes,scrollbars=yes,height=600,width=500'); return false;\" target=\"_blank\" title=\"LinkedIn\"><i class=\"mec-fa-linkedin\"><\/i><span class=\"mec-social-title\">LinkedIn<\/span><\/a><\/li><li class=\"mec-event-social-icon\"><a class=\"pinterest\" href=\"http:\/\/pinterest.com\/pin\/create\/button\/?url=https%3A%2F%2Fcercledeconsciencia.com%2Fes%2Factividades%2Fterapia-corporal-y-respiratoria%2F\" target=\"_blank\" title=\"Compartir en Pinterest\"><i class=\"mec-fa-pinterest\"><\/i><span class=\"mec-social-title\">Pitnerest<\/span><\/a><\/li><li class=\"mec-event-social-icon\"><a class=\"whatsapp\" href=\"https:\/\/api.whatsapp.com\/send?text=https%3A%2F%2Fcercledeconsciencia.com%2Fes%2Factividades%2Fterapia-corporal-y-respiratoria%2F\" target=\"_blank\" title=\"Compartir en WhatsApp\"><i class=\"mec-fa-whatsapp\"><\/i><span class=\"mec-social-title\">WhatsApp<\/span><\/a><\/li><li class=\"mec-event-social-icon\"><a class=\"telegram\" href=\"https:\/\/telegram.me\/share\/url?url=https%3A%2F%2Fcercledeconsciencia.com%2Fes%2Factividades%2Fterapia-corporal-y-respiratoria%2F&text=Terapia Corporal y Respiratoria\" target=\"_blank\" title=\"Compartir en Telegram\">\r\n            <i><svg aria-hidden=\"true\" focusable=\"false\" data-prefix=\"fab\" data-icon=\"telegram\" class=\"svg-inline--fa fa-telegram fa-w-16\" role=\"img\" xmlns=\"http:\/\/www.w3.org\/2000\/svg\" viewBox=\"0 0 496 512\"><path fill=\"currentColor\" d=\"M248 8C111 8 0 119 0 256s111 248 248 248 248-111 248-248S385 8 248 8zm121.8 169.9l-40.7 191.8c-3 13.6-11.1 16.9-22.4 10.5l-62-45.7-29.9 28.8c-3.3 3.3-6.1 6.1-12.5 6.1l4.4-63.1 114.9-103.8c5-4.4-1.1-6.9-7.7-2.5l-142 89.4-61.2-19.1c-13.3-4.2-13.6-13.3 2.8-19.7l239.1-92.2c11.1-4 20.8 2.7 17.2 19.5z\"><\/path><\/svg><\/i>\r\n            <span class=\"mec-social-title\">Telegram<\/span>\r\n        <\/a><\/li>                                    <\/ul>\r\n                                <\/li>\r\n                            <\/ul>\r\n                                                <a class=\"mec-booking-button mec-bg-color-hover mec-border-color-hover\" data-event-id=\"2273\" href=\"https:\/\/cercledeconsciencia.com\/es\/actividades\/terapia-corporal-y-respiratoria\/\" target=\"_blank\" rel=\"noopener\">Ver detalle<\/a>                                            <\/div>\r\n                <\/div>\r\n                            <\/article>\r\n                        <article class=\"mec-past-event mec-event-article  mec-clear \" itemscope>\r\n                                        <div class=\"event-carousel-type3-head clearfix\">\r\n                    <div class=\"mec-event-image\">\r\n                        <a data-event-id=\"5394\" href=\"https:\/\/cercledeconsciencia.com\/es\/actividades\/libera-tus-personajes-teatro-terapeutico\/\" target=\"_blank\" rel=\"noopener\"><img loading=\"lazy\" decoding=\"async\" width=\"474\" height=\"324\" src=\"https:\/\/cercledeconsciencia.com\/wp-content\/uploads\/2025\/06\/nube-blanca-abstracta-piernas-maniqui-metafora-alma_204298-2517-474x324.jpg\" class=\"attachment-meccarouselthumb size-meccarouselthumb wp-post-image\" alt=\"\" data-mec-postid=\"5394\" \/><\/a>                                            <\/div>\r\n                    <div class=\"mec-event-footer-carousel-type3\">\r\n                                                    <span class=\"mec-event-date-info\"><span class=\"mec-start-date-label\">May 06, 2026<\/span><\/span>\r\n                                                                                                                        <h4 class=\"mec-event-carousel-title\"><a class=\"mec-color-hover\" data-event-id=\"5394\" href=\"https:\/\/cercledeconsciencia.com\/es\/actividades\/libera-tus-personajes-teatro-terapeutico\/\" target=\"_blank\" rel=\"noopener\">Libera tus Personajes. Teatro Terap\u00e9utico.<\/a><\/h4>\r\n                                                <p class=\"mec-carousel-event-location\"><span>Mallorca<\/span><br>Carrer Ciutat de Quer\u00e9taro, 6, 2.\u00ba 1.\u00aa Palma<\/p>\r\n                                                    <ul class=\"mec-event-sharing-wrap\">\r\n                                <li class=\"mec-event-share\">\r\n                                    <a href=\"#\" class=\"mec-event-share-icon\">\r\n                                        <i class=\"mec-sl-share mec-bg-color-hover mec-border-color-hover\" title=\"Share\" alt=\"Share\"><\/i>\r\n                                    <\/a>\r\n                                <\/li>\r\n                                <li>\r\n                                    <ul class=\"mec-event-sharing\">\r\n                                        <li class=\"mec-event-social-icon\"><a class=\"facebook\" href=\"https:\/\/www.facebook.com\/sharer\/sharer.php?u=https%3A%2F%2Fcercledeconsciencia.com%2Fes%2Factividades%2Flibera-tus-personajes-teatro-terapeutico%2F\" onclick=\"javascript:window.open(this.href, '', 'menubar=no,toolbar=no,resizable=yes,scrollbars=yes,height=500,width=600'); return false;\" target=\"_blank\" title=\"Compartir en Facebook\"><i class=\"mec-fa-facebook\"><\/i><span class=\"mec-social-title\">Facebook<\/span><\/a><\/li><li class=\"mec-event-social-icon\"><a class=\"twitter\" href=\"https:\/\/x.com\/intent\/tweet?url=https%3A%2F%2Fcercledeconsciencia.com%2Fes%2Factividades%2Flibera-tus-personajes-teatro-terapeutico%2F\" onclick=\"javascript:window.open(this.href, '', 'menubar=no,toolbar=no,resizable=yes,scrollbars=yes,height=600,width=500'); return false;\" target=\"_blank\" title=\"X Social Network\"><svg xmlns=\"http:\/\/www.w3.org\/2000\/svg\" shape-rendering=\"geometricPrecision\" text-rendering=\"geometricPrecision\" image-rendering=\"optimizeQuality\" fill-rule=\"evenodd\" clip-rule=\"evenodd\" viewBox=\"0 0 512 462.799\"><path fill-rule=\"nonzero\" d=\"M403.229 0h78.506L310.219 196.04 512 462.799H354.002L230.261 301.007 88.669 462.799h-78.56l183.455-209.683L0 0h161.999l111.856 147.88L403.229 0zm-27.556 415.805h43.505L138.363 44.527h-46.68l283.99 371.278z\"\/><\/svg><span class=\"mec-social-title\">Twitter<\/span><\/a><\/li><li class=\"mec-event-social-icon\"><a class=\"linkedin\" href=\"https:\/\/www.linkedin.com\/shareArticle?mini=true&url=https%3A%2F%2Fcercledeconsciencia.com%2Fes%2Factividades%2Flibera-tus-personajes-teatro-terapeutico%2F\" onclick=\"javascript:window.open(this.href, '', 'menubar=no,toolbar=no,resizable=yes,scrollbars=yes,height=600,width=500'); return false;\" target=\"_blank\" title=\"LinkedIn\"><i class=\"mec-fa-linkedin\"><\/i><span class=\"mec-social-title\">LinkedIn<\/span><\/a><\/li><li class=\"mec-event-social-icon\"><a class=\"pinterest\" href=\"http:\/\/pinterest.com\/pin\/create\/button\/?url=https%3A%2F%2Fcercledeconsciencia.com%2Fes%2Factividades%2Flibera-tus-personajes-teatro-terapeutico%2F\" target=\"_blank\" title=\"Compartir en Pinterest\"><i class=\"mec-fa-pinterest\"><\/i><span class=\"mec-social-title\">Pitnerest<\/span><\/a><\/li><li class=\"mec-event-social-icon\"><a class=\"whatsapp\" href=\"https:\/\/api.whatsapp.com\/send?text=https%3A%2F%2Fcercledeconsciencia.com%2Fes%2Factividades%2Flibera-tus-personajes-teatro-terapeutico%2F\" target=\"_blank\" title=\"Compartir en WhatsApp\"><i class=\"mec-fa-whatsapp\"><\/i><span class=\"mec-social-title\">WhatsApp<\/span><\/a><\/li><li class=\"mec-event-social-icon\"><a class=\"telegram\" href=\"https:\/\/telegram.me\/share\/url?url=https%3A%2F%2Fcercledeconsciencia.com%2Fes%2Factividades%2Flibera-tus-personajes-teatro-terapeutico%2F&text=Libera tus Personajes. Teatro Terap\u00e9utico.\" target=\"_blank\" title=\"Compartir en Telegram\">\r\n            <i><svg aria-hidden=\"true\" focusable=\"false\" data-prefix=\"fab\" data-icon=\"telegram\" class=\"svg-inline--fa fa-telegram fa-w-16\" role=\"img\" xmlns=\"http:\/\/www.w3.org\/2000\/svg\" viewBox=\"0 0 496 512\"><path fill=\"currentColor\" d=\"M248 8C111 8 0 119 0 256s111 248 248 248 248-111 248-248S385 8 248 8zm121.8 169.9l-40.7 191.8c-3 13.6-11.1 16.9-22.4 10.5l-62-45.7-29.9 28.8c-3.3 3.3-6.1 6.1-12.5 6.1l4.4-63.1 114.9-103.8c5-4.4-1.1-6.9-7.7-2.5l-142 89.4-61.2-19.1c-13.3-4.2-13.6-13.3 2.8-19.7l239.1-92.2c11.1-4 20.8 2.7 17.2 19.5z\"><\/path><\/svg><\/i>\r\n            <span class=\"mec-social-title\">Telegram<\/span>\r\n        <\/a><\/li>                                    <\/ul>\r\n                                <\/li>\r\n                            <\/ul>\r\n                                                <a class=\"mec-booking-button mec-bg-color-hover mec-border-color-hover\" data-event-id=\"5394\" href=\"https:\/\/cercledeconsciencia.com\/es\/actividades\/libera-tus-personajes-teatro-terapeutico\/\" target=\"_blank\" rel=\"noopener\">Ver detalle<\/a>                                            <\/div>\r\n                <\/div>\r\n                            <\/article>\r\n                        <article class=\"mec-past-event mec-event-article  mec-clear \" itemscope>\r\n                                        <div class=\"event-carousel-type3-head clearfix\">\r\n                    <div class=\"mec-event-image\">\r\n                        <a data-event-id=\"2276\" href=\"https:\/\/cercledeconsciencia.com\/es\/actividades\/teatro-terapeutico\/\" target=\"_blank\" rel=\"noopener\"><img loading=\"lazy\" decoding=\"async\" width=\"474\" height=\"324\" src=\"https:\/\/cercledeconsciencia.com\/wp-content\/uploads\/2023\/11\/Imagen_SK_Curso_AC_TETE_2023-2024-474x324.jpg\" class=\"attachment-meccarouselthumb size-meccarouselthumb wp-post-image\" alt=\"\" data-mec-postid=\"2276\" \/><\/a>                                            <\/div>\r\n                    <div class=\"mec-event-footer-carousel-type3\">\r\n                                                    <span class=\"mec-event-date-info\"><span class=\"mec-start-date-label\">May 06, 2026<\/span><\/span>\r\n                                                                                                                        <h4 class=\"mec-event-carousel-title\"><a class=\"mec-color-hover\" data-event-id=\"2276\" href=\"https:\/\/cercledeconsciencia.com\/es\/actividades\/teatro-terapeutico\/\" target=\"_blank\" rel=\"noopener\">Teatro Terap\u00e9utico<\/a><\/h4>\r\n                                                <p class=\"mec-carousel-event-location\"><span>Cercle Gestalt Barcelona<\/span><br>Carrer de Pau Alsina, 16, Gracia Barcelona<\/p>\r\n                                                    <ul class=\"mec-event-sharing-wrap\">\r\n                                <li class=\"mec-event-share\">\r\n                                    <a href=\"#\" class=\"mec-event-share-icon\">\r\n                                        <i class=\"mec-sl-share mec-bg-color-hover mec-border-color-hover\" title=\"Share\" alt=\"Share\"><\/i>\r\n                                    <\/a>\r\n                                <\/li>\r\n                                <li>\r\n                                    <ul class=\"mec-event-sharing\">\r\n                                        <li class=\"mec-event-social-icon\"><a class=\"facebook\" href=\"https:\/\/www.facebook.com\/sharer\/sharer.php?u=https%3A%2F%2Fcercledeconsciencia.com%2Fes%2Factividades%2Fteatro-terapeutico%2F\" onclick=\"javascript:window.open(this.href, '', 'menubar=no,toolbar=no,resizable=yes,scrollbars=yes,height=500,width=600'); return false;\" target=\"_blank\" title=\"Compartir en Facebook\"><i class=\"mec-fa-facebook\"><\/i><span class=\"mec-social-title\">Facebook<\/span><\/a><\/li><li class=\"mec-event-social-icon\"><a class=\"twitter\" href=\"https:\/\/x.com\/intent\/tweet?url=https%3A%2F%2Fcercledeconsciencia.com%2Fes%2Factividades%2Fteatro-terapeutico%2F\" onclick=\"javascript:window.open(this.href, '', 'menubar=no,toolbar=no,resizable=yes,scrollbars=yes,height=600,width=500'); return false;\" target=\"_blank\" title=\"X Social Network\"><svg xmlns=\"http:\/\/www.w3.org\/2000\/svg\" shape-rendering=\"geometricPrecision\" text-rendering=\"geometricPrecision\" image-rendering=\"optimizeQuality\" fill-rule=\"evenodd\" clip-rule=\"evenodd\" viewBox=\"0 0 512 462.799\"><path fill-rule=\"nonzero\" d=\"M403.229 0h78.506L310.219 196.04 512 462.799H354.002L230.261 301.007 88.669 462.799h-78.56l183.455-209.683L0 0h161.999l111.856 147.88L403.229 0zm-27.556 415.805h43.505L138.363 44.527h-46.68l283.99 371.278z\"\/><\/svg><span class=\"mec-social-title\">Twitter<\/span><\/a><\/li><li class=\"mec-event-social-icon\"><a class=\"linkedin\" href=\"https:\/\/www.linkedin.com\/shareArticle?mini=true&url=https%3A%2F%2Fcercledeconsciencia.com%2Fes%2Factividades%2Fteatro-terapeutico%2F\" onclick=\"javascript:window.open(this.href, '', 'menubar=no,toolbar=no,resizable=yes,scrollbars=yes,height=600,width=500'); return false;\" target=\"_blank\" title=\"LinkedIn\"><i class=\"mec-fa-linkedin\"><\/i><span class=\"mec-social-title\">LinkedIn<\/span><\/a><\/li><li class=\"mec-event-social-icon\"><a class=\"pinterest\" href=\"http:\/\/pinterest.com\/pin\/create\/button\/?url=https%3A%2F%2Fcercledeconsciencia.com%2Fes%2Factividades%2Fteatro-terapeutico%2F\" target=\"_blank\" title=\"Compartir en Pinterest\"><i class=\"mec-fa-pinterest\"><\/i><span class=\"mec-social-title\">Pitnerest<\/span><\/a><\/li><li class=\"mec-event-social-icon\"><a class=\"whatsapp\" href=\"https:\/\/api.whatsapp.com\/send?text=https%3A%2F%2Fcercledeconsciencia.com%2Fes%2Factividades%2Fteatro-terapeutico%2F\" target=\"_blank\" title=\"Compartir en WhatsApp\"><i class=\"mec-fa-whatsapp\"><\/i><span class=\"mec-social-title\">WhatsApp<\/span><\/a><\/li><li class=\"mec-event-social-icon\"><a class=\"telegram\" href=\"https:\/\/telegram.me\/share\/url?url=https%3A%2F%2Fcercledeconsciencia.com%2Fes%2Factividades%2Fteatro-terapeutico%2F&text=Teatro Terap\u00e9utico\" target=\"_blank\" title=\"Compartir en Telegram\">\r\n            <i><svg aria-hidden=\"true\" focusable=\"false\" data-prefix=\"fab\" data-icon=\"telegram\" class=\"svg-inline--fa fa-telegram fa-w-16\" role=\"img\" xmlns=\"http:\/\/www.w3.org\/2000\/svg\" viewBox=\"0 0 496 512\"><path fill=\"currentColor\" d=\"M248 8C111 8 0 119 0 256s111 248 248 248 248-111 248-248S385 8 248 8zm121.8 169.9l-40.7 191.8c-3 13.6-11.1 16.9-22.4 10.5l-62-45.7-29.9 28.8c-3.3 3.3-6.1 6.1-12.5 6.1l4.4-63.1 114.9-103.8c5-4.4-1.1-6.9-7.7-2.5l-142 89.4-61.2-19.1c-13.3-4.2-13.6-13.3 2.8-19.7l239.1-92.2c11.1-4 20.8 2.7 17.2 19.5z\"><\/path><\/svg><\/i>\r\n            <span class=\"mec-social-title\">Telegram<\/span>\r\n        <\/a><\/li>                                    <\/ul>\r\n                                <\/li>\r\n                            <\/ul>\r\n                                                <a class=\"mec-booking-button mec-bg-color-hover mec-border-color-hover\" data-event-id=\"2276\" href=\"https:\/\/cercledeconsciencia.com\/es\/actividades\/teatro-terapeutico\/\" target=\"_blank\" rel=\"noopener\">Ver detalle<\/a>                                            <\/div>\r\n                <\/div>\r\n                            <\/article>\r\n                                <\/div>\r\n        \t<\/div>\r\n<\/div>    <\/div>\r\n        <\/div>\n\n\t\t<\/div>\n\t<\/div>\n<div class=\"vc_empty_space\"   style=\"height: 50px\"><span class=\"vc_empty_space_inner\"><\/span><\/div><div class=\"vc_btn3-container vc_btn3-center\" ><a style=\"background-color:#088094; color:#ffffff;\" class=\"vc_general vc_btn3 vc_btn3-size-md vc_btn3-shape-rounded vc_btn3-style-custom\" href=\"\/actividades\/\" title=\"\">Ver m\u00e1s actividades<\/a><\/div><div class=\"vc_empty_space\"   style=\"height: 100px\"><span class=\"vc_empty_space_inner\"><\/span><\/div><\/div><\/div><\/div><\/div><div class=\"vc_row wpb_row vc_row-fluid vc_custom_1689090462594\" ><div class=\"wpb_column vc_column_container vc_col-sm-12\"><div class=\"vc_column-inner\"><div class=\"wpb_wrapper\"><div class=\"vc_empty_space\"   style=\"height: 100px\"><span class=\"vc_empty_space_inner\"><\/span><\/div>\n\t<div class=\"wpb_text_column wpb_content_element \" >\n\t\t<div class=\"wpb_wrapper\">\n\t\t\t<h2 style=\"text-align: center;\">Alquiler de espacios<\/h2>\n\n\t\t<\/div>\n\t<\/div>\n<div class=\"vc_empty_space\"   style=\"height: 50px\"><span class=\"vc_empty_space_inner\"><\/span><\/div><\/div><\/div><\/div><\/div><div data-vc-full-width=\"true\" data-vc-full-width-init=\"false\" class=\"vc_row wpb_row vc_row-fluid\" ><div class=\"wpb_column vc_column_container vc_col-sm-3\"><div class=\"vc_column-inner\"><div class=\"wpb_wrapper\"><\/div><\/div><\/div><div class=\"wpb_column vc_column_container vc_col-sm-6\"><div class=\"vc_column-inner vc_custom_1718831840156\"><div class=\"wpb_wrapper\"><div class=\"vc_row wpb_row vc_inner vc_row-fluid vc_column-gap-25 vc_row-o-equal-height vc_row-flex\" ><div class=\"box-alquiler wpb_column vc_column_container vc_col-sm-6\"><div class=\"vc_column-inner vc_custom_1718831909300\"><div class=\"wpb_wrapper\">\n\t<div class=\"wpb_text_column wpb_content_element \" >\n\t\t<div class=\"wpb_wrapper\">\n\t\t\t<h3 style=\"text-align: center;\">Salas<\/h3>\n\n\t\t<\/div>\n\t<\/div>\n<div class=\"vc_empty_space\"   style=\"height: 30px\"><span class=\"vc_empty_space_inner\"><\/span><\/div>\n\t<div  class=\"wpb_single_image wpb_content_element vc_align_left\">\n\t\t\n\t\t<figure class=\"wpb_wrapper vc_figure\">\n\t\t\t<div class=\"vc_single_image-wrapper   vc_box_border_grey\"><img loading=\"lazy\" decoding=\"async\" width=\"500\" height=\"365\" src=\"https:\/\/cercledeconsciencia.com\/wp-content\/uploads\/2023\/07\/salas-1.png\" class=\"vc_single_image-img attachment-full\" alt=\"\" title=\"salas\" srcset=\"https:\/\/cercledeconsciencia.com\/wp-content\/uploads\/2023\/07\/salas-1.png 500w, https:\/\/cercledeconsciencia.com\/wp-content\/uploads\/2023\/07\/salas-1-300x219.png 300w\" sizes=\"auto, (max-width: 500px) 100vw, 500px\" \/><\/div>\n\t\t<\/figure>\n\t<\/div>\n\n\t<div class=\"wpb_text_column wpb_content_element  vc_custom_1689092393574\" >\n\t\t<div class=\"wpb_wrapper\">\n\t\t\t<p>Ponemos a tu disposici\u00f3n diferentes espacios adaptados a tus necesidades para que puedas llevar a cabo tus talleres en un ambiente amplio y acogedor. Si est\u00e1s buscando un espacio para llevar a cabo tus talleres o actividades grupales est\u00e1s en el sitio adecuado.<\/p>\n\n\t\t<\/div>\n\t<\/div>\n<div class=\"vc_empty_space\"   style=\"height: 50px\"><span class=\"vc_empty_space_inner\"><\/span><\/div>\n\t<div  class=\"wpb_single_image wpb_content_element vc_align_right  vc_custom_1718235044409\">\n\t\t\n\t\t<figure class=\"wpb_wrapper vc_figure\">\n\t\t\t<a href=\"\/alquiler\/\" target=\"_self\" class=\"vc_single_image-wrapper   vc_box_border_grey\"><img loading=\"lazy\" decoding=\"async\" width=\"72\" height=\"72\" src=\"https:\/\/cercledeconsciencia.com\/wp-content\/uploads\/2023\/07\/btn.png\" class=\"vc_single_image-img attachment-full\" alt=\"\" title=\"btn\" \/><\/a>\n\t\t<\/figure>\n\t<\/div>\n<\/div><\/div><\/div><div class=\"box-alquiler wpb_column vc_column_container vc_col-sm-6\"><div class=\"vc_column-inner vc_custom_1718832025699\"><div class=\"wpb_wrapper\">\n\t<div class=\"wpb_text_column wpb_content_element \" >\n\t\t<div class=\"wpb_wrapper\">\n\t\t\t<h3 style=\"text-align: center;\">Can Gensana<\/h3>\n\n\t\t<\/div>\n\t<\/div>\n<div class=\"vc_empty_space\"   style=\"height: 30px\"><span class=\"vc_empty_space_inner\"><\/span><\/div>\n\t<div  class=\"wpb_single_image wpb_content_element vc_align_left\">\n\t\t\n\t\t<figure class=\"wpb_wrapper vc_figure\">\n\t\t\t<div class=\"vc_single_image-wrapper   vc_box_border_grey\"><img loading=\"lazy\" decoding=\"async\" width=\"500\" height=\"365\" src=\"https:\/\/cercledeconsciencia.com\/wp-content\/uploads\/2023\/07\/gensana-1.png\" class=\"vc_single_image-img attachment-full\" alt=\"\" title=\"gensana\" srcset=\"https:\/\/cercledeconsciencia.com\/wp-content\/uploads\/2023\/07\/gensana-1.png 500w, https:\/\/cercledeconsciencia.com\/wp-content\/uploads\/2023\/07\/gensana-1-300x219.png 300w\" sizes=\"auto, (max-width: 500px) 100vw, 500px\" \/><\/div>\n\t\t<\/figure>\n\t<\/div>\n\n\t<div class=\"wpb_text_column wpb_content_element  vc_custom_1689092400190\" >\n\t\t<div class=\"wpb_wrapper\">\n\t\t\t<p>Can Gensana es una mas\u00eda situada en pleno Montseny, rodeada de naturaleza y un entorno privilegiado para aquellos que buscan desconectar del ajetreo de la ciudad y sumergirse en la tranquilidad de la monta\u00f1a. La casa cuenta con amplios espacios interiores y exteriores, perfectos para grupos grandes que desean disfrutar de una estancia en comunidad.<\/p>\n\n\t\t<\/div>\n\t<\/div>\n\n\t<div  class=\"wpb_single_image wpb_content_element vc_align_right  vc_custom_1689092506478\">\n\t\t\n\t\t<figure class=\"wpb_wrapper vc_figure\">\n\t\t\t<div class=\"vc_single_image-wrapper   vc_box_border_grey\"><img loading=\"lazy\" decoding=\"async\" width=\"72\" height=\"72\" src=\"https:\/\/cercledeconsciencia.com\/wp-content\/uploads\/2023\/07\/btn.png\" class=\"vc_single_image-img attachment-full\" alt=\"\" title=\"btn\" \/><\/div>\n\t\t<\/figure>\n\t<\/div>\n<\/div><\/div><\/div><\/div><\/div><\/div><\/div><div class=\"wpb_column vc_column_container vc_col-sm-3\"><div class=\"vc_column-inner\"><div class=\"wpb_wrapper\"><\/div><\/div><\/div><\/div><div class=\"vc_row-full-width vc_clearfix\"><\/div><div class=\"vc_row wpb_row vc_row-fluid vc_custom_1689090462594\" ><div class=\"wpb_column vc_column_container vc_col-sm-12\"><div class=\"vc_column-inner\"><div class=\"wpb_wrapper\"><div class=\"vc_empty_space\"   style=\"height: 80px\"><span class=\"vc_empty_space_inner\"><\/span><\/div><\/div><\/div><\/div><\/div><div data-vc-full-width=\"true\" data-vc-full-width-init=\"false\" data-vc-stretch-content=\"true\" class=\"vc_row wpb_row vc_row-fluid vc_custom_1706007913528 vc_row-has-fill vc_row-no-padding\" ><div class=\"wpb_column vc_column_container vc_col-sm-12\"><div class=\"vc_column-inner vc_custom_1699443883622\"><div class=\"wpb_wrapper\"><div class=\"vc_row wpb_row vc_inner vc_row-fluid vc_custom_1699304517452\" ><div class=\"borderlb-white wpb_column vc_column_container vc_col-sm-12\"><div class=\"vc_column-inner vc_custom_1699443840756\"><div class=\"wpb_wrapper\"><div class=\"vc_empty_space\"   style=\"height: 100px\"><span class=\"vc_empty_space_inner\"><\/span><\/div><\/div><\/div><\/div><\/div><div class=\"vc_empty_space\"   style=\"height: 20px\"><span class=\"vc_empty_space_inner\"><\/span><\/div><\/div><\/div><\/div><\/div><div class=\"vc_row-full-width vc_clearfix\"><\/div><div data-vc-full-width=\"true\" data-vc-full-width-init=\"false\" class=\"vc_row wpb_row vc_row-fluid\" style=\"background-color:#ededed\"><div class=\"wpb_column vc_column_container vc_col-sm-3\"><div class=\"vc_column-inner\"><div class=\"wpb_wrapper\"><\/div><\/div><\/div><div class=\"wpb_column vc_column_container vc_col-sm-6\"><div class=\"vc_column-inner\"><div class=\"wpb_wrapper\"><div class=\"vc_empty_space\"   style=\"height: 50px\"><span class=\"vc_empty_space_inner\"><\/span><\/div>\n\t<div class=\"wpb_text_column wpb_content_element \" >\n\t\t<div class=\"wpb_wrapper\">\n\t\t\t<h2 style=\"text-align: center;\"><span style=\"color: #4a4a49;\">Nos avala<\/span><\/h2>\n\n\t\t<\/div>\n\t<\/div>\n<div class=\"vc_empty_space\"   style=\"height: 30px\"><span class=\"vc_empty_space_inner\"><\/span><\/div><div class=\"vc_row wpb_row vc_inner vc_row-fluid vc_row-o-content-middle vc_row-flex\" ><div class=\"wpb_column vc_column_container vc_col-sm-3 vc_col-xs-3\"><div class=\"vc_column-inner\"><div class=\"wpb_wrapper\">\n\t<div  class=\"wpb_single_image wpb_content_element vc_align_right\">\n\t\t\n\t\t<figure class=\"wpb_wrapper vc_figure\">\n\t\t\t<div class=\"vc_single_image-wrapper   vc_box_border_grey\"><img loading=\"lazy\" decoding=\"async\" width=\"128\" height=\"33\" src=\"https:\/\/cercledeconsciencia.com\/wp-content\/uploads\/2024\/01\/cifra20.png\" class=\"vc_single_image-img attachment-full\" alt=\"\" title=\"cifra+20\" \/><\/div>\n\t\t<\/figure>\n\t<\/div>\n<\/div><\/div><\/div><div class=\"wpb_column vc_column_container vc_col-sm-9 vc_col-xs-9\"><div class=\"vc_column-inner\"><div class=\"wpb_wrapper\">\n\t<div class=\"wpb_text_column wpb_content_element \" >\n\t\t<div class=\"wpb_wrapper\">\n\t\t\t<h5><span style=\"color: #4a4a49;\">alumnos se han formado en nuestras escuelas.<\/span><\/h5>\n\n\t\t<\/div>\n\t<\/div>\n<\/div><\/div><\/div><\/div><div class=\"vc_empty_space\"   style=\"height: 20px\"><span class=\"vc_empty_space_inner\"><\/span><\/div><div class=\"vc_row wpb_row vc_inner vc_row-fluid vc_row-o-content-middle vc_row-flex\" ><div class=\"wpb_column vc_column_container vc_col-sm-3 vc_col-xs-3\"><div class=\"vc_column-inner\"><div class=\"wpb_wrapper\">\n\t<div  class=\"wpb_single_image wpb_content_element vc_align_right\">\n\t\t\n\t\t<figure class=\"wpb_wrapper vc_figure\">\n\t\t\t<div class=\"vc_single_image-wrapper   vc_box_border_grey\"><img loading=\"lazy\" decoding=\"async\" width=\"81\" height=\"81\" src=\"https:\/\/cercledeconsciencia.com\/wp-content\/uploads\/2024\/01\/logo-aetg.png\" class=\"vc_single_image-img attachment-full\" alt=\"\" title=\"logo-aetg\" \/><\/div>\n\t\t<\/figure>\n\t<\/div>\n<\/div><\/div><\/div><div class=\"wpb_column vc_column_container vc_col-sm-9 vc_col-xs-9\"><div class=\"vc_column-inner\"><div class=\"wpb_wrapper\">\n\t<div class=\"wpb_text_column wpb_content_element \" >\n\t\t<div class=\"wpb_wrapper\">\n\t\t\t<h5><span style=\"color: #4a4a49;\">Nuestra formaci\u00f3n <strong>Gestalt<\/strong> est\u00e1 avalada por la <strong>Asociaci\u00f3n Espa\u00f1ola de Terapia Gestalt (AETG).<\/strong><\/span><\/h5>\n\n\t\t<\/div>\n\t<\/div>\n<\/div><\/div><\/div><\/div><div class=\"vc_empty_space\"   style=\"height: 20px\"><span class=\"vc_empty_space_inner\"><\/span><\/div><div class=\"vc_row wpb_row vc_inner vc_row-fluid vc_row-o-content-middle vc_row-flex\" ><div class=\"wpb_column vc_column_container vc_col-sm-3 vc_col-xs-3\"><div class=\"vc_column-inner\"><div class=\"wpb_wrapper\">\n\t<div  class=\"wpb_single_image wpb_content_element vc_align_right\">\n\t\t\n\t\t<figure class=\"wpb_wrapper vc_figure\">\n\t\t\t<div class=\"vc_single_image-wrapper   vc_box_border_grey\"><img loading=\"lazy\" decoding=\"async\" width=\"100\" height=\"100\" src=\"https:\/\/cercledeconsciencia.com\/wp-content\/uploads\/2023\/09\/aval-3.png\" class=\"vc_single_image-img attachment-full\" alt=\"\" title=\"aval-3\" \/><\/div>\n\t\t<\/figure>\n\t<\/div>\n<\/div><\/div><\/div><div class=\"wpb_column vc_column_container vc_col-sm-9 vc_col-xs-9\"><div class=\"vc_column-inner\"><div class=\"wpb_wrapper\">\n\t<div class=\"wpb_text_column wpb_content_element \" >\n\t\t<div class=\"wpb_wrapper\">\n\t\t\t<h5><span style=\"color: #4a4a49;\">Nuestra formaci\u00f3n Transpersonal Integrativa est\u00e1 avalada por <strong>Claudio Naranjo<\/strong>.<\/span><\/h5>\n\n\t\t<\/div>\n\t<\/div>\n<\/div><\/div><\/div><\/div><div class=\"vc_empty_space\"   style=\"height: 20px\"><span class=\"vc_empty_space_inner\"><\/span><\/div><div class=\"vc_row wpb_row vc_inner vc_row-fluid vc_row-o-content-middle vc_row-flex\" ><div class=\"wpb_column vc_column_container vc_col-sm-3 vc_col-xs-3\"><div class=\"vc_column-inner\"><div class=\"wpb_wrapper\">\n\t<div  class=\"wpb_single_image wpb_content_element vc_align_right\">\n\t\t\n\t\t<figure class=\"wpb_wrapper vc_figure\">\n\t\t\t<div class=\"vc_single_image-wrapper   vc_box_border_grey\"><img loading=\"lazy\" decoding=\"async\" width=\"90\" height=\"117\" src=\"https:\/\/cercledeconsciencia.com\/wp-content\/uploads\/2024\/01\/logo-eurotas.png\" class=\"vc_single_image-img attachment-full\" alt=\"\" title=\"logo-eurotas\" \/><\/div>\n\t\t<\/figure>\n\t<\/div>\n<\/div><\/div><\/div><div class=\"wpb_column vc_column_container vc_col-sm-9 vc_col-xs-9\"><div class=\"vc_column-inner\"><div class=\"wpb_wrapper\">\n\t<div class=\"wpb_text_column wpb_content_element \" >\n\t\t<div class=\"wpb_wrapper\">\n\t\t\t<h5><span style=\"color: #4a4a49;\">Con nuestra formaci\u00f3n Transpersonal obtiene la certificaci\u00f3n de <strong>EUROTAS (Asociaci\u00f3n Europea Transpersonal)<\/strong>.<\/span><\/h5>\n\n\t\t<\/div>\n\t<\/div>\n<\/div><\/div><\/div><\/div><div class=\"vc_empty_space\"   style=\"height: 50px\"><span class=\"vc_empty_space_inner\"><\/span><\/div><\/div><\/div><\/div><div class=\"wpb_column vc_column_container vc_col-sm-3\"><div class=\"vc_column-inner\"><div class=\"wpb_wrapper\"><\/div><\/div><\/div><\/div><div class=\"vc_row-full-width vc_clearfix\"><\/div><div data-vc-full-width=\"true\" data-vc-full-width-init=\"false\" data-vc-stretch-content=\"true\" class=\"vc_row wpb_row vc_row-fluid vc_custom_1706007902304 vc_row-has-fill vc_row-no-padding\" ><div class=\"wpb_column vc_column_container vc_col-sm-12\"><div class=\"vc_column-inner\"><div class=\"wpb_wrapper\"><div class=\"vc_empty_space\"   style=\"height: 50px\"><span class=\"vc_empty_space_inner\"><\/span><\/div><div class=\"vc_row wpb_row vc_inner vc_row-fluid vc_custom_1699304517452\" ><div class=\"borderr-white wpb_column vc_column_container vc_col-sm-12\"><div class=\"vc_column-inner vc_custom_1699304523827\"><div class=\"wpb_wrapper\"><div class=\"vc_empty_space\"   style=\"height: 100px\"><span class=\"vc_empty_space_inner\"><\/span><\/div><\/div><\/div><\/div><\/div><\/div><\/div><\/div><\/div><div class=\"vc_row-full-width vc_clearfix\"><\/div><div data-vc-full-width=\"true\" data-vc-full-width-init=\"false\" class=\"vc_row wpb_row vc_row-fluid\" ><div class=\"wpb_column vc_column_container vc_col-sm-2\"><div class=\"vc_column-inner\"><div class=\"wpb_wrapper\"><\/div><\/div><\/div><div class=\"wpb_column vc_column_container vc_col-sm-8\"><div class=\"vc_column-inner\"><div class=\"wpb_wrapper\">\n\t<div class=\"wpb_text_column wpb_content_element \" >\n\t\t<div class=\"wpb_wrapper\">\n\t\t\t<h2 style=\"text-align: center;\">Contacto<\/h2>\n\n\t\t<\/div>\n\t<\/div>\n<div class=\"vc_empty_space\"   style=\"height: 50px\"><span class=\"vc_empty_space_inner\"><\/span><\/div>\n<div class=\"wpcf7 no-js\" id=\"wpcf7-f1784-o1\" lang=\"es-ES\" dir=\"ltr\" data-wpcf7-id=\"1784\">\n<div class=\"screen-reader-response\"><p role=\"status\" aria-live=\"polite\" aria-atomic=\"true\"><\/p> <ul><\/ul><\/div>\n<form action=\"\/es\/wp-json\/wp\/v2\/pages\/577#wpcf7-f1784-o1\" method=\"post\" class=\"wpcf7-form init\" aria-label=\"Formulario de contacto\" novalidate=\"novalidate\" data-status=\"init\">\n<fieldset class=\"hidden-fields-container\"><input type=\"hidden\" name=\"_wpcf7\" value=\"1784\" \/><input type=\"hidden\" name=\"_wpcf7_version\" value=\"6.1.5\" \/><input type=\"hidden\" name=\"_wpcf7_locale\" value=\"es_ES\" \/><input type=\"hidden\" name=\"_wpcf7_unit_tag\" value=\"wpcf7-f1784-o1\" \/><input type=\"hidden\" name=\"_wpcf7_container_post\" value=\"0\" \/><input type=\"hidden\" name=\"_wpcf7_posted_data_hash\" value=\"\" \/>\n<\/fieldset>\n<div>\n\t<div class=\"edgtf-grid-row \">\n\t\t<div class=\"edgtf-grid-col-12\">\n\t\t\t<p><span id=\"wpcf7-69f1c2caa69c1-wrapper\" class=\"wpcf7-form-control-wrap honeypot-field-wrap\" style=\"display:none !important; visibility:hidden !important;\"><label for=\"wpcf7-69f1c2caa69c1-field\" class=\"hp-message\">Por favor, deja este campo vac\u00edo.<\/label><input id=\"wpcf7-69f1c2caa69c1-field\"  class=\"wpcf7-form-control wpcf7-text\" type=\"text\" name=\"honeypot-field\" value=\"\" size=\"40\" tabindex=\"-1\" autocomplete=\"new-password\" \/><\/span>\n\t\t\t<\/p>\n\t\t<\/div>\n\t<\/div>\n\t<div class=\"edgtf-grid-row \">\n\t\t<div class=\"edgtf-grid-col-4\">\n\t\t\t<p><label> Nombre<br \/>\n<span class=\"wpcf7-form-control-wrap\" data-name=\"your-name\"><input size=\"40\" maxlength=\"400\" class=\"wpcf7-form-control wpcf7-text wpcf7-validates-as-required\" autocomplete=\"name\" aria-required=\"true\" aria-invalid=\"false\" value=\"\" type=\"text\" name=\"your-name\" \/><\/span> <\/label>\n\t\t\t<\/p>\n\t\t<\/div>\n\t\t<div class=\"edgtf-grid-col-4\">\n\t\t\t<p><label> Tel\u00e9fono<br \/>\n<span class=\"wpcf7-form-control-wrap\" data-name=\"your-phone\"><input size=\"40\" maxlength=\"400\" class=\"wpcf7-form-control wpcf7-text wpcf7-validates-as-required\" autocomplete=\"name\" aria-required=\"true\" aria-invalid=\"false\" value=\"\" type=\"text\" name=\"your-phone\" \/><\/span> <\/label>\n\t\t\t<\/p>\n\t\t<\/div>\n\t\t<div class=\"edgtf-grid-col-4\">\n\t\t\t<p><label> Mail<br \/>\n<span class=\"wpcf7-form-control-wrap\" data-name=\"your-email\"><input size=\"40\" maxlength=\"400\" class=\"wpcf7-form-control wpcf7-email wpcf7-validates-as-required wpcf7-text wpcf7-validates-as-email\" autocomplete=\"email\" aria-required=\"true\" aria-invalid=\"false\" value=\"\" type=\"email\" name=\"your-email\" \/><\/span> <\/label>\n\t\t\t<\/p>\n\t\t<\/div>\n\t<\/div>\n\t<div class=\"edgtf-grid-row\">\n\t\t<div class=\"edgtf-grid-col-4\">\n\t\t\t<p><span class=\"wpcf7-form-control-wrap\" data-name=\"ayuda\"><select class=\"wpcf7-form-control wpcf7-select\" aria-invalid=\"false\" name=\"ayuda\"><option value=\"\u00bfEn qu\u00e9 te podemos ayudar?\">\u00bfEn qu\u00e9 te podemos ayudar?<\/option><option value=\"Formaci\u00f3n Gestalt Integrativa\">Formaci\u00f3n Gestalt Integrativa<\/option><option value=\"Formaci\u00f3n Terapia Corporal Integrativa\">Formaci\u00f3n Terapia Corporal Integrativa<\/option><option value=\"Formaci\u00f3n Transpersonal Integrativa\">Formaci\u00f3n Transpersonal Integrativa<\/option><option value=\"Formacion Sexualidad Integrativa\">Formacion Sexualidad Integrativa<\/option><option value=\"Talleres\">Talleres<\/option><option value=\"Terapia\">Terapia<\/option><option value=\"Alquiler de espacios\">Alquiler de espacios<\/option><option value=\"Can Gensana\">Can Gensana<\/option><option value=\"Otros\">Otros<\/option><\/select><\/span>\n\t\t\t<\/p>\n\t\t\t<p><span class=\"wpcf7-form-control-wrap\" data-name=\"sede\"><select class=\"wpcf7-form-control wpcf7-select\" aria-invalid=\"false\" name=\"sede\"><option value=\"\u00bfEn qu\u00e9 sede tienes inter\u00e9s?\">\u00bfEn qu\u00e9 sede tienes inter\u00e9s?<\/option><option value=\"Barcelona\">Barcelona<\/option><option value=\"Tarragona\">Tarragona<\/option><option value=\"Mallorca\">Mallorca<\/option><option value=\"Ibiza\">Ibiza<\/option><option value=\"Madrid\">Madrid<\/option><\/select><\/span>\n\t\t\t<\/p>\n\t\t<\/div>\n\t\t<div class=\"edgtf-grid-col-8\">\n\t\t\t<p><label> Mensaje (opcional)<br \/>\n<span class=\"wpcf7-form-control-wrap\" data-name=\"your-message\"><textarea cols=\"40\" rows=\"4\" maxlength=\"2000\" class=\"wpcf7-form-control wpcf7-textarea\" aria-invalid=\"false\" name=\"your-message\"><\/textarea><\/span> <\/label>\n\t\t\t<\/p>\n\t\t<\/div>\n\t<\/div>\n\t<div class=\"edgtf-grid-row\">\n\t\t<div class=\"edgtf-grid-col-12\">\n\t\t\t<div class=\"txt-legal\">\n\t\t\t\t<p><b>INFORMACI\u00d3N B\u00c1SICA SOBRE PROTECCI\u00d3N DE DATOS<\/b>\n\t\t\t\t<\/p>\n\t\t\t\t<p><b>RESPONSABLE DEL TRATAMIENTO<\/b><br \/>\nResponsable: ESPAI TCI, S.L.U. - CIF: B66100033 Dir. Postal: C\/ PAU ALSINA N 16, CP: 08025 - BARCELONA (BARCELONA)<br \/>\n<b>FINALIDAD:<\/b> Gestionar su consulta\/petici\u00f3n y dar una respuesta a la misma.<br \/>\n<b>LEGITIMACI\u00d3N:<\/b> Su consentimiento<br \/>\n<b>DESTINATARIOS:<\/b> Los datos no se ceder\u00e1n a terceros salvo en los casos en los que exista una obligaci\u00f3n legal o comunicaci\u00f3n necesaria para dar contestaci\u00f3n a su consulta.<br \/>\n<b>DERECHOS:<\/b> Puede ejercer sus Derechos a acceder, rectificar, oponerse, limitar, portar y suprimir los datos ante el responsable del tratamiento; adem\u00e1s de acudir a la autoridad de control competente (AEPD).<br \/>\n<b>INFORMACI\u00d3N ADICIONAL:<\/b> Puede consultar la informaci\u00f3n adicional sobre el tratamiento de sus datos personales <a href=\"\/politica-de-privacidad\/\">aqu\u00ed<\/a>.\n\t\t\t\t<\/p>\n\t\t\t<\/div>\n\t\t<\/div>\n\t<\/div>\n\t<div class=\"edgtf-grid-row pt-4\">\n\t\t<div class=\"edgtf-grid-col-4\">\n\t\t<\/div>\n\t\t<div class=\"edgtf-grid-col-8\">\n\t\t\t<p><span class=\"wpcf7-form-control-wrap\" data-name=\"news\"><span class=\"wpcf7-form-control wpcf7-checkbox mycheck2\"><span class=\"wpcf7-list-item first last\"><input type=\"checkbox\" name=\"news[]\" value=\"Quiero recibir informaci\u00f3n sobre actividades y formaciones.\" \/><span class=\"wpcf7-list-item-label\">Quiero recibir informaci\u00f3n sobre actividades y formaciones.<\/span><\/span><\/span><\/span><br \/>\n<span class=\"wpcf7-form-control-wrap\" data-name=\"politica\"><span class=\"wpcf7-form-control wpcf7-checkbox wpcf7-validates-as-required mycheck2\"><span class=\"wpcf7-list-item first last\"><input type=\"checkbox\" name=\"politica[]\" value=\"He le\u00eddo y acepto la Pol\u00edtica de Privacidad.\" \/><span class=\"wpcf7-list-item-label\">He le\u00eddo y acepto la Pol\u00edtica de Privacidad.<\/span><\/span><\/span><\/span>\n\t\t\t<\/p>\n\t\t<\/div>\n\t<\/div>\n\t<div class=\"edgtf-grid-row\">\n\t\t<div class=\"edgtf-grid-col-12 text-right\">\n\t\t\t<p><input class=\"wpcf7-form-control wpcf7-submit has-spinner\" type=\"submit\" value=\"Enviar\" \/>\n\t\t\t<\/p>\n\t\t<\/div>\n\t<\/div>\n<\/div><p style=\"display: none !important;\" class=\"akismet-fields-container\" data-prefix=\"_wpcf7_ak_\"><label>&#916;<textarea name=\"_wpcf7_ak_hp_textarea\" cols=\"45\" rows=\"8\" maxlength=\"100\"><\/textarea><\/label><input type=\"hidden\" id=\"ak_js_1\" name=\"_wpcf7_ak_js\" value=\"121\"\/><script type=\"text\/javascript\">\n\/* <![CDATA[ *\/\ndocument.getElementById( \"ak_js_1\" ).setAttribute( \"value\", ( new Date() ).getTime() );\n\/* ]]> *\/\n<\/script>\n<\/p><input type='hidden' class='wpcf7-pum' value='{\"closepopup\":false,\"closedelay\":0,\"openpopup\":false,\"openpopup_id\":0}' \/><div class=\"wpcf7-response-output\" aria-hidden=\"true\"><\/div>\n<\/form>\n<\/div>\n<div class=\"vc_empty_space\"   style=\"height: 50px\"><span class=\"vc_empty_space_inner\"><\/span><\/div><\/div><\/div><\/div><div class=\"wpb_column vc_column_container vc_col-sm-2\"><div class=\"vc_column-inner\"><div class=\"wpb_wrapper\"><\/div><\/div><\/div><\/div><div class=\"vc_row-full-width vc_clearfix\"><\/div><div data-vc-full-width=\"true\" data-vc-full-width-init=\"false\" data-vc-stretch-content=\"true\" class=\"vc_row wpb_row vc_row-fluid bg-banner hide-mobile\" ><div class=\"wpb_column vc_column_container vc_col-sm-12\"><div class=\"vc_column-inner\"><div class=\"wpb_wrapper\"><div class=\"vc_empty_space\"   style=\"height: 160px\"><span class=\"vc_empty_space_inner\"><\/span><\/div><div class=\"vc_row wpb_row vc_inner vc_row-fluid\" ><div class=\"bg-transparent wpb_column vc_column_container vc_col-sm-12\"><div class=\"vc_column-inner\"><div class=\"wpb_wrapper\">\n\t<div class=\"wpb_text_column wpb_content_element  vc_custom_1699305764814\" >\n\t\t<div class=\"wpb_wrapper\">\n\t\t\t<h2><span style=\"color: #ffffff;\">\u201cDeja de imaginar: experimenta lo real.\u201d<\/span><\/h2>\n<h4 style=\"padding-left: 20px;\"><span style=\"color: #ffffff;\">Claudio Naranjo<\/span><\/h4>\n\n\t\t<\/div>\n\t<\/div>\n<div class=\"vc_empty_space\"   style=\"height: 20px\"><span class=\"vc_empty_space_inner\"><\/span><\/div><\/div><\/div><\/div><\/div><div class=\"vc_empty_space\"   style=\"height: 360px\"><span class=\"vc_empty_space_inner\"><\/span><\/div><\/div><\/div><\/div><\/div><div class=\"vc_row-full-width vc_clearfix\"><\/div><div data-vc-full-width=\"true\" data-vc-full-width-init=\"false\" data-vc-stretch-content=\"true\" class=\"vc_row wpb_row vc_row-fluid show-mobile vc_custom_1718713571554 vc_row-has-fill\" ><div class=\"wpb_column vc_column_container vc_col-sm-12\"><div class=\"vc_column-inner\"><div class=\"wpb_wrapper\"><div class=\"vc_empty_space\"   style=\"height: 60px\"><span class=\"vc_empty_space_inner\"><\/span><\/div><div class=\"vc_row wpb_row vc_inner vc_row-fluid\" ><div class=\"bg-transparent wpb_column vc_column_container vc_col-sm-12\"><div class=\"vc_column-inner\"><div class=\"wpb_wrapper\">\n\t<div class=\"wpb_text_column wpb_content_element  vc_custom_1699305764814\" >\n\t\t<div class=\"wpb_wrapper\">\n\t\t\t<h2><span style=\"color: #ffffff;\">\u201cDeja de imaginar: experimenta lo real.\u201d<\/span><\/h2>\n<h4 style=\"padding-left: 20px;\"><span style=\"color: #ffffff;\">Claudio Naranjo<\/span><\/h4>\n\n\t\t<\/div>\n\t<\/div>\n<div class=\"vc_empty_space\"   style=\"height: 20px\"><span class=\"vc_empty_space_inner\"><\/span><\/div><\/div><\/div><\/div><\/div><div class=\"vc_empty_space\"   style=\"height: 60px\"><span class=\"vc_empty_space_inner\"><\/span><\/div><\/div><\/div><\/div><\/div><div class=\"vc_row-full-width vc_clearfix\"><\/div><div data-vc-full-width=\"true\" data-vc-full-width-init=\"false\" class=\"vc_row wpb_row vc_row-fluid\" ><div class=\"wpb_column vc_column_container vc_col-sm-2\"><div class=\"vc_column-inner\"><div class=\"wpb_wrapper\"><\/div><\/div><\/div><div class=\"wpb_column vc_column_container vc_col-sm-8\"><div class=\"vc_column-inner\"><div class=\"wpb_wrapper\"><div class=\"vc_empty_space\"   style=\"height: 60px\"><span class=\"vc_empty_space_inner\"><\/span><\/div>\n\t<div class=\"wpb_text_column wpb_content_element \" >\n\t\t<div class=\"wpb_wrapper\">\n\t\t\t<h3>Permite que el Cercle de Consci\u00e8ncia llegue a ti<\/h3>\n<h5>\u00danete a nuestro newsletter y descubre c\u00f3mo puedes vivir una vida m\u00e1s aut\u00e9ntica y significativa.<\/h5>\n\n\t\t<\/div>\n\t<\/div>\n<div class=\"vc_empty_space\"   style=\"height: 50px\"><span class=\"vc_empty_space_inner\"><\/span><\/div>\n<div class=\"wpcf7 no-js\" id=\"wpcf7-f2018-o2\" lang=\"es-ES\" dir=\"ltr\" data-wpcf7-id=\"2018\">\n<div class=\"screen-reader-response\"><p role=\"status\" aria-live=\"polite\" aria-atomic=\"true\"><\/p> <ul><\/ul><\/div>\n<form action=\"\/es\/wp-json\/wp\/v2\/pages\/577#wpcf7-f2018-o2\" method=\"post\" class=\"wpcf7-form init\" aria-label=\"Formulario de contacto\" novalidate=\"novalidate\" data-status=\"init\">\n<fieldset class=\"hidden-fields-container\"><input type=\"hidden\" name=\"_wpcf7\" value=\"2018\" \/><input type=\"hidden\" name=\"_wpcf7_version\" value=\"6.1.5\" \/><input type=\"hidden\" name=\"_wpcf7_locale\" value=\"es_ES\" \/><input type=\"hidden\" name=\"_wpcf7_unit_tag\" value=\"wpcf7-f2018-o2\" \/><input type=\"hidden\" name=\"_wpcf7_container_post\" value=\"0\" \/><input type=\"hidden\" name=\"_wpcf7_posted_data_hash\" value=\"\" \/>\n<\/fieldset>\n<div>\n\t<div class=\"edgtf-grid-row \">\n\t\t<div class=\"edgtf-grid-col-10\">\n\t\t\t<p><span id=\"wpcf7-69f1c2caa94a6-wrapper\" class=\"wpcf7-form-control-wrap honeypot-field-wrap\" style=\"display:none !important; visibility:hidden !important;\"><label for=\"wpcf7-69f1c2caa94a6-field\" class=\"hp-message\">Por favor, deja este campo vac\u00edo.<\/label><input id=\"wpcf7-69f1c2caa94a6-field\"  class=\"wpcf7-form-control wpcf7-text\" type=\"text\" name=\"honeypot-field\" value=\"\" size=\"40\" tabindex=\"-1\" autocomplete=\"new-password\" \/><\/span><br \/>\n<label> Mail<br \/>\n<span class=\"wpcf7-form-control-wrap\" data-name=\"your-email\"><input size=\"40\" maxlength=\"400\" class=\"wpcf7-form-control wpcf7-email wpcf7-validates-as-required wpcf7-text wpcf7-validates-as-email\" autocomplete=\"email\" aria-required=\"true\" aria-invalid=\"false\" value=\"\" type=\"email\" name=\"your-email\" \/><\/span> <\/label>\n\t\t\t<\/p>\n\t\t<\/div>\n\t<\/div>\n\t<div class=\"edgtf-grid-row pt-4\">\n\t\t<div class=\"edgtf-grid-col-10\">\n\t\t\t<p><span class=\"wpcf7-form-control-wrap\" data-name=\"politicas\"><span class=\"wpcf7-form-control wpcf7-checkbox wpcf7-validates-as-required mycheck2\"><span class=\"wpcf7-list-item first last\"><input type=\"checkbox\" name=\"politicas[]\" value=\"He le\u00eddo y acepto las condiciones generales y la pol\u00edtica de privacidad y acepto recibir comunicaciones comerciales del Cercle de Consciencia.\" \/><span class=\"wpcf7-list-item-label\">He le\u00eddo y acepto las condiciones generales y la pol\u00edtica de privacidad y acepto recibir comunicaciones comerciales del Cercle de Consciencia.<\/span><\/span><\/span><\/span>\n\t\t\t<\/p>\n\t\t<\/div>\n\t\t<div class=\"edgtf-grid-col-2\">\n\t\t\t<p><input class=\"wpcf7-form-control wpcf7-submit has-spinner\" type=\"submit\" value=\"Enviar\" \/>\n\t\t\t<\/p>\n\t\t<\/div>\n\t<\/div>\n<\/div><p style=\"display: none !important;\" class=\"akismet-fields-container\" data-prefix=\"_wpcf7_ak_\"><label>&#916;<textarea name=\"_wpcf7_ak_hp_textarea\" cols=\"45\" rows=\"8\" maxlength=\"100\"><\/textarea><\/label><input type=\"hidden\" id=\"ak_js_2\" name=\"_wpcf7_ak_js\" value=\"53\"\/><script type=\"text\/javascript\">\n\/* <![CDATA[ *\/\ndocument.getElementById( \"ak_js_2\" ).setAttribute( \"value\", ( new Date() ).getTime() );\n\/* ]]> *\/\n<\/script>\n<\/p><input type='hidden' class='wpcf7-pum' value='{\"closepopup\":false,\"closedelay\":0,\"openpopup\":false,\"openpopup_id\":0}' \/><div class=\"wpcf7-response-output\" aria-hidden=\"true\"><\/div>\n<\/form>\n<\/div>\n<div class=\"vc_empty_space\"   style=\"height: 50px\"><span class=\"vc_empty_space_inner\"><\/span><\/div><\/div><\/div><\/div><div class=\"wpb_column vc_column_container vc_col-sm-2\"><div class=\"vc_column-inner\"><div class=\"wpb_wrapper\"><\/div><\/div><\/div><\/div><div class=\"vc_row-full-width vc_clearfix\"><\/div>\n","protected":false},"excerpt":{"rendered":"Una propuesta de autodescubrimiento y liberaci\u00f3n para jugar y actuar en un teatro vivencial, emocional y creativo, donde la necesidad del personaje se convierte en la acci\u00f3n transformadora de la [...]","protected":false},"author":1,"featured_media":0,"parent":0,"menu_order":0,"comment_status":"closed","ping_status":"closed","template":"full-width.php","meta":{"footnotes":""},"class_list":["post-577","page","type-page","status-publish","hentry"],"yoast_head":"<!-- This site is optimized with the Yoast SEO plugin v27.4 - https:\/\/yoast.com\/product\/yoast-seo-wordpress\/ -->\n<title>Inicio - Cercle de Consci\u00e8ncia<\/title>\n<meta name=\"robots\" content=\"index, follow, max-snippet:-1, max-image-preview:large, max-video-preview:-1\" \/>\n<link rel=\"canonical\" href=\"https:\/\/cercledeconsciencia.com\/es\/\" \/>\n<meta property=\"og:locale\" content=\"es_ES\" \/>\n<meta property=\"og:type\" content=\"article\" \/>\n<meta property=\"og:title\" content=\"Inicio - Cercle de Consci\u00e8ncia\" \/>\n<meta property=\"og:url\" content=\"https:\/\/cercledeconsciencia.com\/es\/\" \/>\n<meta property=\"og:site_name\" content=\"Cercle de Consci\u00e8ncia\" \/>\n<meta property=\"article:publisher\" content=\"https:\/\/www.facebook.com\/Cercledeconscienciabarcelona?_rdr\" \/>\n<meta property=\"article:modified_time\" content=\"2026-04-23T15:23:02+00:00\" \/>\n<meta name=\"twitter:card\" content=\"summary_large_image\" \/>\n<meta name=\"twitter:label1\" content=\"Tiempo de lectura\" \/>\n\t<meta name=\"twitter:data1\" content=\"4 minutos\" \/>\n<script type=\"application\/ld+json\" class=\"yoast-schema-graph\">{\"@context\":\"https:\\\/\\\/schema.org\",\"@graph\":[{\"@type\":\"WebPage\",\"@id\":\"https:\\\/\\\/cercledeconsciencia.com\\\/\",\"url\":\"https:\\\/\\\/cercledeconsciencia.com\\\/\",\"name\":\"Inicio - Cercle de Consci\u00e8ncia\",\"isPartOf\":{\"@id\":\"https:\\\/\\\/cercledeconsciencia.com\\\/#website\"},\"datePublished\":\"2016-05-09T09:19:12+00:00\",\"dateModified\":\"2026-04-23T15:23:02+00:00\",\"breadcrumb\":{\"@id\":\"https:\\\/\\\/cercledeconsciencia.com\\\/#breadcrumb\"},\"inLanguage\":\"es\",\"potentialAction\":[{\"@type\":\"ReadAction\",\"target\":[\"https:\\\/\\\/cercledeconsciencia.com\\\/\"]}]},{\"@type\":\"BreadcrumbList\",\"@id\":\"https:\\\/\\\/cercledeconsciencia.com\\\/#breadcrumb\",\"itemListElement\":[{\"@type\":\"ListItem\",\"position\":1,\"name\":\"Portada\",\"item\":\"https:\\\/\\\/cercledeconsciencia.com\\\/\"},{\"@type\":\"ListItem\",\"position\":2,\"name\":\"Inicio\"}]},{\"@type\":\"WebSite\",\"@id\":\"https:\\\/\\\/cercledeconsciencia.com\\\/#website\",\"url\":\"https:\\\/\\\/cercledeconsciencia.com\\\/\",\"name\":\"Cercle de Consci\u00e8ncia\",\"description\":\"Centro de Formaci\u00f3n y Terapias\",\"publisher\":{\"@id\":\"https:\\\/\\\/cercledeconsciencia.com\\\/#organization\"},\"potentialAction\":[{\"@type\":\"SearchAction\",\"target\":{\"@type\":\"EntryPoint\",\"urlTemplate\":\"https:\\\/\\\/cercledeconsciencia.com\\\/?s={search_term_string}\"},\"query-input\":{\"@type\":\"PropertyValueSpecification\",\"valueRequired\":true,\"valueName\":\"search_term_string\"}}],\"inLanguage\":\"es\"},{\"@type\":\"Organization\",\"@id\":\"https:\\\/\\\/cercledeconsciencia.com\\\/#organization\",\"name\":\"Cercle de Consci\u00e8ncia\",\"url\":\"https:\\\/\\\/cercledeconsciencia.com\\\/\",\"logo\":{\"@type\":\"ImageObject\",\"inLanguage\":\"es\",\"@id\":\"https:\\\/\\\/cercledeconsciencia.com\\\/#\\\/schema\\\/logo\\\/image\\\/\",\"url\":\"https:\\\/\\\/cercledeconsciencia.com\\\/wp-content\\\/uploads\\\/2023\\\/07\\\/logo.png\",\"contentUrl\":\"https:\\\/\\\/cercledeconsciencia.com\\\/wp-content\\\/uploads\\\/2023\\\/07\\\/logo.png\",\"width\":239,\"height\":68,\"caption\":\"Cercle de Consci\u00e8ncia\"},\"image\":{\"@id\":\"https:\\\/\\\/cercledeconsciencia.com\\\/#\\\/schema\\\/logo\\\/image\\\/\"},\"sameAs\":[\"https:\\\/\\\/www.facebook.com\\\/Cercledeconscienciabarcelona?_rdr\",\"https:\\\/\\\/www.instagram.com\\\/cercledeconsciencia\\\/\",\"https:\\\/\\\/www.youtube.com\\\/c\\\/cercledeconsciencia\"]}]}<\/script>\n<!-- \/ Yoast SEO plugin. -->","yoast_head_json":{"title":"Inicio - Cercle de Consci\u00e8ncia","robots":{"index":"index","follow":"follow","max-snippet":"max-snippet:-1","max-image-preview":"max-image-preview:large","max-video-preview":"max-video-preview:-1"},"canonical":"https:\/\/cercledeconsciencia.com\/es\/","og_locale":"es_ES","og_type":"article","og_title":"Inicio - Cercle de Consci\u00e8ncia","og_url":"https:\/\/cercledeconsciencia.com\/es\/","og_site_name":"Cercle de Consci\u00e8ncia","article_publisher":"https:\/\/www.facebook.com\/Cercledeconscienciabarcelona?_rdr","article_modified_time":"2026-04-23T15:23:02+00:00","twitter_card":"summary_large_image","twitter_misc":{"Tiempo de lectura":"4 minutos"},"schema":{"@context":"https:\/\/schema.org","@graph":[{"@type":"WebPage","@id":"https:\/\/cercledeconsciencia.com\/","url":"https:\/\/cercledeconsciencia.com\/","name":"Inicio - Cercle de Consci\u00e8ncia","isPartOf":{"@id":"https:\/\/cercledeconsciencia.com\/#website"},"datePublished":"2016-05-09T09:19:12+00:00","dateModified":"2026-04-23T15:23:02+00:00","breadcrumb":{"@id":"https:\/\/cercledeconsciencia.com\/#breadcrumb"},"inLanguage":"es","potentialAction":[{"@type":"ReadAction","target":["https:\/\/cercledeconsciencia.com\/"]}]},{"@type":"BreadcrumbList","@id":"https:\/\/cercledeconsciencia.com\/#breadcrumb","itemListElement":[{"@type":"ListItem","position":1,"name":"Portada","item":"https:\/\/cercledeconsciencia.com\/"},{"@type":"ListItem","position":2,"name":"Inicio"}]},{"@type":"WebSite","@id":"https:\/\/cercledeconsciencia.com\/#website","url":"https:\/\/cercledeconsciencia.com\/","name":"Cercle de Consci\u00e8ncia","description":"Centro de Formaci\u00f3n y Terapias","publisher":{"@id":"https:\/\/cercledeconsciencia.com\/#organization"},"potentialAction":[{"@type":"SearchAction","target":{"@type":"EntryPoint","urlTemplate":"https:\/\/cercledeconsciencia.com\/?s={search_term_string}"},"query-input":{"@type":"PropertyValueSpecification","valueRequired":true,"valueName":"search_term_string"}}],"inLanguage":"es"},{"@type":"Organization","@id":"https:\/\/cercledeconsciencia.com\/#organization","name":"Cercle de Consci\u00e8ncia","url":"https:\/\/cercledeconsciencia.com\/","logo":{"@type":"ImageObject","inLanguage":"es","@id":"https:\/\/cercledeconsciencia.com\/#\/schema\/logo\/image\/","url":"https:\/\/cercledeconsciencia.com\/wp-content\/uploads\/2023\/07\/logo.png","contentUrl":"https:\/\/cercledeconsciencia.com\/wp-content\/uploads\/2023\/07\/logo.png","width":239,"height":68,"caption":"Cercle de Consci\u00e8ncia"},"image":{"@id":"https:\/\/cercledeconsciencia.com\/#\/schema\/logo\/image\/"},"sameAs":["https:\/\/www.facebook.com\/Cercledeconscienciabarcelona?_rdr","https:\/\/www.instagram.com\/cercledeconsciencia\/","https:\/\/www.youtube.com\/c\/cercledeconsciencia"]}]}},"_links":{"self":[{"href":"https:\/\/cercledeconsciencia.com\/es\/wp-json\/wp\/v2\/pages\/577","targetHints":{"allow":["GET"]}}],"collection":[{"href":"https:\/\/cercledeconsciencia.com\/es\/wp-json\/wp\/v2\/pages"}],"about":[{"href":"https:\/\/cercledeconsciencia.com\/es\/wp-json\/wp\/v2\/types\/page"}],"author":[{"embeddable":true,"href":"https:\/\/cercledeconsciencia.com\/es\/wp-json\/wp\/v2\/users\/1"}],"replies":[{"embeddable":true,"href":"https:\/\/cercledeconsciencia.com\/es\/wp-json\/wp\/v2\/comments?post=577"}],"version-history":[{"count":590,"href":"https:\/\/cercledeconsciencia.com\/es\/wp-json\/wp\/v2\/pages\/577\/revisions"}],"predecessor-version":[{"id":5600,"href":"https:\/\/cercledeconsciencia.com\/es\/wp-json\/wp\/v2\/pages\/577\/revisions\/5600"}],"wp:attachment":[{"href":"https:\/\/cercledeconsciencia.com\/es\/wp-json\/wp\/v2\/media?parent=577"}],"curies":[{"name":"wp","href":"https:\/\/api.w.org\/{rel}","templated":true}]}}